{"id":40,"date":"2024-03-12T07:58:58","date_gmt":"2024-03-12T06:58:58","guid":{"rendered":"http:\/\/de-vv.com\/leonblum\/?page_id=40"},"modified":"2024-03-21T09:00:13","modified_gmt":"2024-03-21T08:00:13","slug":"informations-utiles","status":"publish","type":"page","link":"http:\/\/de-vv.com\/leonblum\/informations-utiles\/","title":{"rendered":"Informations utiles"},"content":{"rendered":"[vc_row type=\u00a0\u00bbin_container\u00a0\u00bb full_screen_row_position=\u00a0\u00bbmiddle\u00a0\u00bb column_margin=\u00a0\u00bbdefault\u00a0\u00bb scene_position=\u00a0\u00bbcenter\u00a0\u00bb text_color=\u00a0\u00bbdark\u00a0\u00bb text_align=\u00a0\u00bbleft\u00a0\u00bb overlay_strength=\u00a0\u00bb0.3&Prime; shape_divider_position=\u00a0\u00bbbottom\u00a0\u00bb bg_image_animation=\u00a0\u00bbnone\u00a0\u00bb][vc_column centered_text=\u00a0\u00bbtrue\u00a0\u00bb column_padding=\u00a0\u00bbpadding-2-percent\u00a0\u00bb column_padding_position=\u00a0\u00bball\u00a0\u00bb background_color_opacity=\u00a0\u00bb1&Prime; background_hover_color_opacity=\u00a0\u00bb1&Prime; column_link_target=\u00a0\u00bb_self\u00a0\u00bb column_shadow=\u00a0\u00bbnone\u00a0\u00bb column_border_radius=\u00a0\u00bbnone\u00a0\u00bb width=\u00a0\u00bb1\/1&Prime; tablet_width_inherit=\u00a0\u00bbdefault\u00a0\u00bb tablet_text_alignment=\u00a0\u00bbdefault\u00a0\u00bb phone_text_alignment=\u00a0\u00bbdefault\u00a0\u00bb overlay_strength=\u00a0\u00bb0.3&Prime; column_border_width=\u00a0\u00bbnone\u00a0\u00bb column_border_style=\u00a0\u00bbsolid\u00a0\u00bb bg_image_animation=\u00a0\u00bbnone\u00a0\u00bb][vc_column_text]\n<h1>Informations utiles<\/h1>\n[\/vc_column_text][vc_column_text]\n<p>L\u2019essentiel \u00e0 conna\u00eetre pour une formation r\u00e9ussie avec l&rsquo;Auto-\u00e9cole L\u00e9on Blum \u00e0 Villeurbanne !<\/p>\n[\/vc_column_text][\/vc_column][\/vc_row][vc_row type=\u00a0\u00bbin_container\u00a0\u00bb full_screen_row_position=\u00a0\u00bbmiddle\u00a0\u00bb column_margin=\u00a0\u00bbdefault\u00a0\u00bb scene_position=\u00a0\u00bbcenter\u00a0\u00bb text_color=\u00a0\u00bbdark\u00a0\u00bb text_align=\u00a0\u00bbleft\u00a0\u00bb overlay_strength=\u00a0\u00bb0.3&Prime; shape_divider_position=\u00a0\u00bbbottom\u00a0\u00bb bg_image_animation=\u00a0\u00bbnone\u00a0\u00bb shape_type=\u00a0\u00bb\u00a0\u00bb][vc_column column_padding=\u00a0\u00bbpadding-2-percent\u00a0\u00bb column_padding_position=\u00a0\u00bbtop-left\u00a0\u00bb background_color_opacity=\u00a0\u00bb1&Prime; background_hover_color_opacity=\u00a0\u00bb1&Prime; column_link_target=\u00a0\u00bb_self\u00a0\u00bb column_shadow=\u00a0\u00bbnone\u00a0\u00bb column_border_radius=\u00a0\u00bbnone\u00a0\u00bb width=\u00a0\u00bb2\/3&Prime; tablet_width_inherit=\u00a0\u00bbdefault\u00a0\u00bb tablet_text_alignment=\u00a0\u00bbdefault\u00a0\u00bb phone_text_alignment=\u00a0\u00bbdefault\u00a0\u00bb overlay_strength=\u00a0\u00bb0.3&Prime; column_border_width=\u00a0\u00bbnone\u00a0\u00bb column_border_style=\u00a0\u00bbsolid\u00a0\u00bb bg_image_animation=\u00a0\u00bbnone\u00a0\u00bb][vc_column_text]\n<h3>Les enjeux de la formation<\/h3>\n[\/vc_column_text]<div class=\"nectar-fancy-ul\" data-list-icon=\"icon-salient-thin-line\" data-animation=\"false\" data-animation-delay=\"0\" data-color=\"accent-color\" data-spacing=\"default\" data-alignment=\"left\"> \n<ul>\n<li><a href=\"http:\/\/de-vv.com\/leonblum\/wp-content\/uploads\/2024\/03\/Deroulement-et-enjeux-formation-B-2024.pdf\" target=\"_blank\" rel=\"noopener\">Les enjeux de la formation au permis B<\/a><\/li>\n<li><a href=\"http:\/\/de-vv.com\/leonblum\/wp-content\/uploads\/2024\/03\/Deroulement-et-enjeux-formation-A2-2024.pdf\" target=\"_blank\" rel=\"noopener\">Les enjeux de la formation au permis A2<\/a><\/li>\n<\/ul>\n <\/div>[vc_column_text]\n<h3>Le r\u00e8glement int\u00e9rieur<\/h3>\n[\/vc_column_text]<div class=\"nectar-fancy-ul\" data-list-icon=\"icon-salient-thin-line\" data-animation=\"false\" data-animation-delay=\"0\" data-color=\"accent-color\" data-spacing=\"default\" data-alignment=\"left\"> \n<ul>\n<li><a href=\"http:\/\/de-vv.com\/leonblum\/wp-content\/uploads\/2024\/03\/REGLEMENT-INTERIEUR-ae-Leon-Blum.pdf\" target=\"_blank\" rel=\"noopener\">Le r\u00e8glement int\u00e9rieur<\/a><\/li>\n<\/ul>\n <\/div>[vc_column_text css=\u00a0\u00bb.vc_custom_1710701451360{padding-bottom: 12px !important;}\u00a0\u00bb]\n<h3>Formations moto<\/h3>\n<p>L&rsquo;Auto-\u00e9cole L\u00e9on Blum propose les formations deux-roues suivantes \u00e0 Villeurbanne : <a href=\"http:\/\/de-vv.com\/leonblum\/permis-moto-a2\/\" target=\"_blank\" rel=\"noopener\">Permis A2<\/a>.<\/p>\n<p>Notre piste moto est situ\u00e9e 48 rue du Lyonnais 69800 Saint-Priest. Elle est situ\u00e9e \u00e0 10 kilom\u00e8tres de l\u2019auto-\u00e9cole (temps de trajet : 15 minutes environ). Plus d&rsquo;informations sur les <a href=\"http:\/\/de-vv.com\/leonblum\/wp-content\/uploads\/2024\/03\/Usagedelapiste-AE-LEON-BLUM.pdf\" target=\"_blank\" rel=\"noopener\">conditions d&rsquo;acc\u00e8s<\/a>.[\/vc_column_text][\/vc_column][vc_column column_padding=\u00a0\u00bbpadding-2-percent\u00a0\u00bb column_padding_position=\u00a0\u00bball\u00a0\u00bb background_color=\u00a0\u00bb#f7f7f7&Prime; background_color_opacity=\u00a0\u00bb1&Prime; background_hover_color_opacity=\u00a0\u00bb1&Prime; column_link_target=\u00a0\u00bb_self\u00a0\u00bb column_shadow=\u00a0\u00bbnone\u00a0\u00bb column_border_radius=\u00a0\u00bbnone\u00a0\u00bb width=\u00a0\u00bb1\/3&Prime; tablet_width_inherit=\u00a0\u00bbdefault\u00a0\u00bb tablet_text_alignment=\u00a0\u00bbdefault\u00a0\u00bb phone_text_alignment=\u00a0\u00bbdefault\u00a0\u00bb overlay_strength=\u00a0\u00bb0.3&Prime; column_border_width=\u00a0\u00bbnone\u00a0\u00bb column_border_style=\u00a0\u00bbsolid\u00a0\u00bb bg_image_animation=\u00a0\u00bbnone\u00a0\u00bb][vc_column_text]\n<h4>Vous avez une question ?<\/h4>\n[\/vc_column_text][divider line_type=\u00a0\u00bbNo Line\u00a0\u00bb custom_height=\u00a0\u00bb12&Prime;][nectar_btn size=\u00a0\u00bbmedium\u00a0\u00bb button_style=\u00a0\u00bbregular\u00a0\u00bb button_color_2=\u00a0\u00bbExtra-Color-1&Prime; icon_family=\u00a0\u00bbfontawesome\u00a0\u00bb text=\u00a0\u00bbPrendre RDV\u00a0\u00bb url=\u00a0\u00bbhttp:\/\/de-vv.com\/leonblum\/contact\/\u00a0\u00bb icon_fontawesome=\u00a0\u00bbfa fa-envelope-open-o\u00a0\u00bb margin_right=\u00a0\u00bb8&Prime;][nectar_btn size=\u00a0\u00bbmedium\u00a0\u00bb button_style=\u00a0\u00bbregular\u00a0\u00bb button_color_2=\u00a0\u00bbAccent-Color\u00a0\u00bb icon_family=\u00a0\u00bbfontawesome\u00a0\u00bb text=\u00a0\u00bb04 51 23 20 71&Prime; url=\u00a0\u00bbtel:04.51.23.20.71&Prime; icon_fontawesome=\u00a0\u00bbfa fa-mobile\u00a0\u00bb][divider line_type=\u00a0\u00bbNo Line\u00a0\u00bb custom_height=\u00a0\u00bb12&Prime;][\/vc_column][\/vc_row][vc_row type=\u00a0\u00bbin_container\u00a0\u00bb full_screen_row_position=\u00a0\u00bbmiddle\u00a0\u00bb column_margin=\u00a0\u00bbdefault\u00a0\u00bb scene_position=\u00a0\u00bbcenter\u00a0\u00bb text_color=\u00a0\u00bbdark\u00a0\u00bb text_align=\u00a0\u00bbleft\u00a0\u00bb overlay_strength=\u00a0\u00bb0.3&Prime; shape_divider_position=\u00a0\u00bbbottom\u00a0\u00bb bg_image_animation=\u00a0\u00bbnone\u00a0\u00bb][vc_column column_padding=\u00a0\u00bbpadding-2-percent\u00a0\u00bb column_padding_position=\u00a0\u00bbleft-right\u00a0\u00bb background_color_opacity=\u00a0\u00bb1&Prime; background_hover_color_opacity=\u00a0\u00bb1&Prime; column_link_target=\u00a0\u00bb_self\u00a0\u00bb column_shadow=\u00a0\u00bbnone\u00a0\u00bb column_border_radius=\u00a0\u00bbnone\u00a0\u00bb width=\u00a0\u00bb1\/1&Prime; tablet_width_inherit=\u00a0\u00bbdefault\u00a0\u00bb tablet_text_alignment=\u00a0\u00bbdefault\u00a0\u00bb phone_text_alignment=\u00a0\u00bbdefault\u00a0\u00bb overlay_strength=\u00a0\u00bb0.3&Prime; column_border_width=\u00a0\u00bbnone\u00a0\u00bb column_border_style=\u00a0\u00bbsolid\u00a0\u00bb bg_image_animation=\u00a0\u00bbnone\u00a0\u00bb][vc_column_text css=\u00a0\u00bb.vc_custom_1710230135137{padding-bottom: 20px !important;}\u00a0\u00bb]\n<h3>Stage post-permis<\/h3>\n<p>L&rsquo;Auto-\u00e9cole L\u00e9on Blum propose des stages post-permis aux \u00e9l\u00e8ves ayant r\u00e9ussi l&rsquo;examen. Ces stages permette de r\u00e9duire la dur\u00e9e de la p\u00e9riode probatoire et comportent de nombreux avantages. Plus d&rsquo;informations sur le contenu et le d\u00e9roulement de ces stages sur le site de la <a href=\"https:\/\/securite-routiere.gouv.fr\/passer-son-permis-de-conduire\/permis-probatoire\/les-stages-post-permis-et-reduction-de-la-periode\" target=\"_blank\" rel=\"noopener\">S\u00e9curit\u00e9 routi\u00e8re<\/a>.[\/vc_column_text][vc_column_text css=\u00a0\u00bb.vc_custom_1710312643945{padding-bottom: 20px !important;}\u00a0\u00bb]\n<h3>Les avantages de la conduite accompagn\u00e9e et supervis\u00e9e<\/h3>\n<p>L&rsquo;apprentissage anticip\u00e9 de la conduite (AAC) ou conduite accompagn\u00e9e, accessible d\u00e8s 15 ans, comporte de <a href=\"https:\/\/de-vv.com\/leonblum\/conduite-accompagnee\/#avantages\" target=\"_blank\" rel=\"noopener\">nombreux avantages<\/a>. La formation en conduite supervis\u00e9e (\u00e0 partir de 18 ans) comporte elle aussi des avantages par rapport \u00e0 la formation traditionnelle. La conduite supervis\u00e9e comporte elle aussi <a href=\"https:\/\/www.securite-routiere.gouv.fr\/passer-son-permis-de-conduire\/conduite-accompagnee\/conduite-supervisee#quels-avantages-pour-le-candidat-?-1398\" target=\"_blank\" rel=\"noopener\">plusieurs avantages<\/a>.[\/vc_column_text][vc_column_text]\n<h3>Accueil des personnes en situation de handicap<\/h3>\n[\/vc_column_text]<div class=\"nectar-fancy-ul\" data-list-icon=\"icon-salient-thin-line\" data-animation=\"false\" data-animation-delay=\"0\" data-color=\"accent-color\" data-spacing=\"default\" data-alignment=\"left\"> \n<ul>\n<li><a href=\"http:\/\/de-vv.com\/leonblum\/wp-content\/uploads\/2024\/03\/accueil-et-liste-organismes-handicap.pdf\" target=\"_blank\" rel=\"noopener\">Prise en compte du handicap<\/a><\/li>\n<\/ul>\n <\/div>[vc_column_text]\n<h3>Modalit\u00e9s d\u2019organisation des formations th\u00e9oriques et pratiques<\/h3>\n[\/vc_column_text]<div class=\"nectar-fancy-ul\" data-list-icon=\"icon-salient-thin-line\" data-animation=\"false\" data-animation-delay=\"0\" data-color=\"accent-color\" data-spacing=\"default\" data-alignment=\"left\"> \n<ul>\n<li><a href=\"http:\/\/de-vv.com\/leonblum\/wp-content\/uploads\/2024\/03\/PROGRAMME-permis-B-leon-blum-2024.pdf\" target=\"_blank\" rel=\"noopener\">Programme de formation &#8211; Permis B manuelle<\/a><\/li>\n<li><a href=\"http:\/\/de-vv.com\/leonblum\/wp-content\/uploads\/2024\/03\/PROGRAMME-FORMATION-permis-Boite-automatique-1.pdf\" target=\"_blank\" rel=\"noopener\">Programme de formation &#8211; Permis B bo\u00eete automatique<\/a><\/li>\n<li><a href=\"http:\/\/de-vv.com\/leonblum\/wp-content\/uploads\/2024\/03\/PROGRAMME-AAC-supervise-nouveau.pdf\" target=\"_blank\" rel=\"noopener\">Programme de formation &#8211; AAC<\/a><\/li>\n<li><a href=\"http:\/\/de-vv.com\/leonblum\/wp-content\/uploads\/2024\/03\/PROGRAMME-formation-POST-PERMIS.pdf\" target=\"_blank\" rel=\"noopener\">Programme de formation &#8211; Stage post-permis<\/a><\/li>\n<li><a href=\"http:\/\/de-vv.com\/leonblum\/wp-content\/uploads\/2024\/03\/PROGRAMME-permis-A2-et-A1.pdf\" target=\"_blank\" rel=\"noopener\">Programme de formation &#8211; Permis A1 \/ A2<\/a><\/li>\n<\/ul>\n <\/div>[vc_column_text]\n<h3>Organigramme et \u00e9quipe p\u00e9dagogique<\/h3>\n<p>Retrouvez la liste des membres de notre \u00e9quipe, les r\u00f4les et qualifications de chacun.[\/vc_column_text]<div class=\"nectar-fancy-ul\" data-list-icon=\"icon-salient-thin-line\" data-animation=\"false\" data-animation-delay=\"0\" data-color=\"accent-color\" data-spacing=\"default\" data-alignment=\"left\"> \n<ul>\n<li><a href=\"http:\/\/de-vv.com\/leonblum\/wp-content\/uploads\/2024\/03\/Fiche-explicative-responsable-agence.pdf\">Organigramme<\/a><\/li>\n<\/ul>\n <\/div>[vc_column_text]\n<h3>Modalit\u00e9s de traitement des r\u00e9clamations<\/h3>\n[\/vc_column_text]<div class=\"nectar-fancy-ul\" data-list-icon=\"icon-salient-thin-line\" data-animation=\"false\" data-animation-delay=\"0\" data-color=\"accent-color\" data-spacing=\"default\" data-alignment=\"left\"> \n<ul>\n<li><a href=\"http:\/\/de-vv.com\/leonblum\/wp-content\/uploads\/2024\/03\/Gestion-reclamation.pdf\" target=\"_blank\" rel=\"noopener\">Le traitement des r\u00e9clamations<\/a><\/li>\n<\/ul>\n <\/div>[\/vc_column][\/vc_row][vc_row type=\u00a0\u00bbfull_width_background\u00a0\u00bb full_screen_row_position=\u00a0\u00bbmiddle\u00a0\u00bb equal_height=\u00a0\u00bbyes\u00a0\u00bb content_placement=\u00a0\u00bbmiddle\u00a0\u00bb column_margin=\u00a0\u00bbdefault\u00a0\u00bb bg_color=\u00a0\u00bb#1c2f5a\u00a0\u00bb scene_position=\u00a0\u00bbcenter\u00a0\u00bb text_color=\u00a0\u00bblight\u00a0\u00bb text_align=\u00a0\u00bbleft\u00a0\u00bb overlay_strength=\u00a0\u00bb0.3&Prime; shape_divider_position=\u00a0\u00bbbottom\u00a0\u00bb bg_image_animation=\u00a0\u00bbnone\u00a0\u00bb shape_type=\u00a0\u00bb\u00a0\u00bb][vc_column centered_text=\u00a0\u00bbtrue\u00a0\u00bb column_padding=\u00a0\u00bbpadding-2-percent\u00a0\u00bb column_padding_position=\u00a0\u00bball\u00a0\u00bb background_color_opacity=\u00a0\u00bb1&Prime; background_hover_color_opacity=\u00a0\u00bb1&Prime; column_link_target=\u00a0\u00bb_self\u00a0\u00bb column_shadow=\u00a0\u00bbnone\u00a0\u00bb column_border_radius=\u00a0\u00bbnone\u00a0\u00bb width=\u00a0\u00bb1\/4&Prime; tablet_width_inherit=\u00a0\u00bbdefault\u00a0\u00bb tablet_text_alignment=\u00a0\u00bbdefault\u00a0\u00bb phone_text_alignment=\u00a0\u00bbdefault\u00a0\u00bb overlay_strength=\u00a0\u00bb0.3&Prime; column_border_width=\u00a0\u00bbnone\u00a0\u00bb column_border_style=\u00a0\u00bbsolid\u00a0\u00bb bg_image_animation=\u00a0\u00bbnone\u00a0\u00bb][image_with_animation image_url=\u00a0\u00bb50&Prime; alignment=\u00a0\u00bbcenter\u00a0\u00bb animation=\u00a0\u00bbFade In\u00a0\u00bb hover_animation=\u00a0\u00bbnone\u00a0\u00bb border_radius=\u00a0\u00bbnone\u00a0\u00bb box_shadow=\u00a0\u00bbnone\u00a0\u00bb image_loading=\u00a0\u00bblazy-load\u00a0\u00bb max_width=\u00a0\u00bb75%\u00a0\u00bb max_width_mobile=\u00a0\u00bbdefault\u00a0\u00bb][\/vc_column][vc_column column_padding=\u00a0\u00bbpadding-2-percent\u00a0\u00bb column_padding_position=\u00a0\u00bball\u00a0\u00bb background_color_opacity=\u00a0\u00bb1&Prime; background_hover_color_opacity=\u00a0\u00bb1&Prime; column_link_target=\u00a0\u00bb_self\u00a0\u00bb column_shadow=\u00a0\u00bbnone\u00a0\u00bb column_border_radius=\u00a0\u00bbnone\u00a0\u00bb width=\u00a0\u00bb3\/4&Prime; tablet_width_inherit=\u00a0\u00bbdefault\u00a0\u00bb tablet_text_alignment=\u00a0\u00bbdefault\u00a0\u00bb phone_text_alignment=\u00a0\u00bbdefault\u00a0\u00bb overlay_strength=\u00a0\u00bb0.3&Prime; column_border_width=\u00a0\u00bbnone\u00a0\u00bb column_border_style=\u00a0\u00bbsolid\u00a0\u00bb bg_image_animation=\u00a0\u00bbnone\u00a0\u00bb][vc_column_text css=\u00a0\u00bb.vc_custom_1702226256489{padding-bottom: 12px !important;}\u00a0\u00bb]\n<h2>Une auto-\u00e9cole de qualit\u00e9 !<\/h2>\n[\/vc_column_text][vc_column_text]L&rsquo;Auto-\u00e9cole L\u00e9on Blum s\u2019est engag\u00e9e dans une d\u00e9marche de qualit\u00e9 et dispose du <a href=\"https:\/\/www.securite-routiere.gouv.fr\/les-metiers-de-leducation-routiere\/obtenir-le-label-pour-son-ecole-de-conduite\" target=\"_blank\" rel=\"noopener\">label \u00ab qualit\u00e9 des formations au sein des \u00e9coles de conduite \u00bb<\/a> d\u00e9cern\u00e9 par le Minist\u00e8re de l\u2019Int\u00e9rieur. Pour en savoir plus sur le contenu et le d\u00e9roulement de nos formations, nous vous invitons \u00e0 consulter ces informations utiles.[\/vc_column_text][\/vc_column][\/vc_row]\n","protected":false},"excerpt":{"rendered":"<p>[vc_row type=\u00a0\u00bbin_container\u00a0\u00bb full_screen_row_position=\u00a0\u00bbmiddle\u00a0\u00bb column_margin=\u00a0\u00bbdefault\u00a0\u00bb scene_position=\u00a0\u00bbcenter\u00a0\u00bb text_color=\u00a0\u00bbdark\u00a0\u00bb text_align=\u00a0\u00bbleft\u00a0\u00bb overlay_strength=\u00a0\u00bb0.3&Prime; shape_divider_position=\u00a0\u00bbbottom\u00a0\u00bb bg_image_animation=\u00a0\u00bbnone\u00a0\u00bb][vc_column centered_text=\u00a0\u00bbtrue\u00a0\u00bb column_padding=\u00a0\u00bbpadding-2-percent\u00a0\u00bb column_padding_position=\u00a0\u00bball\u00a0\u00bb background_color_opacity=\u00a0\u00bb1&Prime; background_hover_color_opacity=\u00a0\u00bb1&Prime; column_link_target=\u00a0\u00bb_self\u00a0\u00bb column_shadow=\u00a0\u00bbnone\u00a0\u00bb column_border_radius=\u00a0\u00bbnone\u00a0\u00bb width=\u00a0\u00bb1\/1&Prime; tablet_width_inherit=\u00a0\u00bbdefault\u00a0\u00bb tablet_text_alignment=\u00a0\u00bbdefault\u00a0\u00bb phone_text_alignment=\u00a0\u00bbdefault\u00a0\u00bb overlay_strength=\u00a0\u00bb0.3&Prime; column_border_width=\u00a0\u00bbnone\u00a0\u00bb column_border_style=\u00a0\u00bbsolid\u00a0\u00bb bg_image_animation=\u00a0\u00bbnone\u00a0\u00bb][vc_column_text] Informations utiles [\/vc_column_text][vc_column_text] L\u2019essentiel&#8230;<\/p>\n","protected":false},"author":1,"featured_media":50,"parent":0,"menu_order":0,"comment_status":"closed","ping_status":"closed","template":"","meta":{"footnotes":""},"yoast_head":"<!-- This site is optimized with the Yoast SEO plugin v23.5 - https:\/\/yoast.com\/wordpress\/plugins\/seo\/ -->\n<title>Informations utiles - Auto-\u00e9cole L\u00e9on Blum \u00e0 Villeurbanne<\/title>\n<meta name=\"robots\" content=\"noindex, follow, max-snippet:-1, max-image-preview:large, max-video-preview:-1\" \/>\n<meta property=\"og:locale\" content=\"fr_FR\" \/>\n<meta property=\"og:type\" content=\"article\" \/>\n<meta property=\"og:title\" content=\"Informations utiles - Auto-\u00e9cole L\u00e9on Blum \u00e0 Villeurbanne\" \/>\n<meta property=\"og:description\" content=\"[vc_row type=\u00a0\u00bbin_container\u00a0\u00bb full_screen_row_position=\u00a0\u00bbmiddle\u00a0\u00bb column_margin=\u00a0\u00bbdefault\u00a0\u00bb scene_position=\u00a0\u00bbcenter\u00a0\u00bb text_color=\u00a0\u00bbdark\u00a0\u00bb text_align=\u00a0\u00bbleft\u00a0\u00bb overlay_strength=\u00a0\u00bb0.3&Prime; shape_divider_position=\u00a0\u00bbbottom\u00a0\u00bb bg_image_animation=\u00a0\u00bbnone\u00a0\u00bb][vc_column centered_text=\u00a0\u00bbtrue\u00a0\u00bb column_padding=\u00a0\u00bbpadding-2-percent\u00a0\u00bb column_padding_position=\u00a0\u00bball\u00a0\u00bb background_color_opacity=\u00a0\u00bb1&Prime; background_hover_color_opacity=\u00a0\u00bb1&Prime; column_link_target=\u00a0\u00bb_self\u00a0\u00bb column_shadow=\u00a0\u00bbnone\u00a0\u00bb column_border_radius=\u00a0\u00bbnone\u00a0\u00bb width=\u00a0\u00bb1\/1&Prime; tablet_width_inherit=\u00a0\u00bbdefault\u00a0\u00bb tablet_text_alignment=\u00a0\u00bbdefault\u00a0\u00bb phone_text_alignment=\u00a0\u00bbdefault\u00a0\u00bb overlay_strength=\u00a0\u00bb0.3&Prime; column_border_width=\u00a0\u00bbnone\u00a0\u00bb column_border_style=\u00a0\u00bbsolid\u00a0\u00bb bg_image_animation=\u00a0\u00bbnone\u00a0\u00bb][vc_column_text] Informations utiles [\/vc_column_text][vc_column_text] L\u2019essentiel...\" \/>\n<meta property=\"og:url\" content=\"http:\/\/de-vv.com\/leonblum\/informations-utiles\/\" \/>\n<meta property=\"og:site_name\" content=\"Auto-\u00e9cole L\u00e9on Blum\" \/>\n<meta property=\"article:modified_time\" content=\"2024-03-21T08:00:13+00:00\" \/>\n<meta property=\"og:image\" content=\"http:\/\/de-vv.com\/leonblum\/wp-content\/uploads\/2024\/03\/logo-EDC-label-de-qualite-Auto-ecole-Leon-Blum-Villeurbanne.png\" \/>\n\t<meta property=\"og:image:width\" content=\"768\" \/>\n\t<meta property=\"og:image:height\" content=\"733\" \/>\n\t<meta property=\"og:image:type\" content=\"image\/png\" \/>\n<meta name=\"twitter:card\" content=\"summary_large_image\" \/>\n<meta name=\"twitter:label1\" content=\"Dur\u00e9e de lecture estim\u00e9e\" \/>\n\t<meta name=\"twitter:data1\" content=\"4 minutes\" \/>\n<script type=\"application\/ld+json\" class=\"yoast-schema-graph\">{\"@context\":\"https:\/\/schema.org\",\"@graph\":[{\"@type\":\"WebPage\",\"@id\":\"http:\/\/de-vv.com\/leonblum\/informations-utiles\/\",\"url\":\"http:\/\/de-vv.com\/leonblum\/informations-utiles\/\",\"name\":\"Informations utiles - Auto-\u00e9cole L\u00e9on Blum \u00e0 Villeurbanne\",\"isPartOf\":{\"@id\":\"https:\/\/de-vv.com\/leonblum\/#website\"},\"primaryImageOfPage\":{\"@id\":\"http:\/\/de-vv.com\/leonblum\/informations-utiles\/#primaryimage\"},\"image\":{\"@id\":\"http:\/\/de-vv.com\/leonblum\/informations-utiles\/#primaryimage\"},\"thumbnailUrl\":\"http:\/\/de-vv.com\/leonblum\/wp-content\/uploads\/2024\/03\/logo-EDC-label-de-qualite-Auto-ecole-Leon-Blum-Villeurbanne.png\",\"datePublished\":\"2024-03-12T06:58:58+00:00\",\"dateModified\":\"2024-03-21T08:00:13+00:00\",\"breadcrumb\":{\"@id\":\"http:\/\/de-vv.com\/leonblum\/informations-utiles\/#breadcrumb\"},\"inLanguage\":\"fr-FR\",\"potentialAction\":[{\"@type\":\"ReadAction\",\"target\":[\"http:\/\/de-vv.com\/leonblum\/informations-utiles\/\"]}]},{\"@type\":\"ImageObject\",\"inLanguage\":\"fr-FR\",\"@id\":\"http:\/\/de-vv.com\/leonblum\/informations-utiles\/#primaryimage\",\"url\":\"http:\/\/de-vv.com\/leonblum\/wp-content\/uploads\/2024\/03\/logo-EDC-label-de-qualite-Auto-ecole-Leon-Blum-Villeurbanne.png\",\"contentUrl\":\"http:\/\/de-vv.com\/leonblum\/wp-content\/uploads\/2024\/03\/logo-EDC-label-de-qualite-Auto-ecole-Leon-Blum-Villeurbanne.png\",\"width\":768,\"height\":733,\"caption\":\"Label de qualit\u00e9 - Auto-\u00e9cole L\u00e9on Blum Villeurbanne\"},{\"@type\":\"BreadcrumbList\",\"@id\":\"http:\/\/de-vv.com\/leonblum\/informations-utiles\/#breadcrumb\",\"itemListElement\":[{\"@type\":\"ListItem\",\"position\":1,\"name\":\"Accueil\",\"item\":\"https:\/\/de-vv.com\/leonblum\/\"},{\"@type\":\"ListItem\",\"position\":2,\"name\":\"Informations utiles\"}]},{\"@type\":\"WebSite\",\"@id\":\"https:\/\/de-vv.com\/leonblum\/#website\",\"url\":\"https:\/\/de-vv.com\/leonblum\/\",\"name\":\"Auto-\u00e9cole L\u00e9on Blum\",\"description\":\"Un site utilisant WordPress\",\"potentialAction\":[{\"@type\":\"SearchAction\",\"target\":{\"@type\":\"EntryPoint\",\"urlTemplate\":\"https:\/\/de-vv.com\/leonblum\/?s={search_term_string}\"},\"query-input\":{\"@type\":\"PropertyValueSpecification\",\"valueRequired\":true,\"valueName\":\"search_term_string\"}}],\"inLanguage\":\"fr-FR\"}]}<\/script>\n<!-- \/ Yoast SEO plugin. -->","yoast_head_json":{"title":"Informations utiles - Auto-\u00e9cole L\u00e9on Blum \u00e0 Villeurbanne","robots":{"index":"noindex","follow":"follow","max-snippet":"max-snippet:-1","max-image-preview":"max-image-preview:large","max-video-preview":"max-video-preview:-1"},"og_locale":"fr_FR","og_type":"article","og_title":"Informations utiles - Auto-\u00e9cole L\u00e9on Blum \u00e0 Villeurbanne","og_description":"[vc_row type=\u00a0\u00bbin_container\u00a0\u00bb full_screen_row_position=\u00a0\u00bbmiddle\u00a0\u00bb column_margin=\u00a0\u00bbdefault\u00a0\u00bb scene_position=\u00a0\u00bbcenter\u00a0\u00bb text_color=\u00a0\u00bbdark\u00a0\u00bb text_align=\u00a0\u00bbleft\u00a0\u00bb overlay_strength=\u00a0\u00bb0.3&Prime; shape_divider_position=\u00a0\u00bbbottom\u00a0\u00bb bg_image_animation=\u00a0\u00bbnone\u00a0\u00bb][vc_column centered_text=\u00a0\u00bbtrue\u00a0\u00bb column_padding=\u00a0\u00bbpadding-2-percent\u00a0\u00bb column_padding_position=\u00a0\u00bball\u00a0\u00bb background_color_opacity=\u00a0\u00bb1&Prime; background_hover_color_opacity=\u00a0\u00bb1&Prime; column_link_target=\u00a0\u00bb_self\u00a0\u00bb column_shadow=\u00a0\u00bbnone\u00a0\u00bb column_border_radius=\u00a0\u00bbnone\u00a0\u00bb width=\u00a0\u00bb1\/1&Prime; tablet_width_inherit=\u00a0\u00bbdefault\u00a0\u00bb tablet_text_alignment=\u00a0\u00bbdefault\u00a0\u00bb phone_text_alignment=\u00a0\u00bbdefault\u00a0\u00bb overlay_strength=\u00a0\u00bb0.3&Prime; column_border_width=\u00a0\u00bbnone\u00a0\u00bb column_border_style=\u00a0\u00bbsolid\u00a0\u00bb bg_image_animation=\u00a0\u00bbnone\u00a0\u00bb][vc_column_text] Informations utiles [\/vc_column_text][vc_column_text] L\u2019essentiel...","og_url":"http:\/\/de-vv.com\/leonblum\/informations-utiles\/","og_site_name":"Auto-\u00e9cole L\u00e9on Blum","article_modified_time":"2024-03-21T08:00:13+00:00","og_image":[{"width":768,"height":733,"url":"http:\/\/de-vv.com\/leonblum\/wp-content\/uploads\/2024\/03\/logo-EDC-label-de-qualite-Auto-ecole-Leon-Blum-Villeurbanne.png","type":"image\/png"}],"twitter_card":"summary_large_image","twitter_misc":{"Dur\u00e9e de lecture estim\u00e9e":"4 minutes"},"schema":{"@context":"https:\/\/schema.org","@graph":[{"@type":"WebPage","@id":"http:\/\/de-vv.com\/leonblum\/informations-utiles\/","url":"http:\/\/de-vv.com\/leonblum\/informations-utiles\/","name":"Informations utiles - Auto-\u00e9cole L\u00e9on Blum \u00e0 Villeurbanne","isPartOf":{"@id":"https:\/\/de-vv.com\/leonblum\/#website"},"primaryImageOfPage":{"@id":"http:\/\/de-vv.com\/leonblum\/informations-utiles\/#primaryimage"},"image":{"@id":"http:\/\/de-vv.com\/leonblum\/informations-utiles\/#primaryimage"},"thumbnailUrl":"http:\/\/de-vv.com\/leonblum\/wp-content\/uploads\/2024\/03\/logo-EDC-label-de-qualite-Auto-ecole-Leon-Blum-Villeurbanne.png","datePublished":"2024-03-12T06:58:58+00:00","dateModified":"2024-03-21T08:00:13+00:00","breadcrumb":{"@id":"http:\/\/de-vv.com\/leonblum\/informations-utiles\/#breadcrumb"},"inLanguage":"fr-FR","potentialAction":[{"@type":"ReadAction","target":["http:\/\/de-vv.com\/leonblum\/informations-utiles\/"]}]},{"@type":"ImageObject","inLanguage":"fr-FR","@id":"http:\/\/de-vv.com\/leonblum\/informations-utiles\/#primaryimage","url":"http:\/\/de-vv.com\/leonblum\/wp-content\/uploads\/2024\/03\/logo-EDC-label-de-qualite-Auto-ecole-Leon-Blum-Villeurbanne.png","contentUrl":"http:\/\/de-vv.com\/leonblum\/wp-content\/uploads\/2024\/03\/logo-EDC-label-de-qualite-Auto-ecole-Leon-Blum-Villeurbanne.png","width":768,"height":733,"caption":"Label de qualit\u00e9 - Auto-\u00e9cole L\u00e9on Blum Villeurbanne"},{"@type":"BreadcrumbList","@id":"http:\/\/de-vv.com\/leonblum\/informations-utiles\/#breadcrumb","itemListElement":[{"@type":"ListItem","position":1,"name":"Accueil","item":"https:\/\/de-vv.com\/leonblum\/"},{"@type":"ListItem","position":2,"name":"Informations utiles"}]},{"@type":"WebSite","@id":"https:\/\/de-vv.com\/leonblum\/#website","url":"https:\/\/de-vv.com\/leonblum\/","name":"Auto-\u00e9cole L\u00e9on Blum","description":"Un site utilisant WordPress","potentialAction":[{"@type":"SearchAction","target":{"@type":"EntryPoint","urlTemplate":"https:\/\/de-vv.com\/leonblum\/?s={search_term_string}"},"query-input":{"@type":"PropertyValueSpecification","valueRequired":true,"valueName":"search_term_string"}}],"inLanguage":"fr-FR"}]}},"_links":{"self":[{"href":"http:\/\/de-vv.com\/leonblum\/wp-json\/wp\/v2\/pages\/40"}],"collection":[{"href":"http:\/\/de-vv.com\/leonblum\/wp-json\/wp\/v2\/pages"}],"about":[{"href":"http:\/\/de-vv.com\/leonblum\/wp-json\/wp\/v2\/types\/page"}],"author":[{"embeddable":true,"href":"http:\/\/de-vv.com\/leonblum\/wp-json\/wp\/v2\/users\/1"}],"replies":[{"embeddable":true,"href":"http:\/\/de-vv.com\/leonblum\/wp-json\/wp\/v2\/comments?post=40"}],"version-history":[{"count":7,"href":"http:\/\/de-vv.com\/leonblum\/wp-json\/wp\/v2\/pages\/40\/revisions"}],"predecessor-version":[{"id":190,"href":"http:\/\/de-vv.com\/leonblum\/wp-json\/wp\/v2\/pages\/40\/revisions\/190"}],"wp:featuredmedia":[{"embeddable":true,"href":"http:\/\/de-vv.com\/leonblum\/wp-json\/wp\/v2\/media\/50"}],"wp:attachment":[{"href":"http:\/\/de-vv.com\/leonblum\/wp-json\/wp\/v2\/media?parent=40"}],"curies":[{"name":"wp","href":"https:\/\/api.w.org\/{rel}","templated":true}]}}