{"id":31,"date":"2024-07-09T14:14:26","date_gmt":"2024-07-09T12:14:26","guid":{"rendered":"http:\/\/de-vv.com\/mconduite\/?page_id=31"},"modified":"2024-07-11T12:05:21","modified_gmt":"2024-07-11T10:05:21","slug":"tarifs-a-lunite","status":"publish","type":"page","link":"http:\/\/de-vv.com\/mconduite\/tarifs-a-lunite\/","title":{"rendered":"Tarifs \u00e0 l&rsquo;unit\u00e9"},"content":{"rendered":"[vc_row type=\u00a0\u00bbfull_width_content\u00a0\u00bb full_screen_row_position=\u00a0\u00bbmiddle\u00a0\u00bb equal_height=\u00a0\u00bbyes\u00a0\u00bb column_margin=\u00a0\u00bbnone\u00a0\u00bb bg_color=\u00a0\u00bb#ffffff\u00a0\u00bb scene_position=\u00a0\u00bbcenter\u00a0\u00bb text_color=\u00a0\u00bbdark\u00a0\u00bb text_align=\u00a0\u00bbleft\u00a0\u00bb class=\u00a0\u00bbmargin-form\u00a0\u00bb overlay_strength=\u00a0\u00bb0.3&Prime; shape_divider_position=\u00a0\u00bbbottom\u00a0\u00bb bg_image_animation=\u00a0\u00bbnone\u00a0\u00bb shape_type=\u00a0\u00bb\u00a0\u00bb][vc_column column_padding=\u00a0\u00bbpadding-4-percent\u00a0\u00bb column_padding_position=\u00a0\u00bball\u00a0\u00bb background_color=\u00a0\u00bb#ffffff\u00a0\u00bb background_color_opacity=\u00a0\u00bb1&Prime; background_hover_color_opacity=\u00a0\u00bb1&Prime; font_color=\u00a0\u00bb#040404&Prime; column_link_target=\u00a0\u00bb_self\u00a0\u00bb column_shadow=\u00a0\u00bbnone\u00a0\u00bb column_border_radius=\u00a0\u00bbnone\u00a0\u00bb width=\u00a0\u00bb2\/3&Prime; tablet_width_inherit=\u00a0\u00bbdefault\u00a0\u00bb tablet_text_alignment=\u00a0\u00bbdefault\u00a0\u00bb phone_text_alignment=\u00a0\u00bbdefault\u00a0\u00bb overlay_strength=\u00a0\u00bb0.3&Prime; column_border_width=\u00a0\u00bbnone\u00a0\u00bb column_border_style=\u00a0\u00bbsolid\u00a0\u00bb bg_image_animation=\u00a0\u00bbnone\u00a0\u00bb][vc_column_text]\n<h1>Tarifs \u00e0 l&rsquo;unit\u00e9<\/h1>\n[\/vc_column_text][divider line_type=\u00a0\u00bbSmall Line\u00a0\u00bb line_alignment=\u00a0\u00bbdefault\u00a0\u00bb line_thickness=\u00a0\u00bb2&Prime; divider_color=\u00a0\u00bbaccent-color\u00a0\u00bb animate=\u00a0\u00bbyes\u00a0\u00bb custom_line_width=\u00a0\u00bb100&Prime;][vc_column_text css=\u00a0\u00bb.vc_custom_1720553042251{padding-bottom: 20px !important;}\u00a0\u00bb]Nos forfaits ne sont pas suffisants? Vous avez besoin d&rsquo;un peu plus? Consultez nos tarifs \u00e0 l&rsquo;unit\u00e9! Tarifs exprim\u00e9s en euros (\u20ac), toutes taxes comprises, valables jusqu\u2019au 31 d\u00e9cembre 2024.[\/vc_column_text][nectar_food_menu_item style=\u00a0\u00bbline_between\u00a0\u00bb item_name_heading_tag=\u00a0\u00bbh4&Prime; item_name=\u00a0\u00bbFrais administratifs\u00a0\u00bb item_price=\u00a0\u00bb50\u20ac\u00a0\u00bb][nectar_food_menu_item style=\u00a0\u00bbline_between\u00a0\u00bb item_name_heading_tag=\u00a0\u00bbh4&Prime; item_name=\u00a0\u00bb\u00c9valuation de d\u00e9part &#8211; Tablette\u00a0\u00bb item_price=\u00a0\u00bbXX\u20ac\u00a0\u00bb item_description=\u00a0\u00bbOfferte si elle est suivie d&rsquo;une inscription.\u00a0\u00bb][nectar_food_menu_item style=\u00a0\u00bbline_between\u00a0\u00bb item_name_heading_tag=\u00a0\u00bbh4&Prime; item_name=\u00a0\u00bbCode en ligne (12 mois)\u00a0\u00bb item_price=\u00a0\u00bb80\u20ac\u00a0\u00bb][nectar_food_menu_item style=\u00a0\u00bbline_between\u00a0\u00bb item_name_heading_tag=\u00a0\u00bbh4&Prime; item_name=\u00a0\u00bbFournitures p\u00e9dagogiques &#8211; Permis B\u00a0\u00bb item_price=\u00a0\u00bb15\u20ac\u00a0\u00bb item_description=\u00a0\u00bbLivre de code, stylo, disque A\u00a0\u00bb][nectar_food_menu_item style=\u00a0\u00bbline_between\u00a0\u00bb item_name_heading_tag=\u00a0\u00bbh4&Prime; item_name=\u00a0\u00bbLe\u00e7on de conduite &#8211; Bo\u00eete manuelle\u00a0\u00bb item_price=\u00a0\u00bb50\u20ac\u00a0\u00bb][nectar_food_menu_item style=\u00a0\u00bbline_between\u00a0\u00bb item_name_heading_tag=\u00a0\u00bbh4&Prime; item_name=\u00a0\u00bbLe\u00e7on de conduite &#8211; Bo\u00eete automatique\u00a0\u00bb item_price=\u00a0\u00bb55\u20ac\u00a0\u00bb][nectar_food_menu_item style=\u00a0\u00bbline_between\u00a0\u00bb item_name_heading_tag=\u00a0\u00bbh4&Prime; item_name=\u00a0\u00bbLe\u00e7on de conduite &#8211; Moto\u00a0\u00bb item_price=\u00a0\u00bb45\u20ac\u00a0\u00bb][nectar_food_menu_item style=\u00a0\u00bbline_between\u00a0\u00bb item_name_heading_tag=\u00a0\u00bbh4&Prime; item_name=\u00a0\u00bbAccompagnement \u00e0 l&rsquo;examen &#8211; Bo\u00eete manuelle\u00a0\u00bb item_price=\u00a0\u00bb50\u20ac\u00a0\u00bb][nectar_food_menu_item style=\u00a0\u00bbline_between\u00a0\u00bb item_name_heading_tag=\u00a0\u00bbh4&Prime; item_name=\u00a0\u00bbAccompagnement \u00e0 l&rsquo;examen &#8211; Bo\u00eete automatique\u00a0\u00bb item_price=\u00a0\u00bb55\u20ac\u00a0\u00bb][nectar_food_menu_item style=\u00a0\u00bbline_between\u00a0\u00bb item_name_heading_tag=\u00a0\u00bbh4&Prime; item_name=\u00a0\u00bbAccompagnement \u00e0 l&rsquo;examen &#8211; Moto\u00a0\u00bb item_price=\u00a0\u00bb55\u20ac\u00a0\u00bb item_description=\u00a0\u00bbExamen du plateau ou Circulation\u00a0\u00bb][\/vc_column][vc_column column_padding=\u00a0\u00bbpadding-4-percent\u00a0\u00bb column_padding_position=\u00a0\u00bball\u00a0\u00bb background_color_opacity=\u00a0\u00bb1&Prime; background_hover_color_opacity=\u00a0\u00bb1&Prime; background_image=\u00a0\u00bb50&Prime; enable_bg_scale=\u00a0\u00bbtrue\u00a0\u00bb column_link_target=\u00a0\u00bb_self\u00a0\u00bb column_shadow=\u00a0\u00bbnone\u00a0\u00bb column_border_radius=\u00a0\u00bbnone\u00a0\u00bb width=\u00a0\u00bb1\/3&Prime; tablet_width_inherit=\u00a0\u00bbdefault\u00a0\u00bb tablet_text_alignment=\u00a0\u00bbdefault\u00a0\u00bb phone_text_alignment=\u00a0\u00bbdefault\u00a0\u00bb color_overlay=\u00a0\u00bb#000000&Prime; overlay_strength=\u00a0\u00bb0.5&Prime; column_border_width=\u00a0\u00bbnone\u00a0\u00bb column_border_style=\u00a0\u00bbsolid\u00a0\u00bb bg_image_animation=\u00a0\u00bbnone\u00a0\u00bb][vc_row_inner column_margin=\u00a0\u00bbdefault\u00a0\u00bb bottom_padding=\u00a0\u00bb20&Prime; text_align=\u00a0\u00bbleft\u00a0\u00bb][vc_column_inner column_padding=\u00a0\u00bbno-extra-padding\u00a0\u00bb column_padding_position=\u00a0\u00bball\u00a0\u00bb background_color_opacity=\u00a0\u00bb1&Prime; background_hover_color_opacity=\u00a0\u00bb1&Prime; font_color=\u00a0\u00bb#ffffff\u00a0\u00bb column_shadow=\u00a0\u00bbnone\u00a0\u00bb column_border_radius=\u00a0\u00bbnone\u00a0\u00bb column_link_target=\u00a0\u00bb_self\u00a0\u00bb width=\u00a0\u00bb1\/1&Prime; tablet_width_inherit=\u00a0\u00bbdefault\u00a0\u00bb overlay_strength=\u00a0\u00bb0.3&Prime; column_border_width=\u00a0\u00bbnone\u00a0\u00bb column_border_style=\u00a0\u00bbsolid\u00a0\u00bb bg_image_animation=\u00a0\u00bbnone\u00a0\u00bb][vc_column_text]\n<h4><i class=\"fa fa-map-signs\" style=\"color: #ccdf00;\"><\/i> O\u00f9 sommes-nous ?<\/h4>\n<p>Venez nous rencontrer dans notre agence de Meudon :<br \/>\n68 avenue Jean Jaur\u00e8s<br \/>\n83460 Les Arcs-sur-Argens<br \/>\n<a style=\"color: #ccdf00;\" href=\"https:\/\/www.google.com\/maps\/dir\/\/M'Conduite+Auto+\u00c9cole,+Avenue+Jean+Jaur\u00e8s,+Les+Arcs\/@43.4605205,6.3980999,12z\/data=!3m2!4b1!5s0x47e67bd2afdc461f:0x701580e14e1d4d61!4m9!4m8!1m0!1m5!1m1!1s0x12ceada1d63d1491:0xb5f32f61a75fb514!2m2!1d6.4806727!2d43.4605502!3e3?entry=ttu\" target=\"_blank\" rel=\"noopener\">Plan d&rsquo;acc\u00e8s<\/a>[\/vc_column_text][\/vc_column_inner][\/vc_row_inner][vc_row_inner column_margin=\u00a0\u00bbdefault\u00a0\u00bb bottom_padding=\u00a0\u00bb12&Prime; text_align=\u00a0\u00bbleft\u00a0\u00bb][vc_column_inner column_padding=\u00a0\u00bbno-extra-padding\u00a0\u00bb column_padding_position=\u00a0\u00bball\u00a0\u00bb background_color_opacity=\u00a0\u00bb1&Prime; background_hover_color_opacity=\u00a0\u00bb1&Prime; font_color=\u00a0\u00bb#ffffff\u00a0\u00bb column_shadow=\u00a0\u00bbnone\u00a0\u00bb column_border_radius=\u00a0\u00bbnone\u00a0\u00bb bottom_margin=\u00a0\u00bb30&Prime; column_link_target=\u00a0\u00bb_self\u00a0\u00bb width=\u00a0\u00bb1\/1&Prime; tablet_width_inherit=\u00a0\u00bbdefault\u00a0\u00bb overlay_strength=\u00a0\u00bb0.3&Prime; column_border_width=\u00a0\u00bbnone\u00a0\u00bb column_border_style=\u00a0\u00bbsolid\u00a0\u00bb bg_image_animation=\u00a0\u00bbnone\u00a0\u00bb][vc_column_text]\n<h4><i class=\"fa fa-comments\" style=\"color: #ccdf00;\"><\/i> Nos coordonn\u00e9es<\/h4>\n<p><a class=\"big bodoni\" style=\"color: #fff!important;\" href=\"tel:06.82.99.81.49\"> 06 82 99 81 49<\/a><br \/>\n<a class=\"big bodoni\" style=\"color: #fff!important;\" href=\"mailto:mconduite.lesarcs@gmail.com\">Envoyer un mail<\/a>[\/vc_column_text][\/vc_column_inner][\/vc_row_inner][vc_row_inner column_margin=\u00a0\u00bbdefault\u00a0\u00bb text_align=\u00a0\u00bbleft\u00a0\u00bb][vc_column_inner column_padding=\u00a0\u00bbno-extra-padding\u00a0\u00bb column_padding_position=\u00a0\u00bball\u00a0\u00bb background_color_opacity=\u00a0\u00bb1&Prime; background_hover_color_opacity=\u00a0\u00bb1&Prime; font_color=\u00a0\u00bb#ffffff\u00a0\u00bb column_shadow=\u00a0\u00bbnone\u00a0\u00bb column_border_radius=\u00a0\u00bbnone\u00a0\u00bb column_link_target=\u00a0\u00bb_self\u00a0\u00bb width=\u00a0\u00bb1\/1&Prime; tablet_width_inherit=\u00a0\u00bbdefault\u00a0\u00bb overlay_strength=\u00a0\u00bb0.3&Prime; column_border_width=\u00a0\u00bbnone\u00a0\u00bb column_border_style=\u00a0\u00bbsolid\u00a0\u00bb bg_image_animation=\u00a0\u00bbnone\u00a0\u00bb][vc_column_text]\n<h4><i class=\"fa fa-clock\" style=\"color: #ccdf00;\"><\/i> Nos horaires<\/h4>\n<p>Notre agence est ouverte du lundi au vendredi de 10h \u00e0 12h et de 15h \u00e0 18h.<br \/>\nLe samedi de 10h \u00e0 12h.[\/vc_column_text][\/vc_column_inner][\/vc_row_inner][\/vc_column][\/vc_row]\n","protected":false},"excerpt":{"rendered":"<p>[vc_row type=\u00a0\u00bbfull_width_content\u00a0\u00bb full_screen_row_position=\u00a0\u00bbmiddle\u00a0\u00bb equal_height=\u00a0\u00bbyes\u00a0\u00bb column_margin=\u00a0\u00bbnone\u00a0\u00bb bg_color=\u00a0\u00bb#ffffff\u00a0\u00bb scene_position=\u00a0\u00bbcenter\u00a0\u00bb text_color=\u00a0\u00bbdark\u00a0\u00bb text_align=\u00a0\u00bbleft\u00a0\u00bb class=\u00a0\u00bbmargin-form\u00a0\u00bb overlay_strength=\u00a0\u00bb0.3&Prime; shape_divider_position=\u00a0\u00bbbottom\u00a0\u00bb bg_image_animation=\u00a0\u00bbnone\u00a0\u00bb shape_type=\u00a0\u00bb\u00a0\u00bb][vc_column column_padding=\u00a0\u00bbpadding-4-percent\u00a0\u00bb column_padding_position=\u00a0\u00bball\u00a0\u00bb background_color=\u00a0\u00bb#ffffff\u00a0\u00bb background_color_opacity=\u00a0\u00bb1&Prime; background_hover_color_opacity=\u00a0\u00bb1&Prime; font_color=\u00a0\u00bb#040404&Prime; column_link_target=\u00a0\u00bb_self\u00a0\u00bb column_shadow=\u00a0\u00bbnone\u00a0\u00bb column_border_radius=\u00a0\u00bbnone\u00a0\u00bb width=\u00a0\u00bb2\/3&Prime; tablet_width_inherit=\u00a0\u00bbdefault\u00a0\u00bb tablet_text_alignment=\u00a0\u00bbdefault\u00a0\u00bb phone_text_alignment=\u00a0\u00bbdefault\u00a0\u00bb overlay_strength=\u00a0\u00bb0.3&Prime; column_border_width=\u00a0\u00bbnone\u00a0\u00bb column_border_style=\u00a0\u00bbsolid\u00a0\u00bb&#8230;<\/p>\n","protected":false},"author":1,"featured_media":46,"parent":0,"menu_order":0,"comment_status":"closed","ping_status":"closed","template":"","meta":{"_joinchat":[],"footnotes":""},"class_list":["post-31","page","type-page","status-publish","has-post-thumbnail"],"yoast_head":"<!-- This site is optimized with the Yoast SEO plugin v25.6 - https:\/\/yoast.com\/wordpress\/plugins\/seo\/ -->\n<title>Tarifs \u00e0 l&#039;unit\u00e9 - Auto-\u00e9cole M&#039;Conduite - Les Arcs (83460)<\/title>\n<meta name=\"description\" content=\"Retrouvez les tarifs des prestations \u00e0 l&#039;unit\u00e9 de M&#039;Conduite Auto-\u00e9cole. Le\u00e7on de code de la route et le\u00e7on de conduite.\" \/>\n<meta name=\"robots\" content=\"noindex, follow, max-snippet:-1, max-image-preview:large, max-video-preview:-1\" \/>\n<meta property=\"og:locale\" content=\"fr_FR\" \/>\n<meta property=\"og:type\" content=\"article\" \/>\n<meta property=\"og:title\" content=\"Tarifs \u00e0 l&#039;unit\u00e9 - Auto-\u00e9cole M&#039;Conduite - Les Arcs (83460)\" \/>\n<meta property=\"og:description\" content=\"Retrouvez les tarifs des prestations \u00e0 l&#039;unit\u00e9 de M&#039;Conduite Auto-\u00e9cole. Le\u00e7on de code de la route et le\u00e7on de conduite.\" \/>\n<meta property=\"og:url\" content=\"http:\/\/de-vv.com\/mconduite\/tarifs-a-lunite\/\" \/>\n<meta property=\"og:site_name\" content=\"Auto-\u00e9cole M&#039;Conduite\" \/>\n<meta property=\"article:modified_time\" content=\"2024-07-11T10:05:21+00:00\" \/>\n<meta property=\"og:image\" content=\"http:\/\/de-vv.com\/mconduite\/wp-content\/uploads\/2024\/07\/cropped-favicon-MConduite-Auto-ecole.jpg\" \/>\n\t<meta property=\"og:image:width\" content=\"512\" \/>\n\t<meta property=\"og:image:height\" content=\"512\" \/>\n\t<meta property=\"og:image:type\" content=\"image\/jpeg\" \/>\n<meta name=\"twitter:card\" content=\"summary_large_image\" \/>\n<meta name=\"twitter:label1\" content=\"Dur\u00e9e de lecture estim\u00e9e\" \/>\n\t<meta name=\"twitter:data1\" content=\"2 minutes\" \/>\n<script type=\"application\/ld+json\" class=\"yoast-schema-graph\">{\"@context\":\"https:\/\/schema.org\",\"@graph\":[{\"@type\":\"WebPage\",\"@id\":\"http:\/\/de-vv.com\/mconduite\/tarifs-a-lunite\/\",\"url\":\"http:\/\/de-vv.com\/mconduite\/tarifs-a-lunite\/\",\"name\":\"Tarifs \u00e0 l'unit\u00e9 - Auto-\u00e9cole M&#039;Conduite - Les Arcs (83460)\",\"isPartOf\":{\"@id\":\"http:\/\/de-vv.com\/mconduite\/#website\"},\"primaryImageOfPage\":{\"@id\":\"http:\/\/de-vv.com\/mconduite\/tarifs-a-lunite\/#primaryimage\"},\"image\":{\"@id\":\"http:\/\/de-vv.com\/mconduite\/tarifs-a-lunite\/#primaryimage\"},\"thumbnailUrl\":\"http:\/\/de-vv.com\/mconduite\/wp-content\/uploads\/2024\/07\/cropped-favicon-MConduite-Auto-ecole.jpg\",\"datePublished\":\"2024-07-09T12:14:26+00:00\",\"dateModified\":\"2024-07-11T10:05:21+00:00\",\"description\":\"Retrouvez les tarifs des prestations \u00e0 l'unit\u00e9 de M'Conduite Auto-\u00e9cole. Le\u00e7on de code de la route et le\u00e7on de conduite.\",\"breadcrumb\":{\"@id\":\"http:\/\/de-vv.com\/mconduite\/tarifs-a-lunite\/#breadcrumb\"},\"inLanguage\":\"fr-FR\",\"potentialAction\":[{\"@type\":\"ReadAction\",\"target\":[\"http:\/\/de-vv.com\/mconduite\/tarifs-a-lunite\/\"]}]},{\"@type\":\"ImageObject\",\"inLanguage\":\"fr-FR\",\"@id\":\"http:\/\/de-vv.com\/mconduite\/tarifs-a-lunite\/#primaryimage\",\"url\":\"http:\/\/de-vv.com\/mconduite\/wp-content\/uploads\/2024\/07\/cropped-favicon-MConduite-Auto-ecole.jpg\",\"contentUrl\":\"http:\/\/de-vv.com\/mconduite\/wp-content\/uploads\/2024\/07\/cropped-favicon-MConduite-Auto-ecole.jpg\",\"width\":512,\"height\":512,\"caption\":\"favicon M'Conduite Auto-\u00e9cole\"},{\"@type\":\"BreadcrumbList\",\"@id\":\"http:\/\/de-vv.com\/mconduite\/tarifs-a-lunite\/#breadcrumb\",\"itemListElement\":[{\"@type\":\"ListItem\",\"position\":1,\"name\":\"Accueil\",\"item\":\"http:\/\/de-vv.com\/mconduite\/\"},{\"@type\":\"ListItem\",\"position\":2,\"name\":\"Tarifs \u00e0 l&rsquo;unit\u00e9\"}]},{\"@type\":\"WebSite\",\"@id\":\"http:\/\/de-vv.com\/mconduite\/#website\",\"url\":\"http:\/\/de-vv.com\/mconduite\/\",\"name\":\"Auto-\u00e9cole M&#039;Conduite\",\"description\":\"Auto-\u00e9cole Les Arcs (83460)\",\"potentialAction\":[{\"@type\":\"SearchAction\",\"target\":{\"@type\":\"EntryPoint\",\"urlTemplate\":\"http:\/\/de-vv.com\/mconduite\/?s={search_term_string}\"},\"query-input\":{\"@type\":\"PropertyValueSpecification\",\"valueRequired\":true,\"valueName\":\"search_term_string\"}}],\"inLanguage\":\"fr-FR\"}]}<\/script>\n<!-- \/ Yoast SEO plugin. -->","yoast_head_json":{"title":"Tarifs \u00e0 l'unit\u00e9 - Auto-\u00e9cole M&#039;Conduite - Les Arcs (83460)","description":"Retrouvez les tarifs des prestations \u00e0 l'unit\u00e9 de M'Conduite Auto-\u00e9cole. Le\u00e7on de code de la route et le\u00e7on de conduite.","robots":{"index":"noindex","follow":"follow","max-snippet":"max-snippet:-1","max-image-preview":"max-image-preview:large","max-video-preview":"max-video-preview:-1"},"og_locale":"fr_FR","og_type":"article","og_title":"Tarifs \u00e0 l'unit\u00e9 - Auto-\u00e9cole M&#039;Conduite - Les Arcs (83460)","og_description":"Retrouvez les tarifs des prestations \u00e0 l'unit\u00e9 de M'Conduite Auto-\u00e9cole. Le\u00e7on de code de la route et le\u00e7on de conduite.","og_url":"http:\/\/de-vv.com\/mconduite\/tarifs-a-lunite\/","og_site_name":"Auto-\u00e9cole M&#039;Conduite","article_modified_time":"2024-07-11T10:05:21+00:00","og_image":[{"width":512,"height":512,"url":"http:\/\/de-vv.com\/mconduite\/wp-content\/uploads\/2024\/07\/cropped-favicon-MConduite-Auto-ecole.jpg","type":"image\/jpeg"}],"twitter_card":"summary_large_image","twitter_misc":{"Dur\u00e9e de lecture estim\u00e9e":"2 minutes"},"schema":{"@context":"https:\/\/schema.org","@graph":[{"@type":"WebPage","@id":"http:\/\/de-vv.com\/mconduite\/tarifs-a-lunite\/","url":"http:\/\/de-vv.com\/mconduite\/tarifs-a-lunite\/","name":"Tarifs \u00e0 l'unit\u00e9 - Auto-\u00e9cole M&#039;Conduite - Les Arcs (83460)","isPartOf":{"@id":"http:\/\/de-vv.com\/mconduite\/#website"},"primaryImageOfPage":{"@id":"http:\/\/de-vv.com\/mconduite\/tarifs-a-lunite\/#primaryimage"},"image":{"@id":"http:\/\/de-vv.com\/mconduite\/tarifs-a-lunite\/#primaryimage"},"thumbnailUrl":"http:\/\/de-vv.com\/mconduite\/wp-content\/uploads\/2024\/07\/cropped-favicon-MConduite-Auto-ecole.jpg","datePublished":"2024-07-09T12:14:26+00:00","dateModified":"2024-07-11T10:05:21+00:00","description":"Retrouvez les tarifs des prestations \u00e0 l'unit\u00e9 de M'Conduite Auto-\u00e9cole. Le\u00e7on de code de la route et le\u00e7on de conduite.","breadcrumb":{"@id":"http:\/\/de-vv.com\/mconduite\/tarifs-a-lunite\/#breadcrumb"},"inLanguage":"fr-FR","potentialAction":[{"@type":"ReadAction","target":["http:\/\/de-vv.com\/mconduite\/tarifs-a-lunite\/"]}]},{"@type":"ImageObject","inLanguage":"fr-FR","@id":"http:\/\/de-vv.com\/mconduite\/tarifs-a-lunite\/#primaryimage","url":"http:\/\/de-vv.com\/mconduite\/wp-content\/uploads\/2024\/07\/cropped-favicon-MConduite-Auto-ecole.jpg","contentUrl":"http:\/\/de-vv.com\/mconduite\/wp-content\/uploads\/2024\/07\/cropped-favicon-MConduite-Auto-ecole.jpg","width":512,"height":512,"caption":"favicon M'Conduite Auto-\u00e9cole"},{"@type":"BreadcrumbList","@id":"http:\/\/de-vv.com\/mconduite\/tarifs-a-lunite\/#breadcrumb","itemListElement":[{"@type":"ListItem","position":1,"name":"Accueil","item":"http:\/\/de-vv.com\/mconduite\/"},{"@type":"ListItem","position":2,"name":"Tarifs \u00e0 l&rsquo;unit\u00e9"}]},{"@type":"WebSite","@id":"http:\/\/de-vv.com\/mconduite\/#website","url":"http:\/\/de-vv.com\/mconduite\/","name":"Auto-\u00e9cole M&#039;Conduite","description":"Auto-\u00e9cole Les Arcs (83460)","potentialAction":[{"@type":"SearchAction","target":{"@type":"EntryPoint","urlTemplate":"http:\/\/de-vv.com\/mconduite\/?s={search_term_string}"},"query-input":{"@type":"PropertyValueSpecification","valueRequired":true,"valueName":"search_term_string"}}],"inLanguage":"fr-FR"}]}},"_links":{"self":[{"href":"http:\/\/de-vv.com\/mconduite\/wp-json\/wp\/v2\/pages\/31"}],"collection":[{"href":"http:\/\/de-vv.com\/mconduite\/wp-json\/wp\/v2\/pages"}],"about":[{"href":"http:\/\/de-vv.com\/mconduite\/wp-json\/wp\/v2\/types\/page"}],"author":[{"embeddable":true,"href":"http:\/\/de-vv.com\/mconduite\/wp-json\/wp\/v2\/users\/1"}],"replies":[{"embeddable":true,"href":"http:\/\/de-vv.com\/mconduite\/wp-json\/wp\/v2\/comments?post=31"}],"version-history":[{"count":4,"href":"http:\/\/de-vv.com\/mconduite\/wp-json\/wp\/v2\/pages\/31\/revisions"}],"predecessor-version":[{"id":182,"href":"http:\/\/de-vv.com\/mconduite\/wp-json\/wp\/v2\/pages\/31\/revisions\/182"}],"wp:featuredmedia":[{"embeddable":true,"href":"http:\/\/de-vv.com\/mconduite\/wp-json\/wp\/v2\/media\/46"}],"wp:attachment":[{"href":"http:\/\/de-vv.com\/mconduite\/wp-json\/wp\/v2\/media?parent=31"}],"curies":[{"name":"wp","href":"https:\/\/api.w.org\/{rel}","templated":true}]}}