{"id":76,"date":"2024-07-09T22:25:17","date_gmt":"2024-07-09T20:25:17","guid":{"rendered":"http:\/\/de-vv.com\/mconduite\/?page_id=76"},"modified":"2024-07-11T11:18:58","modified_gmt":"2024-07-11T09:18:58","slug":"aide-au-permis-france-travail","status":"publish","type":"page","link":"http:\/\/de-vv.com\/mconduite\/aide-au-permis-france-travail\/","title":{"rendered":"Aide au permis France Travail"},"content":{"rendered":"[vc_row type=\u00a0\u00bbfull_width_background\u00a0\u00bb full_screen_row_position=\u00a0\u00bbmiddle\u00a0\u00bb equal_height=\u00a0\u00bbyes\u00a0\u00bb content_placement=\u00a0\u00bbmiddle\u00a0\u00bb column_margin=\u00a0\u00bbdefault\u00a0\u00bb bg_image=\u00a0\u00bb50&Prime; bg_position=\u00a0\u00bbcenter center\u00a0\u00bb bg_repeat=\u00a0\u00bbno-repeat\u00a0\u00bb scene_position=\u00a0\u00bbcenter\u00a0\u00bb text_color=\u00a0\u00bblight\u00a0\u00bb text_align=\u00a0\u00bbleft\u00a0\u00bb top_padding=\u00a0\u00bb60&Prime; color_overlay=\u00a0\u00bb#000000&Prime; overlay_strength=\u00a0\u00bb0.5&Prime; shape_divider_position=\u00a0\u00bbbottom\u00a0\u00bb bg_image_animation=\u00a0\u00bbnone\u00a0\u00bb shape_type=\u00a0\u00bb\u00a0\u00bb][vc_column column_padding=\u00a0\u00bbpadding-2-percent\u00a0\u00bb column_padding_position=\u00a0\u00bball\u00a0\u00bb background_color_opacity=\u00a0\u00bb1&Prime; background_hover_color_opacity=\u00a0\u00bb1&Prime; column_link_target=\u00a0\u00bb_self\u00a0\u00bb column_shadow=\u00a0\u00bbnone\u00a0\u00bb column_border_radius=\u00a0\u00bbnone\u00a0\u00bb width=\u00a0\u00bb1\/1&Prime; tablet_width_inherit=\u00a0\u00bbdefault\u00a0\u00bb tablet_text_alignment=\u00a0\u00bbdefault\u00a0\u00bb phone_text_alignment=\u00a0\u00bbdefault\u00a0\u00bb overlay_strength=\u00a0\u00bb0.3&Prime; column_border_width=\u00a0\u00bbnone\u00a0\u00bb column_border_style=\u00a0\u00bbsolid\u00a0\u00bb bg_image_animation=\u00a0\u00bbnone\u00a0\u00bb][vc_column_text]\n<h1>Aide pour les demandeurs d\u2019emploi<\/h1>\n[\/vc_column_text][vc_row_inner column_margin=\u00a0\u00bbdefault\u00a0\u00bb top_padding=\u00a0\u00bb10&Prime; text_align=\u00a0\u00bbleft\u00a0\u00bb][vc_column_inner column_padding=\u00a0\u00bbno-extra-padding\u00a0\u00bb column_padding_position=\u00a0\u00bball\u00a0\u00bb background_color_opacity=\u00a0\u00bb1&Prime; background_hover_color_opacity=\u00a0\u00bb1&Prime; column_shadow=\u00a0\u00bbnone\u00a0\u00bb column_border_radius=\u00a0\u00bbnone\u00a0\u00bb column_link_target=\u00a0\u00bb_self\u00a0\u00bb width=\u00a0\u00bb2\/3&Prime; tablet_width_inherit=\u00a0\u00bbdefault\u00a0\u00bb overlay_strength=\u00a0\u00bb0.3&Prime; column_border_width=\u00a0\u00bbnone\u00a0\u00bb column_border_style=\u00a0\u00bbsolid\u00a0\u00bb bg_image_animation=\u00a0\u00bbnone\u00a0\u00bb][vc_column_text css=\u00a0\u00bb.vc_custom_1720596701018{padding-top: 12px !important;padding-bottom: 12px !important;}\u00a0\u00bb]Ne pas avoir le permis de conduire peut constituer un frein \u00e0 l\u2019acc\u00e8s \u00e0 l\u2019emploi. Certaines cat\u00e9gories de ch\u00f4meurs peuvent b\u00e9n\u00e9ficier d\u2019une aide financi\u00e8re pour passer leur permis de conduire (cat\u00e9gorie B). Cette aide, vers\u00e9e par <a href=\"https:\/\/www.francetravail.fr\/accueil\/\" target=\"_blank\" rel=\"noopener\">France Travail<\/a>\u00a0(anciennement P\u00f4le emploi) \u00e0 l\u2019auto-\u00e9cole, ne peut d\u00e9passer les 1 200\u20ac. L\u2019aide doit \u00eatre demand\u00e9e avant toute inscription dans l\u2019auto-\u00e9cole.[\/vc_column_text][nectar_btn size=\u00a0\u00bblarge\u00a0\u00bb button_style=\u00a0\u00bbregular\u00a0\u00bb button_color_2=\u00a0\u00bbExtra-Color-1&Prime; solid_text_color_override=\u00a0\u00bb#000000&Prime; icon_family=\u00a0\u00bbfontawesome\u00a0\u00bb url=\u00a0\u00bbhttp:\/\/de-vv.com\/mconduite\/contact\/\u00a0\u00bb text=\u00a0\u00bbContactez nous\u00a0\u00bb margin_top=\u00a0\u00bb5&Prime; margin_right=\u00a0\u00bb12&Prime; margin_bottom=\u00a0\u00bb5&Prime; icon_fontawesome=\u00a0\u00bbfa fa-envelope-open-o\u00a0\u00bb][nectar_btn size=\u00a0\u00bblarge\u00a0\u00bb button_style=\u00a0\u00bbregular\u00a0\u00bb button_color_2=\u00a0\u00bbAccent-Color\u00a0\u00bb solid_text_color_override=\u00a0\u00bb#ffffff\u00a0\u00bb icon_family=\u00a0\u00bbfontawesome\u00a0\u00bb url=\u00a0\u00bbtel:06.82.99.81.49&Prime; text=\u00a0\u00bb06 82 99 81 49&Prime; margin_top=\u00a0\u00bb5&Prime; margin_bottom=\u00a0\u00bb5&Prime; icon_fontawesome=\u00a0\u00bbfa fa-mobile\u00a0\u00bb][\/vc_column_inner][vc_column_inner column_padding=\u00a0\u00bbpadding-2-percent\u00a0\u00bb column_padding_position=\u00a0\u00bball\u00a0\u00bb background_color_opacity=\u00a0\u00bb1&Prime; background_hover_color_opacity=\u00a0\u00bb1&Prime; column_shadow=\u00a0\u00bbnone\u00a0\u00bb column_border_radius=\u00a0\u00bbnone\u00a0\u00bb column_link_target=\u00a0\u00bb_self\u00a0\u00bb width=\u00a0\u00bb1\/3&Prime; tablet_width_inherit=\u00a0\u00bbdefault\u00a0\u00bb overlay_strength=\u00a0\u00bb0.3&Prime; column_border_width=\u00a0\u00bbnone\u00a0\u00bb column_border_style=\u00a0\u00bbsolid\u00a0\u00bb bg_image_animation=\u00a0\u00bbnone\u00a0\u00bb][image_with_animation image_url=\u00a0\u00bb180&Prime; alignment=\u00a0\u00bb\u00a0\u00bb animation=\u00a0\u00bbFade In\u00a0\u00bb hover_animation=\u00a0\u00bbnone\u00a0\u00bb border_radius=\u00a0\u00bb5px\u00a0\u00bb box_shadow=\u00a0\u00bbnone\u00a0\u00bb image_loading=\u00a0\u00bbdefault\u00a0\u00bb max_width=\u00a0\u00bb100%\u00a0\u00bb max_width_mobile=\u00a0\u00bbdefault\u00a0\u00bb][\/vc_column_inner][\/vc_row_inner][\/vc_column][\/vc_row][vc_row type=\u00a0\u00bbin_container\u00a0\u00bb full_screen_row_position=\u00a0\u00bbmiddle\u00a0\u00bb column_margin=\u00a0\u00bbdefault\u00a0\u00bb scene_position=\u00a0\u00bbcenter\u00a0\u00bb text_color=\u00a0\u00bbdark\u00a0\u00bb text_align=\u00a0\u00bbleft\u00a0\u00bb overlay_strength=\u00a0\u00bb0.3&Prime; shape_divider_position=\u00a0\u00bbbottom\u00a0\u00bb bg_image_animation=\u00a0\u00bbnone\u00a0\u00bb][vc_column column_padding=\u00a0\u00bbpadding-2-percent\u00a0\u00bb column_padding_position=\u00a0\u00bball\u00a0\u00bb background_color_opacity=\u00a0\u00bb1&Prime; background_hover_color_opacity=\u00a0\u00bb1&Prime; column_link_target=\u00a0\u00bb_self\u00a0\u00bb column_shadow=\u00a0\u00bbnone\u00a0\u00bb column_border_radius=\u00a0\u00bbnone\u00a0\u00bb width=\u00a0\u00bb1\/2&Prime; tablet_width_inherit=\u00a0\u00bbdefault\u00a0\u00bb tablet_text_alignment=\u00a0\u00bbdefault\u00a0\u00bb phone_text_alignment=\u00a0\u00bbdefault\u00a0\u00bb overlay_strength=\u00a0\u00bb0.3&Prime; column_border_width=\u00a0\u00bbnone\u00a0\u00bb column_border_style=\u00a0\u00bbsolid\u00a0\u00bb bg_image_animation=\u00a0\u00bbnone\u00a0\u00bb][vc_column_text]\n<h2 class=\"titre\">Les personnes concern\u00e9es<\/h2>\n<p>Vous pouvez b\u00e9n\u00e9ficier de l\u2019aide du <a href=\"http:\/\/de-vv.com\/mconduite\/permis-boite-manuelle\/\" target=\"_blank\" rel=\"noopener\">permis B en bo\u00eete manuelle<\/a> ou <a href=\"http:\/\/de-vv.com\/mconduite\/permis-boite-automatique\/\" target=\"_blank\" rel=\"noopener\">bo\u00eete automatique<\/a> sous r\u00e9serve de remplir certaines conditions d\u2019inscription et de ressources.<\/p>\n<ul>\n<li>Vous devez \u00eatre inscrit \u00e0 France Travail au moins 6 mois de mani\u00e8re continue et \u00eatre disponible pour occuper un emploi.<\/li>\n<li>Vous ne devez pas \u00eatre indemnis\u00e9 au titre d\u2019une allocation ch\u00f4mage, ou \u00eatre indemnis\u00e9 au titre d&rsquo;une autre allocation dont le montant est inf\u00e9rieur ou \u00e9gal \u00e0 celui de l&rsquo;allocation de retour \u00e0 l\u2019emploi (ARE) minimale.<\/li>\n<\/ul>\n[\/vc_column_text][\/vc_column][vc_column column_padding=\u00a0\u00bbpadding-2-percent\u00a0\u00bb column_padding_position=\u00a0\u00bball\u00a0\u00bb background_color_opacity=\u00a0\u00bb1&Prime; background_hover_color_opacity=\u00a0\u00bb1&Prime; column_link_target=\u00a0\u00bb_self\u00a0\u00bb column_shadow=\u00a0\u00bbnone\u00a0\u00bb column_border_radius=\u00a0\u00bbnone\u00a0\u00bb width=\u00a0\u00bb1\/2&Prime; tablet_width_inherit=\u00a0\u00bbdefault\u00a0\u00bb tablet_text_alignment=\u00a0\u00bbdefault\u00a0\u00bb phone_text_alignment=\u00a0\u00bbdefault\u00a0\u00bb overlay_strength=\u00a0\u00bb0.3&Prime; column_border_width=\u00a0\u00bbnone\u00a0\u00bb column_border_style=\u00a0\u00bbsolid\u00a0\u00bb bg_image_animation=\u00a0\u00bbnone\u00a0\u00bb][vc_column_text]\n<h2 class=\"titre\">Les d\u00e9marches \u00e0 accomplir<\/h2>\n<ul>\n<li>Sollicitez votre conseiller France Travail qui remplira un formulaire pr\u00e9alablement \u00e0 l&rsquo;inscription en auto-\u00e9cole.<\/li>\n<li>Vous devez y joindre un devis d\u00e9taill\u00e9 et un relev\u00e9 d&rsquo;identit\u00e9 bancaire de l&rsquo;auto-\u00e9cole.<\/li>\n<li>Vous pouvez choisir votre auto-\u00e9cole, mais France Travail doit valider ce choix.<\/li>\n<li>Sauf motif exceptionnel, l\u2019auto-\u00e9cole doit se situer dans le bassin d\u2019emploi de votre r\u00e9sidence.<\/li>\n<\/ul>\n[\/vc_column_text][\/vc_column][\/vc_row][vc_row type=\u00a0\u00bbfull_width_background\u00a0\u00bb full_screen_row_position=\u00a0\u00bbmiddle\u00a0\u00bb column_margin=\u00a0\u00bbdefault\u00a0\u00bb bg_color=\u00a0\u00bb#000000&Prime; scene_position=\u00a0\u00bbcenter\u00a0\u00bb text_color=\u00a0\u00bblight\u00a0\u00bb text_align=\u00a0\u00bbleft\u00a0\u00bb top_padding=\u00a0\u00bb20&Prime; bottom_padding=\u00a0\u00bb20&Prime; overlay_strength=\u00a0\u00bb0.8&Prime; shape_divider_position=\u00a0\u00bbbottom\u00a0\u00bb bg_image_animation=\u00a0\u00bbnone\u00a0\u00bb shape_type=\u00a0\u00bb\u00a0\u00bb][vc_column column_padding=\u00a0\u00bbpadding-2-percent\u00a0\u00bb column_padding_position=\u00a0\u00bball\u00a0\u00bb background_color_opacity=\u00a0\u00bb1&Prime; background_hover_color_opacity=\u00a0\u00bb1&Prime; column_link_target=\u00a0\u00bb_self\u00a0\u00bb column_shadow=\u00a0\u00bbnone\u00a0\u00bb column_border_radius=\u00a0\u00bbnone\u00a0\u00bb width=\u00a0\u00bb1\/1&Prime; tablet_width_inherit=\u00a0\u00bbdefault\u00a0\u00bb tablet_text_alignment=\u00a0\u00bbdefault\u00a0\u00bb phone_text_alignment=\u00a0\u00bbdefault\u00a0\u00bb overlay_strength=\u00a0\u00bb0.3&Prime; column_border_width=\u00a0\u00bbnone\u00a0\u00bb column_border_style=\u00a0\u00bbsolid\u00a0\u00bb bg_image_animation=\u00a0\u00bbnone\u00a0\u00bb][vc_column_text css=\u00a0\u00bb.vc_custom_1717162421931{padding-bottom: 12px !important;}\u00a0\u00bb]\n<h2>Une question sur l&rsquo;aide France Travail ?<\/h2>\n<p>Vous avez une question sur le contenu de nos formations, sur nos tarifs ou sur nos horaires ? Besoin de conseils personnalis\u00e9s en fonction de votre situation ? Vous avez des contraintes d&rsquo;agenda ou souhaitez passer le permis rapidement?[\/vc_column_text][nectar_btn size=\u00a0\u00bblarge\u00a0\u00bb button_style=\u00a0\u00bbregular\u00a0\u00bb button_color_2=\u00a0\u00bbExtra-Color-1&Prime; solid_text_color_override=\u00a0\u00bb#000000&Prime; icon_family=\u00a0\u00bbdefault_arrow\u00a0\u00bb url=\u00a0\u00bbhttp:\/\/de-vv.com\/mconduite\/contact\/\u00a0\u00bb text=\u00a0\u00bbContactez nous\u00a0\u00bb margin_top=\u00a0\u00bb5&Prime; margin_right=\u00a0\u00bb12&Prime; margin_bottom=\u00a0\u00bb5&Prime;][nectar_btn size=\u00a0\u00bblarge\u00a0\u00bb button_style=\u00a0\u00bbregular\u00a0\u00bb button_color_2=\u00a0\u00bbAccent-Color\u00a0\u00bb solid_text_color_override=\u00a0\u00bb#000000&Prime; icon_family=\u00a0\u00bbfontawesome\u00a0\u00bb url=\u00a0\u00bbtel:06.82.99.81.49&Prime; text=\u00a0\u00bb06 82 99 81 49&Prime; margin_top=\u00a0\u00bb5&Prime; margin_bottom=\u00a0\u00bb5&Prime; icon_fontawesome=\u00a0\u00bbfa fa-mobile\u00a0\u00bb][\/vc_column][\/vc_row]\n","protected":false},"excerpt":{"rendered":"<p>[vc_row type=\u00a0\u00bbfull_width_background\u00a0\u00bb full_screen_row_position=\u00a0\u00bbmiddle\u00a0\u00bb equal_height=\u00a0\u00bbyes\u00a0\u00bb content_placement=\u00a0\u00bbmiddle\u00a0\u00bb column_margin=\u00a0\u00bbdefault\u00a0\u00bb bg_image=\u00a0\u00bb50&Prime; bg_position=\u00a0\u00bbcenter center\u00a0\u00bb bg_repeat=\u00a0\u00bbno-repeat\u00a0\u00bb scene_position=\u00a0\u00bbcenter\u00a0\u00bb text_color=\u00a0\u00bblight\u00a0\u00bb text_align=\u00a0\u00bbleft\u00a0\u00bb top_padding=\u00a0\u00bb60&Prime; color_overlay=\u00a0\u00bb#000000&Prime; overlay_strength=\u00a0\u00bb0.5&Prime; shape_divider_position=\u00a0\u00bbbottom\u00a0\u00bb bg_image_animation=\u00a0\u00bbnone\u00a0\u00bb shape_type=\u00a0\u00bb\u00a0\u00bb][vc_column column_padding=\u00a0\u00bbpadding-2-percent\u00a0\u00bb column_padding_position=\u00a0\u00bball\u00a0\u00bb background_color_opacity=\u00a0\u00bb1&Prime; background_hover_color_opacity=\u00a0\u00bb1&Prime; column_link_target=\u00a0\u00bb_self\u00a0\u00bb column_shadow=\u00a0\u00bbnone\u00a0\u00bb column_border_radius=\u00a0\u00bbnone\u00a0\u00bb width=\u00a0\u00bb1\/1&Prime; tablet_width_inherit=\u00a0\u00bbdefault\u00a0\u00bb tablet_text_alignment=\u00a0\u00bbdefault\u00a0\u00bb phone_text_alignment=\u00a0\u00bbdefault\u00a0\u00bb&#8230;<\/p>\n","protected":false},"author":1,"featured_media":46,"parent":0,"menu_order":0,"comment_status":"closed","ping_status":"closed","template":"","meta":{"_joinchat":[],"footnotes":""},"class_list":["post-76","page","type-page","status-publish","has-post-thumbnail"],"yoast_head":"<!-- This site is optimized with the Yoast SEO plugin v25.6 - https:\/\/yoast.com\/wordpress\/plugins\/seo\/ -->\n<title>Aide au permis France Travail - Auto-\u00e9cole M&#039;Conduite - Les Arcs (83460)<\/title>\n<meta name=\"description\" content=\"France Travail (ancien P\u00f4le emploi) aide les personnes en recherche d\u2019emploi \u00e0 payer leur permis. Renseignements \u00e0 l&#039;Auto-\u00e9cole M&#039;Conduite.\" \/>\n<meta name=\"robots\" content=\"noindex, follow, max-snippet:-1, max-image-preview:large, max-video-preview:-1\" \/>\n<meta property=\"og:locale\" content=\"fr_FR\" \/>\n<meta property=\"og:type\" content=\"article\" \/>\n<meta property=\"og:title\" content=\"Aide au permis France Travail - Auto-\u00e9cole M&#039;Conduite - Les Arcs (83460)\" \/>\n<meta property=\"og:description\" content=\"France Travail (ancien P\u00f4le emploi) aide les personnes en recherche d\u2019emploi \u00e0 payer leur permis. Renseignements \u00e0 l&#039;Auto-\u00e9cole M&#039;Conduite.\" \/>\n<meta property=\"og:url\" content=\"http:\/\/de-vv.com\/mconduite\/aide-au-permis-france-travail\/\" \/>\n<meta property=\"og:site_name\" content=\"Auto-\u00e9cole M&#039;Conduite\" \/>\n<meta property=\"article:modified_time\" content=\"2024-07-11T09:18:58+00:00\" \/>\n<meta property=\"og:image\" content=\"http:\/\/de-vv.com\/mconduite\/wp-content\/uploads\/2024\/07\/cropped-favicon-MConduite-Auto-ecole.jpg\" \/>\n\t<meta property=\"og:image:width\" content=\"512\" \/>\n\t<meta property=\"og:image:height\" content=\"512\" \/>\n\t<meta property=\"og:image:type\" content=\"image\/jpeg\" \/>\n<meta name=\"twitter:card\" content=\"summary_large_image\" \/>\n<meta name=\"twitter:label1\" content=\"Dur\u00e9e de lecture estim\u00e9e\" \/>\n\t<meta name=\"twitter:data1\" content=\"3 minutes\" \/>\n<script type=\"application\/ld+json\" class=\"yoast-schema-graph\">{\"@context\":\"https:\/\/schema.org\",\"@graph\":[{\"@type\":\"WebPage\",\"@id\":\"http:\/\/de-vv.com\/mconduite\/aide-au-permis-france-travail\/\",\"url\":\"http:\/\/de-vv.com\/mconduite\/aide-au-permis-france-travail\/\",\"name\":\"Aide au permis France Travail - Auto-\u00e9cole M&#039;Conduite - Les Arcs (83460)\",\"isPartOf\":{\"@id\":\"http:\/\/de-vv.com\/mconduite\/#website\"},\"primaryImageOfPage\":{\"@id\":\"http:\/\/de-vv.com\/mconduite\/aide-au-permis-france-travail\/#primaryimage\"},\"image\":{\"@id\":\"http:\/\/de-vv.com\/mconduite\/aide-au-permis-france-travail\/#primaryimage\"},\"thumbnailUrl\":\"http:\/\/de-vv.com\/mconduite\/wp-content\/uploads\/2024\/07\/cropped-favicon-MConduite-Auto-ecole.jpg\",\"datePublished\":\"2024-07-09T20:25:17+00:00\",\"dateModified\":\"2024-07-11T09:18:58+00:00\",\"description\":\"France Travail (ancien P\u00f4le emploi) aide les personnes en recherche d\u2019emploi \u00e0 payer leur permis. Renseignements \u00e0 l'Auto-\u00e9cole M'Conduite.\",\"breadcrumb\":{\"@id\":\"http:\/\/de-vv.com\/mconduite\/aide-au-permis-france-travail\/#breadcrumb\"},\"inLanguage\":\"fr-FR\",\"potentialAction\":[{\"@type\":\"ReadAction\",\"target\":[\"http:\/\/de-vv.com\/mconduite\/aide-au-permis-france-travail\/\"]}]},{\"@type\":\"ImageObject\",\"inLanguage\":\"fr-FR\",\"@id\":\"http:\/\/de-vv.com\/mconduite\/aide-au-permis-france-travail\/#primaryimage\",\"url\":\"http:\/\/de-vv.com\/mconduite\/wp-content\/uploads\/2024\/07\/cropped-favicon-MConduite-Auto-ecole.jpg\",\"contentUrl\":\"http:\/\/de-vv.com\/mconduite\/wp-content\/uploads\/2024\/07\/cropped-favicon-MConduite-Auto-ecole.jpg\",\"width\":512,\"height\":512,\"caption\":\"favicon M'Conduite Auto-\u00e9cole\"},{\"@type\":\"BreadcrumbList\",\"@id\":\"http:\/\/de-vv.com\/mconduite\/aide-au-permis-france-travail\/#breadcrumb\",\"itemListElement\":[{\"@type\":\"ListItem\",\"position\":1,\"name\":\"Accueil\",\"item\":\"http:\/\/de-vv.com\/mconduite\/\"},{\"@type\":\"ListItem\",\"position\":2,\"name\":\"Aide au permis France Travail\"}]},{\"@type\":\"WebSite\",\"@id\":\"http:\/\/de-vv.com\/mconduite\/#website\",\"url\":\"http:\/\/de-vv.com\/mconduite\/\",\"name\":\"Auto-\u00e9cole M&#039;Conduite\",\"description\":\"Auto-\u00e9cole Les Arcs (83460)\",\"potentialAction\":[{\"@type\":\"SearchAction\",\"target\":{\"@type\":\"EntryPoint\",\"urlTemplate\":\"http:\/\/de-vv.com\/mconduite\/?s={search_term_string}\"},\"query-input\":{\"@type\":\"PropertyValueSpecification\",\"valueRequired\":true,\"valueName\":\"search_term_string\"}}],\"inLanguage\":\"fr-FR\"}]}<\/script>\n<!-- \/ Yoast SEO plugin. -->","yoast_head_json":{"title":"Aide au permis France Travail - Auto-\u00e9cole M&#039;Conduite - Les Arcs (83460)","description":"France Travail (ancien P\u00f4le emploi) aide les personnes en recherche d\u2019emploi \u00e0 payer leur permis. Renseignements \u00e0 l'Auto-\u00e9cole M'Conduite.","robots":{"index":"noindex","follow":"follow","max-snippet":"max-snippet:-1","max-image-preview":"max-image-preview:large","max-video-preview":"max-video-preview:-1"},"og_locale":"fr_FR","og_type":"article","og_title":"Aide au permis France Travail - Auto-\u00e9cole M&#039;Conduite - Les Arcs (83460)","og_description":"France Travail (ancien P\u00f4le emploi) aide les personnes en recherche d\u2019emploi \u00e0 payer leur permis. Renseignements \u00e0 l'Auto-\u00e9cole M'Conduite.","og_url":"http:\/\/de-vv.com\/mconduite\/aide-au-permis-france-travail\/","og_site_name":"Auto-\u00e9cole M&#039;Conduite","article_modified_time":"2024-07-11T09:18:58+00:00","og_image":[{"width":512,"height":512,"url":"http:\/\/de-vv.com\/mconduite\/wp-content\/uploads\/2024\/07\/cropped-favicon-MConduite-Auto-ecole.jpg","type":"image\/jpeg"}],"twitter_card":"summary_large_image","twitter_misc":{"Dur\u00e9e de lecture estim\u00e9e":"3 minutes"},"schema":{"@context":"https:\/\/schema.org","@graph":[{"@type":"WebPage","@id":"http:\/\/de-vv.com\/mconduite\/aide-au-permis-france-travail\/","url":"http:\/\/de-vv.com\/mconduite\/aide-au-permis-france-travail\/","name":"Aide au permis France Travail - Auto-\u00e9cole M&#039;Conduite - Les Arcs (83460)","isPartOf":{"@id":"http:\/\/de-vv.com\/mconduite\/#website"},"primaryImageOfPage":{"@id":"http:\/\/de-vv.com\/mconduite\/aide-au-permis-france-travail\/#primaryimage"},"image":{"@id":"http:\/\/de-vv.com\/mconduite\/aide-au-permis-france-travail\/#primaryimage"},"thumbnailUrl":"http:\/\/de-vv.com\/mconduite\/wp-content\/uploads\/2024\/07\/cropped-favicon-MConduite-Auto-ecole.jpg","datePublished":"2024-07-09T20:25:17+00:00","dateModified":"2024-07-11T09:18:58+00:00","description":"France Travail (ancien P\u00f4le emploi) aide les personnes en recherche d\u2019emploi \u00e0 payer leur permis. Renseignements \u00e0 l'Auto-\u00e9cole M'Conduite.","breadcrumb":{"@id":"http:\/\/de-vv.com\/mconduite\/aide-au-permis-france-travail\/#breadcrumb"},"inLanguage":"fr-FR","potentialAction":[{"@type":"ReadAction","target":["http:\/\/de-vv.com\/mconduite\/aide-au-permis-france-travail\/"]}]},{"@type":"ImageObject","inLanguage":"fr-FR","@id":"http:\/\/de-vv.com\/mconduite\/aide-au-permis-france-travail\/#primaryimage","url":"http:\/\/de-vv.com\/mconduite\/wp-content\/uploads\/2024\/07\/cropped-favicon-MConduite-Auto-ecole.jpg","contentUrl":"http:\/\/de-vv.com\/mconduite\/wp-content\/uploads\/2024\/07\/cropped-favicon-MConduite-Auto-ecole.jpg","width":512,"height":512,"caption":"favicon M'Conduite Auto-\u00e9cole"},{"@type":"BreadcrumbList","@id":"http:\/\/de-vv.com\/mconduite\/aide-au-permis-france-travail\/#breadcrumb","itemListElement":[{"@type":"ListItem","position":1,"name":"Accueil","item":"http:\/\/de-vv.com\/mconduite\/"},{"@type":"ListItem","position":2,"name":"Aide au permis France Travail"}]},{"@type":"WebSite","@id":"http:\/\/de-vv.com\/mconduite\/#website","url":"http:\/\/de-vv.com\/mconduite\/","name":"Auto-\u00e9cole M&#039;Conduite","description":"Auto-\u00e9cole Les Arcs (83460)","potentialAction":[{"@type":"SearchAction","target":{"@type":"EntryPoint","urlTemplate":"http:\/\/de-vv.com\/mconduite\/?s={search_term_string}"},"query-input":{"@type":"PropertyValueSpecification","valueRequired":true,"valueName":"search_term_string"}}],"inLanguage":"fr-FR"}]}},"_links":{"self":[{"href":"http:\/\/de-vv.com\/mconduite\/wp-json\/wp\/v2\/pages\/76"}],"collection":[{"href":"http:\/\/de-vv.com\/mconduite\/wp-json\/wp\/v2\/pages"}],"about":[{"href":"http:\/\/de-vv.com\/mconduite\/wp-json\/wp\/v2\/types\/page"}],"author":[{"embeddable":true,"href":"http:\/\/de-vv.com\/mconduite\/wp-json\/wp\/v2\/users\/1"}],"replies":[{"embeddable":true,"href":"http:\/\/de-vv.com\/mconduite\/wp-json\/wp\/v2\/comments?post=76"}],"version-history":[{"count":8,"href":"http:\/\/de-vv.com\/mconduite\/wp-json\/wp\/v2\/pages\/76\/revisions"}],"predecessor-version":[{"id":181,"href":"http:\/\/de-vv.com\/mconduite\/wp-json\/wp\/v2\/pages\/76\/revisions\/181"}],"wp:featuredmedia":[{"embeddable":true,"href":"http:\/\/de-vv.com\/mconduite\/wp-json\/wp\/v2\/media\/46"}],"wp:attachment":[{"href":"http:\/\/de-vv.com\/mconduite\/wp-json\/wp\/v2\/media?parent=76"}],"curies":[{"name":"wp","href":"https:\/\/api.w.org\/{rel}","templated":true}]}}