{"id":161,"date":"2024-04-28T10:22:32","date_gmt":"2024-04-28T08:22:32","guid":{"rendered":"http:\/\/de-vv.com\/permisa13\/?page_id=161"},"modified":"2024-04-28T10:24:59","modified_gmt":"2024-04-28T08:24:59","slug":"mediateur","status":"publish","type":"page","link":"http:\/\/de-vv.com\/permisa13\/mediateur\/","title":{"rendered":"M\u00e9diateur"},"content":{"rendered":"[vc_row type=\u00a0\u00bbin_container\u00a0\u00bb full_screen_row_position=\u00a0\u00bbmiddle\u00a0\u00bb column_margin=\u00a0\u00bbdefault\u00a0\u00bb scene_position=\u00a0\u00bbcenter\u00a0\u00bb text_color=\u00a0\u00bbdark\u00a0\u00bb text_align=\u00a0\u00bbleft\u00a0\u00bb overlay_strength=\u00a0\u00bb0.3&Prime; shape_divider_position=\u00a0\u00bbbottom\u00a0\u00bb bg_image_animation=\u00a0\u00bbnone\u00a0\u00bb][vc_column column_padding=\u00a0\u00bbno-extra-padding\u00a0\u00bb column_padding_position=\u00a0\u00bball\u00a0\u00bb background_color_opacity=\u00a0\u00bb1&Prime; background_hover_color_opacity=\u00a0\u00bb1&Prime; column_link_target=\u00a0\u00bb_self\u00a0\u00bb column_shadow=\u00a0\u00bbnone\u00a0\u00bb column_border_radius=\u00a0\u00bbnone\u00a0\u00bb width=\u00a0\u00bb1\/6&Prime; tablet_width_inherit=\u00a0\u00bbdefault\u00a0\u00bb tablet_text_alignment=\u00a0\u00bbdefault\u00a0\u00bb phone_text_alignment=\u00a0\u00bbdefault\u00a0\u00bb overlay_strength=\u00a0\u00bb0.3&Prime; column_border_width=\u00a0\u00bbnone\u00a0\u00bb column_border_style=\u00a0\u00bbsolid\u00a0\u00bb bg_image_animation=\u00a0\u00bbnone\u00a0\u00bb][\/vc_column][vc_column column_padding=\u00a0\u00bbpadding-3-percent\u00a0\u00bb column_padding_position=\u00a0\u00bball\u00a0\u00bb background_color_opacity=\u00a0\u00bb1&Prime; background_hover_color_opacity=\u00a0\u00bb1&Prime; column_link_target=\u00a0\u00bb_self\u00a0\u00bb column_shadow=\u00a0\u00bbnone\u00a0\u00bb column_border_radius=\u00a0\u00bbnone\u00a0\u00bb width=\u00a0\u00bb2\/3&Prime; tablet_width_inherit=\u00a0\u00bbdefault\u00a0\u00bb tablet_text_alignment=\u00a0\u00bbdefault\u00a0\u00bb phone_text_alignment=\u00a0\u00bbdefault\u00a0\u00bb overlay_strength=\u00a0\u00bb0.3&Prime; column_border_width=\u00a0\u00bbnone\u00a0\u00bb column_border_style=\u00a0\u00bbsolid\u00a0\u00bb bg_image_animation=\u00a0\u00bbnone\u00a0\u00bb][vc_column_text css=\u00a0\u00bb.vc_custom_1714292645305{padding-top: 20px !important;padding-bottom: 30px !important;}\u00a0\u00bb]\n<h2 style=\"color: #3245b2;\">M\u00e9diateur de la consommation<\/h2>\n[\/vc_column_text][vc_column_text css=\u00a0\u00bb.vc_custom_1700311204307{padding-bottom: 20px !important;}\u00a0\u00bb]En application des nouvelles obligations du code de la consommation, vous \u00eates inform\u00e9s qu\u2019en cas de litige, vous pouvez vous adresser \u00e0 notre m\u00e9diateur de la consommation :<\/p>\n<ul>\n<li>par courrier :\u00a0M\u00e9diateur de la R\u00e9publique, Mme Monique Delafosse, Centre Commercial La Verri\u00e8re, All\u00e9e Jean-Louis Barrault 77100 Meaux ;<\/li>\n<li>par t\u00e9l\u00e9phone : <a href=\"tel:01.60.41.10.80\">01 60 41 10 80<\/a>.<\/li>\n<\/ul>\n[\/vc_column_text][\/vc_column][vc_column column_padding=\u00a0\u00bbno-extra-padding\u00a0\u00bb column_padding_position=\u00a0\u00bball\u00a0\u00bb background_color_opacity=\u00a0\u00bb1&Prime; background_hover_color_opacity=\u00a0\u00bb1&Prime; column_link_target=\u00a0\u00bb_self\u00a0\u00bb column_shadow=\u00a0\u00bbnone\u00a0\u00bb column_border_radius=\u00a0\u00bbnone\u00a0\u00bb width=\u00a0\u00bb1\/6&Prime; tablet_width_inherit=\u00a0\u00bbdefault\u00a0\u00bb tablet_text_alignment=\u00a0\u00bbdefault\u00a0\u00bb phone_text_alignment=\u00a0\u00bbdefault\u00a0\u00bb overlay_strength=\u00a0\u00bb0.3&Prime; column_border_width=\u00a0\u00bbnone\u00a0\u00bb column_border_style=\u00a0\u00bbsolid\u00a0\u00bb bg_image_animation=\u00a0\u00bbnone\u00a0\u00bb][\/vc_column][\/vc_row]\n","protected":false},"excerpt":{"rendered":"<p>[vc_row type=\u00a0\u00bbin_container\u00a0\u00bb full_screen_row_position=\u00a0\u00bbmiddle\u00a0\u00bb column_margin=\u00a0\u00bbdefault\u00a0\u00bb scene_position=\u00a0\u00bbcenter\u00a0\u00bb text_color=\u00a0\u00bbdark\u00a0\u00bb text_align=\u00a0\u00bbleft\u00a0\u00bb overlay_strength=\u00a0\u00bb0.3&Prime; shape_divider_position=\u00a0\u00bbbottom\u00a0\u00bb bg_image_animation=\u00a0\u00bbnone\u00a0\u00bb][vc_column column_padding=\u00a0\u00bbno-extra-padding\u00a0\u00bb column_padding_position=\u00a0\u00bball\u00a0\u00bb background_color_opacity=\u00a0\u00bb1&Prime; background_hover_color_opacity=\u00a0\u00bb1&Prime; column_link_target=\u00a0\u00bb_self\u00a0\u00bb column_shadow=\u00a0\u00bbnone\u00a0\u00bb column_border_radius=\u00a0\u00bbnone\u00a0\u00bb width=\u00a0\u00bb1\/6&Prime; tablet_width_inherit=\u00a0\u00bbdefault\u00a0\u00bb tablet_text_alignment=\u00a0\u00bbdefault\u00a0\u00bb phone_text_alignment=\u00a0\u00bbdefault\u00a0\u00bb overlay_strength=\u00a0\u00bb0.3&Prime; column_border_width=\u00a0\u00bbnone\u00a0\u00bb column_border_style=\u00a0\u00bbsolid\u00a0\u00bb bg_image_animation=\u00a0\u00bbnone\u00a0\u00bb][\/vc_column][vc_column column_padding=\u00a0\u00bbpadding-3-percent\u00a0\u00bb column_padding_position=\u00a0\u00bball\u00a0\u00bb background_color_opacity=\u00a0\u00bb1&Prime; background_hover_color_opacity=\u00a0\u00bb1&Prime; column_link_target=\u00a0\u00bb_self\u00a0\u00bb&#8230;<\/p>\n","protected":false},"author":1,"featured_media":28,"parent":0,"menu_order":0,"comment_status":"closed","ping_status":"closed","template":"","meta":{"_joinchat":[],"footnotes":""},"yoast_head":"<!-- This site is optimized with the Yoast SEO plugin v22.5 - https:\/\/yoast.com\/wordpress\/plugins\/seo\/ -->\n<title>M\u00e9diateur de la consommation - Auto-\u00e9cole Permis A13<\/title>\n<meta name=\"description\" content=\"Retrouvez les coordonn\u00e9es du m\u00e9diateur de l&#039;Auto-\u00e9cole Permis A13. Contactez le en cas de litige. T\u00e9l\u00e9phone et adresse email.\" \/>\n<meta name=\"robots\" content=\"noindex, follow, max-snippet:-1, max-image-preview:large, max-video-preview:-1\" \/>\n<meta property=\"og:locale\" content=\"fr_FR\" \/>\n<meta property=\"og:type\" content=\"article\" \/>\n<meta property=\"og:title\" content=\"M\u00e9diateur de la consommation - Auto-\u00e9cole Permis A13\" \/>\n<meta property=\"og:description\" content=\"Retrouvez les coordonn\u00e9es du m\u00e9diateur de l&#039;Auto-\u00e9cole Permis A13. Contactez le en cas de litige. T\u00e9l\u00e9phone et adresse email.\" \/>\n<meta property=\"og:url\" content=\"http:\/\/de-vv.com\/permisa13\/mediateur\/\" \/>\n<meta property=\"og:site_name\" content=\"Auto-\u00e9cole Permis A13\" \/>\n<meta property=\"article:modified_time\" content=\"2024-04-28T08:24:59+00:00\" \/>\n<meta property=\"og:image\" content=\"http:\/\/de-vv.com\/permisa13\/wp-content\/uploads\/2024\/04\/LOGO-PERMIS-A13.jpeg\" \/>\n\t<meta property=\"og:image:width\" content=\"1079\" \/>\n\t<meta property=\"og:image:height\" content=\"558\" \/>\n\t<meta property=\"og:image:type\" content=\"image\/jpeg\" \/>\n<meta name=\"twitter:card\" content=\"summary_large_image\" \/>\n<meta name=\"twitter:label1\" content=\"Dur\u00e9e de lecture estim\u00e9e\" \/>\n\t<meta name=\"twitter:data1\" content=\"1 minute\" \/>\n<script type=\"application\/ld+json\" class=\"yoast-schema-graph\">{\"@context\":\"https:\/\/schema.org\",\"@graph\":[{\"@type\":\"WebPage\",\"@id\":\"http:\/\/de-vv.com\/permisa13\/mediateur\/\",\"url\":\"http:\/\/de-vv.com\/permisa13\/mediateur\/\",\"name\":\"M\u00e9diateur de la consommation - Auto-\u00e9cole Permis A13\",\"isPartOf\":{\"@id\":\"https:\/\/de-vv.com\/permisa13\/#website\"},\"primaryImageOfPage\":{\"@id\":\"http:\/\/de-vv.com\/permisa13\/mediateur\/#primaryimage\"},\"image\":{\"@id\":\"http:\/\/de-vv.com\/permisa13\/mediateur\/#primaryimage\"},\"thumbnailUrl\":\"http:\/\/de-vv.com\/permisa13\/wp-content\/uploads\/2024\/04\/LOGO-PERMIS-A13.jpeg\",\"datePublished\":\"2024-04-28T08:22:32+00:00\",\"dateModified\":\"2024-04-28T08:24:59+00:00\",\"description\":\"Retrouvez les coordonn\u00e9es du m\u00e9diateur de l'Auto-\u00e9cole Permis A13. Contactez le en cas de litige. T\u00e9l\u00e9phone et adresse email.\",\"breadcrumb\":{\"@id\":\"http:\/\/de-vv.com\/permisa13\/mediateur\/#breadcrumb\"},\"inLanguage\":\"fr-FR\",\"potentialAction\":[{\"@type\":\"ReadAction\",\"target\":[\"http:\/\/de-vv.com\/permisa13\/mediateur\/\"]}]},{\"@type\":\"ImageObject\",\"inLanguage\":\"fr-FR\",\"@id\":\"http:\/\/de-vv.com\/permisa13\/mediateur\/#primaryimage\",\"url\":\"http:\/\/de-vv.com\/permisa13\/wp-content\/uploads\/2024\/04\/LOGO-PERMIS-A13.jpeg\",\"contentUrl\":\"http:\/\/de-vv.com\/permisa13\/wp-content\/uploads\/2024\/04\/LOGO-PERMIS-A13.jpeg\",\"width\":1079,\"height\":558},{\"@type\":\"BreadcrumbList\",\"@id\":\"http:\/\/de-vv.com\/permisa13\/mediateur\/#breadcrumb\",\"itemListElement\":[{\"@type\":\"ListItem\",\"position\":1,\"name\":\"Accueil\",\"item\":\"https:\/\/de-vv.com\/permisa13\/\"},{\"@type\":\"ListItem\",\"position\":2,\"name\":\"M\u00e9diateur\"}]},{\"@type\":\"WebSite\",\"@id\":\"https:\/\/de-vv.com\/permisa13\/#website\",\"url\":\"https:\/\/de-vv.com\/permisa13\/\",\"name\":\"Auto-\u00e9cole Permis A13\",\"description\":\"Permis en province | Permis acc\u00e9l\u00e9r\u00e9\",\"potentialAction\":[{\"@type\":\"SearchAction\",\"target\":{\"@type\":\"EntryPoint\",\"urlTemplate\":\"https:\/\/de-vv.com\/permisa13\/?s={search_term_string}\"},\"query-input\":\"required name=search_term_string\"}],\"inLanguage\":\"fr-FR\"}]}<\/script>\n<!-- \/ Yoast SEO plugin. -->","yoast_head_json":{"title":"M\u00e9diateur de la consommation - Auto-\u00e9cole Permis A13","description":"Retrouvez les coordonn\u00e9es du m\u00e9diateur de l'Auto-\u00e9cole Permis A13. Contactez le en cas de litige. T\u00e9l\u00e9phone et adresse email.","robots":{"index":"noindex","follow":"follow","max-snippet":"max-snippet:-1","max-image-preview":"max-image-preview:large","max-video-preview":"max-video-preview:-1"},"og_locale":"fr_FR","og_type":"article","og_title":"M\u00e9diateur de la consommation - Auto-\u00e9cole Permis A13","og_description":"Retrouvez les coordonn\u00e9es du m\u00e9diateur de l'Auto-\u00e9cole Permis A13. Contactez le en cas de litige. T\u00e9l\u00e9phone et adresse email.","og_url":"http:\/\/de-vv.com\/permisa13\/mediateur\/","og_site_name":"Auto-\u00e9cole Permis A13","article_modified_time":"2024-04-28T08:24:59+00:00","og_image":[{"width":1079,"height":558,"url":"http:\/\/de-vv.com\/permisa13\/wp-content\/uploads\/2024\/04\/LOGO-PERMIS-A13.jpeg","type":"image\/jpeg"}],"twitter_card":"summary_large_image","twitter_misc":{"Dur\u00e9e de lecture estim\u00e9e":"1 minute"},"schema":{"@context":"https:\/\/schema.org","@graph":[{"@type":"WebPage","@id":"http:\/\/de-vv.com\/permisa13\/mediateur\/","url":"http:\/\/de-vv.com\/permisa13\/mediateur\/","name":"M\u00e9diateur de la consommation - Auto-\u00e9cole Permis A13","isPartOf":{"@id":"https:\/\/de-vv.com\/permisa13\/#website"},"primaryImageOfPage":{"@id":"http:\/\/de-vv.com\/permisa13\/mediateur\/#primaryimage"},"image":{"@id":"http:\/\/de-vv.com\/permisa13\/mediateur\/#primaryimage"},"thumbnailUrl":"http:\/\/de-vv.com\/permisa13\/wp-content\/uploads\/2024\/04\/LOGO-PERMIS-A13.jpeg","datePublished":"2024-04-28T08:22:32+00:00","dateModified":"2024-04-28T08:24:59+00:00","description":"Retrouvez les coordonn\u00e9es du m\u00e9diateur de l'Auto-\u00e9cole Permis A13. Contactez le en cas de litige. T\u00e9l\u00e9phone et adresse email.","breadcrumb":{"@id":"http:\/\/de-vv.com\/permisa13\/mediateur\/#breadcrumb"},"inLanguage":"fr-FR","potentialAction":[{"@type":"ReadAction","target":["http:\/\/de-vv.com\/permisa13\/mediateur\/"]}]},{"@type":"ImageObject","inLanguage":"fr-FR","@id":"http:\/\/de-vv.com\/permisa13\/mediateur\/#primaryimage","url":"http:\/\/de-vv.com\/permisa13\/wp-content\/uploads\/2024\/04\/LOGO-PERMIS-A13.jpeg","contentUrl":"http:\/\/de-vv.com\/permisa13\/wp-content\/uploads\/2024\/04\/LOGO-PERMIS-A13.jpeg","width":1079,"height":558},{"@type":"BreadcrumbList","@id":"http:\/\/de-vv.com\/permisa13\/mediateur\/#breadcrumb","itemListElement":[{"@type":"ListItem","position":1,"name":"Accueil","item":"https:\/\/de-vv.com\/permisa13\/"},{"@type":"ListItem","position":2,"name":"M\u00e9diateur"}]},{"@type":"WebSite","@id":"https:\/\/de-vv.com\/permisa13\/#website","url":"https:\/\/de-vv.com\/permisa13\/","name":"Auto-\u00e9cole Permis A13","description":"Permis en province | Permis acc\u00e9l\u00e9r\u00e9","potentialAction":[{"@type":"SearchAction","target":{"@type":"EntryPoint","urlTemplate":"https:\/\/de-vv.com\/permisa13\/?s={search_term_string}"},"query-input":"required name=search_term_string"}],"inLanguage":"fr-FR"}]}},"_links":{"self":[{"href":"http:\/\/de-vv.com\/permisa13\/wp-json\/wp\/v2\/pages\/161"}],"collection":[{"href":"http:\/\/de-vv.com\/permisa13\/wp-json\/wp\/v2\/pages"}],"about":[{"href":"http:\/\/de-vv.com\/permisa13\/wp-json\/wp\/v2\/types\/page"}],"author":[{"embeddable":true,"href":"http:\/\/de-vv.com\/permisa13\/wp-json\/wp\/v2\/users\/1"}],"replies":[{"embeddable":true,"href":"http:\/\/de-vv.com\/permisa13\/wp-json\/wp\/v2\/comments?post=161"}],"version-history":[{"count":3,"href":"http:\/\/de-vv.com\/permisa13\/wp-json\/wp\/v2\/pages\/161\/revisions"}],"predecessor-version":[{"id":164,"href":"http:\/\/de-vv.com\/permisa13\/wp-json\/wp\/v2\/pages\/161\/revisions\/164"}],"wp:featuredmedia":[{"embeddable":true,"href":"http:\/\/de-vv.com\/permisa13\/wp-json\/wp\/v2\/media\/28"}],"wp:attachment":[{"href":"http:\/\/de-vv.com\/permisa13\/wp-json\/wp\/v2\/media?parent=161"}],"curies":[{"name":"wp","href":"https:\/\/api.w.org\/{rel}","templated":true}]}}