{"id":64,"date":"2024-04-27T10:24:52","date_gmt":"2024-04-27T08:24:52","guid":{"rendered":"http:\/\/de-vv.com\/permisa13\/?page_id=64"},"modified":"2024-04-28T16:40:55","modified_gmt":"2024-04-28T14:40:55","slug":"permis-en-province","status":"publish","type":"page","link":"http:\/\/de-vv.com\/permisa13\/permis-en-province\/","title":{"rendered":"Permis en Province"},"content":{"rendered":"[vc_row type=\u00a0\u00bbfull_width_background\u00a0\u00bb full_screen_row_position=\u00a0\u00bbmiddle\u00a0\u00bb equal_height=\u00a0\u00bbyes\u00a0\u00bb content_placement=\u00a0\u00bbmiddle\u00a0\u00bb column_margin=\u00a0\u00bbdefault\u00a0\u00bb full_height=\u00a0\u00bbyes\u00a0\u00bb scene_position=\u00a0\u00bbcenter\u00a0\u00bb text_color=\u00a0\u00bbdark\u00a0\u00bb text_align=\u00a0\u00bbleft\u00a0\u00bb top_padding=\u00a0\u00bb40&Prime; enable_gradient=\u00a0\u00bbtrue\u00a0\u00bb color_overlay=\u00a0\u00bb#3245b2&Prime; color_overlay_2=\u00a0\u00bb#add8e6&Prime; gradient_direction=\u00a0\u00bbleft_t_to_right_b\u00a0\u00bb overlay_strength=\u00a0\u00bb1&Prime; shape_divider_position=\u00a0\u00bbbottom\u00a0\u00bb bg_image_animation=\u00a0\u00bbnone\u00a0\u00bb shape_type=\u00a0\u00bb\u00a0\u00bb][vc_column column_padding=\u00a0\u00bbno-extra-padding\u00a0\u00bb column_padding_position=\u00a0\u00bball\u00a0\u00bb background_color_opacity=\u00a0\u00bb1&Prime; background_hover_color_opacity=\u00a0\u00bb1&Prime; column_link_target=\u00a0\u00bb_self\u00a0\u00bb column_shadow=\u00a0\u00bbnone\u00a0\u00bb column_border_radius=\u00a0\u00bbnone\u00a0\u00bb width=\u00a0\u00bb2\/3&Prime; tablet_width_inherit=\u00a0\u00bbdefault\u00a0\u00bb tablet_text_alignment=\u00a0\u00bbdefault\u00a0\u00bb phone_text_alignment=\u00a0\u00bbdefault\u00a0\u00bb overlay_strength=\u00a0\u00bb0.3&Prime; column_border_width=\u00a0\u00bbnone\u00a0\u00bb column_border_style=\u00a0\u00bbsolid\u00a0\u00bb bg_image_animation=\u00a0\u00bbnone\u00a0\u00bb][vc_column_text]\n<h1 style=\"color: #ffffff; text-align: left;\">Permis en Province<\/h1>\n<p style=\"color: #ffffff; padding-top: 20px; font-size: 1.5rem; line-height: 1.8rem; text-align: left;\">Passez votre permis en Province en acc\u00e9l\u00e9r\u00e9 avec l&rsquo;Auto-\u00e9cole Permis A13. Formation sur 3 \u00e0 7 jours avec examen \u00e0 l&rsquo;issue du stage.<\/p>\n[\/vc_column_text][divider line_type=\u00a0\u00bbNo Line\u00a0\u00bb custom_height=\u00a0\u00bb20&Prime;][vc_row_inner column_margin=\u00a0\u00bbdefault\u00a0\u00bb bottom_padding=\u00a0\u00bb0&Prime; text_align=\u00a0\u00bbleft\u00a0\u00bb][vc_column_inner column_padding=\u00a0\u00bbpadding-2-percent\u00a0\u00bb column_padding_position=\u00a0\u00bball\u00a0\u00bb centered_text=\u00a0\u00bbtrue\u00a0\u00bb background_color=\u00a0\u00bb#ffffff\u00a0\u00bb background_color_opacity=\u00a0\u00bb1&Prime; background_hover_color_opacity=\u00a0\u00bb1&Prime; font_color=\u00a0\u00bb#000000&Prime; column_shadow=\u00a0\u00bbsmall_depth\u00a0\u00bb column_border_radius=\u00a0\u00bb20px\u00a0\u00bb column_link_target=\u00a0\u00bb_self\u00a0\u00bb width=\u00a0\u00bb1\/2&Prime; tablet_width_inherit=\u00a0\u00bbdefault\u00a0\u00bb overlay_strength=\u00a0\u00bb0.3&Prime; column_border_width=\u00a0\u00bbnone\u00a0\u00bb column_border_style=\u00a0\u00bbsolid\u00a0\u00bb bg_image_animation=\u00a0\u00bbnone\u00a0\u00bb column_link=\u00a0\u00bbhttp:\/\/de-vv.com\/permisa13\/permis-en-province\/#forfaits\u00a0\u00bb][divider line_type=\u00a0\u00bbNo Line\u00a0\u00bb custom_height=\u00a0\u00bb12&Prime;][vc_column_text]\n<h4 style=\"text-transform: uppercase; font-weight: 600; padding: 3px 6px; border-radius: 3px; border: 3px solid #F00020; display: inline-flex;\">PARIS-NORMANDIE<\/h4>\n[\/vc_column_text][vc_column_text css=\u00a0\u00bb.vc_custom_1714314497400{padding-top: 12px !important;padding-bottom: 12px !important;}\u00a0\u00bb]10 le\u00e7ons \u00e0 Paris + 3 le\u00e7ons en Normandie[\/vc_column_text][vc_column_text css=\u00a0\u00bb.vc_custom_1714295245149{padding-top: 12px !important;padding-bottom: 12px !important;}\u00a0\u00bb]Bo\u00eete manuelle ou automatique.[\/vc_column_text][vc_column_text]\n<p style=\"text-align: center; font-size: 12px;\">\u00e0 partir de<\/p>\n[\/vc_column_text][milestone heading_inherit=\u00a0\u00bbdefault\u00a0\u00bb symbol_position=\u00a0\u00bbafter\u00a0\u00bb subject_padding=\u00a0\u00bb0&Prime; color=\u00a0\u00bbAccent-Color\u00a0\u00bb effect=\u00a0\u00bbmotion_blur\u00a0\u00bb symbol_alignment=\u00a0\u00bbDefault\u00a0\u00bb milestone_alignment=\u00a0\u00bbdefault\u00a0\u00bb number=\u00a0\u00bb1390&Prime; symbol=\u00a0\u00bb\u20ac\u00a0\u00bb][\/vc_column_inner][vc_column_inner column_padding=\u00a0\u00bbpadding-2-percent\u00a0\u00bb column_padding_position=\u00a0\u00bball\u00a0\u00bb centered_text=\u00a0\u00bbtrue\u00a0\u00bb background_color=\u00a0\u00bb#ffffff\u00a0\u00bb background_color_opacity=\u00a0\u00bb1&Prime; background_hover_color_opacity=\u00a0\u00bb1&Prime; font_color=\u00a0\u00bb#000000&Prime; column_shadow=\u00a0\u00bbsmall_depth\u00a0\u00bb column_border_radius=\u00a0\u00bb20px\u00a0\u00bb column_link_target=\u00a0\u00bb_self\u00a0\u00bb width=\u00a0\u00bb1\/2&Prime; tablet_width_inherit=\u00a0\u00bbdefault\u00a0\u00bb overlay_strength=\u00a0\u00bb0.3&Prime; column_border_width=\u00a0\u00bbnone\u00a0\u00bb column_border_style=\u00a0\u00bbsolid\u00a0\u00bb bg_image_animation=\u00a0\u00bbnone\u00a0\u00bb column_link=\u00a0\u00bbhttp:\/\/de-vv.com\/permisa13\/permis-en-province\/#forfaits\u00a0\u00bb][divider line_type=\u00a0\u00bbNo Line\u00a0\u00bb custom_height=\u00a0\u00bb12&Prime;][vc_column_text]\n<h4 style=\"text-transform: uppercase; font-weight: 600; padding: 3px 6px; border-radius: 3px; border: 3px solid #F00020; display: inline-flex;\">PERMIS EN NORMANDIE<\/h4>\n[\/vc_column_text][vc_column_text css=\u00a0\u00bb.vc_custom_1714314509720{padding-top: 12px !important;padding-bottom: 12px !important;}\u00a0\u00bb]13 le\u00e7ons de conduite en Normandie.[\/vc_column_text][vc_column_text css=\u00a0\u00bb.vc_custom_1714295245149{padding-top: 12px !important;padding-bottom: 12px !important;}\u00a0\u00bb]Bo\u00eete manuelle ou automatique.[\/vc_column_text][vc_column_text]\n<p style=\"text-align: center; font-size: 12px;\">\u00e0 partir de<\/p>\n[\/vc_column_text][milestone heading_inherit=\u00a0\u00bbdefault\u00a0\u00bb symbol_position=\u00a0\u00bbafter\u00a0\u00bb subject_padding=\u00a0\u00bb0&Prime; color=\u00a0\u00bbAccent-Color\u00a0\u00bb effect=\u00a0\u00bbmotion_blur\u00a0\u00bb symbol_alignment=\u00a0\u00bbDefault\u00a0\u00bb milestone_alignment=\u00a0\u00bbdefault\u00a0\u00bb number=\u00a0\u00bb1390&Prime; symbol=\u00a0\u00bb\u20ac\u00a0\u00bb][\/vc_column_inner][\/vc_row_inner][vc_column_text]\n<p style=\"text-align: center;\"><a style=\"color: #fff!important;\" href=\"http:\/\/de-vv.com\/permisa13\/points-de-rendez-vous\/\">Consultez l&rsquo;ensemble de nos points de rendez-vous \ud83d\udccd<\/a><\/p>\n[\/vc_column_text][\/vc_column][vc_column centered_text=\u00a0\u00bbtrue\u00a0\u00bb column_padding=\u00a0\u00bbpadding-2-percent\u00a0\u00bb column_padding_position=\u00a0\u00bball\u00a0\u00bb background_color_opacity=\u00a0\u00bb1&Prime; background_hover_color_opacity=\u00a0\u00bb1&Prime; column_link_target=\u00a0\u00bb_self\u00a0\u00bb column_shadow=\u00a0\u00bbnone\u00a0\u00bb column_border_radius=\u00a0\u00bbnone\u00a0\u00bb width=\u00a0\u00bb1\/3&Prime; tablet_width_inherit=\u00a0\u00bbdefault\u00a0\u00bb tablet_text_alignment=\u00a0\u00bbdefault\u00a0\u00bb phone_text_alignment=\u00a0\u00bbdefault\u00a0\u00bb overlay_strength=\u00a0\u00bb0.3&Prime; column_border_width=\u00a0\u00bbnone\u00a0\u00bb column_border_style=\u00a0\u00bbsolid\u00a0\u00bb bg_image_animation=\u00a0\u00bbnone\u00a0\u00bb enable_animation=\u00a0\u00bbtrue\u00a0\u00bb animation=\u00a0\u00bbfade-in-from-right\u00a0\u00bb delay=\u00a0\u00bb300&Prime;][image_with_animation image_url=\u00a0\u00bb72&Prime; alignment=\u00a0\u00bbcenter\u00a0\u00bb animation=\u00a0\u00bbFade In\u00a0\u00bb hover_animation=\u00a0\u00bbnone\u00a0\u00bb border_radius=\u00a0\u00bbnone\u00a0\u00bb box_shadow=\u00a0\u00bbnone\u00a0\u00bb image_loading=\u00a0\u00bblazy-load\u00a0\u00bb max_width=\u00a0\u00bb100%\u00a0\u00bb max_width_mobile=\u00a0\u00bbdefault\u00a0\u00bb][\/vc_column][\/vc_row][vc_row type=\u00a0\u00bbin_container\u00a0\u00bb full_screen_row_position=\u00a0\u00bbmiddle\u00a0\u00bb column_margin=\u00a0\u00bbdefault\u00a0\u00bb scene_position=\u00a0\u00bbcenter\u00a0\u00bb text_color=\u00a0\u00bbdark\u00a0\u00bb text_align=\u00a0\u00bbleft\u00a0\u00bb id=\u00a0\u00bbforfaits\u00a0\u00bb overlay_strength=\u00a0\u00bb0.3&Prime; shape_divider_position=\u00a0\u00bbbottom\u00a0\u00bb bg_image_animation=\u00a0\u00bbnone\u00a0\u00bb shape_type=\u00a0\u00bb\u00a0\u00bb][vc_column column_padding=\u00a0\u00bbpadding-2-percent\u00a0\u00bb column_padding_position=\u00a0\u00bball\u00a0\u00bb background_color_opacity=\u00a0\u00bb1&Prime; background_hover_color_opacity=\u00a0\u00bb1&Prime; column_link_target=\u00a0\u00bb_self\u00a0\u00bb column_shadow=\u00a0\u00bbnone\u00a0\u00bb column_border_radius=\u00a0\u00bbnone\u00a0\u00bb width=\u00a0\u00bb1\/1&Prime; tablet_width_inherit=\u00a0\u00bbdefault\u00a0\u00bb tablet_text_alignment=\u00a0\u00bbdefault\u00a0\u00bb phone_text_alignment=\u00a0\u00bbdefault\u00a0\u00bb overlay_strength=\u00a0\u00bb0.3&Prime; column_border_width=\u00a0\u00bbnone\u00a0\u00bb column_border_style=\u00a0\u00bbsolid\u00a0\u00bb bg_image_animation=\u00a0\u00bbnone\u00a0\u00bb][vc_column_text]\n<h2>Passez votre permis en Province<\/h2>\n[\/vc_column_text][vc_column_text css=\u00a0\u00bb.vc_custom_1714315055681{padding-top: 12px !important;padding-bottom: 20px !important;}\u00a0\u00bb]Augmentez vos chances d&rsquo;obtenir votre permis de conduire gr\u00e2ce \u00e0 notre formule Permis en Province. Votre formation se d\u00e9roule sur 3 \u00e0 7 jours \u00e0 Paris et en Normandie. Consultez la liste de nos <a href=\"http:\/\/de-vv.com\/permisa13\/points-de-rendez-vous\/\">points de rendez-vous<\/a>. Nous organisons votre transport et votre h\u00e9bergement sur place. Vous b\u00e9n\u00e9ficiez d&rsquo;une date d&rsquo;examen garantie \u00e0 l&rsquo;issue du stage (sous r\u00e9serve de niveau). Vous pouvez effectuer votre formation sur bo\u00eete manuelle ou sur bo\u00eete automatique.<\/p>\n<p>Une \u00e9valuation de d\u00e9part est obligatoire avant la signature du contrat, r\u00e9servez l\u00e0 en ligne. Les tarifs sont exprim\u00e9s en euros (\u20ac), toutes taxes comprises. Ils sont valables jusqu&rsquo;au 31 d\u00e9cembre 2024.[\/vc_column_text][\/vc_column][\/vc_row][vc_row type=\u00a0\u00bbin_container\u00a0\u00bb full_screen_row_position=\u00a0\u00bbmiddle\u00a0\u00bb column_margin=\u00a0\u00bbdefault\u00a0\u00bb scene_position=\u00a0\u00bbcenter\u00a0\u00bb text_color=\u00a0\u00bbdark\u00a0\u00bb text_align=\u00a0\u00bbleft\u00a0\u00bb overlay_strength=\u00a0\u00bb0.3&Prime; shape_divider_position=\u00a0\u00bbbottom\u00a0\u00bb bg_image_animation=\u00a0\u00bbnone\u00a0\u00bb][vc_column column_padding=\u00a0\u00bbpadding-2-percent\u00a0\u00bb column_padding_position=\u00a0\u00bball\u00a0\u00bb background_color_opacity=\u00a0\u00bb1&Prime; background_hover_color_opacity=\u00a0\u00bb1&Prime; column_link_target=\u00a0\u00bb_self\u00a0\u00bb column_shadow=\u00a0\u00bbnone\u00a0\u00bb column_border_radius=\u00a0\u00bbnone\u00a0\u00bb width=\u00a0\u00bb1\/12&Prime; tablet_width_inherit=\u00a0\u00bbdefault\u00a0\u00bb tablet_text_alignment=\u00a0\u00bbdefault\u00a0\u00bb phone_text_alignment=\u00a0\u00bbdefault\u00a0\u00bb overlay_strength=\u00a0\u00bb0.3&Prime; column_border_width=\u00a0\u00bbnone\u00a0\u00bb column_border_style=\u00a0\u00bbsolid\u00a0\u00bb bg_image_animation=\u00a0\u00bbnone\u00a0\u00bb][\/vc_column][vc_column column_padding=\u00a0\u00bbno-extra-padding\u00a0\u00bb column_padding_position=\u00a0\u00bball\u00a0\u00bb background_color_opacity=\u00a0\u00bb1&Prime; background_hover_color_opacity=\u00a0\u00bb1&Prime; column_link_target=\u00a0\u00bb_self\u00a0\u00bb column_shadow=\u00a0\u00bbnone\u00a0\u00bb column_border_radius=\u00a0\u00bbnone\u00a0\u00bb width=\u00a0\u00bb10\/12&Prime; tablet_width_inherit=\u00a0\u00bbdefault\u00a0\u00bb tablet_text_alignment=\u00a0\u00bbdefault\u00a0\u00bb phone_text_alignment=\u00a0\u00bbdefault\u00a0\u00bb overlay_strength=\u00a0\u00bb0.3&Prime; column_border_width=\u00a0\u00bbnone\u00a0\u00bb column_border_style=\u00a0\u00bbsolid\u00a0\u00bb bg_image_animation=\u00a0\u00bbnone\u00a0\u00bb][vc_row_inner column_margin=\u00a0\u00bbdefault\u00a0\u00bb bottom_padding=\u00a0\u00bb0&Prime; text_align=\u00a0\u00bbleft\u00a0\u00bb][vc_column_inner column_padding=\u00a0\u00bbpadding-2-percent\u00a0\u00bb column_padding_position=\u00a0\u00bball\u00a0\u00bb centered_text=\u00a0\u00bbtrue\u00a0\u00bb background_color=\u00a0\u00bb#ffffff\u00a0\u00bb background_color_opacity=\u00a0\u00bb1&Prime; background_hover_color_opacity=\u00a0\u00bb1&Prime; font_color=\u00a0\u00bb#000000&Prime; column_shadow=\u00a0\u00bbsmall_depth\u00a0\u00bb column_border_radius=\u00a0\u00bb20px\u00a0\u00bb column_link_target=\u00a0\u00bb_self\u00a0\u00bb width=\u00a0\u00bb1\/2&Prime; tablet_width_inherit=\u00a0\u00bbdefault\u00a0\u00bb overlay_strength=\u00a0\u00bb0.3&Prime; column_border_width=\u00a0\u00bbnone\u00a0\u00bb column_border_style=\u00a0\u00bbsolid\u00a0\u00bb bg_image_animation=\u00a0\u00bbnone\u00a0\u00bb][divider line_type=\u00a0\u00bbNo Line\u00a0\u00bb custom_height=\u00a0\u00bb12&Prime;][vc_column_text]\n<h4 style=\"text-transform: uppercase; font-weight: 600; padding: 3px 6px; border-radius: 3px; border: 3px solid #F00020; display: inline-flex;\">PARIS-NORMANDIE<\/h4>\n[\/vc_column_text][divider line_type=\u00a0\u00bbNo Line\u00a0\u00bb custom_height=\u00a0\u00bb12&Prime;]<div class=\"nectar-fancy-ul\" data-list-icon=\"icon-salient-thin-line\" data-animation=\"false\" data-animation-delay=\"0\" data-color=\"accent-color\" data-spacing=\"default\" data-alignment=\"left\"> \n<p style=\"pudding-top: 12px;\">Le forfait comprend :<\/p>\n<ul style=\"text-align: left!important;\">\n<li>D\u00e9marches administratives.<\/li>\n<li>Code en ligne (offert) ;<\/li>\n<li>Kit p\u00e9dagogique ;<\/li>\n<li>10 le\u00e7ons de conduite \u00e0 Paris sur 3 \u00e0 6 jours ;<\/li>\n<li>3 le\u00e7ons de conduite sur le centre d&rsquo;examen ;<\/li>\n<li>Accompagnement \u00e0 l\u2019examen.<\/li>\n<\/ul>\n<p>Mais aussi :<\/p>\n<ul>\n<li>Billets de train A\/R depuis Paris ;<\/li>\n<li>Transfert Gare A\/R ;<\/li>\n<li>H\u00e9bergement \u00e0 l\u2019h\u00f4tel (1 nuit).<\/li>\n<\/ul>\n <\/div>[vc_column_text]\n<p style=\"text-align: center; font-size: 12px;\">\u00e0 partir de<\/p>\n[\/vc_column_text][milestone heading_inherit=\u00a0\u00bbdefault\u00a0\u00bb symbol_position=\u00a0\u00bbafter\u00a0\u00bb subject_padding=\u00a0\u00bb0&Prime; color=\u00a0\u00bbAccent-Color\u00a0\u00bb effect=\u00a0\u00bbmotion_blur\u00a0\u00bb symbol_alignment=\u00a0\u00bbDefault\u00a0\u00bb milestone_alignment=\u00a0\u00bbdefault\u00a0\u00bb number=\u00a0\u00bb1390&Prime; symbol=\u00a0\u00bb\u20ac\u00a0\u00bb][\/vc_column_inner][vc_column_inner column_padding=\u00a0\u00bbpadding-2-percent\u00a0\u00bb column_padding_position=\u00a0\u00bball\u00a0\u00bb centered_text=\u00a0\u00bbtrue\u00a0\u00bb background_color=\u00a0\u00bb#ffffff\u00a0\u00bb background_color_opacity=\u00a0\u00bb1&Prime; background_hover_color_opacity=\u00a0\u00bb1&Prime; font_color=\u00a0\u00bb#000000&Prime; column_shadow=\u00a0\u00bbsmall_depth\u00a0\u00bb column_border_radius=\u00a0\u00bb20px\u00a0\u00bb column_link_target=\u00a0\u00bb_self\u00a0\u00bb width=\u00a0\u00bb1\/2&Prime; tablet_width_inherit=\u00a0\u00bbdefault\u00a0\u00bb overlay_strength=\u00a0\u00bb0.3&Prime; column_border_width=\u00a0\u00bbnone\u00a0\u00bb column_border_style=\u00a0\u00bbsolid\u00a0\u00bb bg_image_animation=\u00a0\u00bbnone\u00a0\u00bb][divider line_type=\u00a0\u00bbNo Line\u00a0\u00bb custom_height=\u00a0\u00bb12&Prime;][vc_column_text]\n<h4 style=\"text-transform: uppercase; font-weight: 600; padding: 3px 6px; border-radius: 3px; border: 3px solid #F00020; display: inline-flex;\">PERMIS EN NORMANDIE<\/h4>\n[\/vc_column_text][divider line_type=\u00a0\u00bbNo Line\u00a0\u00bb custom_height=\u00a0\u00bb12&Prime;]<div class=\"nectar-fancy-ul\" data-list-icon=\"icon-salient-thin-line\" data-animation=\"false\" data-animation-delay=\"0\" data-color=\"accent-color\" data-spacing=\"default\" data-alignment=\"left\"> \n<p style=\"pudding-top: 12px;\">Le forfait comprend :<\/p>\n<ul style=\"text-align: left!important;\">\n<li>D\u00e9marches administratives.<\/li>\n<li>Code en ligne (offert) ;<\/li>\n<li>Kit p\u00e9dagogique ;<\/li>\n<li>13 le\u00e7ons de conduite sur le centre d&rsquo;examen ;<\/li>\n<li>Accompagnement \u00e0 l\u2019examen.<\/li>\n<\/ul>\n<p>Mais aussi :<\/p>\n<ul>\n<li>Billets de train A\/R depuis Paris ;<\/li>\n<li>Transfert Gare A\/R ;<\/li>\n<li>H\u00e9bergement \u00e0 l\u2019h\u00f4tel (2 nuits).<\/li>\n<\/ul>\n <\/div>[vc_column_text]\n<p style=\"text-align: center; font-size: 12px;\">\u00e0 partir de<\/p>\n[\/vc_column_text][milestone heading_inherit=\u00a0\u00bbdefault\u00a0\u00bb symbol_position=\u00a0\u00bbafter\u00a0\u00bb subject_padding=\u00a0\u00bb0&Prime; color=\u00a0\u00bbAccent-Color\u00a0\u00bb effect=\u00a0\u00bbmotion_blur\u00a0\u00bb symbol_alignment=\u00a0\u00bbDefault\u00a0\u00bb milestone_alignment=\u00a0\u00bbdefault\u00a0\u00bb number=\u00a0\u00bb1390&Prime; symbol=\u00a0\u00bb\u20ac\u00a0\u00bb][\/vc_column_inner][\/vc_row_inner][divider line_type=\u00a0\u00bbNo Line\u00a0\u00bb custom_height=\u00a0\u00bb12&Prime;][vc_column_text]\n<p style=\"text-align: center; font-size: 1.4rem; line-height: 1.8 rem;\">Besoin d&rsquo;un peu plus ? <a href=\"http:\/\/de-vv.com\/permisa13\/tarifs-a-lunite\/\" target=\"_blank\" rel=\"noopener\">Consultez nos tarifs \u00e0 l&rsquo;unit\u00e9<\/a> !<\/p>\n[\/vc_column_text][\/vc_column][vc_column column_padding=\u00a0\u00bbno-extra-padding\u00a0\u00bb column_padding_position=\u00a0\u00bball\u00a0\u00bb background_color_opacity=\u00a0\u00bb1&Prime; background_hover_color_opacity=\u00a0\u00bb1&Prime; column_link_target=\u00a0\u00bb_self\u00a0\u00bb column_shadow=\u00a0\u00bbnone\u00a0\u00bb column_border_radius=\u00a0\u00bbnone\u00a0\u00bb width=\u00a0\u00bb1\/12&Prime; tablet_width_inherit=\u00a0\u00bbdefault\u00a0\u00bb tablet_text_alignment=\u00a0\u00bbdefault\u00a0\u00bb phone_text_alignment=\u00a0\u00bbdefault\u00a0\u00bb overlay_strength=\u00a0\u00bb0.3&Prime; column_border_width=\u00a0\u00bbnone\u00a0\u00bb column_border_style=\u00a0\u00bbsolid\u00a0\u00bb bg_image_animation=\u00a0\u00bbnone\u00a0\u00bb][\/vc_column][\/vc_row][vc_row type=\u00a0\u00bbfull_width_background\u00a0\u00bb full_screen_row_position=\u00a0\u00bbmiddle\u00a0\u00bb equal_height=\u00a0\u00bbyes\u00a0\u00bb content_placement=\u00a0\u00bbmiddle\u00a0\u00bb column_margin=\u00a0\u00bbdefault\u00a0\u00bb bg_color=\u00a0\u00bb#3245b2&Prime; scene_position=\u00a0\u00bbcenter\u00a0\u00bb text_color=\u00a0\u00bbdark\u00a0\u00bb text_align=\u00a0\u00bbleft\u00a0\u00bb bottom_padding=\u00a0\u00bb20&Prime; class=\u00a0\u00bbaccueil\u00a0\u00bb overlay_strength=\u00a0\u00bb1&Prime; shape_divider_position=\u00a0\u00bbbottom\u00a0\u00bb bg_image_animation=\u00a0\u00bbnone\u00a0\u00bb shape_type=\u00a0\u00bbmountains\u00a0\u00bb][vc_column centered_text=\u00a0\u00bbtrue\u00a0\u00bb column_padding=\u00a0\u00bbpadding-2-percent\u00a0\u00bb column_padding_position=\u00a0\u00bball\u00a0\u00bb background_color_opacity=\u00a0\u00bb1&Prime; background_hover_color_opacity=\u00a0\u00bb1&Prime; font_color=\u00a0\u00bb#ffffff\u00a0\u00bb column_link_target=\u00a0\u00bb_self\u00a0\u00bb column_shadow=\u00a0\u00bbnone\u00a0\u00bb column_border_radius=\u00a0\u00bbnone\u00a0\u00bb width=\u00a0\u00bb1\/1&Prime; tablet_width_inherit=\u00a0\u00bbdefault\u00a0\u00bb tablet_text_alignment=\u00a0\u00bbdefault\u00a0\u00bb phone_text_alignment=\u00a0\u00bbdefault\u00a0\u00bb overlay_strength=\u00a0\u00bb0.3&Prime; column_border_width=\u00a0\u00bbnone\u00a0\u00bb column_border_style=\u00a0\u00bbsolid\u00a0\u00bb bg_image_animation=\u00a0\u00bbnone\u00a0\u00bb][vc_column_text]\n<h2 style=\"text-align: center; color: #fff;\">Contactez nous !<\/h2>\n[\/vc_column_text][vc_column_text css=\u00a0\u00bb.vc_custom_1714230030555{padding-top: 12px !important;padding-bottom: 20px !important;}\u00a0\u00bb]\n<p style=\"text-align: center;\">Vous avez une question sur le contenu de nos formations, sur nos tarifs ou sur les d\u00e9lais \u00e0 pr\u00e9voir pour obtenir votre permis de conduire ? Vous souhaitez en savoir plus sur nos formations Permis en Province ? Contactez nous par email ou par t\u00e9l\u00e9phone.<\/p>\n[\/vc_column_text][nectar_btn size=\u00a0\u00bblarge\u00a0\u00bb button_style=\u00a0\u00bbregular\u00a0\u00bb button_color_2=\u00a0\u00bbExtra-Color-2&Prime; icon_family=\u00a0\u00bbfontawesome\u00a0\u00bb url=\u00a0\u00bbhttp:\/\/de-vv.com\/permisa13\/contact\/\u00a0\u00bb text=\u00a0\u00bbPrendre rendez-vous\u00a0\u00bb margin_right=\u00a0\u00bb8&Prime; margin_bottom=\u00a0\u00bb12&Prime; icon_fontawesome=\u00a0\u00bbfa fa-calendar\u00a0\u00bb][nectar_btn size=\u00a0\u00bblarge\u00a0\u00bb button_style=\u00a0\u00bbregular\u00a0\u00bb button_color_2=\u00a0\u00bbExtra-Color-1&Prime; solid_text_color_override=\u00a0\u00bb#3245b2&Prime; icon_family=\u00a0\u00bbfontawesome\u00a0\u00bb url=\u00a0\u00bbtel:\u00a0\u00bb text=\u00a0\u00bb01 02 02 02 02&Prime; icon_fontawesome=\u00a0\u00bbfa fa-mobile\u00a0\u00bb][\/vc_column][\/vc_row]\n","protected":false},"excerpt":{"rendered":"<p>[vc_row type=\u00a0\u00bbfull_width_background\u00a0\u00bb full_screen_row_position=\u00a0\u00bbmiddle\u00a0\u00bb equal_height=\u00a0\u00bbyes\u00a0\u00bb content_placement=\u00a0\u00bbmiddle\u00a0\u00bb column_margin=\u00a0\u00bbdefault\u00a0\u00bb full_height=\u00a0\u00bbyes\u00a0\u00bb scene_position=\u00a0\u00bbcenter\u00a0\u00bb text_color=\u00a0\u00bbdark\u00a0\u00bb text_align=\u00a0\u00bbleft\u00a0\u00bb top_padding=\u00a0\u00bb40&Prime; enable_gradient=\u00a0\u00bbtrue\u00a0\u00bb color_overlay=\u00a0\u00bb#3245b2&Prime; color_overlay_2=\u00a0\u00bb#add8e6&Prime; gradient_direction=\u00a0\u00bbleft_t_to_right_b\u00a0\u00bb overlay_strength=\u00a0\u00bb1&Prime; shape_divider_position=\u00a0\u00bbbottom\u00a0\u00bb bg_image_animation=\u00a0\u00bbnone\u00a0\u00bb shape_type=\u00a0\u00bb\u00a0\u00bb][vc_column column_padding=\u00a0\u00bbno-extra-padding\u00a0\u00bb column_padding_position=\u00a0\u00bball\u00a0\u00bb background_color_opacity=\u00a0\u00bb1&Prime; background_hover_color_opacity=\u00a0\u00bb1&Prime; column_link_target=\u00a0\u00bb_self\u00a0\u00bb column_shadow=\u00a0\u00bbnone\u00a0\u00bb column_border_radius=\u00a0\u00bbnone\u00a0\u00bb width=\u00a0\u00bb2\/3&Prime; tablet_width_inherit=\u00a0\u00bbdefault\u00a0\u00bb tablet_text_alignment=\u00a0\u00bbdefault\u00a0\u00bb phone_text_alignment=\u00a0\u00bbdefault\u00a0\u00bb&#8230;<\/p>\n","protected":false},"author":1,"featured_media":75,"parent":0,"menu_order":0,"comment_status":"closed","ping_status":"closed","template":"","meta":{"_joinchat":[],"footnotes":""},"yoast_head":"<!-- This site is optimized with the Yoast SEO plugin v22.5 - https:\/\/yoast.com\/wordpress\/plugins\/seo\/ -->\n<title>Passez le Permis en Province - Auto-\u00e9cole Permis A13<\/title>\n<meta name=\"description\" content=\"L&#039;Auto-\u00e9cole Permis A13 vous propose de passer votre permis en province. Points de rendez-vous \u00e0 Paris, examen en Normandie.\" \/>\n<meta name=\"robots\" content=\"noindex, follow, max-snippet:-1, max-image-preview:large, max-video-preview:-1\" \/>\n<meta property=\"og:locale\" content=\"fr_FR\" \/>\n<meta property=\"og:type\" content=\"article\" \/>\n<meta property=\"og:title\" content=\"Passez le Permis en Province - Auto-\u00e9cole Permis A13\" \/>\n<meta property=\"og:description\" content=\"L&#039;Auto-\u00e9cole Permis A13 vous propose de passer votre permis en province. Points de rendez-vous \u00e0 Paris, examen en Normandie.\" \/>\n<meta property=\"og:url\" content=\"http:\/\/de-vv.com\/permisa13\/permis-en-province\/\" \/>\n<meta property=\"og:site_name\" content=\"Auto-\u00e9cole Permis A13\" \/>\n<meta property=\"article:modified_time\" content=\"2024-04-28T14:40:55+00:00\" \/>\n<meta property=\"og:image\" content=\"http:\/\/de-vv.com\/permisa13\/wp-content\/uploads\/2024\/04\/Auto-ecole-Permis-A13-Normandie.jpg\" \/>\n\t<meta property=\"og:image:width\" content=\"536\" \/>\n\t<meta property=\"og:image:height\" content=\"342\" \/>\n\t<meta property=\"og:image:type\" content=\"image\/jpeg\" \/>\n<meta name=\"twitter:card\" content=\"summary_large_image\" \/>\n<meta name=\"twitter:label1\" content=\"Dur\u00e9e de lecture estim\u00e9e\" \/>\n\t<meta name=\"twitter:data1\" content=\"4 minutes\" \/>\n<script type=\"application\/ld+json\" class=\"yoast-schema-graph\">{\"@context\":\"https:\/\/schema.org\",\"@graph\":[{\"@type\":\"WebPage\",\"@id\":\"http:\/\/de-vv.com\/permisa13\/permis-en-province\/\",\"url\":\"http:\/\/de-vv.com\/permisa13\/permis-en-province\/\",\"name\":\"Passez le Permis en Province - Auto-\u00e9cole Permis A13\",\"isPartOf\":{\"@id\":\"https:\/\/de-vv.com\/permisa13\/#website\"},\"primaryImageOfPage\":{\"@id\":\"http:\/\/de-vv.com\/permisa13\/permis-en-province\/#primaryimage\"},\"image\":{\"@id\":\"http:\/\/de-vv.com\/permisa13\/permis-en-province\/#primaryimage\"},\"thumbnailUrl\":\"http:\/\/de-vv.com\/permisa13\/wp-content\/uploads\/2024\/04\/Auto-ecole-Permis-A13-Normandie.jpg\",\"datePublished\":\"2024-04-27T08:24:52+00:00\",\"dateModified\":\"2024-04-28T14:40:55+00:00\",\"description\":\"L'Auto-\u00e9cole Permis A13 vous propose de passer votre permis en province. Points de rendez-vous \u00e0 Paris, examen en Normandie.\",\"breadcrumb\":{\"@id\":\"http:\/\/de-vv.com\/permisa13\/permis-en-province\/#breadcrumb\"},\"inLanguage\":\"fr-FR\",\"potentialAction\":[{\"@type\":\"ReadAction\",\"target\":[\"http:\/\/de-vv.com\/permisa13\/permis-en-province\/\"]}]},{\"@type\":\"ImageObject\",\"inLanguage\":\"fr-FR\",\"@id\":\"http:\/\/de-vv.com\/permisa13\/permis-en-province\/#primaryimage\",\"url\":\"http:\/\/de-vv.com\/permisa13\/wp-content\/uploads\/2024\/04\/Auto-ecole-Permis-A13-Normandie.jpg\",\"contentUrl\":\"http:\/\/de-vv.com\/permisa13\/wp-content\/uploads\/2024\/04\/Auto-ecole-Permis-A13-Normandie.jpg\",\"width\":536,\"height\":342,\"caption\":\"Auto-\u00e9cole Permis A13\"},{\"@type\":\"BreadcrumbList\",\"@id\":\"http:\/\/de-vv.com\/permisa13\/permis-en-province\/#breadcrumb\",\"itemListElement\":[{\"@type\":\"ListItem\",\"position\":1,\"name\":\"Accueil\",\"item\":\"https:\/\/de-vv.com\/permisa13\/\"},{\"@type\":\"ListItem\",\"position\":2,\"name\":\"Permis en Province\"}]},{\"@type\":\"WebSite\",\"@id\":\"https:\/\/de-vv.com\/permisa13\/#website\",\"url\":\"https:\/\/de-vv.com\/permisa13\/\",\"name\":\"Auto-\u00e9cole Permis A13\",\"description\":\"Permis en province | Permis acc\u00e9l\u00e9r\u00e9\",\"potentialAction\":[{\"@type\":\"SearchAction\",\"target\":{\"@type\":\"EntryPoint\",\"urlTemplate\":\"https:\/\/de-vv.com\/permisa13\/?s={search_term_string}\"},\"query-input\":\"required name=search_term_string\"}],\"inLanguage\":\"fr-FR\"}]}<\/script>\n<!-- \/ Yoast SEO plugin. -->","yoast_head_json":{"title":"Passez le Permis en Province - Auto-\u00e9cole Permis A13","description":"L'Auto-\u00e9cole Permis A13 vous propose de passer votre permis en province. Points de rendez-vous \u00e0 Paris, examen en Normandie.","robots":{"index":"noindex","follow":"follow","max-snippet":"max-snippet:-1","max-image-preview":"max-image-preview:large","max-video-preview":"max-video-preview:-1"},"og_locale":"fr_FR","og_type":"article","og_title":"Passez le Permis en Province - Auto-\u00e9cole Permis A13","og_description":"L'Auto-\u00e9cole Permis A13 vous propose de passer votre permis en province. Points de rendez-vous \u00e0 Paris, examen en Normandie.","og_url":"http:\/\/de-vv.com\/permisa13\/permis-en-province\/","og_site_name":"Auto-\u00e9cole Permis A13","article_modified_time":"2024-04-28T14:40:55+00:00","og_image":[{"width":536,"height":342,"url":"http:\/\/de-vv.com\/permisa13\/wp-content\/uploads\/2024\/04\/Auto-ecole-Permis-A13-Normandie.jpg","type":"image\/jpeg"}],"twitter_card":"summary_large_image","twitter_misc":{"Dur\u00e9e de lecture estim\u00e9e":"4 minutes"},"schema":{"@context":"https:\/\/schema.org","@graph":[{"@type":"WebPage","@id":"http:\/\/de-vv.com\/permisa13\/permis-en-province\/","url":"http:\/\/de-vv.com\/permisa13\/permis-en-province\/","name":"Passez le Permis en Province - Auto-\u00e9cole Permis A13","isPartOf":{"@id":"https:\/\/de-vv.com\/permisa13\/#website"},"primaryImageOfPage":{"@id":"http:\/\/de-vv.com\/permisa13\/permis-en-province\/#primaryimage"},"image":{"@id":"http:\/\/de-vv.com\/permisa13\/permis-en-province\/#primaryimage"},"thumbnailUrl":"http:\/\/de-vv.com\/permisa13\/wp-content\/uploads\/2024\/04\/Auto-ecole-Permis-A13-Normandie.jpg","datePublished":"2024-04-27T08:24:52+00:00","dateModified":"2024-04-28T14:40:55+00:00","description":"L'Auto-\u00e9cole Permis A13 vous propose de passer votre permis en province. Points de rendez-vous \u00e0 Paris, examen en Normandie.","breadcrumb":{"@id":"http:\/\/de-vv.com\/permisa13\/permis-en-province\/#breadcrumb"},"inLanguage":"fr-FR","potentialAction":[{"@type":"ReadAction","target":["http:\/\/de-vv.com\/permisa13\/permis-en-province\/"]}]},{"@type":"ImageObject","inLanguage":"fr-FR","@id":"http:\/\/de-vv.com\/permisa13\/permis-en-province\/#primaryimage","url":"http:\/\/de-vv.com\/permisa13\/wp-content\/uploads\/2024\/04\/Auto-ecole-Permis-A13-Normandie.jpg","contentUrl":"http:\/\/de-vv.com\/permisa13\/wp-content\/uploads\/2024\/04\/Auto-ecole-Permis-A13-Normandie.jpg","width":536,"height":342,"caption":"Auto-\u00e9cole Permis A13"},{"@type":"BreadcrumbList","@id":"http:\/\/de-vv.com\/permisa13\/permis-en-province\/#breadcrumb","itemListElement":[{"@type":"ListItem","position":1,"name":"Accueil","item":"https:\/\/de-vv.com\/permisa13\/"},{"@type":"ListItem","position":2,"name":"Permis en Province"}]},{"@type":"WebSite","@id":"https:\/\/de-vv.com\/permisa13\/#website","url":"https:\/\/de-vv.com\/permisa13\/","name":"Auto-\u00e9cole Permis A13","description":"Permis en province | Permis acc\u00e9l\u00e9r\u00e9","potentialAction":[{"@type":"SearchAction","target":{"@type":"EntryPoint","urlTemplate":"https:\/\/de-vv.com\/permisa13\/?s={search_term_string}"},"query-input":"required name=search_term_string"}],"inLanguage":"fr-FR"}]}},"_links":{"self":[{"href":"http:\/\/de-vv.com\/permisa13\/wp-json\/wp\/v2\/pages\/64"}],"collection":[{"href":"http:\/\/de-vv.com\/permisa13\/wp-json\/wp\/v2\/pages"}],"about":[{"href":"http:\/\/de-vv.com\/permisa13\/wp-json\/wp\/v2\/types\/page"}],"author":[{"embeddable":true,"href":"http:\/\/de-vv.com\/permisa13\/wp-json\/wp\/v2\/users\/1"}],"replies":[{"embeddable":true,"href":"http:\/\/de-vv.com\/permisa13\/wp-json\/wp\/v2\/comments?post=64"}],"version-history":[{"count":5,"href":"http:\/\/de-vv.com\/permisa13\/wp-json\/wp\/v2\/pages\/64\/revisions"}],"predecessor-version":[{"id":184,"href":"http:\/\/de-vv.com\/permisa13\/wp-json\/wp\/v2\/pages\/64\/revisions\/184"}],"wp:featuredmedia":[{"embeddable":true,"href":"http:\/\/de-vv.com\/permisa13\/wp-json\/wp\/v2\/media\/75"}],"wp:attachment":[{"href":"http:\/\/de-vv.com\/permisa13\/wp-json\/wp\/v2\/media?parent=64"}],"curies":[{"name":"wp","href":"https:\/\/api.w.org\/{rel}","templated":true}]}}