{"id":53,"date":"2022-04-24T10:12:45","date_gmt":"2022-04-24T08:12:45","guid":{"rendered":"https:\/\/de-vv.com\/acr\/?page_id=53"},"modified":"2022-05-31T21:42:00","modified_gmt":"2022-05-31T19:42:00","slug":"permis-boite-manuelle","status":"publish","type":"page","link":"https:\/\/de-vv.com\/acr\/permis-boite-manuelle\/","title":{"rendered":"Permis bo\u00eete manuelle"},"content":{"rendered":"[vc_row type=\u00a0\u00bbfull_width_background\u00a0\u00bb full_screen_row_position=\u00a0\u00bbmiddle\u00a0\u00bb column_margin=\u00a0\u00bbdefault\u00a0\u00bb scene_position=\u00a0\u00bbcenter\u00a0\u00bb text_color=\u00a0\u00bbdark\u00a0\u00bb text_align=\u00a0\u00bbleft\u00a0\u00bb top_padding=\u00a0\u00bb20&Prime; bottom_padding=\u00a0\u00bb20&Prime; overlay_strength=\u00a0\u00bb0.3&Prime; shape_divider_position=\u00a0\u00bbbottom\u00a0\u00bb bg_image_animation=\u00a0\u00bbnone\u00a0\u00bb shape_type=\u00a0\u00bb\u00a0\u00bb][vc_column column_padding=\u00a0\u00bbpadding-2-percent\u00a0\u00bb column_padding_position=\u00a0\u00bball\u00a0\u00bb background_color_opacity=\u00a0\u00bb1&Prime; background_hover_color_opacity=\u00a0\u00bb1&Prime; column_link_target=\u00a0\u00bb_self\u00a0\u00bb column_shadow=\u00a0\u00bbnone\u00a0\u00bb column_border_radius=\u00a0\u00bbnone\u00a0\u00bb width=\u00a0\u00bb1\/1&Prime; tablet_width_inherit=\u00a0\u00bbdefault\u00a0\u00bb tablet_text_alignment=\u00a0\u00bbdefault\u00a0\u00bb phone_text_alignment=\u00a0\u00bbdefault\u00a0\u00bb overlay_strength=\u00a0\u00bb0.3&Prime; column_border_width=\u00a0\u00bbnone\u00a0\u00bb column_border_style=\u00a0\u00bbsolid\u00a0\u00bb bg_image_animation=\u00a0\u00bbnone\u00a0\u00bb][vc_column_text]\n<h1>Votre <span style=\"text-decoration: solid 4px underline #088A9E!important;\">permis de conduire sur bo\u00eete manuelle<\/span><\/h1>\n[\/vc_column_text][vc_column_text]Vous souhaitez passer votre <strong>permis de conduire sur un v\u00e9hicule \u00e9quip\u00e9 d&rsquo;une bo\u00eete manuelle \u00e0 Argenteuil<\/strong>. L&rsquo;Auto-\u00e9cole ACR vous propose un forfait avec 20 le\u00e7ons de conduite. Nous vous permettons de r\u00e9gler en plusieurs fois, sans frais.[\/vc_column_text][vc_column_text]\n<h5 style=\"text-align: center; color: #088a9e;\">\u00c9valuation de d\u00e9part obligatoire offerte !<\/h5>\n[\/vc_column_text][\/vc_column][\/vc_row][vc_row type=\u00a0\u00bbfull_width_background\u00a0\u00bb full_screen_row_position=\u00a0\u00bbmiddle\u00a0\u00bb column_margin=\u00a0\u00bbdefault\u00a0\u00bb scene_position=\u00a0\u00bbcenter\u00a0\u00bb text_color=\u00a0\u00bbdark\u00a0\u00bb text_align=\u00a0\u00bbleft\u00a0\u00bb top_padding=\u00a0\u00bb20&Prime; bottom_padding=\u00a0\u00bb20&Prime; overlay_strength=\u00a0\u00bb0.3&Prime; shape_divider_position=\u00a0\u00bbbottom\u00a0\u00bb bg_image_animation=\u00a0\u00bbnone\u00a0\u00bb shape_type=\u00a0\u00bb\u00a0\u00bb][vc_column column_padding=\u00a0\u00bbno-extra-padding\u00a0\u00bb column_padding_position=\u00a0\u00bball\u00a0\u00bb background_color_opacity=\u00a0\u00bb1&Prime; background_hover_color_opacity=\u00a0\u00bb1&Prime; column_link_target=\u00a0\u00bb_self\u00a0\u00bb column_shadow=\u00a0\u00bbnone\u00a0\u00bb column_border_radius=\u00a0\u00bb10px\u00a0\u00bb width=\u00a0\u00bb1\/4&Prime; tablet_width_inherit=\u00a0\u00bbdefault\u00a0\u00bb tablet_text_alignment=\u00a0\u00bbdefault\u00a0\u00bb phone_text_alignment=\u00a0\u00bbdefault\u00a0\u00bb overlay_strength=\u00a0\u00bb0.3&Prime; column_border_width=\u00a0\u00bbnone\u00a0\u00bb bg_image_animation=\u00a0\u00bbnone\u00a0\u00bb offset=\u00a0\u00bbvc_hidden-sm vc_hidden-xs\u00a0\u00bb][\/vc_column][vc_column column_padding=\u00a0\u00bbpadding-2-percent\u00a0\u00bb column_padding_position=\u00a0\u00bball\u00a0\u00bb background_color_opacity=\u00a0\u00bb1&Prime; background_hover_color_opacity=\u00a0\u00bb1&Prime; column_link_target=\u00a0\u00bb_self\u00a0\u00bb column_shadow=\u00a0\u00bbnone\u00a0\u00bb column_border_radius=\u00a0\u00bb5px\u00a0\u00bb bottom_margin=\u00a0\u00bb20&Prime; width=\u00a0\u00bb1\/2&Prime; tablet_width_inherit=\u00a0\u00bbdefault\u00a0\u00bb tablet_text_alignment=\u00a0\u00bbdefault\u00a0\u00bb phone_text_alignment=\u00a0\u00bbdefault\u00a0\u00bb overlay_strength=\u00a0\u00bb0.3&Prime; column_border_width=\u00a0\u00bb1px\u00a0\u00bb column_border_color=\u00a0\u00bb#c4d8dc\u00a0\u00bb bg_image_animation=\u00a0\u00bbnone\u00a0\u00bb][vc_column_text]\n<h3 style=\"text-align: center;\">FORMULE PERMIS<br \/>\nBo\u00eete manuelle<\/h3>\n[\/vc_column_text][vc_column_text]\n<p style=\"text-align: center;\">Code + 20 le\u00e7ons de conduite<\/p>\n[\/vc_column_text][divider line_type=\u00a0\u00bbFull Width Line\u00a0\u00bb line_thickness=\u00a0\u00bb1&Prime; divider_color=\u00a0\u00bbextra-color-3&Prime;][milestone heading_inherit=\u00a0\u00bbdefault\u00a0\u00bb symbol_position=\u00a0\u00bbafter\u00a0\u00bb subject_padding=\u00a0\u00bb0&Prime; color=\u00a0\u00bbExtra-Color-1&Prime; effect=\u00a0\u00bbmotion_blur\u00a0\u00bb symbol_alignment=\u00a0\u00bbDefault\u00a0\u00bb milestone_alignment=\u00a0\u00bbdefault\u00a0\u00bb number=\u00a0\u00bb990&Prime; symbol=\u00a0\u00bb\u20ac\u00a0\u00bb symbol_font_size=\u00a0\u00bb30&Prime;][divider line_type=\u00a0\u00bbFull Width Line\u00a0\u00bb line_thickness=\u00a0\u00bb1&Prime; divider_color=\u00a0\u00bbextra-color-3&Prime;][vc_column_text]\n<p style=\"text-align: left;\">La formule comprend :<\/p>\n[\/vc_column_text]<div class=\"nectar-fancy-ul\" data-list-icon=\"icon-salient-thin-line\" data-animation=\"false\" data-animation-delay=\"0\" data-color=\"accent-color\" data-spacing=\"default\" data-alignment=\"left\"> \n<ul>\n<li>Frais d\u2019inscription <em>(ANTS, gestion de dossier, d\u00e9marches administratifs)\u00a0<\/em><\/li>\n<\/ul>\n<ul>\n<li>Kit p\u00e9dagogique (livre de code, fiche de suivi, livret de formation, disque adh\u00e9sif A)<\/li>\n<\/ul>\n<ul>\n<li>Acc\u00e8s salle de code illimit\u00e9 pendant <strong>12 MOIS\u00a0<\/strong><\/li>\n<li>Acc\u00e8s code en ligne via notre application valable <strong>6 MOIS en illimit\u00e9<\/strong><\/li>\n<li>20 le\u00e7ons de conduite (50 min de conduite + 5 \u00e0 10 min de bilan)<\/li>\n<\/ul>\n <\/div>[divider line_type=\u00a0\u00bbFull Width Line\u00a0\u00bb line_thickness=\u00a0\u00bb1&Prime; divider_color=\u00a0\u00bbextra-color-3&Prime;][vc_column_text]\n<p style=\"text-align: center;\"><strong>Accompagnement \u00e0 l\u2019examen pratique non inclus (50\u20ac)<\/strong><\/p>\n[\/vc_column_text][vc_row_inner column_margin=\u00a0\u00bbdefault\u00a0\u00bb text_align=\u00a0\u00bbleft\u00a0\u00bb][vc_column_inner column_padding=\u00a0\u00bbno-extra-padding\u00a0\u00bb column_padding_position=\u00a0\u00bball\u00a0\u00bb centered_text=\u00a0\u00bbtrue\u00a0\u00bb background_color_opacity=\u00a0\u00bb1&Prime; background_hover_color_opacity=\u00a0\u00bb1&Prime; column_shadow=\u00a0\u00bbnone\u00a0\u00bb column_border_radius=\u00a0\u00bbnone\u00a0\u00bb column_link_target=\u00a0\u00bb_self\u00a0\u00bb width=\u00a0\u00bb1\/1&Prime; tablet_width_inherit=\u00a0\u00bbdefault\u00a0\u00bb overlay_strength=\u00a0\u00bb0.3&Prime; column_border_width=\u00a0\u00bbnone\u00a0\u00bb column_border_style=\u00a0\u00bbsolid\u00a0\u00bb bg_image_animation=\u00a0\u00bbnone\u00a0\u00bb][nectar_btn size=\u00a0\u00bbsmall\u00a0\u00bb button_style=\u00a0\u00bbregular\u00a0\u00bb button_color_2=\u00a0\u00bbExtra-Color-1&Prime; icon_family=\u00a0\u00bbdefault_arrow\u00a0\u00bb url=\u00a0\u00bbhttps:\/\/de-vv.com\/acr\/tarifs-a-lunite\/\u00a0\u00bb text=\u00a0\u00bbTarifs \u00e0 l&rsquo;unit\u00e9\u00a0\u00bb][\/vc_column_inner][\/vc_row_inner][divider line_type=\u00a0\u00bbFull Width Line\u00a0\u00bb line_thickness=\u00a0\u00bb1&Prime; divider_color=\u00a0\u00bbextra-color-3&Prime;][vc_column_text]\n<p style=\"text-align: center;\"><strong>Cette formule vous int\u00e9resse ? C&rsquo;est parti !<\/strong><\/p>\n[\/vc_column_text][vc_row_inner column_margin=\u00a0\u00bbdefault\u00a0\u00bb text_align=\u00a0\u00bbleft\u00a0\u00bb][vc_column_inner column_padding=\u00a0\u00bbno-extra-padding\u00a0\u00bb column_padding_position=\u00a0\u00bball\u00a0\u00bb centered_text=\u00a0\u00bbtrue\u00a0\u00bb background_color_opacity=\u00a0\u00bb1&Prime; background_hover_color_opacity=\u00a0\u00bb1&Prime; column_shadow=\u00a0\u00bbnone\u00a0\u00bb column_border_radius=\u00a0\u00bbnone\u00a0\u00bb column_link_target=\u00a0\u00bb_self\u00a0\u00bb width=\u00a0\u00bb1\/1&Prime; tablet_width_inherit=\u00a0\u00bbdefault\u00a0\u00bb overlay_strength=\u00a0\u00bb0.3&Prime; column_border_width=\u00a0\u00bbnone\u00a0\u00bb column_border_style=\u00a0\u00bbsolid\u00a0\u00bb bg_image_animation=\u00a0\u00bbnone\u00a0\u00bb][nectar_btn size=\u00a0\u00bbsmall\u00a0\u00bb button_style=\u00a0\u00bbregular\u00a0\u00bb button_color_2=\u00a0\u00bbExtra-Color-1&Prime; icon_family=\u00a0\u00bbfontawesome\u00a0\u00bb url=\u00a0\u00bbhttps:\/\/de-vv.com\/acr\/contact\/\u00a0\u00bb text=\u00a0\u00bbPrendre RDV\u00a0\u00bb icon_fontawesome=\u00a0\u00bbfa fa-calendar\u00a0\u00bb margin_top=\u00a0\u00bb5&Prime; margin_right=\u00a0\u00bb5&Prime; margin_bottom=\u00a0\u00bb5&Prime; margin_left=\u00a0\u00bb5&Prime;][nectar_btn size=\u00a0\u00bbsmall\u00a0\u00bb button_style=\u00a0\u00bbsee-through\u00a0\u00bb button_color_2=\u00a0\u00bbAccent-Color\u00a0\u00bb icon_family=\u00a0\u00bbfontawesome\u00a0\u00bb url=\u00a0\u00bb#pieces\u00a0\u00bb text=\u00a0\u00bbPi\u00e8ces \u00e0 fournir\u00a0\u00bb icon_fontawesome=\u00a0\u00bbfa fa-pencil\u00a0\u00bb margin_top=\u00a0\u00bb5&Prime; margin_right=\u00a0\u00bb5&Prime; margin_bottom=\u00a0\u00bb5&Prime; margin_left=\u00a0\u00bb5&Prime;][\/vc_column_inner][\/vc_row_inner][divider line_type=\u00a0\u00bbFull Width Line\u00a0\u00bb line_thickness=\u00a0\u00bb1&Prime; divider_color=\u00a0\u00bbextra-color-3&Prime;][vc_column_text]\n<p style=\"text-align: center; font-size: 12px;\">Tarifs TTC, valable jusqu&rsquo;au 31 d\u00e9cembre 2022.<\/p>\n[\/vc_column_text][\/vc_column][vc_column column_padding=\u00a0\u00bbno-extra-padding\u00a0\u00bb column_padding_position=\u00a0\u00bball\u00a0\u00bb background_color_opacity=\u00a0\u00bb1&Prime; background_hover_color_opacity=\u00a0\u00bb1&Prime; column_link_target=\u00a0\u00bb_self\u00a0\u00bb column_shadow=\u00a0\u00bbnone\u00a0\u00bb column_border_radius=\u00a0\u00bbnone\u00a0\u00bb width=\u00a0\u00bb1\/4&Prime; tablet_width_inherit=\u00a0\u00bbdefault\u00a0\u00bb tablet_text_alignment=\u00a0\u00bbdefault\u00a0\u00bb phone_text_alignment=\u00a0\u00bbdefault\u00a0\u00bb overlay_strength=\u00a0\u00bb0.3&Prime; column_border_width=\u00a0\u00bbnone\u00a0\u00bb column_border_style=\u00a0\u00bbsolid\u00a0\u00bb bg_image_animation=\u00a0\u00bbnone\u00a0\u00bb offset=\u00a0\u00bbvc_hidden-sm vc_hidden-xs\u00a0\u00bb][\/vc_column][\/vc_row][vc_row type=\u00a0\u00bbfull_width_background\u00a0\u00bb full_screen_row_position=\u00a0\u00bbmiddle\u00a0\u00bb equal_height=\u00a0\u00bbyes\u00a0\u00bb content_placement=\u00a0\u00bbmiddle\u00a0\u00bb column_margin=\u00a0\u00bbdefault\u00a0\u00bb bg_color=\u00a0\u00bb#292929&Prime; scene_position=\u00a0\u00bbcenter\u00a0\u00bb text_color=\u00a0\u00bblight\u00a0\u00bb text_align=\u00a0\u00bbleft\u00a0\u00bb class=\u00a0\u00bbcpf-background\u00a0\u00bb overlay_strength=\u00a0\u00bb0.3&Prime; shape_divider_position=\u00a0\u00bbbottom\u00a0\u00bb bg_image_animation=\u00a0\u00bbnone\u00a0\u00bb shape_type=\u00a0\u00bb\u00a0\u00bb][vc_column column_padding=\u00a0\u00bbpadding-1-percent\u00a0\u00bb column_padding_position=\u00a0\u00bball\u00a0\u00bb background_color_opacity=\u00a0\u00bb1&Prime; background_hover_color_opacity=\u00a0\u00bb1&Prime; column_link_target=\u00a0\u00bb_self\u00a0\u00bb column_shadow=\u00a0\u00bbnone\u00a0\u00bb column_border_radius=\u00a0\u00bbnone\u00a0\u00bb width=\u00a0\u00bb2\/3&Prime; tablet_width_inherit=\u00a0\u00bbdefault\u00a0\u00bb tablet_text_alignment=\u00a0\u00bbdefault\u00a0\u00bb phone_text_alignment=\u00a0\u00bbdefault\u00a0\u00bb overlay_strength=\u00a0\u00bb1&Prime; column_border_width=\u00a0\u00bbnone\u00a0\u00bb column_border_style=\u00a0\u00bbsolid\u00a0\u00bb bg_image_animation=\u00a0\u00bbnone\u00a0\u00bb][vc_column_text]Vous \u00eates salari\u00e9 ou en alternance?<\/p>\n<h3>Faites des \u00e9conomies sur votre permis gr\u00e2ce \u00e0 votre compte CPF<\/h3>\n<p>Votre formation est prise en charge en totalit\u00e9 ou en partie gr\u00e2ce aux sommes cr\u00e9dit\u00e9es sur votre compte personnel de formation. [\/vc_column_text][nectar_btn size=\u00a0\u00bblarge\u00a0\u00bb button_style=\u00a0\u00bbsee-through\u00a0\u00bb button_color_2=\u00a0\u00bbExtra-Color-2&Prime; icon_family=\u00a0\u00bbdefault_arrow\u00a0\u00bb url=\u00a0\u00bbhttp:\/\/de-vv.com\/acr\/financement-cpf\/\u00a0\u00bb text=\u00a0\u00bbVoir les offres de formation\u00a0\u00bb][\/vc_column][vc_column centered_text=\u00a0\u00bbtrue\u00a0\u00bb column_padding=\u00a0\u00bbpadding-2-percent\u00a0\u00bb column_padding_position=\u00a0\u00bball\u00a0\u00bb background_color_opacity=\u00a0\u00bb1&Prime; background_hover_color_opacity=\u00a0\u00bb1&Prime; column_link_target=\u00a0\u00bb_self\u00a0\u00bb column_shadow=\u00a0\u00bbnone\u00a0\u00bb column_border_radius=\u00a0\u00bbnone\u00a0\u00bb width=\u00a0\u00bb1\/3&Prime; tablet_width_inherit=\u00a0\u00bbdefault\u00a0\u00bb tablet_text_alignment=\u00a0\u00bbdefault\u00a0\u00bb phone_text_alignment=\u00a0\u00bbdefault\u00a0\u00bb overlay_strength=\u00a0\u00bb0.3&Prime; column_border_width=\u00a0\u00bbnone\u00a0\u00bb column_border_style=\u00a0\u00bbsolid\u00a0\u00bb bg_image_animation=\u00a0\u00bbnone\u00a0\u00bb][image_with_animation image_url=\u00a0\u00bb31&Prime; alignment=\u00a0\u00bbcenter\u00a0\u00bb animation=\u00a0\u00bbFade In\u00a0\u00bb hover_animation=\u00a0\u00bbnone\u00a0\u00bb border_radius=\u00a0\u00bbnone\u00a0\u00bb box_shadow=\u00a0\u00bbnone\u00a0\u00bb image_loading=\u00a0\u00bbdefault\u00a0\u00bb max_width=\u00a0\u00bb100%\u00a0\u00bb max_width_mobile=\u00a0\u00bbdefault\u00a0\u00bb][\/vc_column][\/vc_row][vc_row type=\u00a0\u00bbfull_width_background\u00a0\u00bb full_screen_row_position=\u00a0\u00bbmiddle\u00a0\u00bb column_margin=\u00a0\u00bbdefault\u00a0\u00bb bg_color=\u00a0\u00bb#088A9E\u00a0\u00bb scene_position=\u00a0\u00bbcenter\u00a0\u00bb text_color=\u00a0\u00bblight\u00a0\u00bb text_align=\u00a0\u00bbleft\u00a0\u00bb top_padding=\u00a0\u00bb20&Prime; bottom_padding=\u00a0\u00bb20&Prime; overlay_strength=\u00a0\u00bb0.3&Prime; shape_divider_position=\u00a0\u00bbbottom\u00a0\u00bb bg_image_animation=\u00a0\u00bbnone\u00a0\u00bb shape_type=\u00a0\u00bb\u00a0\u00bb][vc_column column_padding=\u00a0\u00bbpadding-2-percent\u00a0\u00bb column_padding_position=\u00a0\u00bball\u00a0\u00bb background_color_opacity=\u00a0\u00bb1&Prime; background_hover_color_opacity=\u00a0\u00bb1&Prime; column_link_target=\u00a0\u00bb_self\u00a0\u00bb column_shadow=\u00a0\u00bbnone\u00a0\u00bb column_border_radius=\u00a0\u00bbnone\u00a0\u00bb width=\u00a0\u00bb2\/3&Prime; tablet_width_inherit=\u00a0\u00bbdefault\u00a0\u00bb tablet_text_alignment=\u00a0\u00bbdefault\u00a0\u00bb phone_text_alignment=\u00a0\u00bbdefault\u00a0\u00bb overlay_strength=\u00a0\u00bb0.3&Prime; column_border_width=\u00a0\u00bbnone\u00a0\u00bb column_border_style=\u00a0\u00bbsolid\u00a0\u00bb bg_image_animation=\u00a0\u00bbnone\u00a0\u00bb][vc_column_text]\n<h2>Pourquoi passer le permis avec l&rsquo;Auto-\u00e9cole ACR ?<\/h2>\n<p>L&rsquo;Auto-\u00e9cole ACR vous accueille dans une ambiance familiale \u00e0 Argenteuil (95100) dans le Val d&rsquo;Oise. Notre p\u00e9dagogie et notre suivi personnalis\u00e9 de nos \u00e9l\u00e8ves nous permettent d\u2019obtenir d\u2019excellents taux de r\u00e9ussite.<\/p>\n<p>Notre objectif est de vous accompagner jusqu\u2019\u00e0 l\u2019obtention de votre permis de conduire. Au-del\u00e0 de votre r\u00e9ussite \u00e0 l\u2019examen, nous ferons de vous des conducteurs s\u00fbrs et responsables sur la route.[\/vc_column_text][\/vc_column][vc_column centered_text=\u00a0\u00bbtrue\u00a0\u00bb column_padding=\u00a0\u00bbpadding-2-percent\u00a0\u00bb column_padding_position=\u00a0\u00bball\u00a0\u00bb background_color_opacity=\u00a0\u00bb1&Prime; background_hover_color_opacity=\u00a0\u00bb1&Prime; column_link_target=\u00a0\u00bb_self\u00a0\u00bb column_shadow=\u00a0\u00bbnone\u00a0\u00bb column_border_radius=\u00a0\u00bbnone\u00a0\u00bb width=\u00a0\u00bb1\/3&Prime; tablet_width_inherit=\u00a0\u00bbdefault\u00a0\u00bb tablet_text_alignment=\u00a0\u00bbdefault\u00a0\u00bb phone_text_alignment=\u00a0\u00bbdefault\u00a0\u00bb overlay_strength=\u00a0\u00bb0.3&Prime; column_border_width=\u00a0\u00bbnone\u00a0\u00bb column_border_style=\u00a0\u00bbsolid\u00a0\u00bb bg_image_animation=\u00a0\u00bbnone\u00a0\u00bb][image_with_animation image_url=\u00a0\u00bb91&Prime; alignment=\u00a0\u00bbcenter\u00a0\u00bb animation=\u00a0\u00bbFade In\u00a0\u00bb hover_animation=\u00a0\u00bbnone\u00a0\u00bb border_radius=\u00a0\u00bb5px\u00a0\u00bb box_shadow=\u00a0\u00bblarge_depth\u00a0\u00bb image_loading=\u00a0\u00bblazy-load\u00a0\u00bb max_width=\u00a0\u00bb100%\u00a0\u00bb max_width_mobile=\u00a0\u00bbdefault\u00a0\u00bb][\/vc_column][\/vc_row][vc_row type=\u00a0\u00bbin_container\u00a0\u00bb full_screen_row_position=\u00a0\u00bbmiddle\u00a0\u00bb column_margin=\u00a0\u00bbdefault\u00a0\u00bb scene_position=\u00a0\u00bbcenter\u00a0\u00bb text_color=\u00a0\u00bbdark\u00a0\u00bb text_align=\u00a0\u00bbleft\u00a0\u00bb overlay_strength=\u00a0\u00bb0.3&Prime; shape_divider_position=\u00a0\u00bbbottom\u00a0\u00bb bg_image_animation=\u00a0\u00bbnone\u00a0\u00bb][vc_column centered_text=\u00a0\u00bbtrue\u00a0\u00bb column_padding=\u00a0\u00bbpadding-2-percent\u00a0\u00bb column_padding_position=\u00a0\u00bball\u00a0\u00bb background_color_opacity=\u00a0\u00bb1&Prime; background_hover_color_opacity=\u00a0\u00bb1&Prime; column_link_target=\u00a0\u00bb_self\u00a0\u00bb column_shadow=\u00a0\u00bbnone\u00a0\u00bb column_border_radius=\u00a0\u00bbnone\u00a0\u00bb top_margin=\u00a0\u00bb20&Prime; bottom_margin=\u00a0\u00bb20&Prime; width=\u00a0\u00bb1\/4&Prime; tablet_width_inherit=\u00a0\u00bbdefault\u00a0\u00bb tablet_text_alignment=\u00a0\u00bbdefault\u00a0\u00bb phone_text_alignment=\u00a0\u00bbdefault\u00a0\u00bb overlay_strength=\u00a0\u00bb0.3&Prime; column_border_width=\u00a0\u00bbnone\u00a0\u00bb column_border_style=\u00a0\u00bbsolid\u00a0\u00bb bg_image_animation=\u00a0\u00bbnone\u00a0\u00bb][image_with_animation image_url=\u00a0\u00bb73&Prime; alignment=\u00a0\u00bbcenter\u00a0\u00bb animation=\u00a0\u00bbGrow In\u00a0\u00bb hover_animation=\u00a0\u00bbnone\u00a0\u00bb border_radius=\u00a0\u00bbnone\u00a0\u00bb box_shadow=\u00a0\u00bbnone\u00a0\u00bb image_loading=\u00a0\u00bblazy-load\u00a0\u00bb max_width=\u00a0\u00bb100%\u00a0\u00bb max_width_mobile=\u00a0\u00bbdefault\u00a0\u00bb][\/vc_column][vc_column column_padding=\u00a0\u00bbpadding-2-percent\u00a0\u00bb column_padding_position=\u00a0\u00bball\u00a0\u00bb background_color_opacity=\u00a0\u00bb1&Prime; background_hover_color_opacity=\u00a0\u00bb1&Prime; column_link_target=\u00a0\u00bb_self\u00a0\u00bb column_shadow=\u00a0\u00bbnone\u00a0\u00bb column_border_radius=\u00a0\u00bbnone\u00a0\u00bb width=\u00a0\u00bb3\/4&Prime; tablet_width_inherit=\u00a0\u00bbdefault\u00a0\u00bb tablet_text_alignment=\u00a0\u00bbdefault\u00a0\u00bb phone_text_alignment=\u00a0\u00bbdefault\u00a0\u00bb overlay_strength=\u00a0\u00bb0.3&Prime; column_border_width=\u00a0\u00bbnone\u00a0\u00bb column_border_style=\u00a0\u00bbsolid\u00a0\u00bb bg_image_animation=\u00a0\u00bbnone\u00a0\u00bb][vc_column_text]\n<h2>Pi\u00e8ces \u00e0 fournir<\/h2>\n[\/vc_column_text]<div class=\"nectar-fancy-ul\" data-list-icon=\"icon-salient-thin-line\" data-animation=\"false\" data-animation-delay=\"0\" data-color=\"accent-color\" data-spacing=\"default\" data-alignment=\"left\"> \n<ul>\n<li>photos d\u2019identit\u00e9 aux normes ANTS (E-photos)<\/li>\n<li>carte d\u2019identit\u00e9<\/li>\n<li>Photocopie d\u2019attestation de recensement (si mineur) ou de la journ\u00e9e d\u2019appel (+ de 18 ans)<\/li>\n<li>Justificatif de domicile de moins de 3 mois<\/li>\n<li>1 timbre<\/li>\n<\/ul>\n<p><strong>En cas d\u2019h\u00e9bergement :<\/strong><\/p>\n<ul>\n<li>Photocopie de la pi\u00e8ce d\u2019identit\u00e9 de l\u2019h\u00e9bergeant + attestation d\u2019h\u00e9bergement (<a href=\"http:\/\/de-vv.com\/acr\/wp-content\/uploads\/2022\/05\/Attestation-hebergement.pdf\" target=\"_blank\" rel=\"noopener\">mod\u00e8le \u00e0 t\u00e9l\u00e9charger<\/a>)<\/li>\n<\/ul>\n <\/div>[\/vc_column][\/vc_row][vc_row type=\u00a0\u00bbin_container\u00a0\u00bb full_screen_row_position=\u00a0\u00bbmiddle\u00a0\u00bb column_margin=\u00a0\u00bbdefault\u00a0\u00bb scene_position=\u00a0\u00bbcenter\u00a0\u00bb text_color=\u00a0\u00bbdark\u00a0\u00bb text_align=\u00a0\u00bbleft\u00a0\u00bb overlay_strength=\u00a0\u00bb0.3&Prime; shape_divider_position=\u00a0\u00bbbottom\u00a0\u00bb bg_image_animation=\u00a0\u00bbnone\u00a0\u00bb][vc_column centered_text=\u00a0\u00bbtrue\u00a0\u00bb column_padding=\u00a0\u00bbpadding-2-percent\u00a0\u00bb column_padding_position=\u00a0\u00bball\u00a0\u00bb background_color_opacity=\u00a0\u00bb1&Prime; background_hover_color_opacity=\u00a0\u00bb1&Prime; column_link_target=\u00a0\u00bb_self\u00a0\u00bb column_shadow=\u00a0\u00bbnone\u00a0\u00bb column_border_radius=\u00a0\u00bbnone\u00a0\u00bb top_margin=\u00a0\u00bb20&Prime; bottom_margin=\u00a0\u00bb20&Prime; width=\u00a0\u00bb1\/4&Prime; tablet_width_inherit=\u00a0\u00bbdefault\u00a0\u00bb tablet_text_alignment=\u00a0\u00bbdefault\u00a0\u00bb phone_text_alignment=\u00a0\u00bbdefault\u00a0\u00bb overlay_strength=\u00a0\u00bb0.3&Prime; column_border_width=\u00a0\u00bbnone\u00a0\u00bb column_border_style=\u00a0\u00bbsolid\u00a0\u00bb bg_image_animation=\u00a0\u00bbnone\u00a0\u00bb][image_with_animation image_url=\u00a0\u00bb74&Prime; alignment=\u00a0\u00bbcenter\u00a0\u00bb animation=\u00a0\u00bbGrow In\u00a0\u00bb hover_animation=\u00a0\u00bbnone\u00a0\u00bb border_radius=\u00a0\u00bbnone\u00a0\u00bb box_shadow=\u00a0\u00bbnone\u00a0\u00bb image_loading=\u00a0\u00bblazy-load\u00a0\u00bb max_width=\u00a0\u00bb100%\u00a0\u00bb max_width_mobile=\u00a0\u00bbdefault\u00a0\u00bb][\/vc_column][vc_column column_padding=\u00a0\u00bbpadding-2-percent\u00a0\u00bb column_padding_position=\u00a0\u00bball\u00a0\u00bb background_color_opacity=\u00a0\u00bb1&Prime; background_hover_color_opacity=\u00a0\u00bb1&Prime; column_link_target=\u00a0\u00bb_self\u00a0\u00bb column_shadow=\u00a0\u00bbnone\u00a0\u00bb column_border_radius=\u00a0\u00bbnone\u00a0\u00bb width=\u00a0\u00bb3\/4&Prime; tablet_width_inherit=\u00a0\u00bbdefault\u00a0\u00bb tablet_text_alignment=\u00a0\u00bbdefault\u00a0\u00bb phone_text_alignment=\u00a0\u00bbdefault\u00a0\u00bb overlay_strength=\u00a0\u00bb0.3&Prime; column_border_width=\u00a0\u00bbnone\u00a0\u00bb column_border_style=\u00a0\u00bbsolid\u00a0\u00bb bg_image_animation=\u00a0\u00bbnone\u00a0\u00bb][vc_column_text]\n<h2>\u00c9valuation de d\u00e9part<\/h2>\n[\/vc_column_text][vc_column_text]L\u2019\u00e9l\u00e8ve devra effectuer une \u00e9valuation de d\u00e9part avant la signature du contrat de formation.<\/p>\n<p>\u00ab\u00a0<em>Le contrat pass\u00e9 entre le candidat et l\u2019\u00e9tablissement de la conduite doit pr\u00e9ciser le niveau du candidat avant d\u2019entrer en formation, notamment le nombre pr\u00e9visionnel d\u2019heures de formation<\/em>\u00a0\u00bb (<a href=\"https:\/\/www.legifrance.gouv.fr\/codes\/article_lc\/LEGIARTI000006876040\/2000-12-30\">Art. R. 245-2 du Code de la route<\/a>).[\/vc_column_text][\/vc_column][\/vc_row][vc_row type=\u00a0\u00bbfull_width_background\u00a0\u00bb full_screen_row_position=\u00a0\u00bbmiddle\u00a0\u00bb column_margin=\u00a0\u00bbdefault\u00a0\u00bb scene_position=\u00a0\u00bbcenter\u00a0\u00bb text_color=\u00a0\u00bbdark\u00a0\u00bb text_align=\u00a0\u00bbleft\u00a0\u00bb top_padding=\u00a0\u00bb20&Prime; bottom_padding=\u00a0\u00bb20&Prime; color_overlay=\u00a0\u00bb#088a9e\u00a0\u00bb overlay_strength=\u00a0\u00bb0.3&Prime; shape_divider_position=\u00a0\u00bbbottom\u00a0\u00bb bg_image_animation=\u00a0\u00bbnone\u00a0\u00bb shape_type=\u00a0\u00bb\u00a0\u00bb][vc_column column_padding=\u00a0\u00bbpadding-2-percent\u00a0\u00bb column_padding_position=\u00a0\u00bball\u00a0\u00bb background_color_opacity=\u00a0\u00bb1&Prime; background_hover_color_opacity=\u00a0\u00bb1&Prime; column_link_target=\u00a0\u00bb_self\u00a0\u00bb column_shadow=\u00a0\u00bbnone\u00a0\u00bb column_border_radius=\u00a0\u00bbnone\u00a0\u00bb width=\u00a0\u00bb1\/1&Prime; tablet_width_inherit=\u00a0\u00bbdefault\u00a0\u00bb tablet_text_alignment=\u00a0\u00bbdefault\u00a0\u00bb phone_text_alignment=\u00a0\u00bbdefault\u00a0\u00bb overlay_strength=\u00a0\u00bb0.3&Prime; column_border_width=\u00a0\u00bbnone\u00a0\u00bb column_border_style=\u00a0\u00bbsolid\u00a0\u00bb bg_image_animation=\u00a0\u00bbnone\u00a0\u00bb][nectar_food_menu_item style=\u00a0\u00bbdefault\u00a0\u00bb item_name_heading_tag=\u00a0\u00bbh3&Prime; item_name=\u00a0\u00bbForfait candidat libre\u00a0\u00bb item_price=\u00a0\u00bb150\u20ac\u00a0\u00bb item_description=\u00a0\u00bb1 heure de conduite parcours examen + 1 accompagnement \u00e0 l&rsquo;examen pratique\u00a0\u00bb][\/vc_column][\/vc_row][vc_row type=\u00a0\u00bbfull_width_background\u00a0\u00bb full_screen_row_position=\u00a0\u00bbmiddle\u00a0\u00bb column_margin=\u00a0\u00bbdefault\u00a0\u00bb bg_color=\u00a0\u00bb#088a9e\u00a0\u00bb scene_position=\u00a0\u00bbcenter\u00a0\u00bb text_color=\u00a0\u00bblight\u00a0\u00bb text_align=\u00a0\u00bbleft\u00a0\u00bb top_padding=\u00a0\u00bb20&Prime; bottom_padding=\u00a0\u00bb20&Prime; overlay_strength=\u00a0\u00bb0.5&Prime; shape_divider_position=\u00a0\u00bbbottom\u00a0\u00bb bg_image_animation=\u00a0\u00bbnone\u00a0\u00bb shape_type=\u00a0\u00bb\u00a0\u00bb][vc_column column_padding=\u00a0\u00bbpadding-2-percent\u00a0\u00bb column_padding_position=\u00a0\u00bball\u00a0\u00bb background_color_opacity=\u00a0\u00bb1&Prime; background_hover_color_opacity=\u00a0\u00bb1&Prime; column_link_target=\u00a0\u00bb_self\u00a0\u00bb column_shadow=\u00a0\u00bbnone\u00a0\u00bb column_border_radius=\u00a0\u00bbnone\u00a0\u00bb width=\u00a0\u00bb1\/1&Prime; tablet_width_inherit=\u00a0\u00bbdefault\u00a0\u00bb tablet_text_alignment=\u00a0\u00bbdefault\u00a0\u00bb phone_text_alignment=\u00a0\u00bbdefault\u00a0\u00bb overlay_strength=\u00a0\u00bb0.3&Prime; column_border_width=\u00a0\u00bbnone\u00a0\u00bb column_border_style=\u00a0\u00bbsolid\u00a0\u00bb bg_image_animation=\u00a0\u00bbnone\u00a0\u00bb][vc_column_text]\n<h2>Vous avez une question sur le permis bo\u00eete manuelle ?<\/h2>\n<p>Vous avez une question sur le contenu de nos formations, sur nos tarifs ou sur nos horaires? Vous voulez des conseils personnalis\u00e9s en fonction de votre situation? Vous avez des contraintes d&rsquo;agenda ou souhaitez passer le permis rapidement? Appelez nous au <a style=\"color: #fff!important; text-decoration: underline solid 2px #fff!important;\" href=\"tel:01.39.61.66.83\">01 39 61 66 83<\/a> ou passez nous rencontrer en agence aux horaires d&rsquo;ouverture.[\/vc_column_text][nectar_btn size=\u00a0\u00bblarge\u00a0\u00bb button_style=\u00a0\u00bbsee-through\u00a0\u00bb button_color_2=\u00a0\u00bbExtra-Color-2&Prime; icon_family=\u00a0\u00bbfontawesome\u00a0\u00bb url=\u00a0\u00bbhttp:\/\/de-vv.com\/acr\/contact\/\u00a0\u00bb text=\u00a0\u00bbPrendre rendez-vous\u00a0\u00bb icon_fontawesome=\u00a0\u00bbfa fa-calendar\u00a0\u00bb][\/vc_column][\/vc_row][vc_row type=\u00a0\u00bbfull_width_background\u00a0\u00bb full_screen_row_position=\u00a0\u00bbmiddle\u00a0\u00bb column_margin=\u00a0\u00bbdefault\u00a0\u00bb scene_position=\u00a0\u00bbcenter\u00a0\u00bb text_color=\u00a0\u00bbdark\u00a0\u00bb text_align=\u00a0\u00bbleft\u00a0\u00bb top_padding=\u00a0\u00bb20&Prime; bottom_padding=\u00a0\u00bb20&Prime; overlay_strength=\u00a0\u00bb0.3&Prime; shape_divider_position=\u00a0\u00bbbottom\u00a0\u00bb bg_image_animation=\u00a0\u00bbnone\u00a0\u00bb shape_type=\u00a0\u00bb\u00a0\u00bb][vc_column column_padding=\u00a0\u00bbno-extra-padding\u00a0\u00bb column_padding_position=\u00a0\u00bball\u00a0\u00bb background_color_opacity=\u00a0\u00bb1&Prime; background_hover_color_opacity=\u00a0\u00bb1&Prime; column_link_target=\u00a0\u00bb_self\u00a0\u00bb column_shadow=\u00a0\u00bbnone\u00a0\u00bb column_border_radius=\u00a0\u00bbnone\u00a0\u00bb width=\u00a0\u00bb1\/1&Prime; tablet_width_inherit=\u00a0\u00bbdefault\u00a0\u00bb tablet_text_alignment=\u00a0\u00bbdefault\u00a0\u00bb phone_text_alignment=\u00a0\u00bbdefault\u00a0\u00bb overlay_strength=\u00a0\u00bb0.3&Prime; column_border_width=\u00a0\u00bbnone\u00a0\u00bb column_border_style=\u00a0\u00bbsolid\u00a0\u00bb bg_image_animation=\u00a0\u00bbnone\u00a0\u00bb][vc_column_text]\n<h3 style=\"text-align: center;\">Nos autres formations<\/h3>\n[\/vc_column_text][vc_row_inner equal_height=\u00a0\u00bbyes\u00a0\u00bb column_margin=\u00a0\u00bbdefault\u00a0\u00bb text_align=\u00a0\u00bbleft\u00a0\u00bb][vc_column_inner column_padding=\u00a0\u00bbpadding-2-percent\u00a0\u00bb column_padding_position=\u00a0\u00bball\u00a0\u00bb centered_text=\u00a0\u00bbtrue\u00a0\u00bb background_color=\u00a0\u00bb#ffffff\u00a0\u00bb background_color_opacity=\u00a0\u00bb1&Prime; background_hover_color_opacity=\u00a0\u00bb1&Prime; column_shadow=\u00a0\u00bbnone\u00a0\u00bb column_border_radius=\u00a0\u00bb5px\u00a0\u00bb column_link_target=\u00a0\u00bb_self\u00a0\u00bb width=\u00a0\u00bb1\/3&Prime; tablet_width_inherit=\u00a0\u00bbdefault\u00a0\u00bb overlay_strength=\u00a0\u00bb0.3&Prime; column_border_width=\u00a0\u00bb1px\u00a0\u00bb column_border_color=\u00a0\u00bb#c4d8dc\u00a0\u00bb column_border_style=\u00a0\u00bbsolid\u00a0\u00bb bg_image_animation=\u00a0\u00bbnone\u00a0\u00bb][vc_column_text]\n<h4 style=\"text-align: center;\"><strong>Permis bo\u00eete automatique<\/strong><\/h4>\n[\/vc_column_text][vc_column_text]\n<p style=\"text-align: center;\">Formez vous sur bo\u00eete automatique en optant pour l&rsquo;un de nos forfaits 13 heures ou 20 heures.<\/p>\n[\/vc_column_text][nectar_btn size=\u00a0\u00bbmedium\u00a0\u00bb button_style=\u00a0\u00bbregular\u00a0\u00bb button_color_2=\u00a0\u00bbExtra-Color-1&Prime; icon_family=\u00a0\u00bbdefault_arrow\u00a0\u00bb url=\u00a0\u00bbhttp:\/\/de-vv.com\/acr\/permis-boite-automatique\/\u00a0\u00bb text=\u00a0\u00bbEn savoir plus\u00a0\u00bb][\/vc_column_inner][vc_column_inner column_padding=\u00a0\u00bbpadding-2-percent\u00a0\u00bb column_padding_position=\u00a0\u00bball\u00a0\u00bb centered_text=\u00a0\u00bbtrue\u00a0\u00bb background_color=\u00a0\u00bb#ffffff\u00a0\u00bb background_color_opacity=\u00a0\u00bb1&Prime; background_hover_color_opacity=\u00a0\u00bb1&Prime; column_shadow=\u00a0\u00bbnone\u00a0\u00bb column_border_radius=\u00a0\u00bb5px\u00a0\u00bb column_link_target=\u00a0\u00bb_self\u00a0\u00bb width=\u00a0\u00bb1\/3&Prime; tablet_width_inherit=\u00a0\u00bbdefault\u00a0\u00bb overlay_strength=\u00a0\u00bb0.3&Prime; column_border_width=\u00a0\u00bb1px\u00a0\u00bb column_border_color=\u00a0\u00bb#c4d8dc\u00a0\u00bb column_border_style=\u00a0\u00bbsolid\u00a0\u00bb bg_image_animation=\u00a0\u00bbnone\u00a0\u00bb][vc_column_text]\n<h4 style=\"text-align: center;\"><strong>Conduite accompagn\u00e9e<\/strong><\/h4>\n[\/vc_column_text][vc_column_text]\n<p style=\"text-align: center;\">Optez pour l&rsquo;apprentissage en conduite accompagn\u00e9e (AAC), formation accessible \u00e0 partir de 15 ans.<\/p>\n[\/vc_column_text][nectar_btn size=\u00a0\u00bbmedium\u00a0\u00bb button_style=\u00a0\u00bbregular\u00a0\u00bb button_color_2=\u00a0\u00bbExtra-Color-1&Prime; icon_family=\u00a0\u00bbdefault_arrow\u00a0\u00bb url=\u00a0\u00bbhttp:\/\/de-vv.com\/acr\/conduite-accompagnee\/\u00a0\u00bb text=\u00a0\u00bbEn savoir plus\u00a0\u00bb][\/vc_column_inner][vc_column_inner column_padding=\u00a0\u00bbpadding-2-percent\u00a0\u00bb column_padding_position=\u00a0\u00bball\u00a0\u00bb centered_text=\u00a0\u00bbtrue\u00a0\u00bb background_color=\u00a0\u00bb#ffffff\u00a0\u00bb background_color_opacity=\u00a0\u00bb1&Prime; background_hover_color_opacity=\u00a0\u00bb1&Prime; column_shadow=\u00a0\u00bbnone\u00a0\u00bb column_border_radius=\u00a0\u00bb5px\u00a0\u00bb column_link_target=\u00a0\u00bb_self\u00a0\u00bb width=\u00a0\u00bb1\/3&Prime; tablet_width_inherit=\u00a0\u00bbdefault\u00a0\u00bb overlay_strength=\u00a0\u00bb0.3&Prime; column_border_width=\u00a0\u00bb1px\u00a0\u00bb column_border_color=\u00a0\u00bb#c4d8dc\u00a0\u00bb column_border_style=\u00a0\u00bbsolid\u00a0\u00bb bg_image_animation=\u00a0\u00bbnone\u00a0\u00bb][vc_column_text]\n<h4 style=\"text-align: center;\"><strong>Annulation de permis<\/strong><\/h4>\n[\/vc_column_text][vc_column_text]\n<p style=\"text-align: center;\">Suite \u00e0 une annulation de votre permis de conduire, repassez rapidement l&rsquo;examen et retrouvez votre libert\u00e9 !<\/p>\n[\/vc_column_text][nectar_btn size=\u00a0\u00bbmedium\u00a0\u00bb button_style=\u00a0\u00bbregular\u00a0\u00bb button_color_2=\u00a0\u00bbExtra-Color-1&Prime; icon_family=\u00a0\u00bbdefault_arrow\u00a0\u00bb url=\u00a0\u00bbhttp:\/\/de-vv.com\/acr\/annulation-de-permis\/\u00a0\u00bb text=\u00a0\u00bbEn savoir plus\u00a0\u00bb][\/vc_column_inner][\/vc_row_inner][\/vc_column][\/vc_row][vc_row type=\u00a0\u00bbfull_width_background\u00a0\u00bb full_screen_row_position=\u00a0\u00bbmiddle\u00a0\u00bb column_margin=\u00a0\u00bbdefault\u00a0\u00bb bg_color=\u00a0\u00bb#088a9e\u00a0\u00bb scene_position=\u00a0\u00bbcenter\u00a0\u00bb text_color=\u00a0\u00bblight\u00a0\u00bb text_align=\u00a0\u00bbleft\u00a0\u00bb top_padding=\u00a0\u00bb20&Prime; bottom_padding=\u00a0\u00bb20&Prime; overlay_strength=\u00a0\u00bb0.3&Prime; shape_divider_position=\u00a0\u00bbbottom\u00a0\u00bb bg_image_animation=\u00a0\u00bbnone\u00a0\u00bb shape_type=\u00a0\u00bb\u00a0\u00bb][vc_column column_padding=\u00a0\u00bbpadding-2-percent\u00a0\u00bb column_padding_position=\u00a0\u00bball\u00a0\u00bb background_color_opacity=\u00a0\u00bb1&Prime; background_hover_color_opacity=\u00a0\u00bb1&Prime; column_link_target=\u00a0\u00bb_self\u00a0\u00bb column_shadow=\u00a0\u00bbnone\u00a0\u00bb column_border_radius=\u00a0\u00bbnone\u00a0\u00bb width=\u00a0\u00bb2\/3&Prime; tablet_width_inherit=\u00a0\u00bbdefault\u00a0\u00bb tablet_text_alignment=\u00a0\u00bbdefault\u00a0\u00bb phone_text_alignment=\u00a0\u00bbdefault\u00a0\u00bb overlay_strength=\u00a0\u00bb0.3&Prime; column_border_width=\u00a0\u00bbnone\u00a0\u00bb column_border_style=\u00a0\u00bbsolid\u00a0\u00bb bg_image_animation=\u00a0\u00bbnone\u00a0\u00bb][vc_column_text]\n<h2>Consultez nos avis !<\/h2>\n<p>Nos \u00e9l\u00e8ves sont satisfaits, et ils le font savoir ! Pour vous faire une id\u00e9e de la qualit\u00e9 de nos formations, consultez les commentaires laiss\u00e9s par nos anciens \u00e9l\u00e8ves. Ces avis sont v\u00e9rifi\u00e9s par VroomVroom, un site ind\u00e9pendant.[\/vc_column_text][nectar_btn size=\u00a0\u00bblarge\u00a0\u00bb button_style=\u00a0\u00bbsee-through\u00a0\u00bb button_color_2=\u00a0\u00bbExtra-Color-2&Prime; icon_family=\u00a0\u00bbfontawesome\u00a0\u00bb url=\u00a0\u00bbhttps:\/\/www.vroomvroom.fr\/auto-ecoles\/val-d-oise\/argenteuil\/auto-ecole-acr\u00a0\u00bb text=\u00a0\u00bbConsultez nos avis\u00a0\u00bb icon_fontawesome=\u00a0\u00bbfa fa-trophy\u00a0\u00bb][\/vc_column][vc_column centered_text=\u00a0\u00bbtrue\u00a0\u00bb column_padding=\u00a0\u00bbpadding-2-percent\u00a0\u00bb column_padding_position=\u00a0\u00bball\u00a0\u00bb background_color_opacity=\u00a0\u00bb1&Prime; background_hover_color_opacity=\u00a0\u00bb1&Prime; column_link_target=\u00a0\u00bb_self\u00a0\u00bb column_shadow=\u00a0\u00bbnone\u00a0\u00bb column_border_radius=\u00a0\u00bbnone\u00a0\u00bb width=\u00a0\u00bb1\/3&Prime; tablet_width_inherit=\u00a0\u00bbdefault\u00a0\u00bb tablet_text_alignment=\u00a0\u00bbdefault\u00a0\u00bb phone_text_alignment=\u00a0\u00bbdefault\u00a0\u00bb overlay_strength=\u00a0\u00bb0.3&Prime; column_border_width=\u00a0\u00bbnone\u00a0\u00bb column_border_style=\u00a0\u00bbsolid\u00a0\u00bb bg_image_animation=\u00a0\u00bbnone\u00a0\u00bb][image_with_animation image_url=\u00a0\u00bb32&Prime; alignment=\u00a0\u00bbcenter\u00a0\u00bb animation=\u00a0\u00bbFade In\u00a0\u00bb hover_animation=\u00a0\u00bbnone\u00a0\u00bb border_radius=\u00a0\u00bbnone\u00a0\u00bb box_shadow=\u00a0\u00bbnone\u00a0\u00bb image_loading=\u00a0\u00bblazy-load\u00a0\u00bb max_width=\u00a0\u00bb100%\u00a0\u00bb max_width_mobile=\u00a0\u00bbdefault\u00a0\u00bb][\/vc_column][\/vc_row]\n","protected":false},"excerpt":{"rendered":"<p>[vc_row type=\u00a0\u00bbfull_width_background\u00a0\u00bb full_screen_row_position=\u00a0\u00bbmiddle\u00a0\u00bb column_margin=\u00a0\u00bbdefault\u00a0\u00bb scene_position=\u00a0\u00bbcenter\u00a0\u00bb text_color=\u00a0\u00bbdark\u00a0\u00bb text_align=\u00a0\u00bbleft\u00a0\u00bb top_padding=\u00a0\u00bb20&Prime; bottom_padding=\u00a0\u00bb20&Prime; overlay_strength=\u00a0\u00bb0.3&Prime; shape_divider_position=\u00a0\u00bbbottom\u00a0\u00bb bg_image_animation=\u00a0\u00bbnone\u00a0\u00bb shape_type=\u00a0\u00bb\u00a0\u00bb][vc_column column_padding=\u00a0\u00bbpadding-2-percent\u00a0\u00bb column_padding_position=\u00a0\u00bball\u00a0\u00bb background_color_opacity=\u00a0\u00bb1&Prime; background_hover_color_opacity=\u00a0\u00bb1&Prime; column_link_target=\u00a0\u00bb_self\u00a0\u00bb column_shadow=\u00a0\u00bbnone\u00a0\u00bb column_border_radius=\u00a0\u00bbnone\u00a0\u00bb width=\u00a0\u00bb1\/1&Prime; tablet_width_inherit=\u00a0\u00bbdefault\u00a0\u00bb tablet_text_alignment=\u00a0\u00bbdefault\u00a0\u00bb phone_text_alignment=\u00a0\u00bbdefault\u00a0\u00bb overlay_strength=\u00a0\u00bb0.3&Prime; column_border_width=\u00a0\u00bbnone\u00a0\u00bb column_border_style=\u00a0\u00bbsolid\u00a0\u00bb bg_image_animation=\u00a0\u00bbnone\u00a0\u00bb][vc_column_text] Votre permis&#8230;<\/p>\n","protected":false},"author":1,"featured_media":0,"parent":0,"menu_order":0,"comment_status":"closed","ping_status":"closed","template":"","meta":[],"yoast_head":"<!-- This site is optimized with the Yoast SEO plugin v20.5 - https:\/\/yoast.com\/wordpress\/plugins\/seo\/ -->\n<title>Permis bo\u00eete manuelle - Auto-\u00e9cole ACR<\/title>\n<meta name=\"robots\" content=\"noindex, follow, max-snippet:-1, max-image-preview:large, max-video-preview:-1\" \/>\n<meta property=\"og:locale\" content=\"fr_FR\" \/>\n<meta property=\"og:type\" content=\"article\" \/>\n<meta property=\"og:title\" content=\"Permis bo\u00eete manuelle - Auto-\u00e9cole ACR\" \/>\n<meta property=\"og:description\" content=\"[vc_row type=\u00a0\u00bbfull_width_background\u00a0\u00bb full_screen_row_position=\u00a0\u00bbmiddle\u00a0\u00bb column_margin=\u00a0\u00bbdefault\u00a0\u00bb scene_position=\u00a0\u00bbcenter\u00a0\u00bb text_color=\u00a0\u00bbdark\u00a0\u00bb text_align=\u00a0\u00bbleft\u00a0\u00bb top_padding=\u00a0\u00bb20&Prime; bottom_padding=\u00a0\u00bb20&Prime; overlay_strength=\u00a0\u00bb0.3&Prime; shape_divider_position=\u00a0\u00bbbottom\u00a0\u00bb bg_image_animation=\u00a0\u00bbnone\u00a0\u00bb shape_type=\u00a0\u00bb\u00a0\u00bb][vc_column column_padding=\u00a0\u00bbpadding-2-percent\u00a0\u00bb column_padding_position=\u00a0\u00bball\u00a0\u00bb background_color_opacity=\u00a0\u00bb1&Prime; background_hover_color_opacity=\u00a0\u00bb1&Prime; column_link_target=\u00a0\u00bb_self\u00a0\u00bb column_shadow=\u00a0\u00bbnone\u00a0\u00bb column_border_radius=\u00a0\u00bbnone\u00a0\u00bb width=\u00a0\u00bb1\/1&Prime; tablet_width_inherit=\u00a0\u00bbdefault\u00a0\u00bb tablet_text_alignment=\u00a0\u00bbdefault\u00a0\u00bb phone_text_alignment=\u00a0\u00bbdefault\u00a0\u00bb overlay_strength=\u00a0\u00bb0.3&Prime; column_border_width=\u00a0\u00bbnone\u00a0\u00bb column_border_style=\u00a0\u00bbsolid\u00a0\u00bb bg_image_animation=\u00a0\u00bbnone\u00a0\u00bb][vc_column_text] Votre permis...\" \/>\n<meta property=\"og:url\" content=\"https:\/\/de-vv.com\/acr\/permis-boite-manuelle\/\" \/>\n<meta property=\"og:site_name\" content=\"Auto-\u00e9cole ACR\" \/>\n<meta property=\"article:modified_time\" content=\"2022-05-31T19:42:00+00:00\" \/>\n<meta name=\"twitter:card\" content=\"summary_large_image\" \/>\n<meta name=\"twitter:label1\" content=\"Dur\u00e9e de lecture estim\u00e9e\" \/>\n\t<meta name=\"twitter:data1\" content=\"7 minutes\" \/>\n<script type=\"application\/ld+json\" class=\"yoast-schema-graph\">{\"@context\":\"https:\/\/schema.org\",\"@graph\":[{\"@type\":\"WebPage\",\"@id\":\"https:\/\/de-vv.com\/acr\/permis-boite-manuelle\/\",\"url\":\"https:\/\/de-vv.com\/acr\/permis-boite-manuelle\/\",\"name\":\"Permis bo\u00eete manuelle - Auto-\u00e9cole ACR\",\"isPartOf\":{\"@id\":\"https:\/\/de-vv.com\/acr\/#website\"},\"datePublished\":\"2022-04-24T08:12:45+00:00\",\"dateModified\":\"2022-05-31T19:42:00+00:00\",\"breadcrumb\":{\"@id\":\"https:\/\/de-vv.com\/acr\/permis-boite-manuelle\/#breadcrumb\"},\"inLanguage\":\"fr-FR\",\"potentialAction\":[{\"@type\":\"ReadAction\",\"target\":[\"https:\/\/de-vv.com\/acr\/permis-boite-manuelle\/\"]}]},{\"@type\":\"BreadcrumbList\",\"@id\":\"https:\/\/de-vv.com\/acr\/permis-boite-manuelle\/#breadcrumb\",\"itemListElement\":[{\"@type\":\"ListItem\",\"position\":1,\"name\":\"Accueil\",\"item\":\"https:\/\/de-vv.com\/acr\/\"},{\"@type\":\"ListItem\",\"position\":2,\"name\":\"Permis bo\u00eete manuelle\"}]},{\"@type\":\"WebSite\",\"@id\":\"https:\/\/de-vv.com\/acr\/#website\",\"url\":\"https:\/\/de-vv.com\/acr\/\",\"name\":\"Auto-\u00e9cole ACR\",\"description\":\"Votre auto-\u00c9cole \u00e0 Argenteuil\",\"potentialAction\":[{\"@type\":\"SearchAction\",\"target\":{\"@type\":\"EntryPoint\",\"urlTemplate\":\"https:\/\/de-vv.com\/acr\/?s={search_term_string}\"},\"query-input\":\"required name=search_term_string\"}],\"inLanguage\":\"fr-FR\"}]}<\/script>\n<!-- \/ Yoast SEO plugin. -->","yoast_head_json":{"title":"Permis bo\u00eete manuelle - Auto-\u00e9cole ACR","robots":{"index":"noindex","follow":"follow","max-snippet":"max-snippet:-1","max-image-preview":"max-image-preview:large","max-video-preview":"max-video-preview:-1"},"og_locale":"fr_FR","og_type":"article","og_title":"Permis bo\u00eete manuelle - Auto-\u00e9cole ACR","og_description":"[vc_row type=\u00a0\u00bbfull_width_background\u00a0\u00bb full_screen_row_position=\u00a0\u00bbmiddle\u00a0\u00bb column_margin=\u00a0\u00bbdefault\u00a0\u00bb scene_position=\u00a0\u00bbcenter\u00a0\u00bb text_color=\u00a0\u00bbdark\u00a0\u00bb text_align=\u00a0\u00bbleft\u00a0\u00bb top_padding=\u00a0\u00bb20&Prime; bottom_padding=\u00a0\u00bb20&Prime; overlay_strength=\u00a0\u00bb0.3&Prime; shape_divider_position=\u00a0\u00bbbottom\u00a0\u00bb bg_image_animation=\u00a0\u00bbnone\u00a0\u00bb shape_type=\u00a0\u00bb\u00a0\u00bb][vc_column column_padding=\u00a0\u00bbpadding-2-percent\u00a0\u00bb column_padding_position=\u00a0\u00bball\u00a0\u00bb background_color_opacity=\u00a0\u00bb1&Prime; background_hover_color_opacity=\u00a0\u00bb1&Prime; column_link_target=\u00a0\u00bb_self\u00a0\u00bb column_shadow=\u00a0\u00bbnone\u00a0\u00bb column_border_radius=\u00a0\u00bbnone\u00a0\u00bb width=\u00a0\u00bb1\/1&Prime; tablet_width_inherit=\u00a0\u00bbdefault\u00a0\u00bb tablet_text_alignment=\u00a0\u00bbdefault\u00a0\u00bb phone_text_alignment=\u00a0\u00bbdefault\u00a0\u00bb overlay_strength=\u00a0\u00bb0.3&Prime; column_border_width=\u00a0\u00bbnone\u00a0\u00bb column_border_style=\u00a0\u00bbsolid\u00a0\u00bb bg_image_animation=\u00a0\u00bbnone\u00a0\u00bb][vc_column_text] Votre permis...","og_url":"https:\/\/de-vv.com\/acr\/permis-boite-manuelle\/","og_site_name":"Auto-\u00e9cole ACR","article_modified_time":"2022-05-31T19:42:00+00:00","twitter_card":"summary_large_image","twitter_misc":{"Dur\u00e9e de lecture estim\u00e9e":"7 minutes"},"schema":{"@context":"https:\/\/schema.org","@graph":[{"@type":"WebPage","@id":"https:\/\/de-vv.com\/acr\/permis-boite-manuelle\/","url":"https:\/\/de-vv.com\/acr\/permis-boite-manuelle\/","name":"Permis bo\u00eete manuelle - Auto-\u00e9cole ACR","isPartOf":{"@id":"https:\/\/de-vv.com\/acr\/#website"},"datePublished":"2022-04-24T08:12:45+00:00","dateModified":"2022-05-31T19:42:00+00:00","breadcrumb":{"@id":"https:\/\/de-vv.com\/acr\/permis-boite-manuelle\/#breadcrumb"},"inLanguage":"fr-FR","potentialAction":[{"@type":"ReadAction","target":["https:\/\/de-vv.com\/acr\/permis-boite-manuelle\/"]}]},{"@type":"BreadcrumbList","@id":"https:\/\/de-vv.com\/acr\/permis-boite-manuelle\/#breadcrumb","itemListElement":[{"@type":"ListItem","position":1,"name":"Accueil","item":"https:\/\/de-vv.com\/acr\/"},{"@type":"ListItem","position":2,"name":"Permis bo\u00eete manuelle"}]},{"@type":"WebSite","@id":"https:\/\/de-vv.com\/acr\/#website","url":"https:\/\/de-vv.com\/acr\/","name":"Auto-\u00e9cole ACR","description":"Votre auto-\u00c9cole \u00e0 Argenteuil","potentialAction":[{"@type":"SearchAction","target":{"@type":"EntryPoint","urlTemplate":"https:\/\/de-vv.com\/acr\/?s={search_term_string}"},"query-input":"required name=search_term_string"}],"inLanguage":"fr-FR"}]}},"_links":{"self":[{"href":"https:\/\/de-vv.com\/acr\/wp-json\/wp\/v2\/pages\/53"}],"collection":[{"href":"https:\/\/de-vv.com\/acr\/wp-json\/wp\/v2\/pages"}],"about":[{"href":"https:\/\/de-vv.com\/acr\/wp-json\/wp\/v2\/types\/page"}],"author":[{"embeddable":true,"href":"https:\/\/de-vv.com\/acr\/wp-json\/wp\/v2\/users\/1"}],"replies":[{"embeddable":true,"href":"https:\/\/de-vv.com\/acr\/wp-json\/wp\/v2\/comments?post=53"}],"version-history":[{"count":16,"href":"https:\/\/de-vv.com\/acr\/wp-json\/wp\/v2\/pages\/53\/revisions"}],"predecessor-version":[{"id":156,"href":"https:\/\/de-vv.com\/acr\/wp-json\/wp\/v2\/pages\/53\/revisions\/156"}],"wp:attachment":[{"href":"https:\/\/de-vv.com\/acr\/wp-json\/wp\/v2\/media?parent=53"}],"curies":[{"name":"wp","href":"https:\/\/api.w.org\/{rel}","templated":true}]}}