{"id":112,"date":"2023-04-07T20:03:21","date_gmt":"2023-04-07T18:03:21","guid":{"rendered":"http:\/\/de-vv.com\/aeducentre\/?page_id=112"},"modified":"2023-04-14T08:53:54","modified_gmt":"2023-04-14T06:53:54","slug":"compte-personnel-de-formation-cpf","status":"publish","type":"page","link":"https:\/\/de-vv.com\/aeducentre\/financements\/compte-personnel-de-formation-cpf\/","title":{"rendered":"Compte personnel de formation CPF"},"content":{"rendered":"[vc_row type=\u00a0\u00bbfull_width_background\u00a0\u00bb full_screen_row_position=\u00a0\u00bbmiddle\u00a0\u00bb equal_height=\u00a0\u00bbyes\u00a0\u00bb content_placement=\u00a0\u00bbmiddle\u00a0\u00bb column_margin=\u00a0\u00bbdefault\u00a0\u00bb scene_position=\u00a0\u00bbcenter\u00a0\u00bb text_color=\u00a0\u00bbdark\u00a0\u00bb text_align=\u00a0\u00bbleft\u00a0\u00bb top_padding=\u00a0\u00bb20&Prime; bottom_padding=\u00a0\u00bb20&Prime; overlay_strength=\u00a0\u00bb0.3&Prime; shape_divider_position=\u00a0\u00bbbottom\u00a0\u00bb bg_image_animation=\u00a0\u00bbnone\u00a0\u00bb shape_type=\u00a0\u00bb\u00a0\u00bb][vc_column column_padding=\u00a0\u00bbpadding-2-percent\u00a0\u00bb column_padding_position=\u00a0\u00bball\u00a0\u00bb background_color_opacity=\u00a0\u00bb1&Prime; background_hover_color_opacity=\u00a0\u00bb1&Prime; column_link_target=\u00a0\u00bb_self\u00a0\u00bb column_shadow=\u00a0\u00bbnone\u00a0\u00bb column_border_radius=\u00a0\u00bbnone\u00a0\u00bb width=\u00a0\u00bb3\/4&Prime; tablet_width_inherit=\u00a0\u00bbdefault\u00a0\u00bb tablet_text_alignment=\u00a0\u00bbdefault\u00a0\u00bb phone_text_alignment=\u00a0\u00bbdefault\u00a0\u00bb overlay_strength=\u00a0\u00bb0.3&Prime; column_border_width=\u00a0\u00bbnone\u00a0\u00bb column_border_style=\u00a0\u00bbsolid\u00a0\u00bb bg_image_animation=\u00a0\u00bbnone\u00a0\u00bb][vc_column_text]\n<h1 style=\"color: #dd006b;\">Passez le permis \u00e0 Boulogne gr\u00e2ce au CPF<\/h1>\n[\/vc_column_text][vc_column_text css=\u00a0\u00bb.vc_custom_1676122562724{padding-top: 12px !important;padding-bottom: 12px !important;}\u00a0\u00bb]Vous \u00eates salari\u00e9 ou en alternance ? Vous disposez d\u2019un Compte Personnel de Formation (CPF) sur lequel vous avez accumul\u00e9e une somme (en euros) vous permettant de vous former. Vous pouvez utiliser cette somme pour payer tout ou partie de votre permis de conduire.[\/vc_column_text][nectar_btn size=\u00a0\u00bblarge\u00a0\u00bb button_style=\u00a0\u00bbregular\u00a0\u00bb button_color_2=\u00a0\u00bbAccent-Color\u00a0\u00bb icon_family=\u00a0\u00bbdefault_arrow\u00a0\u00bb url=\u00a0\u00bbhttps:\/\/www.moncompteformation.gouv.fr\/espace-prive\/html\/#\/formation\/recherche\/modalite\/localite\/resultats?q=%7B%22ou%22:%7B%22modality%22:%22EN_CENTRE_MIXTE%22,%22type%22:%22CP%22,%22ville%22:%7B%22nom%22:%22BOULOGNE%20BILLANCOURT%22,%22codePostal%22:%2292100%22,%22codeInsee%22:%2292012%22,%22coordonnee%22:%7B%22longitude%22:2.2386763,%22latitude%22:48.8365%7D,%22eligibleCpf%22:true%7D%7D,%22debutPagination%22:1,%22nombreOccurences%22:6,%22quoiReferentiel%22:%7B%22code%22:%22CPF206%22,%22libelle%22:%22PERMIS%20B%22,%22publics%22:%5B%22GD_PUBLIC%22%5D,%22type%22:%22CERTIFICATION%22%7D,%22quoi%22:null,%22certifications%22:null,%22contexteFormation%22:%22ACTIVITE_PROFESSIONNELLE%22,nomOrganisme%22:%22CETTAC%22&Prime; text=\u00a0\u00bbVoir nos offres\u00a0\u00bb margin_top=\u00a0\u00bb5&Prime; margin_right=\u00a0\u00bb10&Prime; margin_bottom=\u00a0\u00bb5&Prime;][nectar_btn size=\u00a0\u00bblarge\u00a0\u00bb button_style=\u00a0\u00bbregular\u00a0\u00bb button_color_2=\u00a0\u00bbExtra-Color-1&Prime; icon_family=\u00a0\u00bbdefault_arrow\u00a0\u00bb url=\u00a0\u00bbhttp:\/\/de-vv.com\/aeducentre\/contact\/\u00a0\u00bb text=\u00a0\u00bbContactez nous\u00a0\u00bb margin_top=\u00a0\u00bb5&Prime; margin_right=\u00a0\u00bb5&Prime; margin_bottom=\u00a0\u00bb5&Prime;][\/vc_column][vc_column centered_text=\u00a0\u00bbtrue\u00a0\u00bb column_padding=\u00a0\u00bbpadding-2-percent\u00a0\u00bb column_padding_position=\u00a0\u00bball\u00a0\u00bb background_color_opacity=\u00a0\u00bb1&Prime; background_hover_color_opacity=\u00a0\u00bb1&Prime; column_link_target=\u00a0\u00bb_self\u00a0\u00bb column_shadow=\u00a0\u00bbnone\u00a0\u00bb column_border_radius=\u00a0\u00bbnone\u00a0\u00bb width=\u00a0\u00bb1\/4&Prime; tablet_width_inherit=\u00a0\u00bbdefault\u00a0\u00bb tablet_text_alignment=\u00a0\u00bbdefault\u00a0\u00bb phone_text_alignment=\u00a0\u00bbdefault\u00a0\u00bb overlay_strength=\u00a0\u00bb0.3&Prime; column_border_width=\u00a0\u00bbnone\u00a0\u00bb column_border_style=\u00a0\u00bbsolid\u00a0\u00bb bg_image_animation=\u00a0\u00bbnone\u00a0\u00bb enable_animation=\u00a0\u00bbtrue\u00a0\u00bb animation=\u00a0\u00bbfade-in-from-right\u00a0\u00bb][image_with_animation image_url=\u00a0\u00bb138&Prime; alignment=\u00a0\u00bb\u00a0\u00bb animation=\u00a0\u00bbFade In\u00a0\u00bb hover_animation=\u00a0\u00bbnone\u00a0\u00bb border_radius=\u00a0\u00bbnone\u00a0\u00bb box_shadow=\u00a0\u00bbnone\u00a0\u00bb image_loading=\u00a0\u00bbdefault\u00a0\u00bb max_width=\u00a0\u00bb100%\u00a0\u00bb max_width_mobile=\u00a0\u00bbdefault\u00a0\u00bb][\/vc_column][\/vc_row][vc_row type=\u00a0\u00bbfull_width_background\u00a0\u00bb full_screen_row_position=\u00a0\u00bbmiddle\u00a0\u00bb column_margin=\u00a0\u00bbdefault\u00a0\u00bb bg_color=\u00a0\u00bb#dd006b\u00a0\u00bb scene_position=\u00a0\u00bbcenter\u00a0\u00bb text_color=\u00a0\u00bblight\u00a0\u00bb text_align=\u00a0\u00bbleft\u00a0\u00bb top_padding=\u00a0\u00bb20&Prime; bottom_padding=\u00a0\u00bb20&Prime; overlay_strength=\u00a0\u00bb0.3&Prime; shape_divider_position=\u00a0\u00bbbottom\u00a0\u00bb bg_image_animation=\u00a0\u00bbnone\u00a0\u00bb shape_type=\u00a0\u00bb\u00a0\u00bb][vc_column column_padding=\u00a0\u00bbpadding-2-percent\u00a0\u00bb column_padding_position=\u00a0\u00bball\u00a0\u00bb background_color_opacity=\u00a0\u00bb1&Prime; background_hover_color_opacity=\u00a0\u00bb1&Prime; column_link_target=\u00a0\u00bb_self\u00a0\u00bb column_shadow=\u00a0\u00bbnone\u00a0\u00bb column_border_radius=\u00a0\u00bbnone\u00a0\u00bb width=\u00a0\u00bb1\/1&Prime; tablet_width_inherit=\u00a0\u00bbdefault\u00a0\u00bb tablet_text_alignment=\u00a0\u00bbdefault\u00a0\u00bb phone_text_alignment=\u00a0\u00bbdefault\u00a0\u00bb overlay_strength=\u00a0\u00bb0.3&Prime; column_border_width=\u00a0\u00bbnone\u00a0\u00bb column_border_style=\u00a0\u00bbsolid\u00a0\u00bb bg_image_animation=\u00a0\u00bbnone\u00a0\u00bb][vc_column_text css=\u00a0\u00bb.vc_custom_1680981433990{padding-bottom: 20px !important;}\u00a0\u00bb]\n<h2>Nos formations CPF permis de conduire<\/h2>\n<p>Consultez nos offres de formation CPF et pr\u00e9-inscrivez-vous avec l&rsquo;Auto-\u00e9cole du Centre \u00e0 Boulogne-Billancourt. <a style=\"color: #f2a8c0;\" href=\"https:\/\/de-vv.com\/aeducentre\/contact\/\" target=\"_blank\" rel=\"noopener\">Contactez nous<\/a> pour plus d&rsquo;information.[\/vc_column_text][vc_row_inner column_margin=\u00a0\u00bbdefault\u00a0\u00bb text_align=\u00a0\u00bbleft\u00a0\u00bb][vc_column_inner column_padding=\u00a0\u00bbpadding-2-percent\u00a0\u00bb column_padding_position=\u00a0\u00bball\u00a0\u00bb centered_text=\u00a0\u00bbtrue\u00a0\u00bb background_color=\u00a0\u00bb#ffffff\u00a0\u00bb background_color_opacity=\u00a0\u00bb1&Prime; background_hover_color_opacity=\u00a0\u00bb1&Prime; font_color=\u00a0\u00bb#333333&Prime; column_shadow=\u00a0\u00bbsmall_depth\u00a0\u00bb column_border_radius=\u00a0\u00bbnone\u00a0\u00bb column_link_target=\u00a0\u00bb_self\u00a0\u00bb width=\u00a0\u00bb1\/4&Prime; tablet_width_inherit=\u00a0\u00bbdefault\u00a0\u00bb overlay_strength=\u00a0\u00bb0.3&Prime; column_border_width=\u00a0\u00bbnone\u00a0\u00bb column_border_style=\u00a0\u00bbsolid\u00a0\u00bb bg_image_animation=\u00a0\u00bbnone\u00a0\u00bb][vc_column_text css=\u00a0\u00bb.vc_custom_1680937145189{padding-bottom: 12px !important;}\u00a0\u00bb]<strong>Permis B avec code<\/strong><br \/>\n20 heures[\/vc_column_text][nectar_btn size=\u00a0\u00bbsmall\u00a0\u00bb open_new_tab=\u00a0\u00bbtrue\u00a0\u00bb button_style=\u00a0\u00bbregular\u00a0\u00bb button_color_2=\u00a0\u00bbAccent-Color\u00a0\u00bb icon_family=\u00a0\u00bbdefault_arrow\u00a0\u00bb url=\u00a0\u00bbhttps:\/\/www.moncompteformation.gouv.fr\/espace-prive\/html\/#\/formation\/recherche\/32687869100012_CPF2020\/32687869100012_Forfait20h?contexteFormation=ACTIVITE_PROFESSIONNELLE\u00a0\u00bb text=\u00a0\u00bbS\u00e9lectionner\u00a0\u00bb][\/vc_column_inner][vc_column_inner column_padding=\u00a0\u00bbpadding-2-percent\u00a0\u00bb column_padding_position=\u00a0\u00bball\u00a0\u00bb centered_text=\u00a0\u00bbtrue\u00a0\u00bb background_color=\u00a0\u00bb#ffffff\u00a0\u00bb background_color_opacity=\u00a0\u00bb1&Prime; background_hover_color_opacity=\u00a0\u00bb1&Prime; font_color=\u00a0\u00bb#333333&Prime; column_shadow=\u00a0\u00bbsmall_depth\u00a0\u00bb column_border_radius=\u00a0\u00bbnone\u00a0\u00bb column_link_target=\u00a0\u00bb_self\u00a0\u00bb width=\u00a0\u00bb1\/4&Prime; tablet_width_inherit=\u00a0\u00bbdefault\u00a0\u00bb overlay_strength=\u00a0\u00bb0.3&Prime; column_border_width=\u00a0\u00bbnone\u00a0\u00bb column_border_style=\u00a0\u00bbsolid\u00a0\u00bb bg_image_animation=\u00a0\u00bbnone\u00a0\u00bb][vc_column_text css=\u00a0\u00bb.vc_custom_1680937152408{padding-bottom: 12px !important;}\u00a0\u00bb]<strong>Permis B avec code<\/strong><br \/>\n30 heures[\/vc_column_text][nectar_btn size=\u00a0\u00bbsmall\u00a0\u00bb open_new_tab=\u00a0\u00bbtrue\u00a0\u00bb button_style=\u00a0\u00bbregular\u00a0\u00bb button_color_2=\u00a0\u00bbAccent-Color\u00a0\u00bb icon_family=\u00a0\u00bbdefault_arrow\u00a0\u00bb url=\u00a0\u00bbhttps:\/\/www.moncompteformation.gouv.fr\/espace-prive\/html\/#\/formation\/recherche\/32687869100012_CPF2020\/32687869100012_Forfait30h?contexteFormation=ACTIVITE_PROFESSIONNELLE\u00a0\u00bb text=\u00a0\u00bbS\u00e9lectionner\u00a0\u00bb][\/vc_column_inner][vc_column_inner column_padding=\u00a0\u00bbno-extra-padding\u00a0\u00bb column_padding_position=\u00a0\u00bball\u00a0\u00bb background_color_opacity=\u00a0\u00bb1&Prime; background_hover_color_opacity=\u00a0\u00bb1&Prime; font_color=\u00a0\u00bb#333333&Prime; column_shadow=\u00a0\u00bbnone\u00a0\u00bb column_border_radius=\u00a0\u00bbnone\u00a0\u00bb column_link_target=\u00a0\u00bb_self\u00a0\u00bb width=\u00a0\u00bb1\/4&Prime; tablet_width_inherit=\u00a0\u00bbdefault\u00a0\u00bb overlay_strength=\u00a0\u00bb0.3&Prime; column_border_width=\u00a0\u00bbnone\u00a0\u00bb column_border_style=\u00a0\u00bbsolid\u00a0\u00bb bg_image_animation=\u00a0\u00bbnone\u00a0\u00bb offset=\u00a0\u00bbvc_hidden-sm vc_hidden-xs\u00a0\u00bb][\/vc_column_inner][vc_column_inner column_padding=\u00a0\u00bbno-extra-padding\u00a0\u00bb column_padding_position=\u00a0\u00bball\u00a0\u00bb background_color_opacity=\u00a0\u00bb1&Prime; background_hover_color_opacity=\u00a0\u00bb1&Prime; font_color=\u00a0\u00bb#333333&Prime; column_shadow=\u00a0\u00bbnone\u00a0\u00bb column_border_radius=\u00a0\u00bbnone\u00a0\u00bb column_link_target=\u00a0\u00bb_self\u00a0\u00bb width=\u00a0\u00bb1\/4&Prime; tablet_width_inherit=\u00a0\u00bbdefault\u00a0\u00bb overlay_strength=\u00a0\u00bb0.3&Prime; column_border_width=\u00a0\u00bbnone\u00a0\u00bb column_border_style=\u00a0\u00bbsolid\u00a0\u00bb bg_image_animation=\u00a0\u00bbnone\u00a0\u00bb offset=\u00a0\u00bbvc_hidden-sm vc_hidden-xs\u00a0\u00bb][\/vc_column_inner][\/vc_row_inner][divider line_type=\u00a0\u00bbNo Line\u00a0\u00bb][vc_column_text]\n<p style=\"text-align: center; font-size: 1.6rem; line-height: 1.6rem;\">Retrouvez l&rsquo;ensemble de nos formations sur <a style=\"color: #f2a8c0;\" href=\"https:\/\/www.moncompteformation.gouv.fr\/espace-prive\/html\/#\/formation\/recherche\/modalite\/localite\/resultats?q=%7B%22ou%22:%7B%22modality%22:%22EN_CENTRE_MIXTE%22,%22type%22:%22CP%22,%22ville%22:%7B%22nom%22:%22BOULOGNE%20BILLANCOURT%22,%22codePostal%22:%2292100%22,%22codeInsee%22:%2292012%22,%22coordonnee%22:%7B%22longitude%22:2.2386763,%22latitude%22:48.8365%7D,%22eligibleCpf%22:true%7D%7D,%22debutPagination%22:1,%22nombreOccurences%22:6,%22quoiReferentiel%22:%7B%22code%22:%22CPF206%22,%22libelle%22:%22PERMIS%20B%22,%22publics%22:%5B%22GD_PUBLIC%22%5D,%22type%22:%22CERTIFICATION%22%7D,%22quoi%22:null,%22certifications%22:null,%22contexteFormation%22:%22ACTIVITE_PROFESSIONNELLE%22,%22distance%22:500,%22nomOrganisme%22:%22CETTAC%22,%22conformiteReglementaire%22:null,%22endDate%22:null,%22startDate%22:null,%22evaluation%22:null,%22niveauSortie%22:null,%22prix%22:null,%22rythme%22:null,%22onlyWithAbondementsEligibles%22:false,%22durationHours%22:null%7D\" target=\"_blank\" rel=\"noopener\">Mon Compte Formation<\/a><\/p>\n[\/vc_column_text][\/vc_column][\/vc_row][vc_row type=\u00a0\u00bbfull_width_background\u00a0\u00bb full_screen_row_position=\u00a0\u00bbmiddle\u00a0\u00bb column_margin=\u00a0\u00bbdefault\u00a0\u00bb scene_position=\u00a0\u00bbcenter\u00a0\u00bb text_color=\u00a0\u00bbdark\u00a0\u00bb text_align=\u00a0\u00bbleft\u00a0\u00bb top_padding=\u00a0\u00bb20&Prime; bottom_padding=\u00a0\u00bb20&Prime; overlay_strength=\u00a0\u00bb0.3&Prime; shape_divider_position=\u00a0\u00bbbottom\u00a0\u00bb bg_image_animation=\u00a0\u00bbnone\u00a0\u00bb shape_type=\u00a0\u00bb\u00a0\u00bb][vc_column column_padding=\u00a0\u00bbpadding-2-percent\u00a0\u00bb column_padding_position=\u00a0\u00bball\u00a0\u00bb background_color_opacity=\u00a0\u00bb1&Prime; background_hover_color_opacity=\u00a0\u00bb1&Prime; column_link_target=\u00a0\u00bb_self\u00a0\u00bb column_shadow=\u00a0\u00bbnone\u00a0\u00bb column_border_radius=\u00a0\u00bbnone\u00a0\u00bb width=\u00a0\u00bb1\/2&Prime; tablet_width_inherit=\u00a0\u00bbdefault\u00a0\u00bb tablet_text_alignment=\u00a0\u00bbdefault\u00a0\u00bb phone_text_alignment=\u00a0\u00bbdefault\u00a0\u00bb overlay_strength=\u00a0\u00bb0.3&Prime; column_border_width=\u00a0\u00bbnone\u00a0\u00bb column_border_style=\u00a0\u00bbsolid\u00a0\u00bb bg_image_animation=\u00a0\u00bbnone\u00a0\u00bb enable_animation=\u00a0\u00bbtrue\u00a0\u00bb animation=\u00a0\u00bbfade-in-from-left\u00a0\u00bb][vc_column_text css=\u00a0\u00bb.vc_custom_1680937348090{padding-bottom: 20px !important;}\u00a0\u00bb]\n<h3 style=\"color: #dd006b;\">Consultez nos avis !<\/h3>\n<p>Nos \u00e9l\u00e8ves sont satisfaits, et ils le font savoir ! Pour vous faire une id\u00e9e de la qualit\u00e9 de nos formations, consultez les commentaires laiss\u00e9s par nos anciens \u00e9l\u00e8ves.[\/vc_column_text][nectar_btn size=\u00a0\u00bblarge\u00a0\u00bb open_new_tab=\u00a0\u00bbtrue\u00a0\u00bb button_style=\u00a0\u00bbregular\u00a0\u00bb button_color_2=\u00a0\u00bbAccent-Color\u00a0\u00bb icon_family=\u00a0\u00bbfontawesome\u00a0\u00bb url=\u00a0\u00bbhttp:\/\/de-vv.com\/aeducentre\/avis\/\u00a0\u00bb text=\u00a0\u00bbConsultez nos avis\u00a0\u00bb icon_fontawesome=\u00a0\u00bbfa fa-star\u00a0\u00bb][\/vc_column][vc_column column_padding=\u00a0\u00bbpadding-2-percent\u00a0\u00bb column_padding_position=\u00a0\u00bball\u00a0\u00bb background_color_opacity=\u00a0\u00bb1&Prime; background_hover_color_opacity=\u00a0\u00bb1&Prime; column_link_target=\u00a0\u00bb_self\u00a0\u00bb column_shadow=\u00a0\u00bbnone\u00a0\u00bb column_border_radius=\u00a0\u00bbnone\u00a0\u00bb width=\u00a0\u00bb1\/2&Prime; tablet_width_inherit=\u00a0\u00bbdefault\u00a0\u00bb tablet_text_alignment=\u00a0\u00bbdefault\u00a0\u00bb phone_text_alignment=\u00a0\u00bbdefault\u00a0\u00bb overlay_strength=\u00a0\u00bb0.3&Prime; column_border_width=\u00a0\u00bbnone\u00a0\u00bb column_border_style=\u00a0\u00bbsolid\u00a0\u00bb bg_image_animation=\u00a0\u00bbnone\u00a0\u00bb enable_animation=\u00a0\u00bbtrue\u00a0\u00bb animation=\u00a0\u00bbfade-in-from-right\u00a0\u00bb][vc_column_text css=\u00a0\u00bb.vc_custom_1680937364627{padding-bottom: 20px !important;}\u00a0\u00bb]\n<h3 style=\"color: #dd006b;\">Suivez notre actualit\u00e9<\/h3>\n<p>Restons en contact ! Consultez les derni\u00e8res actualit\u00e9s de l\u2019Auto-\u00e9cole du Centre et tenez vous inform\u00e9 des prochaines formations propos\u00e9es par l&rsquo;auto-\u00e9cole.[\/vc_column_text][nectar_btn size=\u00a0\u00bblarge\u00a0\u00bb open_new_tab=\u00a0\u00bbtrue\u00a0\u00bb button_style=\u00a0\u00bbregular\u00a0\u00bb button_color_2=\u00a0\u00bbExtra-Color-1&Prime; icon_family=\u00a0\u00bbfontawesome\u00a0\u00bb url=\u00a0\u00bbhttp:\/\/de-vv.com\/aeducentre\/actualites\/\u00a0\u00bb text=\u00a0\u00bbConsultez nos actualit\u00e9s\u00a0\u00bb icon_fontawesome=\u00a0\u00bbfa fa-newspaper-o\u00a0\u00bb][\/vc_column][\/vc_row][vc_row type=\u00a0\u00bbfull_width_background\u00a0\u00bb full_screen_row_position=\u00a0\u00bbmiddle\u00a0\u00bb column_margin=\u00a0\u00bbdefault\u00a0\u00bb bg_color=\u00a0\u00bb#dd006b\u00a0\u00bb scene_position=\u00a0\u00bbcenter\u00a0\u00bb text_color=\u00a0\u00bblight\u00a0\u00bb text_align=\u00a0\u00bbleft\u00a0\u00bb top_padding=\u00a0\u00bb20&Prime; bottom_padding=\u00a0\u00bb20&Prime; overlay_strength=\u00a0\u00bb0.3&Prime; shape_divider_position=\u00a0\u00bbbottom\u00a0\u00bb bg_image_animation=\u00a0\u00bbnone\u00a0\u00bb shape_type=\u00a0\u00bb\u00a0\u00bb][vc_column column_padding=\u00a0\u00bbpadding-2-percent\u00a0\u00bb column_padding_position=\u00a0\u00bball\u00a0\u00bb background_color_opacity=\u00a0\u00bb1&Prime; background_hover_color_opacity=\u00a0\u00bb1&Prime; column_link_target=\u00a0\u00bb_self\u00a0\u00bb column_shadow=\u00a0\u00bbnone\u00a0\u00bb column_border_radius=\u00a0\u00bbnone\u00a0\u00bb width=\u00a0\u00bb1\/1&Prime; tablet_width_inherit=\u00a0\u00bbdefault\u00a0\u00bb tablet_text_alignment=\u00a0\u00bbdefault\u00a0\u00bb phone_text_alignment=\u00a0\u00bbdefault\u00a0\u00bb overlay_strength=\u00a0\u00bb0.3&Prime; column_border_width=\u00a0\u00bbnone\u00a0\u00bb column_border_style=\u00a0\u00bbsolid\u00a0\u00bb bg_image_animation=\u00a0\u00bbnone\u00a0\u00bb][vc_column_text css=\u00a0\u00bb.vc_custom_1680936833786{padding-bottom: 12px !important;}\u00a0\u00bb]\n<h2 style=\"color: #f2a8c0;\">Vous avez une question sur le financement CPF ?<\/h2>\n<p>Vous voulez en savoir plus sur le contenu de nos formations, sur nos tarifs ou sur nos horaires ? Vous avez des contraintes d&rsquo;agenda ou souhaitez passer le permis rapidement ? Vous voulez des conseils personnalis\u00e9s en fonction de votre situation ? [\/vc_column_text][nectar_btn size=\u00a0\u00bblarge\u00a0\u00bb button_style=\u00a0\u00bbregular\u00a0\u00bb button_color_2=\u00a0\u00bbAccent-Color\u00a0\u00bb color_override=\u00a0\u00bb#ffffff\u00a0\u00bb solid_text_color_override=\u00a0\u00bb#dd006b\u00a0\u00bb icon_family=\u00a0\u00bbfontawesome\u00a0\u00bb url=\u00a0\u00bbtel:01.84.19.42.84&Prime; text=\u00a0\u00bb01 84 19 42 84&Prime; margin_top=\u00a0\u00bb5&Prime; margin_right=\u00a0\u00bb10&Prime; margin_bottom=\u00a0\u00bb5&Prime; icon_fontawesome=\u00a0\u00bbfa fa-mobile\u00a0\u00bb][nectar_btn size=\u00a0\u00bblarge\u00a0\u00bb button_style=\u00a0\u00bbregular\u00a0\u00bb button_color_2=\u00a0\u00bbExtra-Color-1&Prime; icon_family=\u00a0\u00bbdefault_arrow\u00a0\u00bb url=\u00a0\u00bbhttp:\/\/de-vv.com\/aeducentre\/contact\/\u00a0\u00bb text=\u00a0\u00bbContactez nous\u00a0\u00bb margin_top=\u00a0\u00bb5&Prime; margin_right=\u00a0\u00bb10&Prime; margin_bottom=\u00a0\u00bb5&Prime;][\/vc_column][\/vc_row][vc_row type=\u00a0\u00bbin_container\u00a0\u00bb full_screen_row_position=\u00a0\u00bbmiddle\u00a0\u00bb equal_height=\u00a0\u00bbyes\u00a0\u00bb content_placement=\u00a0\u00bbmiddle\u00a0\u00bb column_margin=\u00a0\u00bbdefault\u00a0\u00bb scene_position=\u00a0\u00bbcenter\u00a0\u00bb text_color=\u00a0\u00bbdark\u00a0\u00bb text_align=\u00a0\u00bbleft\u00a0\u00bb overlay_strength=\u00a0\u00bb0.3&Prime; shape_divider_position=\u00a0\u00bbbottom\u00a0\u00bb bg_image_animation=\u00a0\u00bbnone\u00a0\u00bb shape_type=\u00a0\u00bb\u00a0\u00bb][vc_column centered_text=\u00a0\u00bbtrue\u00a0\u00bb column_padding=\u00a0\u00bbpadding-2-percent\u00a0\u00bb column_padding_position=\u00a0\u00bball\u00a0\u00bb background_color_opacity=\u00a0\u00bb1&Prime; background_hover_color_opacity=\u00a0\u00bb1&Prime; column_link_target=\u00a0\u00bb_self\u00a0\u00bb column_shadow=\u00a0\u00bbnone\u00a0\u00bb column_border_radius=\u00a0\u00bbnone\u00a0\u00bb width=\u00a0\u00bb1\/3&Prime; tablet_width_inherit=\u00a0\u00bbdefault\u00a0\u00bb tablet_text_alignment=\u00a0\u00bbdefault\u00a0\u00bb phone_text_alignment=\u00a0\u00bbdefault\u00a0\u00bb overlay_strength=\u00a0\u00bb0.3&Prime; column_border_width=\u00a0\u00bbnone\u00a0\u00bb column_border_style=\u00a0\u00bbsolid\u00a0\u00bb bg_image_animation=\u00a0\u00bbnone\u00a0\u00bb][image_with_animation image_url=\u00a0\u00bb140&Prime; alignment=\u00a0\u00bbcenter\u00a0\u00bb animation=\u00a0\u00bbFade In\u00a0\u00bb hover_animation=\u00a0\u00bbnone\u00a0\u00bb border_radius=\u00a0\u00bbnone\u00a0\u00bb box_shadow=\u00a0\u00bbnone\u00a0\u00bb image_loading=\u00a0\u00bbdefault\u00a0\u00bb max_width=\u00a0\u00bb75%\u00a0\u00bb max_width_mobile=\u00a0\u00bbdefault\u00a0\u00bb][\/vc_column][vc_column column_padding=\u00a0\u00bbpadding-2-percent\u00a0\u00bb column_padding_position=\u00a0\u00bball\u00a0\u00bb background_color_opacity=\u00a0\u00bb1&Prime; background_hover_color_opacity=\u00a0\u00bb1&Prime; column_link_target=\u00a0\u00bb_self\u00a0\u00bb column_shadow=\u00a0\u00bbnone\u00a0\u00bb column_border_radius=\u00a0\u00bbnone\u00a0\u00bb width=\u00a0\u00bb2\/3&Prime; tablet_width_inherit=\u00a0\u00bbdefault\u00a0\u00bb tablet_text_alignment=\u00a0\u00bbdefault\u00a0\u00bb phone_text_alignment=\u00a0\u00bbdefault\u00a0\u00bb overlay_strength=\u00a0\u00bb0.3&Prime; column_border_width=\u00a0\u00bbnone\u00a0\u00bb column_border_style=\u00a0\u00bbsolid\u00a0\u00bb bg_image_animation=\u00a0\u00bbnone\u00a0\u00bb][vc_column_text]\n<h3 style=\"color: #dd006b;\">L&rsquo;auto-\u00e9cole du Centre est certifi\u00e9e Qualiopi<\/h3>\n<p>L&rsquo;Auto-\u00e9cole du Centre est un organisme de formation et dispose de la certification Qualiopi au titre de la cat\u00e9gorie Actions de formation. En savoir plus sur la <a href=\"https:\/\/travail-emploi.gouv.fr\/formation-professionnelle\/acteurs-cadre-et-qualite-de-la-formation-professionnelle\/article\/qualiopi-marque-de-certification-qualite-des-prestataires-de-formation\" target=\"_blank\" rel=\"noopener\">certification Qualiopi<\/a>.[\/vc_column_text][\/vc_column][\/vc_row]\n","protected":false},"excerpt":{"rendered":"<p>[vc_row type=\u00a0\u00bbfull_width_background\u00a0\u00bb full_screen_row_position=\u00a0\u00bbmiddle\u00a0\u00bb equal_height=\u00a0\u00bbyes\u00a0\u00bb content_placement=\u00a0\u00bbmiddle\u00a0\u00bb column_margin=\u00a0\u00bbdefault\u00a0\u00bb scene_position=\u00a0\u00bbcenter\u00a0\u00bb text_color=\u00a0\u00bbdark\u00a0\u00bb text_align=\u00a0\u00bbleft\u00a0\u00bb top_padding=\u00a0\u00bb20&Prime; bottom_padding=\u00a0\u00bb20&Prime; overlay_strength=\u00a0\u00bb0.3&Prime; shape_divider_position=\u00a0\u00bbbottom\u00a0\u00bb bg_image_animation=\u00a0\u00bbnone\u00a0\u00bb shape_type=\u00a0\u00bb\u00a0\u00bb][vc_column column_padding=\u00a0\u00bbpadding-2-percent\u00a0\u00bb column_padding_position=\u00a0\u00bball\u00a0\u00bb background_color_opacity=\u00a0\u00bb1&Prime; background_hover_color_opacity=\u00a0\u00bb1&Prime; column_link_target=\u00a0\u00bb_self\u00a0\u00bb column_shadow=\u00a0\u00bbnone\u00a0\u00bb column_border_radius=\u00a0\u00bbnone\u00a0\u00bb width=\u00a0\u00bb3\/4&Prime; tablet_width_inherit=\u00a0\u00bbdefault\u00a0\u00bb tablet_text_alignment=\u00a0\u00bbdefault\u00a0\u00bb phone_text_alignment=\u00a0\u00bbdefault\u00a0\u00bb overlay_strength=\u00a0\u00bb0.3&Prime; column_border_width=\u00a0\u00bbnone\u00a0\u00bb column_border_style=\u00a0\u00bbsolid\u00a0\u00bb bg_image_animation=\u00a0\u00bbnone\u00a0\u00bb][vc_column_text]&#8230;<\/p>\n","protected":false},"author":1,"featured_media":138,"parent":40,"menu_order":0,"comment_status":"closed","ping_status":"closed","template":"","meta":[],"yoast_head":"<!-- This site is optimized with the Yoast SEO plugin v20.5 - https:\/\/yoast.com\/wordpress\/plugins\/seo\/ -->\n<title>Paye ton permis gr\u00e2ce au CPF \u00e0 l&#039;Auto-\u00e9cole du Centre \u00e0 Boulogne<\/title>\n<meta name=\"description\" content=\"Utilisez votre compte personnel de formation (CPF) pour financer votre permis de conduire avec l&#039;Auto-\u00e9cole du Centre \u00e0 Boulogne-Billancourt.\" \/>\n<meta name=\"robots\" content=\"noindex, follow, max-snippet:-1, max-image-preview:large, max-video-preview:-1\" \/>\n<meta property=\"og:locale\" content=\"fr_FR\" \/>\n<meta property=\"og:type\" content=\"article\" \/>\n<meta property=\"og:title\" content=\"Paye ton permis gr\u00e2ce au CPF \u00e0 l&#039;Auto-\u00e9cole du Centre \u00e0 Boulogne\" \/>\n<meta property=\"og:description\" content=\"Utilisez votre compte personnel de formation (CPF) pour financer votre permis de conduire avec l&#039;Auto-\u00e9cole du Centre \u00e0 Boulogne-Billancourt.\" \/>\n<meta property=\"og:url\" content=\"https:\/\/de-vv.com\/aeducentre\/financements\/compte-personnel-de-formation-cpf\/\" \/>\n<meta property=\"og:site_name\" content=\"Auto-\u00e9cole du Centre\" \/>\n<meta property=\"article:publisher\" content=\"https:\/\/www.facebook.com\/ae.cettac\" \/>\n<meta property=\"article:modified_time\" content=\"2023-04-14T06:53:54+00:00\" \/>\n<meta property=\"og:image\" content=\"https:\/\/de-vv.com\/aeducentre\/wp-content\/uploads\/2023\/04\/Logo-CPF.png\" \/>\n\t<meta property=\"og:image:width\" content=\"533\" \/>\n\t<meta property=\"og:image:height\" content=\"532\" \/>\n\t<meta property=\"og:image:type\" content=\"image\/png\" \/>\n<meta name=\"twitter:card\" content=\"summary_large_image\" \/>\n<meta name=\"twitter:label1\" content=\"Dur\u00e9e de lecture estim\u00e9e\" \/>\n\t<meta name=\"twitter:data1\" content=\"4 minutes\" \/>\n<script type=\"application\/ld+json\" class=\"yoast-schema-graph\">{\"@context\":\"https:\/\/schema.org\",\"@graph\":[{\"@type\":\"WebPage\",\"@id\":\"https:\/\/de-vv.com\/aeducentre\/financements\/compte-personnel-de-formation-cpf\/\",\"url\":\"https:\/\/de-vv.com\/aeducentre\/financements\/compte-personnel-de-formation-cpf\/\",\"name\":\"Paye ton permis gr\u00e2ce au CPF \u00e0 l'Auto-\u00e9cole du Centre \u00e0 Boulogne\",\"isPartOf\":{\"@id\":\"http:\/\/de-vv.com\/aeducentre\/#website\"},\"datePublished\":\"2023-04-07T18:03:21+00:00\",\"dateModified\":\"2023-04-14T06:53:54+00:00\",\"description\":\"Utilisez votre compte personnel de formation (CPF) pour financer votre permis de conduire avec l'Auto-\u00e9cole du Centre \u00e0 Boulogne-Billancourt.\",\"breadcrumb\":{\"@id\":\"https:\/\/de-vv.com\/aeducentre\/financements\/compte-personnel-de-formation-cpf\/#breadcrumb\"},\"inLanguage\":\"fr-FR\",\"potentialAction\":[{\"@type\":\"ReadAction\",\"target\":[\"https:\/\/de-vv.com\/aeducentre\/financements\/compte-personnel-de-formation-cpf\/\"]}]},{\"@type\":\"BreadcrumbList\",\"@id\":\"https:\/\/de-vv.com\/aeducentre\/financements\/compte-personnel-de-formation-cpf\/#breadcrumb\",\"itemListElement\":[{\"@type\":\"ListItem\",\"position\":1,\"name\":\"Accueil\",\"item\":\"http:\/\/de-vv.com\/aeducentre\/\"},{\"@type\":\"ListItem\",\"position\":2,\"name\":\"Financements\",\"item\":\"http:\/\/de-vv.com\/aeducentre\/financements\/\"},{\"@type\":\"ListItem\",\"position\":3,\"name\":\"Compte personnel de formation CPF\"}]},{\"@type\":\"WebSite\",\"@id\":\"http:\/\/de-vv.com\/aeducentre\/#website\",\"url\":\"http:\/\/de-vv.com\/aeducentre\/\",\"name\":\"Auto-\u00e9cole du Centre\",\"description\":\"Auto-\u00e9cole et Moto-\u00e9cole \u00e0 Boulogne-Billancourt\",\"publisher\":{\"@id\":\"http:\/\/de-vv.com\/aeducentre\/#organization\"},\"potentialAction\":[{\"@type\":\"SearchAction\",\"target\":{\"@type\":\"EntryPoint\",\"urlTemplate\":\"http:\/\/de-vv.com\/aeducentre\/?s={search_term_string}\"},\"query-input\":\"required name=search_term_string\"}],\"inLanguage\":\"fr-FR\"},{\"@type\":\"Organization\",\"@id\":\"http:\/\/de-vv.com\/aeducentre\/#organization\",\"name\":\"Auto-\u00e9cole du Centre\",\"url\":\"http:\/\/de-vv.com\/aeducentre\/\",\"logo\":{\"@type\":\"ImageObject\",\"inLanguage\":\"fr-FR\",\"@id\":\"http:\/\/de-vv.com\/aeducentre\/#\/schema\/logo\/image\/\",\"url\":\"http:\/\/de-vv.com\/aeducentre\/wp-content\/uploads\/2023\/04\/auto-ecole-cettac_boulogne_logo.png\",\"contentUrl\":\"http:\/\/de-vv.com\/aeducentre\/wp-content\/uploads\/2023\/04\/auto-ecole-cettac_boulogne_logo.png\",\"width\":582,\"height\":385,\"caption\":\"Auto-\u00e9cole du Centre\"},\"image\":{\"@id\":\"http:\/\/de-vv.com\/aeducentre\/#\/schema\/logo\/image\/\"},\"sameAs\":[\"https:\/\/www.facebook.com\/ae.cettac\"]}]}<\/script>\n<!-- \/ Yoast SEO plugin. -->","yoast_head_json":{"title":"Paye ton permis gr\u00e2ce au CPF \u00e0 l'Auto-\u00e9cole du Centre \u00e0 Boulogne","description":"Utilisez votre compte personnel de formation (CPF) pour financer votre permis de conduire avec l'Auto-\u00e9cole du Centre \u00e0 Boulogne-Billancourt.","robots":{"index":"noindex","follow":"follow","max-snippet":"max-snippet:-1","max-image-preview":"max-image-preview:large","max-video-preview":"max-video-preview:-1"},"og_locale":"fr_FR","og_type":"article","og_title":"Paye ton permis gr\u00e2ce au CPF \u00e0 l'Auto-\u00e9cole du Centre \u00e0 Boulogne","og_description":"Utilisez votre compte personnel de formation (CPF) pour financer votre permis de conduire avec l'Auto-\u00e9cole du Centre \u00e0 Boulogne-Billancourt.","og_url":"https:\/\/de-vv.com\/aeducentre\/financements\/compte-personnel-de-formation-cpf\/","og_site_name":"Auto-\u00e9cole du Centre","article_publisher":"https:\/\/www.facebook.com\/ae.cettac","article_modified_time":"2023-04-14T06:53:54+00:00","og_image":[{"width":533,"height":532,"url":"https:\/\/de-vv.com\/aeducentre\/wp-content\/uploads\/2023\/04\/Logo-CPF.png","type":"image\/png"}],"twitter_card":"summary_large_image","twitter_misc":{"Dur\u00e9e de lecture estim\u00e9e":"4 minutes"},"schema":{"@context":"https:\/\/schema.org","@graph":[{"@type":"WebPage","@id":"https:\/\/de-vv.com\/aeducentre\/financements\/compte-personnel-de-formation-cpf\/","url":"https:\/\/de-vv.com\/aeducentre\/financements\/compte-personnel-de-formation-cpf\/","name":"Paye ton permis gr\u00e2ce au CPF \u00e0 l'Auto-\u00e9cole du Centre \u00e0 Boulogne","isPartOf":{"@id":"http:\/\/de-vv.com\/aeducentre\/#website"},"datePublished":"2023-04-07T18:03:21+00:00","dateModified":"2023-04-14T06:53:54+00:00","description":"Utilisez votre compte personnel de formation (CPF) pour financer votre permis de conduire avec l'Auto-\u00e9cole du Centre \u00e0 Boulogne-Billancourt.","breadcrumb":{"@id":"https:\/\/de-vv.com\/aeducentre\/financements\/compte-personnel-de-formation-cpf\/#breadcrumb"},"inLanguage":"fr-FR","potentialAction":[{"@type":"ReadAction","target":["https:\/\/de-vv.com\/aeducentre\/financements\/compte-personnel-de-formation-cpf\/"]}]},{"@type":"BreadcrumbList","@id":"https:\/\/de-vv.com\/aeducentre\/financements\/compte-personnel-de-formation-cpf\/#breadcrumb","itemListElement":[{"@type":"ListItem","position":1,"name":"Accueil","item":"http:\/\/de-vv.com\/aeducentre\/"},{"@type":"ListItem","position":2,"name":"Financements","item":"http:\/\/de-vv.com\/aeducentre\/financements\/"},{"@type":"ListItem","position":3,"name":"Compte personnel de formation CPF"}]},{"@type":"WebSite","@id":"http:\/\/de-vv.com\/aeducentre\/#website","url":"http:\/\/de-vv.com\/aeducentre\/","name":"Auto-\u00e9cole du Centre","description":"Auto-\u00e9cole et Moto-\u00e9cole \u00e0 Boulogne-Billancourt","publisher":{"@id":"http:\/\/de-vv.com\/aeducentre\/#organization"},"potentialAction":[{"@type":"SearchAction","target":{"@type":"EntryPoint","urlTemplate":"http:\/\/de-vv.com\/aeducentre\/?s={search_term_string}"},"query-input":"required name=search_term_string"}],"inLanguage":"fr-FR"},{"@type":"Organization","@id":"http:\/\/de-vv.com\/aeducentre\/#organization","name":"Auto-\u00e9cole du Centre","url":"http:\/\/de-vv.com\/aeducentre\/","logo":{"@type":"ImageObject","inLanguage":"fr-FR","@id":"http:\/\/de-vv.com\/aeducentre\/#\/schema\/logo\/image\/","url":"http:\/\/de-vv.com\/aeducentre\/wp-content\/uploads\/2023\/04\/auto-ecole-cettac_boulogne_logo.png","contentUrl":"http:\/\/de-vv.com\/aeducentre\/wp-content\/uploads\/2023\/04\/auto-ecole-cettac_boulogne_logo.png","width":582,"height":385,"caption":"Auto-\u00e9cole du Centre"},"image":{"@id":"http:\/\/de-vv.com\/aeducentre\/#\/schema\/logo\/image\/"},"sameAs":["https:\/\/www.facebook.com\/ae.cettac"]}]}},"_links":{"self":[{"href":"https:\/\/de-vv.com\/aeducentre\/wp-json\/wp\/v2\/pages\/112"}],"collection":[{"href":"https:\/\/de-vv.com\/aeducentre\/wp-json\/wp\/v2\/pages"}],"about":[{"href":"https:\/\/de-vv.com\/aeducentre\/wp-json\/wp\/v2\/types\/page"}],"author":[{"embeddable":true,"href":"https:\/\/de-vv.com\/aeducentre\/wp-json\/wp\/v2\/users\/1"}],"replies":[{"embeddable":true,"href":"https:\/\/de-vv.com\/aeducentre\/wp-json\/wp\/v2\/comments?post=112"}],"version-history":[{"count":2,"href":"https:\/\/de-vv.com\/aeducentre\/wp-json\/wp\/v2\/pages\/112\/revisions"}],"predecessor-version":[{"id":316,"href":"https:\/\/de-vv.com\/aeducentre\/wp-json\/wp\/v2\/pages\/112\/revisions\/316"}],"up":[{"embeddable":true,"href":"https:\/\/de-vv.com\/aeducentre\/wp-json\/wp\/v2\/pages\/40"}],"wp:featuredmedia":[{"embeddable":true,"href":"https:\/\/de-vv.com\/aeducentre\/wp-json\/wp\/v2\/media\/138"}],"wp:attachment":[{"href":"https:\/\/de-vv.com\/aeducentre\/wp-json\/wp\/v2\/media?parent=112"}],"curies":[{"name":"wp","href":"https:\/\/api.w.org\/{rel}","templated":true}]}}