{"id":12,"date":"2025-02-15T20:22:18","date_gmt":"2025-02-15T19:22:18","guid":{"rendered":"https:\/\/de-vv.com\/franklin\/?page_id=12"},"modified":"2025-02-26T19:13:04","modified_gmt":"2025-02-26T18:13:04","slug":"contact","status":"publish","type":"page","link":"https:\/\/de-vv.com\/franklin\/contact\/","title":{"rendered":"Contact"},"content":{"rendered":"[vc_row type=\u00a0\u00bbfull_width_content\u00a0\u00bb full_screen_row_position=\u00a0\u00bbmiddle\u00a0\u00bb equal_height=\u00a0\u00bbyes\u00a0\u00bb column_margin=\u00a0\u00bbnone\u00a0\u00bb bg_color=\u00a0\u00bb#ffffff\u00a0\u00bb scene_position=\u00a0\u00bbcenter\u00a0\u00bb text_color=\u00a0\u00bbdark\u00a0\u00bb text_align=\u00a0\u00bbleft\u00a0\u00bb class=\u00a0\u00bbmargin-form\u00a0\u00bb overlay_strength=\u00a0\u00bb1&Prime; shape_divider_position=\u00a0\u00bbbottom\u00a0\u00bb bg_image_animation=\u00a0\u00bbnone\u00a0\u00bb shape_type=\u00a0\u00bb\u00a0\u00bb][vc_column column_padding=\u00a0\u00bbpadding-4-percent\u00a0\u00bb column_padding_position=\u00a0\u00bball\u00a0\u00bb background_color=\u00a0\u00bb#ffffff\u00a0\u00bb background_color_opacity=\u00a0\u00bb1&Prime; background_hover_color_opacity=\u00a0\u00bb1&Prime; font_color=\u00a0\u00bb#040404&Prime; column_link_target=\u00a0\u00bb_self\u00a0\u00bb column_shadow=\u00a0\u00bbnone\u00a0\u00bb column_border_radius=\u00a0\u00bbnone\u00a0\u00bb width=\u00a0\u00bb2\/3&Prime; tablet_width_inherit=\u00a0\u00bbdefault\u00a0\u00bb tablet_text_alignment=\u00a0\u00bbdefault\u00a0\u00bb phone_text_alignment=\u00a0\u00bbdefault\u00a0\u00bb overlay_strength=\u00a0\u00bb0.3&Prime; column_border_width=\u00a0\u00bbnone\u00a0\u00bb column_border_style=\u00a0\u00bbsolid\u00a0\u00bb bg_image_animation=\u00a0\u00bbnone\u00a0\u00bb][vc_column_text css=\u00a0\u00bb.vc_custom_1738944688963{border-left-width: 2% !important;padding-right: 2% !important;}\u00a0\u00bb]\n<h1>Contactez nous<\/h1>\n[\/vc_column_text][divider line_type=\u00a0\u00bbSmall Line\u00a0\u00bb line_alignment=\u00a0\u00bbdefault\u00a0\u00bb line_thickness=\u00a0\u00bb2&Prime; divider_color=\u00a0\u00bbaccent-color\u00a0\u00bb animate=\u00a0\u00bbyes\u00a0\u00bb custom_height=\u00a0\u00bb20&Prime;][divider line_type=\u00a0\u00bbNo Line\u00a0\u00bb custom_height=\u00a0\u00bb20&Prime;][vc_column_text css=\u00a0\u00bb.vc_custom_1738944683275{border-left-width: 2% !important;padding-right: 2% !important;}\u00a0\u00bb]Vous avez une question sur nos formations ? Vous souhaitez conna\u00eetre la d\u00e9marche \u00e0 suivre pour vous inscrire ? Envoyez nous un message avec vos coordonn\u00e9es, nous vous recontacterons au plus vite.[\/vc_column_text][vc_raw_html]JTNDaWZyYW1lJTIwc2FuZGJveCUzRCUyN2FsbG93LXNjcmlwdHMlMjBhbGxvdy1mb3JtcyUyMGFsbG93LXNhbWUtb3JpZ2luJTIwYWxsb3ctcG9wdXBzJTI3JTIwc3JjJTNEJTI3aHR0cHMlM0ElMkYlMkZ3d3cudnJvb212cm9vbS5mciUyRm1lZXRpbmdzLWNvbnRhY3QlM0ZzY2hvb2xfaWQlM0Q1MjQ2ZTNhZjI0YTAzOTAwMDIwMDAxZDYlMjZmcyUzRGV5SnRaV1YwYVc1blUzVmlhbVZqZEhNaU9sdDdJbTVoYldVaU9pSlFaWEp0YVhNZ1FTQXRJRzF2ZEc4aWZTeDdJbTVoYldVaU9pSlFaWEp0YVhNZ1FURWlmU3g3SW01aGJXVWlPaUpRWlhKdGFYTWdRVElpZlN4N0ltNWhiV1VpT2lKUVpYSnRhWE1nUVUwaWZTeDdJbTVoYldVaU9pSlFaWEp0YVhNZ1FpRGlnSk1nWW0lMkZEcm5SbElHMWhiblZsYkd4bEluMHNleUp1WVcxbElqb2lVR1Z5YldseklFSWc0b0NUSUdKdnc2NTBaU0JoZFhSdmJXRjBhWEYxWlNKOUxIc2libUZ0WlNJNklrTnZaR1VnZFc1cGNYVmxiV1Z1ZENKOUxIc2libUZ0WlNJNklsVnVaU0JoZFhSeVpTQm1iM0p0WVhScGIyNGlmU3g3SW01aGJXVWlPaUpEYjI1a2RXbDBaU0JoWTJOdmJYQmhaMjdEcVdVaWZTeDdJbTVoYldVaU9pSkdiM0p0WVhScGIyNGdjRzl6ZEMxd1pYSnRhWE1pZlYwc0luTmphRzl2YkhNaU9sdDdJbWxrSWpvaU5USTBObVV6WVdZeU5HRXdNemt3TURBeU1EQXdNV1EySWl3aWRHbDBiR1VpT2lKQmRYUnZMY09wWTI5c1pTQkdjbUZ1YTJ4cGJpSXNJbk4wY21WbGRDSTZJakV3SUVGMlpXNTFaU0JYWVd4M1pXbHVJaXdpWTJsMGVTSTZJazF2Ym5SeVpYVnBiQ0lzSW5wcGNHTnZaR1VpT2lJNU16RXdNQ0o5WFN3aWMyVmpkR2x2Ym5NaU9sdDdJbWxrSWpveExDSnVZVzFsSWpvaVVITERxVzV2YlNJc0ltRnlaV0VpT2lKbWFYSnpkRzVoYldVaUxDSnBjME5vWldOclpXUWlPblJ5ZFdVc0ltbHpSSEp2Y0dSdmQyNGlPbVpoYkhObExDSndiR0ZqWldodmJHUmxjaUk2SWsxaGNuUnBiaUo5TEhzaWFXUWlPaklzSW01aGJXVWlPaUpPYjIwaUxDSmhjbVZoSWpvaWJHRnpkRzVoYldVaUxDSnBjME5vWldOclpXUWlPblJ5ZFdVc0ltbHpSSEp2Y0dSdmQyNGlPbVpoYkhObExDSndiR0ZqWldodmJHUmxjaUk2SWtSMWNHOXVkQ0o5TEhzaWFXUWlPak1zSW01aGJXVWlPaUpVdzZsc3c2bHdhRzl1WlNJc0ltRnlaV0VpT2lKd2FHOXVaU0lzSW1selEyaGxZMnRsWkNJNmRISjFaU3dpYVhORWNtOXdaRzkzYmlJNlptRnNjMlVzSW5Cc1lXTmxhRzlzWkdWeUlqb2lLek16SURNZ016TWdNek1nTXpNZ016TWlmU3g3SW1sa0lqbzBMQ0p1WVcxbElqb2lSVzFoYVd3aUxDSmhjbVZoSWpvaVpXMWhhV3dpTENKcGMwTm9aV05yWldRaU9uUnlkV1VzSW1selJISnZjR1J2ZDI0aU9tWmhiSE5sTENKd2JHRmpaV2h2YkdSbGNpSTZJbVY0Wlcxd2JHVkFaWGhsYlhCc1pTNWpiMjBpZlN4N0ltbGtJam8xTENKdVlXMWxJam9pUm05eWJXRjBhVzl1SUhOdmRXaGhhWFREcVdVaUxDSmhjbVZoSWpvaVptOXliV0YwYVc5dUlpd2lhWE5EYUdWamEyVmtJanAwY25WbExDSnBjMFJ5YjNCa2IzZHVJanAwY25WbExDSndiR0ZqWldodmJHUmxjaUk2SWxQRHFXeGxZM1JwYjI1dVpYb2dkVzVsSUdadmNtMWhkR2x2YmlKOUxIc2lhV1FpT2pZc0ltNWhiV1VpT2lKUVpYSnRaWFIwY21VZ3c2QWdiT0tBbWNPcGJNT29kbVVnWkdVZ2M4T3BiR1ZqZEdsdmJtNWxjaUIxYm1VZ1lXZGxibU5sSWl3aVlYSmxZU0k2SW1GblpXNWplU0lzSW1selEyaGxZMnRsWkNJNlptRnNjMlVzSW1selJISnZjR1J2ZDI0aU9uUnlkV1VzSW5Cc1lXTmxhRzlzWkdWeUlqb2lVOE9wYkdWamRHbHZibTVsZWlCMWJtVWdZV2RsYm1ObEluMHNleUpwWkNJNk55d2libUZ0WlNJNklrMWxjM05oWjJVZ2NHVnljMjl1Ym1Gc2FYUERxU0lzSW1GeVpXRWlPaUp0WlhOellXZGxJaXdpYVhORGFHVmphMlZrSWpwMGNuVmxMQ0pwYzBSeWIzQmtiM2R1SWpwbVlXeHpaU3dpY0d4aFkyVm9iMnhrWlhJaU9pSWlmVjBzSW1admNtMURiMnh2Y25NaU9sdDdJbWxrSWpveExDSnVZVzFsSWpvaVFYSnlhY09vY21VZ2NHeGhiaUlzSW1GeVpXRWlPaUppWVdOclozSnZkVzVrUTI5c2IzSWlMQ0pqYjJ4dmNpSTZJaU5HUmtaR1JrWWlmU3g3SW1sa0lqb3lMQ0p1WVcxbElqb2lRMmhoYlhCeklpd2lZWEpsWVNJNkltWnBaV3hrYzBOdmJHOXlJaXdpWTI5c2IzSWlPaUlqUmpkR04wWTNJbjBzZXlKcFpDSTZNeXdpYm1GdFpTSTZJbFJsZUhSbElDakRxWFJwY1hWbGRIUmxjeWtpTENKaGNtVmhJam9pYkdGaVpXeHpRMjlzYjNJaUxDSmpiMnh2Y2lJNklpTXpNek16TXpNaWZTeDdJbWxrSWpvMExDSnVZVzFsSWpvaVZHVjRkR1VnS0dOb1lXMXdjeWtpTENKaGNtVmhJam9pWm1sbGJHUnpWR1Y0ZEVOdmJHOXlJaXdpWTI5c2IzSWlPaUlqTXpNek16TXpJbjBzZXlKcFpDSTZOU3dpYm1GdFpTSTZJa0p2ZFhSdmJpSXNJbUZ5WldFaU9pSmlkWFIwYjI1RGIyeHZjaUlzSW1OdmJHOXlJam9pSXpBeE56SmpPU0o5TEhzaWFXUWlPallzSW01aGJXVWlPaUpVWlhoMFpTQW9ZbTkxZEc5dUtTSXNJbUZ5WldFaU9pSmlkWFIwYjI1VVpYaDBRMjlzYjNJaUxDSmpiMnh2Y2lJNklpTkdSa1pHUmtZaWZWMHNJbk5qYUc5dmJFbGtJam9pTlRJME5tVXpZV1l5TkdFd016a3dNREF5TURBd01XUTJJbjAlM0QlMjclMjB3aWR0aCUzRCUyNzEwMCUyNSUyNyUyMHNjcm9sbGluZyUzRCUyN25vJTI3JTIwYWxsb3dmdWxsc2NyZWVuJTIwaWQlM0QlMjdpbmlmcmFtZSUyNyUyMHN0eWxlJTNEJTI3Ym9yZGVyLXN0eWxlJTNBJTIwbm9uZSUzQiUyMG92ZXJmbG93JTNBJTIwc2Nyb2xsJTNCJTIwb3ZlcmZsb3cteCUzQSUyMGhpZGRlbiUzQiUyMGhlaWdodCUzQSUyMDEyMHZoJTNCJTI3JTNFJTNDJTJGaWZyYW1lJTNF[\/vc_raw_html][divider line_type=\u00a0\u00bbNo Line\u00a0\u00bb custom_height=\u00a0\u00bb30&Prime;][vc_row_inner column_margin=\u00a0\u00bbdefault\u00a0\u00bb text_align=\u00a0\u00bbleft\u00a0\u00bb][vc_column_inner column_padding=\u00a0\u00bbpadding-1-percent\u00a0\u00bb column_padding_position=\u00a0\u00bball\u00a0\u00bb background_color_opacity=\u00a0\u00bb1&Prime; background_hover_color_opacity=\u00a0\u00bb1&Prime; column_shadow=\u00a0\u00bbnone\u00a0\u00bb column_border_radius=\u00a0\u00bbnone\u00a0\u00bb column_link_target=\u00a0\u00bb_self\u00a0\u00bb width=\u00a0\u00bb1\/1&Prime; tablet_width_inherit=\u00a0\u00bbdefault\u00a0\u00bb overlay_strength=\u00a0\u00bb0.3&Prime; column_border_width=\u00a0\u00bbnone\u00a0\u00bb column_border_style=\u00a0\u00bbsolid\u00a0\u00bb bg_image_animation=\u00a0\u00bbnone\u00a0\u00bb][vc_column_text]Vous pouvez vous <b>opposer \u00e0 l\u2019utilisation de vos coordonn\u00e9es t\u00e9l\u00e9phoniques<\/b> \u00e0 des fins de prospection commerciale en vous inscrivant sur la liste d\u2019opposition au d\u00e9marchage t\u00e9l\u00e9phonique sur le site internet\u00a0 <u>bloctel.gouv.fr<\/u>\u00a0ou par courrier \u00e0 l\u2019adresse\u00a0: Worldline \u2013 Service Bloctel \u2013 CS 61311 \u2013 41013 BLOIS CEDEX[\/vc_column_text][\/vc_column_inner][\/vc_row_inner][\/vc_column][vc_column column_padding=\u00a0\u00bbpadding-4-percent\u00a0\u00bb column_padding_position=\u00a0\u00bball\u00a0\u00bb background_color_opacity=\u00a0\u00bb1&Prime; background_hover_color_opacity=\u00a0\u00bb1&Prime; background_image=\u00a0\u00bb57&Prime; enable_bg_scale=\u00a0\u00bbtrue\u00a0\u00bb column_link_target=\u00a0\u00bb_self\u00a0\u00bb column_shadow=\u00a0\u00bbnone\u00a0\u00bb column_border_radius=\u00a0\u00bbnone\u00a0\u00bb width=\u00a0\u00bb1\/3&Prime; tablet_width_inherit=\u00a0\u00bbdefault\u00a0\u00bb tablet_text_alignment=\u00a0\u00bbdefault\u00a0\u00bb phone_text_alignment=\u00a0\u00bbdefault\u00a0\u00bb color_overlay=\u00a0\u00bb#000000&Prime; overlay_strength=\u00a0\u00bb0.5&Prime; column_border_width=\u00a0\u00bbnone\u00a0\u00bb column_border_style=\u00a0\u00bbsolid\u00a0\u00bb bg_image_animation=\u00a0\u00bbnone\u00a0\u00bb][vc_row_inner column_margin=\u00a0\u00bbdefault\u00a0\u00bb bottom_padding=\u00a0\u00bb30&Prime; text_align=\u00a0\u00bbleft\u00a0\u00bb][vc_column_inner column_padding=\u00a0\u00bbno-extra-padding\u00a0\u00bb column_padding_position=\u00a0\u00bball\u00a0\u00bb background_color_opacity=\u00a0\u00bb1&Prime; background_hover_color_opacity=\u00a0\u00bb1&Prime; font_color=\u00a0\u00bb#ffffff\u00a0\u00bb column_shadow=\u00a0\u00bbnone\u00a0\u00bb column_border_radius=\u00a0\u00bbnone\u00a0\u00bb column_link_target=\u00a0\u00bb_self\u00a0\u00bb width=\u00a0\u00bb1\/1&Prime; tablet_width_inherit=\u00a0\u00bbdefault\u00a0\u00bb overlay_strength=\u00a0\u00bb0.3&Prime; column_border_width=\u00a0\u00bbnone\u00a0\u00bb column_border_style=\u00a0\u00bbsolid\u00a0\u00bb bg_image_animation=\u00a0\u00bbnone\u00a0\u00bb][vc_column_text]\n<h4><i class=\"fa fa-map-signs\" style=\"color: #bdd5ea;\"><\/i> O\u00f9 sommes-nous ?<\/h4>\n<p>Venez nous rencontrer dans notre agence de Montreuil :<br \/>\n10 avenue Walwein<br \/>\n93100 Montreuil[\/vc_column_text][image_with_animation image_url=\u00a0\u00bb226&Prime; alignment=\u00a0\u00bbcenter\u00a0\u00bb animation=\u00a0\u00bbNone\u00a0\u00bb img_link_target=\u00a0\u00bb_blank\u00a0\u00bb hover_animation=\u00a0\u00bbzoom\u00a0\u00bb border_radius=\u00a0\u00bb5px\u00a0\u00bb box_shadow=\u00a0\u00bbsmall_depth\u00a0\u00bb image_loading=\u00a0\u00bblazy-load\u00a0\u00bb max_width=\u00a0\u00bb100%\u00a0\u00bb max_width_mobile=\u00a0\u00bbdefault\u00a0\u00bb img_link=\u00a0\u00bbhttps:\/\/www.google.com\/maps\/dir\/\/Auto-\u00c9cole+Montreuil+Franklin+-+Organisme+de+Formation+CPF,+Avenue+Walwein,+Montreuil\/@48.8622862,2.4411097,1001m\/data=!3m1!1e3!4m9!4m8!1m0!1m5!1m1!1s0x47e66d5afaf12609:0x3adf8efbf39bc66!2m2!1d2.4440215!2d48.8622172!3e2?entry=ttu&amp;g_ep=EgoyMDI1MDIxMi4wIKXMDSoJLDEwMjExNDU1SAFQAw%3D%3D\u00a0\u00bb][\/vc_column_inner][\/vc_row_inner][vc_row_inner column_margin=\u00a0\u00bbdefault\u00a0\u00bb bottom_padding=\u00a0\u00bb30&Prime; text_align=\u00a0\u00bbleft\u00a0\u00bb][vc_column_inner column_padding=\u00a0\u00bbno-extra-padding\u00a0\u00bb column_padding_position=\u00a0\u00bball\u00a0\u00bb background_color_opacity=\u00a0\u00bb1&Prime; background_hover_color_opacity=\u00a0\u00bb1&Prime; font_color=\u00a0\u00bb#ffffff\u00a0\u00bb column_shadow=\u00a0\u00bbnone\u00a0\u00bb column_border_radius=\u00a0\u00bbnone\u00a0\u00bb bottom_margin=\u00a0\u00bb30&Prime; column_link_target=\u00a0\u00bb_self\u00a0\u00bb width=\u00a0\u00bb1\/1&Prime; tablet_width_inherit=\u00a0\u00bbdefault\u00a0\u00bb overlay_strength=\u00a0\u00bb0.3&Prime; column_border_width=\u00a0\u00bbnone\u00a0\u00bb column_border_style=\u00a0\u00bbsolid\u00a0\u00bb bg_image_animation=\u00a0\u00bbnone\u00a0\u00bb][vc_column_text]\n<h4><i class=\"fa fa-comments\" style=\"color: #bdd5ea;\"><\/i> Nos coordonn\u00e9es<\/h4>\n<p><a class=\"phone\" href=\"tel:01.79.63.42.68\">01 79 63 42 68<\/a><br \/>\n<a class=\"phone\" href=\"mailto:autoecole.franklin@hotmail.fr\">Envoyer un mail<\/a>[\/vc_column_text][\/vc_column_inner][\/vc_row_inner][vc_row_inner column_margin=\u00a0\u00bbdefault\u00a0\u00bb bottom_padding=\u00a0\u00bb30&Prime; text_align=\u00a0\u00bbleft\u00a0\u00bb][vc_column_inner column_padding=\u00a0\u00bbno-extra-padding\u00a0\u00bb column_padding_position=\u00a0\u00bball\u00a0\u00bb background_color_opacity=\u00a0\u00bb1&Prime; background_hover_color_opacity=\u00a0\u00bb1&Prime; font_color=\u00a0\u00bb#ffffff\u00a0\u00bb column_shadow=\u00a0\u00bbnone\u00a0\u00bb column_border_radius=\u00a0\u00bbnone\u00a0\u00bb column_link_target=\u00a0\u00bb_self\u00a0\u00bb width=\u00a0\u00bb1\/1&Prime; tablet_width_inherit=\u00a0\u00bbdefault\u00a0\u00bb overlay_strength=\u00a0\u00bb0.3&Prime; column_border_width=\u00a0\u00bbnone\u00a0\u00bb column_border_style=\u00a0\u00bbsolid\u00a0\u00bb bg_image_animation=\u00a0\u00bbnone\u00a0\u00bb][vc_column_text]\n<h4><i class=\"fa fa-clock\" style=\"color: #bdd5ea;\"><\/i> Nos horaires<\/h4>\n<p>Notre agence est ouverte :<\/p>\n<ul>\n<li>lundi-vendredi : 09h-13h &amp; 14-19h<\/li>\n<li>samedi : 09h-14h<\/li>\n<\/ul>\n[\/vc_column_text][\/vc_column_inner][\/vc_row_inner][\/vc_column][\/vc_row]\n","protected":false},"excerpt":{"rendered":"<p>[vc_row type=\u00a0\u00bbfull_width_content\u00a0\u00bb full_screen_row_position=\u00a0\u00bbmiddle\u00a0\u00bb equal_height=\u00a0\u00bbyes\u00a0\u00bb column_margin=\u00a0\u00bbnone\u00a0\u00bb bg_color=\u00a0\u00bb#ffffff\u00a0\u00bb scene_position=\u00a0\u00bbcenter\u00a0\u00bb text_color=\u00a0\u00bbdark\u00a0\u00bb text_align=\u00a0\u00bbleft\u00a0\u00bb class=\u00a0\u00bbmargin-form\u00a0\u00bb overlay_strength=\u00a0\u00bb1&Prime; shape_divider_position=\u00a0\u00bbbottom\u00a0\u00bb bg_image_animation=\u00a0\u00bbnone\u00a0\u00bb shape_type=\u00a0\u00bb\u00a0\u00bb][vc_column column_padding=\u00a0\u00bbpadding-4-percent\u00a0\u00bb column_padding_position=\u00a0\u00bball\u00a0\u00bb background_color=\u00a0\u00bb#ffffff\u00a0\u00bb background_color_opacity=\u00a0\u00bb1&Prime; background_hover_color_opacity=\u00a0\u00bb1&Prime; font_color=\u00a0\u00bb#040404&Prime; column_link_target=\u00a0\u00bb_self\u00a0\u00bb column_shadow=\u00a0\u00bbnone\u00a0\u00bb column_border_radius=\u00a0\u00bbnone\u00a0\u00bb width=\u00a0\u00bb2\/3&Prime; tablet_width_inherit=\u00a0\u00bbdefault\u00a0\u00bb tablet_text_alignment=\u00a0\u00bbdefault\u00a0\u00bb phone_text_alignment=\u00a0\u00bbdefault\u00a0\u00bb overlay_strength=\u00a0\u00bb0.3&Prime; column_border_width=\u00a0\u00bbnone\u00a0\u00bb column_border_style=\u00a0\u00bbsolid\u00a0\u00bb&#8230;<\/p>\n","protected":false},"author":1,"featured_media":152,"parent":0,"menu_order":0,"comment_status":"closed","ping_status":"closed","template":"","meta":{"footnotes":""},"class_list":["post-12","page","type-page","status-publish","has-post-thumbnail"],"yoast_head":"<!-- This site is optimized with the Yoast SEO plugin v26.8 - https:\/\/yoast.com\/product\/yoast-seo-wordpress\/ -->\n<title>Contactez nous par t\u00e9l\u00e9phone ou email - Auto-\u00e9cole Franklin \u00e0 Montreuil<\/title>\n<meta name=\"description\" content=\"Contactez l&#039;Auto-\u00e9cole Franklin \u00e0 Montreuil par t\u00e9l\u00e9phone ou par email. Retrouvez nos horaires d&#039;ouverture. Acc\u00e8s : M\u00e9tro Mairie de Montreuil\" \/>\n<meta name=\"robots\" content=\"noindex, follow, max-snippet:-1, max-image-preview:large, max-video-preview:-1\" \/>\n<meta property=\"og:locale\" content=\"fr_FR\" \/>\n<meta property=\"og:type\" content=\"article\" \/>\n<meta property=\"og:title\" content=\"Contactez nous par t\u00e9l\u00e9phone ou email - Auto-\u00e9cole Franklin \u00e0 Montreuil\" \/>\n<meta property=\"og:description\" content=\"Contactez l&#039;Auto-\u00e9cole Franklin \u00e0 Montreuil par t\u00e9l\u00e9phone ou par email. Retrouvez nos horaires d&#039;ouverture. Acc\u00e8s : M\u00e9tro Mairie de Montreuil\" \/>\n<meta property=\"og:url\" content=\"https:\/\/de-vv.com\/franklin\/contact\/\" \/>\n<meta property=\"og:site_name\" content=\"Auto-\u00e9cole Franklin\" \/>\n<meta property=\"article:modified_time\" content=\"2025-02-26T18:13:04+00:00\" \/>\n<meta property=\"og:image\" content=\"https:\/\/de-vv.com\/franklin\/wp-content\/uploads\/2025\/02\/Auto-ecole-Franklin-logo.png\" \/>\n\t<meta property=\"og:image:width\" content=\"500\" \/>\n\t<meta property=\"og:image:height\" content=\"230\" \/>\n\t<meta property=\"og:image:type\" content=\"image\/png\" \/>\n<meta name=\"twitter:card\" content=\"summary_large_image\" \/>\n<meta name=\"twitter:label1\" content=\"Dur\u00e9e de lecture estim\u00e9e\" \/>\n\t<meta name=\"twitter:data1\" content=\"2 minutes\" \/>\n<script type=\"application\/ld+json\" class=\"yoast-schema-graph\">{\"@context\":\"https:\/\/schema.org\",\"@graph\":[{\"@type\":\"WebPage\",\"@id\":\"https:\/\/de-vv.com\/franklin\/contact\/\",\"url\":\"https:\/\/de-vv.com\/franklin\/contact\/\",\"name\":\"Contactez nous par t\u00e9l\u00e9phone ou email - Auto-\u00e9cole Franklin \u00e0 Montreuil\",\"isPartOf\":{\"@id\":\"https:\/\/de-vv.com\/franklin\/#website\"},\"primaryImageOfPage\":{\"@id\":\"https:\/\/de-vv.com\/franklin\/contact\/#primaryimage\"},\"image\":{\"@id\":\"https:\/\/de-vv.com\/franklin\/contact\/#primaryimage\"},\"thumbnailUrl\":\"https:\/\/de-vv.com\/franklin\/wp-content\/uploads\/2025\/02\/Auto-ecole-Franklin-logo.png\",\"datePublished\":\"2025-02-15T19:22:18+00:00\",\"dateModified\":\"2025-02-26T18:13:04+00:00\",\"description\":\"Contactez l'Auto-\u00e9cole Franklin \u00e0 Montreuil par t\u00e9l\u00e9phone ou par email. Retrouvez nos horaires d'ouverture. Acc\u00e8s : M\u00e9tro Mairie de Montreuil\",\"breadcrumb\":{\"@id\":\"https:\/\/de-vv.com\/franklin\/contact\/#breadcrumb\"},\"inLanguage\":\"fr-FR\",\"potentialAction\":[{\"@type\":\"ReadAction\",\"target\":[\"https:\/\/de-vv.com\/franklin\/contact\/\"]}]},{\"@type\":\"ImageObject\",\"inLanguage\":\"fr-FR\",\"@id\":\"https:\/\/de-vv.com\/franklin\/contact\/#primaryimage\",\"url\":\"https:\/\/de-vv.com\/franklin\/wp-content\/uploads\/2025\/02\/Auto-ecole-Franklin-logo.png\",\"contentUrl\":\"https:\/\/de-vv.com\/franklin\/wp-content\/uploads\/2025\/02\/Auto-ecole-Franklin-logo.png\",\"width\":500,\"height\":230,\"caption\":\"Auto-\u00e9cole Franklin - logo\"},{\"@type\":\"BreadcrumbList\",\"@id\":\"https:\/\/de-vv.com\/franklin\/contact\/#breadcrumb\",\"itemListElement\":[{\"@type\":\"ListItem\",\"position\":1,\"name\":\"Accueil\",\"item\":\"https:\/\/de-vv.com\/franklin\/\"},{\"@type\":\"ListItem\",\"position\":2,\"name\":\"Contact\"}]},{\"@type\":\"WebSite\",\"@id\":\"https:\/\/de-vv.com\/franklin\/#website\",\"url\":\"https:\/\/de-vv.com\/franklin\/\",\"name\":\"Auto-\u00e9cole Franklin\",\"description\":\"votre auto-\u00e9cole \u00e0 la Mairie de Montreuil\",\"potentialAction\":[{\"@type\":\"SearchAction\",\"target\":{\"@type\":\"EntryPoint\",\"urlTemplate\":\"https:\/\/de-vv.com\/franklin\/?s={search_term_string}\"},\"query-input\":{\"@type\":\"PropertyValueSpecification\",\"valueRequired\":true,\"valueName\":\"search_term_string\"}}],\"inLanguage\":\"fr-FR\"}]}<\/script>\n<!-- \/ Yoast SEO plugin. -->","yoast_head_json":{"title":"Contactez nous par t\u00e9l\u00e9phone ou email - Auto-\u00e9cole Franklin \u00e0 Montreuil","description":"Contactez l'Auto-\u00e9cole Franklin \u00e0 Montreuil par t\u00e9l\u00e9phone ou par email. Retrouvez nos horaires d'ouverture. Acc\u00e8s : M\u00e9tro Mairie de Montreuil","robots":{"index":"noindex","follow":"follow","max-snippet":"max-snippet:-1","max-image-preview":"max-image-preview:large","max-video-preview":"max-video-preview:-1"},"og_locale":"fr_FR","og_type":"article","og_title":"Contactez nous par t\u00e9l\u00e9phone ou email - Auto-\u00e9cole Franklin \u00e0 Montreuil","og_description":"Contactez l'Auto-\u00e9cole Franklin \u00e0 Montreuil par t\u00e9l\u00e9phone ou par email. Retrouvez nos horaires d'ouverture. Acc\u00e8s : M\u00e9tro Mairie de Montreuil","og_url":"https:\/\/de-vv.com\/franklin\/contact\/","og_site_name":"Auto-\u00e9cole Franklin","article_modified_time":"2025-02-26T18:13:04+00:00","og_image":[{"width":500,"height":230,"url":"https:\/\/de-vv.com\/franklin\/wp-content\/uploads\/2025\/02\/Auto-ecole-Franklin-logo.png","type":"image\/png"}],"twitter_card":"summary_large_image","twitter_misc":{"Dur\u00e9e de lecture estim\u00e9e":"2 minutes"},"schema":{"@context":"https:\/\/schema.org","@graph":[{"@type":"WebPage","@id":"https:\/\/de-vv.com\/franklin\/contact\/","url":"https:\/\/de-vv.com\/franklin\/contact\/","name":"Contactez nous par t\u00e9l\u00e9phone ou email - Auto-\u00e9cole Franklin \u00e0 Montreuil","isPartOf":{"@id":"https:\/\/de-vv.com\/franklin\/#website"},"primaryImageOfPage":{"@id":"https:\/\/de-vv.com\/franklin\/contact\/#primaryimage"},"image":{"@id":"https:\/\/de-vv.com\/franklin\/contact\/#primaryimage"},"thumbnailUrl":"https:\/\/de-vv.com\/franklin\/wp-content\/uploads\/2025\/02\/Auto-ecole-Franklin-logo.png","datePublished":"2025-02-15T19:22:18+00:00","dateModified":"2025-02-26T18:13:04+00:00","description":"Contactez l'Auto-\u00e9cole Franklin \u00e0 Montreuil par t\u00e9l\u00e9phone ou par email. Retrouvez nos horaires d'ouverture. Acc\u00e8s : M\u00e9tro Mairie de Montreuil","breadcrumb":{"@id":"https:\/\/de-vv.com\/franklin\/contact\/#breadcrumb"},"inLanguage":"fr-FR","potentialAction":[{"@type":"ReadAction","target":["https:\/\/de-vv.com\/franklin\/contact\/"]}]},{"@type":"ImageObject","inLanguage":"fr-FR","@id":"https:\/\/de-vv.com\/franklin\/contact\/#primaryimage","url":"https:\/\/de-vv.com\/franklin\/wp-content\/uploads\/2025\/02\/Auto-ecole-Franklin-logo.png","contentUrl":"https:\/\/de-vv.com\/franklin\/wp-content\/uploads\/2025\/02\/Auto-ecole-Franklin-logo.png","width":500,"height":230,"caption":"Auto-\u00e9cole Franklin - logo"},{"@type":"BreadcrumbList","@id":"https:\/\/de-vv.com\/franklin\/contact\/#breadcrumb","itemListElement":[{"@type":"ListItem","position":1,"name":"Accueil","item":"https:\/\/de-vv.com\/franklin\/"},{"@type":"ListItem","position":2,"name":"Contact"}]},{"@type":"WebSite","@id":"https:\/\/de-vv.com\/franklin\/#website","url":"https:\/\/de-vv.com\/franklin\/","name":"Auto-\u00e9cole Franklin","description":"votre auto-\u00e9cole \u00e0 la Mairie de Montreuil","potentialAction":[{"@type":"SearchAction","target":{"@type":"EntryPoint","urlTemplate":"https:\/\/de-vv.com\/franklin\/?s={search_term_string}"},"query-input":{"@type":"PropertyValueSpecification","valueRequired":true,"valueName":"search_term_string"}}],"inLanguage":"fr-FR"}]}},"_links":{"self":[{"href":"https:\/\/de-vv.com\/franklin\/wp-json\/wp\/v2\/pages\/12","targetHints":{"allow":["GET"]}}],"collection":[{"href":"https:\/\/de-vv.com\/franklin\/wp-json\/wp\/v2\/pages"}],"about":[{"href":"https:\/\/de-vv.com\/franklin\/wp-json\/wp\/v2\/types\/page"}],"author":[{"embeddable":true,"href":"https:\/\/de-vv.com\/franklin\/wp-json\/wp\/v2\/users\/1"}],"replies":[{"embeddable":true,"href":"https:\/\/de-vv.com\/franklin\/wp-json\/wp\/v2\/comments?post=12"}],"version-history":[{"count":6,"href":"https:\/\/de-vv.com\/franklin\/wp-json\/wp\/v2\/pages\/12\/revisions"}],"predecessor-version":[{"id":236,"href":"https:\/\/de-vv.com\/franklin\/wp-json\/wp\/v2\/pages\/12\/revisions\/236"}],"wp:featuredmedia":[{"embeddable":true,"href":"https:\/\/de-vv.com\/franklin\/wp-json\/wp\/v2\/media\/152"}],"wp:attachment":[{"href":"https:\/\/de-vv.com\/franklin\/wp-json\/wp\/v2\/media?parent=12"}],"curies":[{"name":"wp","href":"https:\/\/api.w.org\/{rel}","templated":true}]}}