{"id":22,"date":"2025-02-15T20:23:25","date_gmt":"2025-02-15T19:23:25","guid":{"rendered":"https:\/\/de-vv.com\/franklin\/?page_id=22"},"modified":"2025-02-26T19:33:33","modified_gmt":"2025-02-26T18:33:33","slug":"informations-utiles","status":"publish","type":"page","link":"https:\/\/de-vv.com\/franklin\/informations-utiles\/","title":{"rendered":"Informations utiles"},"content":{"rendered":"[vc_row type=\u00a0\u00bbin_container\u00a0\u00bb full_screen_row_position=\u00a0\u00bbmiddle\u00a0\u00bb column_margin=\u00a0\u00bbdefault\u00a0\u00bb scene_position=\u00a0\u00bbcenter\u00a0\u00bb text_color=\u00a0\u00bbdark\u00a0\u00bb text_align=\u00a0\u00bbleft\u00a0\u00bb overlay_strength=\u00a0\u00bb0.3&Prime; shape_divider_position=\u00a0\u00bbbottom\u00a0\u00bb bg_image_animation=\u00a0\u00bbnone\u00a0\u00bb][vc_column centered_text=\u00a0\u00bbtrue\u00a0\u00bb column_padding=\u00a0\u00bbpadding-2-percent\u00a0\u00bb column_padding_position=\u00a0\u00bball\u00a0\u00bb background_color_opacity=\u00a0\u00bb1&Prime; background_hover_color_opacity=\u00a0\u00bb1&Prime; column_link_target=\u00a0\u00bb_self\u00a0\u00bb column_shadow=\u00a0\u00bbnone\u00a0\u00bb column_border_radius=\u00a0\u00bbnone\u00a0\u00bb width=\u00a0\u00bb1\/1&Prime; tablet_width_inherit=\u00a0\u00bbdefault\u00a0\u00bb tablet_text_alignment=\u00a0\u00bbdefault\u00a0\u00bb phone_text_alignment=\u00a0\u00bbdefault\u00a0\u00bb overlay_strength=\u00a0\u00bb0.3&Prime; column_border_width=\u00a0\u00bbnone\u00a0\u00bb column_border_style=\u00a0\u00bbsolid\u00a0\u00bb bg_image_animation=\u00a0\u00bbnone\u00a0\u00bb][vc_column_text]\n<h1 style=\"text-align: center;\">Informations utiles<\/h1>\n[\/vc_column_text][vc_column_text]\n<p style=\"text-align: center;\">L\u2019essentiel \u00e0 conna\u00eetre pour une formation r\u00e9ussie avec l&rsquo;<a href=\"https:\/\/de-vv.com\/franklin\/\">Auto-\u00e9cole Franklin<\/a> \u00e0 Montreuil !<\/p>\n[\/vc_column_text][\/vc_column][\/vc_row][vc_row type=\u00a0\u00bbin_container\u00a0\u00bb full_screen_row_position=\u00a0\u00bbmiddle\u00a0\u00bb column_margin=\u00a0\u00bbdefault\u00a0\u00bb scene_position=\u00a0\u00bbcenter\u00a0\u00bb text_color=\u00a0\u00bbdark\u00a0\u00bb text_align=\u00a0\u00bbleft\u00a0\u00bb overlay_strength=\u00a0\u00bb0.3&Prime; shape_divider_position=\u00a0\u00bbbottom\u00a0\u00bb bg_image_animation=\u00a0\u00bbnone\u00a0\u00bb shape_type=\u00a0\u00bb\u00a0\u00bb][vc_column column_padding=\u00a0\u00bbpadding-2-percent\u00a0\u00bb column_padding_position=\u00a0\u00bbtop-left\u00a0\u00bb background_color_opacity=\u00a0\u00bb1&Prime; background_hover_color_opacity=\u00a0\u00bb1&Prime; column_link_target=\u00a0\u00bb_self\u00a0\u00bb column_shadow=\u00a0\u00bbnone\u00a0\u00bb column_border_radius=\u00a0\u00bbnone\u00a0\u00bb width=\u00a0\u00bb2\/3&Prime; tablet_width_inherit=\u00a0\u00bbdefault\u00a0\u00bb tablet_text_alignment=\u00a0\u00bbdefault\u00a0\u00bb phone_text_alignment=\u00a0\u00bbdefault\u00a0\u00bb overlay_strength=\u00a0\u00bb0.3&Prime; column_border_width=\u00a0\u00bbnone\u00a0\u00bb column_border_style=\u00a0\u00bbsolid\u00a0\u00bb bg_image_animation=\u00a0\u00bbnone\u00a0\u00bb][vc_column_text]\n<h3 style=\"color: #003156;\">Les enjeux de la formation<\/h3>\n[\/vc_column_text]<div class=\"nectar-fancy-ul\" data-list-icon=\"icon-salient-thin-line\" data-animation=\"false\" data-animation-delay=\"0\" data-color=\"accent-color\" data-spacing=\"default\" data-alignment=\"left\"> \n<ul>\n<li><a href=\"https:\/\/de-vv.com\/franklin\/wp-content\/uploads\/2025\/02\/1.2-Enjeux-de-la-formation.pdf\" target=\"_blank\" rel=\"noopener\">Les enjeux de la formation au permis<\/a><\/li>\n<\/ul>\n <\/div>[vc_column_text]\n<h3 style=\"color: #003156;\">Le r\u00e8glement int\u00e9rieur<\/h3>\n[\/vc_column_text]<div class=\"nectar-fancy-ul\" data-list-icon=\"icon-salient-thin-line\" data-animation=\"false\" data-animation-delay=\"0\" data-color=\"accent-color\" data-spacing=\"default\" data-alignment=\"left\"> \n<ul>\n<li><a href=\"https:\/\/de-vv.com\/franklin\/wp-content\/uploads\/2025\/02\/Reglement-interieur.pdf\" target=\"_blank\" rel=\"noopener\">Le r\u00e8glement int\u00e9rieur<\/a><\/li>\n<\/ul>\n <\/div>[vc_column_text css=\u00a0\u00bb.vc_custom_1740594800389{padding-bottom: 12px !important;}\u00a0\u00bb]\n<h3 id=\"piste-moto\" style=\"color: #003156;\">Formations moto<\/h3>\n<p>L&rsquo;Auto-\u00e9cole Franklin propose plusieurs formations deux-roues : <a href=\"https:\/\/de-vv.com\/franklin\/permis-am-scooter\/\">Permis AM scooter<\/a>, <a href=\"https:\/\/de-vv.com\/franklin\/formation-125-cm3\/\">Formation 125 cm3<\/a>, <a href=\"https:\/\/de-vv.com\/franklin\/permis-moto-a1-a2\/\">Permis moto A1\/A2<\/a> et <a href=\"https:\/\/de-vv.com\/franklin\/passerelle-a2-vers-a\/\">Passerelle A2 vers A<\/a>.<\/p>\n<p class=\"p1\"><span class=\"s3\">Nous disposons pour la formation pratique d&rsquo;une piste priv\u00e9e situ\u00e9e au Parc des Expositions de Villepinte, ZAC Paris Nord 2, 93420 Villepinte.<\/span><\/p>\n<p class=\"p1\">La piste est disponible du lundi <span class=\"s1\">au <\/span>vendredi <span class=\"s1\">de 9<\/span><span class=\"s2\">h <\/span><span class=\"s3\">\u00e0 <\/span><span class=\"s4\">20h. Elle est \u00e9quip\u00e9e <span class=\"s1\">de <\/span>sanitaires.<\/span><\/p>\n<p class=\"p2\">Temps <span class=\"s1\">de <\/span>d\u00e9placement <span class=\"s5\">jusqu&rsquo;\u00e0 <\/span><span class=\"s1\">la <\/span>piste 30 minutes <span class=\"s5\">environ (distance depuis l&rsquo;auto-\u00e9cole : 17 km).<\/span><\/p>\n[\/vc_column_text][\/vc_column][vc_column column_padding=\u00a0\u00bbpadding-2-percent\u00a0\u00bb column_padding_position=\u00a0\u00bball\u00a0\u00bb background_color=\u00a0\u00bb#f7f7f7&Prime; background_color_opacity=\u00a0\u00bb1&Prime; background_hover_color_opacity=\u00a0\u00bb1&Prime; column_link_target=\u00a0\u00bb_self\u00a0\u00bb column_shadow=\u00a0\u00bbnone\u00a0\u00bb column_border_radius=\u00a0\u00bbnone\u00a0\u00bb width=\u00a0\u00bb1\/3&Prime; tablet_width_inherit=\u00a0\u00bbdefault\u00a0\u00bb tablet_text_alignment=\u00a0\u00bbdefault\u00a0\u00bb phone_text_alignment=\u00a0\u00bbdefault\u00a0\u00bb overlay_strength=\u00a0\u00bb0.3&Prime; column_border_width=\u00a0\u00bbnone\u00a0\u00bb column_border_style=\u00a0\u00bbsolid\u00a0\u00bb bg_image_animation=\u00a0\u00bbnone\u00a0\u00bb][vc_column_text]\n<h4>Vous avez une question ?<\/h4>\n[\/vc_column_text][divider line_type=\u00a0\u00bbNo Line\u00a0\u00bb custom_height=\u00a0\u00bb12&Prime;][nectar_btn size=\u00a0\u00bbmedium\u00a0\u00bb button_style=\u00a0\u00bbregular\u00a0\u00bb button_color_2=\u00a0\u00bbAccent-Color\u00a0\u00bb solid_text_color_override=\u00a0\u00bb#ffffff\u00a0\u00bb icon_family=\u00a0\u00bbfontawesome\u00a0\u00bb text=\u00a0\u00bb01 79 63 42 68&Prime; url=\u00a0\u00bbtel:01.79.63.42.68&Prime; icon_fontawesome=\u00a0\u00bbfa fa-mobile\u00a0\u00bb][divider line_type=\u00a0\u00bbNo Line\u00a0\u00bb custom_height=\u00a0\u00bb12&Prime;][\/vc_column][\/vc_row][vc_row type=\u00a0\u00bbin_container\u00a0\u00bb full_screen_row_position=\u00a0\u00bbmiddle\u00a0\u00bb column_margin=\u00a0\u00bbdefault\u00a0\u00bb scene_position=\u00a0\u00bbcenter\u00a0\u00bb text_color=\u00a0\u00bbdark\u00a0\u00bb text_align=\u00a0\u00bbleft\u00a0\u00bb overlay_strength=\u00a0\u00bb0.3&Prime; shape_divider_position=\u00a0\u00bbbottom\u00a0\u00bb bg_image_animation=\u00a0\u00bbnone\u00a0\u00bb][vc_column column_padding=\u00a0\u00bbpadding-2-percent\u00a0\u00bb column_padding_position=\u00a0\u00bbleft-right\u00a0\u00bb background_color_opacity=\u00a0\u00bb1&Prime; background_hover_color_opacity=\u00a0\u00bb1&Prime; column_link_target=\u00a0\u00bb_self\u00a0\u00bb column_shadow=\u00a0\u00bbnone\u00a0\u00bb column_border_radius=\u00a0\u00bbnone\u00a0\u00bb width=\u00a0\u00bb1\/1&Prime; tablet_width_inherit=\u00a0\u00bbdefault\u00a0\u00bb tablet_text_alignment=\u00a0\u00bbdefault\u00a0\u00bb phone_text_alignment=\u00a0\u00bbdefault\u00a0\u00bb overlay_strength=\u00a0\u00bb0.3&Prime; column_border_width=\u00a0\u00bbnone\u00a0\u00bb column_border_style=\u00a0\u00bbsolid\u00a0\u00bb bg_image_animation=\u00a0\u00bbnone\u00a0\u00bb][vc_column_text css=\u00a0\u00bb.vc_custom_1740594792615{padding-bottom: 20px !important;}\u00a0\u00bb]\n<h3 style=\"color: #003156;\">Stage post-permis<\/h3>\n<p>L&rsquo;Auto-\u00e9cole Franklin propose des stages post-permis aux \u00e9l\u00e8ves ayant r\u00e9ussi l&rsquo;examen. Ces stages permette de r\u00e9duire la dur\u00e9e de la p\u00e9riode probatoire et comportent de <a href=\"https:\/\/de-vv.com\/franklin\/wp-content\/uploads\/2025\/02\/Stages-post-permis.pdf\" target=\"_blank\" rel=\"noopener\">nombreux avantages<\/a>. Plus d&rsquo;informations sur le contenu et le d\u00e9roulement de ces <a href=\"https:\/\/securite-routiere.gouv.fr\/passer-son-permis-de-conduire\/permis-probatoire\/les-stages-post-permis-et-reduction-de-la-periode\" target=\"_blank\" rel=\"noopener\">stages post-permis<\/a> sur le site de la S\u00e9curit\u00e9 routi\u00e8re.[\/vc_column_text][vc_column_text css=\u00a0\u00bb.vc_custom_1740594786557{padding-bottom: 20px !important;}\u00a0\u00bb]\n<h3 style=\"color: #003156;\">Les avantages de la conduite accompagn\u00e9e et supervis\u00e9e<\/h3>\n<p>L&rsquo;apprentissage anticip\u00e9 de la conduite (AAC) ou <a href=\"https:\/\/de-vv.com\/franklin\/conduite-accompagnee\/\" target=\"_blank\" rel=\"noopener\">conduite accompagn\u00e9e<\/a>, accessible d\u00e8s 15 ans, comporte de <a href=\"https:\/\/www.securite-routiere.gouv.fr\/passer-son-permis-de-conduire\/conduite-accompagnee\/quest-ce-que-la-conduite-accompagnee#les-avantages-de-la-conduite-accompagnee-1666\" target=\"_blank\" rel=\"noopener\">nombreux avantages<\/a>. La formation en conduite supervis\u00e9e (\u00e0 partir de 18 ans) comporte elle aussi des <a href=\"https:\/\/www.securite-routiere.gouv.fr\/passer-son-permis-de-conduire\/conduite-accompagnee\/conduite-supervisee#quels-avantages-pour-le-candidat-?-1398\" target=\"_blank\" rel=\"noopener\">avantages par rapport \u00e0 la formation traditionnelle<\/a>.[\/vc_column_text][vc_column_text]\n<h3 style=\"color: #003156;\">Proc\u00e9d\u00e9 de positionnement et d\u2019\u00e9valuation<\/h3>\n[\/vc_column_text]<div class=\"nectar-fancy-ul\" data-list-icon=\"icon-salient-thin-line\" data-animation=\"false\" data-animation-delay=\"0\" data-color=\"accent-color\" data-spacing=\"default\" data-alignment=\"left\"> \n<ul>\n<li><a href=\"https:\/\/de-vv.com\/franklin\/wp-content\/uploads\/2025\/02\/Procede-devaluation.pdf\" target=\"_blank\" rel=\"noopener\">Proc\u00e9d\u00e9 d&rsquo;\u00e9valuation<\/a><\/li>\n<li><a href=\"https:\/\/de-vv.com\/franklin\/wp-content\/uploads\/2025\/02\/Procede-de-positionnement.pdf\" target=\"_blank\" rel=\"noopener\">Proc\u00e9d\u00e9 de positionnement<\/a><\/li>\n<li>Prise en compte du handicap. Notre structure n&rsquo;est pas \u00e9quip\u00e9e pour faire la formation pratique des personnes en situation de handicap. Voici une liste d&rsquo;auto-\u00e9coles \u00e0 proximit\u00e9 qui sont en mesure de vous accueillir.<\/li>\n<\/ul>\n <\/div>[vc_column_text]\n<h3 style=\"color: #003156;\">Modalit\u00e9s d\u2019organisation des formations th\u00e9oriques et pratiques<\/h3>\n[\/vc_column_text]<div class=\"nectar-fancy-ul\" data-list-icon=\"icon-salient-thin-line\" data-animation=\"false\" data-animation-delay=\"0\" data-color=\"accent-color\" data-spacing=\"default\" data-alignment=\"left\"> \n<ul>\n<li><a href=\"https:\/\/de-vv.com\/franklin\/wp-content\/uploads\/2025\/02\/Programme-formation-theorique.pdf\" target=\"_blank\" rel=\"noopener\">Parcours de formation &#8211; Code de la route<\/a><\/li>\n<li><a href=\"https:\/\/de-vv.com\/franklin\/wp-content\/uploads\/2025\/02\/Parcours-de-formation-permis-B.pdf\" target=\"_blank\" rel=\"noopener\">Parcours de formation &#8211; Permis B<\/a><\/li>\n<li><a href=\"https:\/\/de-vv.com\/franklin\/wp-content\/uploads\/2025\/02\/Parcours-de-formation-permis-A.pdf\" target=\"_blank\" rel=\"noopener\">Parcours de formation &#8211; Permis A1\/A2<\/a><\/li>\n<\/ul>\n <\/div>[vc_column_text]\n<h3 style=\"color: #003156;\">Modalit\u00e9s de traitement des r\u00e9clamations<\/h3>\n[\/vc_column_text]<div class=\"nectar-fancy-ul\" data-list-icon=\"icon-salient-thin-line\" data-animation=\"false\" data-animation-delay=\"0\" data-color=\"accent-color\" data-spacing=\"default\" data-alignment=\"left\"> \n<ul>\n<li><a href=\"https:\/\/de-vv.com\/franklin\/wp-content\/uploads\/2025\/02\/Traitement-des-reclamations.pdf\" target=\"_blank\" rel=\"noopener\">Le traitement des r\u00e9clamations<\/a><\/li>\n<\/ul>\n <\/div>[\/vc_column][\/vc_row][vc_row type=\u00a0\u00bbfull_width_background\u00a0\u00bb full_screen_row_position=\u00a0\u00bbmiddle\u00a0\u00bb equal_height=\u00a0\u00bbyes\u00a0\u00bb content_placement=\u00a0\u00bbmiddle\u00a0\u00bb column_margin=\u00a0\u00bbdefault\u00a0\u00bb bg_color=\u00a0\u00bb#003156&Prime; scene_position=\u00a0\u00bbcenter\u00a0\u00bb text_color=\u00a0\u00bblight\u00a0\u00bb text_align=\u00a0\u00bbleft\u00a0\u00bb overlay_strength=\u00a0\u00bb0.3&Prime; shape_divider_position=\u00a0\u00bbbottom\u00a0\u00bb bg_image_animation=\u00a0\u00bbnone\u00a0\u00bb shape_type=\u00a0\u00bb\u00a0\u00bb][vc_column centered_text=\u00a0\u00bbtrue\u00a0\u00bb column_padding=\u00a0\u00bbpadding-2-percent\u00a0\u00bb column_padding_position=\u00a0\u00bball\u00a0\u00bb background_color_opacity=\u00a0\u00bb1&Prime; background_hover_color_opacity=\u00a0\u00bb1&Prime; column_link_target=\u00a0\u00bb_self\u00a0\u00bb column_shadow=\u00a0\u00bbnone\u00a0\u00bb column_border_radius=\u00a0\u00bbnone\u00a0\u00bb width=\u00a0\u00bb1\/4&Prime; tablet_width_inherit=\u00a0\u00bbdefault\u00a0\u00bb tablet_text_alignment=\u00a0\u00bbdefault\u00a0\u00bb phone_text_alignment=\u00a0\u00bbdefault\u00a0\u00bb overlay_strength=\u00a0\u00bb0.3&Prime; column_border_width=\u00a0\u00bbnone\u00a0\u00bb column_border_style=\u00a0\u00bbsolid\u00a0\u00bb bg_image_animation=\u00a0\u00bbnone\u00a0\u00bb][image_with_animation image_url=\u00a0\u00bb106&Prime; alignment=\u00a0\u00bbcenter\u00a0\u00bb animation=\u00a0\u00bbFade In\u00a0\u00bb hover_animation=\u00a0\u00bbnone\u00a0\u00bb border_radius=\u00a0\u00bbnone\u00a0\u00bb box_shadow=\u00a0\u00bbnone\u00a0\u00bb image_loading=\u00a0\u00bblazy-load\u00a0\u00bb max_width=\u00a0\u00bb75%\u00a0\u00bb max_width_mobile=\u00a0\u00bbdefault\u00a0\u00bb][\/vc_column][vc_column column_padding=\u00a0\u00bbpadding-2-percent\u00a0\u00bb column_padding_position=\u00a0\u00bball\u00a0\u00bb background_color_opacity=\u00a0\u00bb1&Prime; background_hover_color_opacity=\u00a0\u00bb1&Prime; column_link_target=\u00a0\u00bb_self\u00a0\u00bb column_shadow=\u00a0\u00bbnone\u00a0\u00bb column_border_radius=\u00a0\u00bbnone\u00a0\u00bb width=\u00a0\u00bb3\/4&Prime; tablet_width_inherit=\u00a0\u00bbdefault\u00a0\u00bb tablet_text_alignment=\u00a0\u00bbdefault\u00a0\u00bb phone_text_alignment=\u00a0\u00bbdefault\u00a0\u00bb overlay_strength=\u00a0\u00bb0.3&Prime; column_border_width=\u00a0\u00bbnone\u00a0\u00bb column_border_style=\u00a0\u00bbsolid\u00a0\u00bb bg_image_animation=\u00a0\u00bbnone\u00a0\u00bb][vc_column_text css=\u00a0\u00bb.vc_custom_1733865227118{padding-bottom: 12px !important;}\u00a0\u00bb]\n<h2>Une auto-\u00e9cole de qualit\u00e9 !<\/h2>\n[\/vc_column_text][vc_column_text]L&rsquo;Auto-\u00e9cole Franklin s\u2019est engag\u00e9e dans une d\u00e9marche de qualit\u00e9. Elle dispose du <a style=\"color: #bdd5ea;\" href=\"https:\/\/www.securite-routiere.gouv.fr\/les-metiers-de-leducation-routiere\/obtenir-le-label-pour-son-ecole-de-conduite\" target=\"_blank\" rel=\"noopener\">label \u00ab qualit\u00e9 des formations au sein des \u00e9coles de conduite \u00bb<\/a> d\u00e9cern\u00e9 par le Minist\u00e8re de l\u2019Int\u00e9rieur. Pour en savoir plus sur le contenu et le d\u00e9roulement de nos formations, nous vous invitons \u00e0 consulter ces informations utiles.[\/vc_column_text][\/vc_column][\/vc_row]\n","protected":false},"excerpt":{"rendered":"<p>[vc_row type=\u00a0\u00bbin_container\u00a0\u00bb full_screen_row_position=\u00a0\u00bbmiddle\u00a0\u00bb column_margin=\u00a0\u00bbdefault\u00a0\u00bb scene_position=\u00a0\u00bbcenter\u00a0\u00bb text_color=\u00a0\u00bbdark\u00a0\u00bb text_align=\u00a0\u00bbleft\u00a0\u00bb overlay_strength=\u00a0\u00bb0.3&Prime; shape_divider_position=\u00a0\u00bbbottom\u00a0\u00bb bg_image_animation=\u00a0\u00bbnone\u00a0\u00bb][vc_column centered_text=\u00a0\u00bbtrue\u00a0\u00bb column_padding=\u00a0\u00bbpadding-2-percent\u00a0\u00bb column_padding_position=\u00a0\u00bball\u00a0\u00bb background_color_opacity=\u00a0\u00bb1&Prime; background_hover_color_opacity=\u00a0\u00bb1&Prime; column_link_target=\u00a0\u00bb_self\u00a0\u00bb column_shadow=\u00a0\u00bbnone\u00a0\u00bb column_border_radius=\u00a0\u00bbnone\u00a0\u00bb width=\u00a0\u00bb1\/1&Prime; tablet_width_inherit=\u00a0\u00bbdefault\u00a0\u00bb tablet_text_alignment=\u00a0\u00bbdefault\u00a0\u00bb phone_text_alignment=\u00a0\u00bbdefault\u00a0\u00bb overlay_strength=\u00a0\u00bb0.3&Prime; column_border_width=\u00a0\u00bbnone\u00a0\u00bb column_border_style=\u00a0\u00bbsolid\u00a0\u00bb bg_image_animation=\u00a0\u00bbnone\u00a0\u00bb][vc_column_text] Informations utiles [\/vc_column_text][vc_column_text] L\u2019essentiel&#8230;<\/p>\n","protected":false},"author":1,"featured_media":152,"parent":0,"menu_order":0,"comment_status":"closed","ping_status":"closed","template":"","meta":{"footnotes":""},"class_list":["post-22","page","type-page","status-publish","has-post-thumbnail"],"yoast_head":"<!-- This site is optimized with the Yoast SEO plugin v26.8 - https:\/\/yoast.com\/product\/yoast-seo-wordpress\/ -->\n<title>Informations utiles pour votre permis - Auto-\u00e9cole Franklin \u00e0 Montreuil<\/title>\n<meta name=\"description\" content=\"Consultez des documents utiles pour votre formation au permis de conduire au sein de l&#039;Auto-\u00e9cole Franklin \u00e0 Montreuil. Label de qualit\u00e9.\" \/>\n<meta name=\"robots\" content=\"noindex, follow, max-snippet:-1, max-image-preview:large, max-video-preview:-1\" \/>\n<meta property=\"og:locale\" content=\"fr_FR\" \/>\n<meta property=\"og:type\" content=\"article\" \/>\n<meta property=\"og:title\" content=\"Informations utiles pour votre permis - Auto-\u00e9cole Franklin \u00e0 Montreuil\" \/>\n<meta property=\"og:description\" content=\"Consultez des documents utiles pour votre formation au permis de conduire au sein de l&#039;Auto-\u00e9cole Franklin \u00e0 Montreuil. Label de qualit\u00e9.\" \/>\n<meta property=\"og:url\" content=\"https:\/\/de-vv.com\/franklin\/informations-utiles\/\" \/>\n<meta property=\"og:site_name\" content=\"Auto-\u00e9cole Franklin\" \/>\n<meta property=\"article:modified_time\" content=\"2025-02-26T18:33:33+00:00\" \/>\n<meta property=\"og:image\" content=\"https:\/\/de-vv.com\/franklin\/wp-content\/uploads\/2025\/02\/Auto-ecole-Franklin-logo.png\" \/>\n\t<meta property=\"og:image:width\" content=\"500\" \/>\n\t<meta property=\"og:image:height\" content=\"230\" \/>\n\t<meta property=\"og:image:type\" content=\"image\/png\" \/>\n<meta name=\"twitter:card\" content=\"summary_large_image\" \/>\n<meta name=\"twitter:label1\" content=\"Dur\u00e9e de lecture estim\u00e9e\" \/>\n\t<meta name=\"twitter:data1\" content=\"4 minutes\" \/>\n<script type=\"application\/ld+json\" class=\"yoast-schema-graph\">{\"@context\":\"https:\/\/schema.org\",\"@graph\":[{\"@type\":\"WebPage\",\"@id\":\"https:\/\/de-vv.com\/franklin\/informations-utiles\/\",\"url\":\"https:\/\/de-vv.com\/franklin\/informations-utiles\/\",\"name\":\"Informations utiles pour votre permis - Auto-\u00e9cole Franklin \u00e0 Montreuil\",\"isPartOf\":{\"@id\":\"https:\/\/de-vv.com\/franklin\/#website\"},\"primaryImageOfPage\":{\"@id\":\"https:\/\/de-vv.com\/franklin\/informations-utiles\/#primaryimage\"},\"image\":{\"@id\":\"https:\/\/de-vv.com\/franklin\/informations-utiles\/#primaryimage\"},\"thumbnailUrl\":\"https:\/\/de-vv.com\/franklin\/wp-content\/uploads\/2025\/02\/Auto-ecole-Franklin-logo.png\",\"datePublished\":\"2025-02-15T19:23:25+00:00\",\"dateModified\":\"2025-02-26T18:33:33+00:00\",\"description\":\"Consultez des documents utiles pour votre formation au permis de conduire au sein de l'Auto-\u00e9cole Franklin \u00e0 Montreuil. Label de qualit\u00e9.\",\"breadcrumb\":{\"@id\":\"https:\/\/de-vv.com\/franklin\/informations-utiles\/#breadcrumb\"},\"inLanguage\":\"fr-FR\",\"potentialAction\":[{\"@type\":\"ReadAction\",\"target\":[\"https:\/\/de-vv.com\/franklin\/informations-utiles\/\"]}]},{\"@type\":\"ImageObject\",\"inLanguage\":\"fr-FR\",\"@id\":\"https:\/\/de-vv.com\/franklin\/informations-utiles\/#primaryimage\",\"url\":\"https:\/\/de-vv.com\/franklin\/wp-content\/uploads\/2025\/02\/Auto-ecole-Franklin-logo.png\",\"contentUrl\":\"https:\/\/de-vv.com\/franklin\/wp-content\/uploads\/2025\/02\/Auto-ecole-Franklin-logo.png\",\"width\":500,\"height\":230,\"caption\":\"Auto-\u00e9cole Franklin - logo\"},{\"@type\":\"BreadcrumbList\",\"@id\":\"https:\/\/de-vv.com\/franklin\/informations-utiles\/#breadcrumb\",\"itemListElement\":[{\"@type\":\"ListItem\",\"position\":1,\"name\":\"Accueil\",\"item\":\"https:\/\/de-vv.com\/franklin\/\"},{\"@type\":\"ListItem\",\"position\":2,\"name\":\"Informations utiles\"}]},{\"@type\":\"WebSite\",\"@id\":\"https:\/\/de-vv.com\/franklin\/#website\",\"url\":\"https:\/\/de-vv.com\/franklin\/\",\"name\":\"Auto-\u00e9cole Franklin\",\"description\":\"votre auto-\u00e9cole \u00e0 la Mairie de Montreuil\",\"potentialAction\":[{\"@type\":\"SearchAction\",\"target\":{\"@type\":\"EntryPoint\",\"urlTemplate\":\"https:\/\/de-vv.com\/franklin\/?s={search_term_string}\"},\"query-input\":{\"@type\":\"PropertyValueSpecification\",\"valueRequired\":true,\"valueName\":\"search_term_string\"}}],\"inLanguage\":\"fr-FR\"}]}<\/script>\n<!-- \/ Yoast SEO plugin. -->","yoast_head_json":{"title":"Informations utiles pour votre permis - Auto-\u00e9cole Franklin \u00e0 Montreuil","description":"Consultez des documents utiles pour votre formation au permis de conduire au sein de l'Auto-\u00e9cole Franklin \u00e0 Montreuil. Label de qualit\u00e9.","robots":{"index":"noindex","follow":"follow","max-snippet":"max-snippet:-1","max-image-preview":"max-image-preview:large","max-video-preview":"max-video-preview:-1"},"og_locale":"fr_FR","og_type":"article","og_title":"Informations utiles pour votre permis - Auto-\u00e9cole Franklin \u00e0 Montreuil","og_description":"Consultez des documents utiles pour votre formation au permis de conduire au sein de l'Auto-\u00e9cole Franklin \u00e0 Montreuil. Label de qualit\u00e9.","og_url":"https:\/\/de-vv.com\/franklin\/informations-utiles\/","og_site_name":"Auto-\u00e9cole Franklin","article_modified_time":"2025-02-26T18:33:33+00:00","og_image":[{"width":500,"height":230,"url":"https:\/\/de-vv.com\/franklin\/wp-content\/uploads\/2025\/02\/Auto-ecole-Franklin-logo.png","type":"image\/png"}],"twitter_card":"summary_large_image","twitter_misc":{"Dur\u00e9e de lecture estim\u00e9e":"4 minutes"},"schema":{"@context":"https:\/\/schema.org","@graph":[{"@type":"WebPage","@id":"https:\/\/de-vv.com\/franklin\/informations-utiles\/","url":"https:\/\/de-vv.com\/franklin\/informations-utiles\/","name":"Informations utiles pour votre permis - Auto-\u00e9cole Franklin \u00e0 Montreuil","isPartOf":{"@id":"https:\/\/de-vv.com\/franklin\/#website"},"primaryImageOfPage":{"@id":"https:\/\/de-vv.com\/franklin\/informations-utiles\/#primaryimage"},"image":{"@id":"https:\/\/de-vv.com\/franklin\/informations-utiles\/#primaryimage"},"thumbnailUrl":"https:\/\/de-vv.com\/franklin\/wp-content\/uploads\/2025\/02\/Auto-ecole-Franklin-logo.png","datePublished":"2025-02-15T19:23:25+00:00","dateModified":"2025-02-26T18:33:33+00:00","description":"Consultez des documents utiles pour votre formation au permis de conduire au sein de l'Auto-\u00e9cole Franklin \u00e0 Montreuil. Label de qualit\u00e9.","breadcrumb":{"@id":"https:\/\/de-vv.com\/franklin\/informations-utiles\/#breadcrumb"},"inLanguage":"fr-FR","potentialAction":[{"@type":"ReadAction","target":["https:\/\/de-vv.com\/franklin\/informations-utiles\/"]}]},{"@type":"ImageObject","inLanguage":"fr-FR","@id":"https:\/\/de-vv.com\/franklin\/informations-utiles\/#primaryimage","url":"https:\/\/de-vv.com\/franklin\/wp-content\/uploads\/2025\/02\/Auto-ecole-Franklin-logo.png","contentUrl":"https:\/\/de-vv.com\/franklin\/wp-content\/uploads\/2025\/02\/Auto-ecole-Franklin-logo.png","width":500,"height":230,"caption":"Auto-\u00e9cole Franklin - logo"},{"@type":"BreadcrumbList","@id":"https:\/\/de-vv.com\/franklin\/informations-utiles\/#breadcrumb","itemListElement":[{"@type":"ListItem","position":1,"name":"Accueil","item":"https:\/\/de-vv.com\/franklin\/"},{"@type":"ListItem","position":2,"name":"Informations utiles"}]},{"@type":"WebSite","@id":"https:\/\/de-vv.com\/franklin\/#website","url":"https:\/\/de-vv.com\/franklin\/","name":"Auto-\u00e9cole Franklin","description":"votre auto-\u00e9cole \u00e0 la Mairie de Montreuil","potentialAction":[{"@type":"SearchAction","target":{"@type":"EntryPoint","urlTemplate":"https:\/\/de-vv.com\/franklin\/?s={search_term_string}"},"query-input":{"@type":"PropertyValueSpecification","valueRequired":true,"valueName":"search_term_string"}}],"inLanguage":"fr-FR"}]}},"_links":{"self":[{"href":"https:\/\/de-vv.com\/franklin\/wp-json\/wp\/v2\/pages\/22","targetHints":{"allow":["GET"]}}],"collection":[{"href":"https:\/\/de-vv.com\/franklin\/wp-json\/wp\/v2\/pages"}],"about":[{"href":"https:\/\/de-vv.com\/franklin\/wp-json\/wp\/v2\/types\/page"}],"author":[{"embeddable":true,"href":"https:\/\/de-vv.com\/franklin\/wp-json\/wp\/v2\/users\/1"}],"replies":[{"embeddable":true,"href":"https:\/\/de-vv.com\/franklin\/wp-json\/wp\/v2\/comments?post=22"}],"version-history":[{"count":6,"href":"https:\/\/de-vv.com\/franklin\/wp-json\/wp\/v2\/pages\/22\/revisions"}],"predecessor-version":[{"id":248,"href":"https:\/\/de-vv.com\/franklin\/wp-json\/wp\/v2\/pages\/22\/revisions\/248"}],"wp:featuredmedia":[{"embeddable":true,"href":"https:\/\/de-vv.com\/franklin\/wp-json\/wp\/v2\/media\/152"}],"wp:attachment":[{"href":"https:\/\/de-vv.com\/franklin\/wp-json\/wp\/v2\/media?parent=22"}],"curies":[{"name":"wp","href":"https:\/\/api.w.org\/{rel}","templated":true}]}}