{"id":35,"date":"2025-02-15T20:25:40","date_gmt":"2025-02-15T19:25:40","guid":{"rendered":"https:\/\/de-vv.com\/franklin\/?page_id=35"},"modified":"2025-02-26T19:07:52","modified_gmt":"2025-02-26T18:07:52","slug":"financement-cpf","status":"publish","type":"page","link":"https:\/\/de-vv.com\/franklin\/financement-cpf\/","title":{"rendered":"Financement CPF"},"content":{"rendered":"[vc_row type=\u00a0\u00bbfull_width_background\u00a0\u00bb full_screen_row_position=\u00a0\u00bbmiddle\u00a0\u00bb equal_height=\u00a0\u00bbyes\u00a0\u00bb content_placement=\u00a0\u00bbmiddle\u00a0\u00bb column_margin=\u00a0\u00bbdefault\u00a0\u00bb scene_position=\u00a0\u00bbcenter\u00a0\u00bb text_color=\u00a0\u00bbdark\u00a0\u00bb text_align=\u00a0\u00bbleft\u00a0\u00bb bottom_padding=\u00a0\u00bb40&Prime; overlay_strength=\u00a0\u00bb0.3&Prime; shape_divider_position=\u00a0\u00bbbottom\u00a0\u00bb bg_image_animation=\u00a0\u00bbnone\u00a0\u00bb shape_type=\u00a0\u00bb\u00a0\u00bb][vc_column column_padding=\u00a0\u00bbpadding-2-percent\u00a0\u00bb column_padding_position=\u00a0\u00bball\u00a0\u00bb background_color_opacity=\u00a0\u00bb1&Prime; background_hover_color_opacity=\u00a0\u00bb1&Prime; column_link_target=\u00a0\u00bb_self\u00a0\u00bb column_shadow=\u00a0\u00bbnone\u00a0\u00bb column_border_radius=\u00a0\u00bbnone\u00a0\u00bb width=\u00a0\u00bb2\/3&Prime; tablet_width_inherit=\u00a0\u00bbdefault\u00a0\u00bb tablet_text_alignment=\u00a0\u00bbdefault\u00a0\u00bb phone_text_alignment=\u00a0\u00bbdefault\u00a0\u00bb overlay_strength=\u00a0\u00bb0.3&Prime; column_border_width=\u00a0\u00bbnone\u00a0\u00bb column_border_style=\u00a0\u00bbsolid\u00a0\u00bb bg_image_animation=\u00a0\u00bbnone\u00a0\u00bb][vc_column_text]\n<h1>Financer son permis gr\u00e2ce au CPF \u00e0 Montreuil<\/h1>\n[\/vc_column_text][vc_column_text css=\u00a0\u00bb.vc_custom_1740217925126{padding-top: 20px !important;padding-bottom: 20px !important;}\u00a0\u00bb]Vous \u00eates salari\u00e9 ou en alternance et vous habitez Montreuil ? Vous disposez d&rsquo;un CPF (Compte Personnel de Formation) sur lequel vous avez accumul\u00e9e une somme (en euros) vous permettant de vous former. L&rsquo;Auto-\u00e9cole Franklin vous permet d&rsquo;utiliser cette somme pour payer tout ou partie de votre permis de conduire.[\/vc_column_text][nectar_btn size=\u00a0\u00bblarge\u00a0\u00bb button_style=\u00a0\u00bbregular\u00a0\u00bb button_color_2=\u00a0\u00bbExtra-Color-3&Prime; color_override=\u00a0\u00bb#003156&Prime; solid_text_color_override=\u00a0\u00bb#ffffff\u00a0\u00bb icon_family=\u00a0\u00bbfontawesome\u00a0\u00bb text=\u00a0\u00bbVoir nos offres\u00a0\u00bb margin_top=\u00a0\u00bb5&Prime; margin_right=\u00a0\u00bb10&Prime; margin_bottom=\u00a0\u00bb5&Prime; icon_fontawesome=\u00a0\u00bbfa fa-tag\u00a0\u00bb url=\u00a0\u00bb#offres\u00a0\u00bb][nectar_btn size=\u00a0\u00bblarge\u00a0\u00bb button_style=\u00a0\u00bbregular\u00a0\u00bb button_color_2=\u00a0\u00bbAccent-Color\u00a0\u00bb solid_text_color_override=\u00a0\u00bb#ffffff\u00a0\u00bb icon_family=\u00a0\u00bbfontawesome\u00a0\u00bb url=\u00a0\u00bbtel:01.79.63.42.68&Prime; text=\u00a0\u00bb01 79 63 42 68&Prime; margin_top=\u00a0\u00bb5&Prime; margin_right=\u00a0\u00bb5&Prime; margin_bottom=\u00a0\u00bb5&Prime; icon_fontawesome=\u00a0\u00bbfa fa-mobile\u00a0\u00bb][\/vc_column][vc_column centered_text=\u00a0\u00bbtrue\u00a0\u00bb column_padding=\u00a0\u00bbpadding-2-percent\u00a0\u00bb column_padding_position=\u00a0\u00bball\u00a0\u00bb background_color_opacity=\u00a0\u00bb1&Prime; background_hover_color_opacity=\u00a0\u00bb1&Prime; column_link_target=\u00a0\u00bb_self\u00a0\u00bb column_shadow=\u00a0\u00bbnone\u00a0\u00bb column_border_radius=\u00a0\u00bbnone\u00a0\u00bb width=\u00a0\u00bb1\/3&Prime; tablet_width_inherit=\u00a0\u00bbdefault\u00a0\u00bb tablet_text_alignment=\u00a0\u00bbdefault\u00a0\u00bb phone_text_alignment=\u00a0\u00bbdefault\u00a0\u00bb overlay_strength=\u00a0\u00bb0.3&Prime; column_border_width=\u00a0\u00bbnone\u00a0\u00bb column_border_style=\u00a0\u00bbsolid\u00a0\u00bb bg_image_animation=\u00a0\u00bbnone\u00a0\u00bb enable_animation=\u00a0\u00bbtrue\u00a0\u00bb animation=\u00a0\u00bbfade-in-from-right\u00a0\u00bb][image_with_animation image_url=\u00a0\u00bb104&Prime; alignment=\u00a0\u00bbcenter\u00a0\u00bb animation=\u00a0\u00bbFade In\u00a0\u00bb hover_animation=\u00a0\u00bbnone\u00a0\u00bb border_radius=\u00a0\u00bbnone\u00a0\u00bb box_shadow=\u00a0\u00bbnone\u00a0\u00bb image_loading=\u00a0\u00bblazy-load\u00a0\u00bb max_width=\u00a0\u00bb100%\u00a0\u00bb max_width_mobile=\u00a0\u00bbdefault\u00a0\u00bb][\/vc_column][\/vc_row][vc_row type=\u00a0\u00bbfull_width_background\u00a0\u00bb full_screen_row_position=\u00a0\u00bbmiddle\u00a0\u00bb equal_height=\u00a0\u00bbyes\u00a0\u00bb content_placement=\u00a0\u00bbmiddle\u00a0\u00bb column_margin=\u00a0\u00bbdefault\u00a0\u00bb bg_color=\u00a0\u00bb#f7f7f7&Prime; scene_position=\u00a0\u00bbcenter\u00a0\u00bb text_color=\u00a0\u00bbdark\u00a0\u00bb text_align=\u00a0\u00bbleft\u00a0\u00bb overlay_strength=\u00a0\u00bb0.3&Prime; shape_divider_position=\u00a0\u00bbbottom\u00a0\u00bb bg_image_animation=\u00a0\u00bbnone\u00a0\u00bb shape_type=\u00a0\u00bb\u00a0\u00bb][vc_column column_padding=\u00a0\u00bbno-extra-padding\u00a0\u00bb column_padding_position=\u00a0\u00bball\u00a0\u00bb background_color_opacity=\u00a0\u00bb1&Prime; background_hover_color_opacity=\u00a0\u00bb1&Prime; column_link_target=\u00a0\u00bb_self\u00a0\u00bb column_shadow=\u00a0\u00bbnone\u00a0\u00bb column_border_radius=\u00a0\u00bbnone\u00a0\u00bb width=\u00a0\u00bb2\/3&Prime; tablet_width_inherit=\u00a0\u00bbdefault\u00a0\u00bb tablet_text_alignment=\u00a0\u00bbdefault\u00a0\u00bb phone_text_alignment=\u00a0\u00bbdefault\u00a0\u00bb overlay_strength=\u00a0\u00bb0.3&Prime; column_border_width=\u00a0\u00bbnone\u00a0\u00bb column_border_style=\u00a0\u00bbsolid\u00a0\u00bb bg_image_animation=\u00a0\u00bbnone\u00a0\u00bb][vc_column_text]\n<h3>Cr\u00e9ez votre Identit\u00e9 num\u00e9rique avec La Poste<\/h3>\n<p>Pour pouvoir vous connecter \u00e0 la plateforme Mon Compte Formation et mobiliser les sommes cr\u00e9dit\u00e9es sur votre compte personnel de formation (CPF), vous devez d\u00e9sormais passer par France Connect+.<\/p>\n<p>Si ce n&rsquo;est pas d\u00e9j\u00e0 fait, vous devez vous <a href=\"https:\/\/lidentitenumerique.laposte.fr\/\" target=\"_blank\" rel=\"noopener\"><strong>cr\u00e9er votre Identit\u00e9 num\u00e9rique<\/strong><\/a> sur le site de La Poste.[\/vc_column_text][\/vc_column][vc_column centered_text=\u00a0\u00bbtrue\u00a0\u00bb column_padding=\u00a0\u00bbpadding-2-percent\u00a0\u00bb column_padding_position=\u00a0\u00bball\u00a0\u00bb background_color_opacity=\u00a0\u00bb1&Prime; background_hover_color_opacity=\u00a0\u00bb1&Prime; column_link_target=\u00a0\u00bb_self\u00a0\u00bb column_shadow=\u00a0\u00bbnone\u00a0\u00bb column_border_radius=\u00a0\u00bbnone\u00a0\u00bb width=\u00a0\u00bb1\/3&Prime; tablet_width_inherit=\u00a0\u00bbdefault\u00a0\u00bb tablet_text_alignment=\u00a0\u00bbdefault\u00a0\u00bb phone_text_alignment=\u00a0\u00bbdefault\u00a0\u00bb overlay_strength=\u00a0\u00bb0.3&Prime; column_border_width=\u00a0\u00bbnone\u00a0\u00bb column_border_style=\u00a0\u00bbsolid\u00a0\u00bb bg_image_animation=\u00a0\u00bbnone\u00a0\u00bb][image_with_animation image_url=\u00a0\u00bb105&Prime; alignment=\u00a0\u00bbcenter\u00a0\u00bb animation=\u00a0\u00bbFade In\u00a0\u00bb hover_animation=\u00a0\u00bbnone\u00a0\u00bb border_radius=\u00a0\u00bbnone\u00a0\u00bb box_shadow=\u00a0\u00bbnone\u00a0\u00bb image_loading=\u00a0\u00bblazy-load\u00a0\u00bb max_width=\u00a0\u00bb100%\u00a0\u00bb max_width_mobile=\u00a0\u00bbdefault\u00a0\u00bb][\/vc_column][\/vc_row][vc_row type=\u00a0\u00bbfull_width_background\u00a0\u00bb full_screen_row_position=\u00a0\u00bbmiddle\u00a0\u00bb column_margin=\u00a0\u00bbdefault\u00a0\u00bb bg_color=\u00a0\u00bb#003156&Prime; scene_position=\u00a0\u00bbcenter\u00a0\u00bb text_color=\u00a0\u00bblight\u00a0\u00bb text_align=\u00a0\u00bbleft\u00a0\u00bb top_padding=\u00a0\u00bb20&Prime; bottom_padding=\u00a0\u00bb20&Prime; id=\u00a0\u00bboffres\u00a0\u00bb overlay_strength=\u00a0\u00bb0.3&Prime; shape_divider_position=\u00a0\u00bbbottom\u00a0\u00bb bg_image_animation=\u00a0\u00bbnone\u00a0\u00bb shape_type=\u00a0\u00bb\u00a0\u00bb][vc_column column_padding=\u00a0\u00bbpadding-2-percent\u00a0\u00bb column_padding_position=\u00a0\u00bball\u00a0\u00bb background_color_opacity=\u00a0\u00bb1&Prime; background_hover_color_opacity=\u00a0\u00bb1&Prime; column_link_target=\u00a0\u00bb_self\u00a0\u00bb column_shadow=\u00a0\u00bbnone\u00a0\u00bb column_border_radius=\u00a0\u00bbnone\u00a0\u00bb width=\u00a0\u00bb1\/1&Prime; tablet_width_inherit=\u00a0\u00bbdefault\u00a0\u00bb tablet_text_alignment=\u00a0\u00bbdefault\u00a0\u00bb phone_text_alignment=\u00a0\u00bbdefault\u00a0\u00bb overlay_strength=\u00a0\u00bb0.3&Prime; column_border_width=\u00a0\u00bbnone\u00a0\u00bb column_border_style=\u00a0\u00bbsolid\u00a0\u00bb bg_image_animation=\u00a0\u00bbnone\u00a0\u00bb][vc_column_text css=\u00a0\u00bb.vc_custom_1740217984229{padding-bottom: 20px !important;}\u00a0\u00bb]\n<h2>Nos formations CPF au permis de conduire B<\/h2>\n<p>Consultez nos offres de formation CPF et pr\u00e9-inscrivez-vous avec l&rsquo;<a style=\"color: #bdd5ea;\" href=\"https:\/\/de-vv.com\/franklin\/\" target=\"_blank\" rel=\"noopener\">Auto-\u00e9cole Franklin<\/a> \u00e0 Montreuil.[\/vc_column_text][vc_row_inner column_margin=\u00a0\u00bbdefault\u00a0\u00bb text_align=\u00a0\u00bbleft\u00a0\u00bb][vc_column_inner column_padding=\u00a0\u00bbpadding-2-percent\u00a0\u00bb column_padding_position=\u00a0\u00bball\u00a0\u00bb centered_text=\u00a0\u00bbtrue\u00a0\u00bb background_color=\u00a0\u00bb#ffffff\u00a0\u00bb background_color_opacity=\u00a0\u00bb1&Prime; background_hover_color_opacity=\u00a0\u00bb1&Prime; font_color=\u00a0\u00bb#333333&Prime; column_shadow=\u00a0\u00bbsmall_depth\u00a0\u00bb column_border_radius=\u00a0\u00bbnone\u00a0\u00bb column_link_target=\u00a0\u00bb_self\u00a0\u00bb width=\u00a0\u00bb1\/4&Prime; tablet_width_inherit=\u00a0\u00bbdefault\u00a0\u00bb overlay_strength=\u00a0\u00bb0.3&Prime; column_border_width=\u00a0\u00bbnone\u00a0\u00bb column_border_style=\u00a0\u00bbsolid\u00a0\u00bb bg_image_animation=\u00a0\u00bbnone\u00a0\u00bb][vc_column_text css=\u00a0\u00bb.vc_custom_1740593148538{padding-bottom: 12px !important;}\u00a0\u00bb]<strong>Forfait 10h + examen<\/strong><br \/>\nBo\u00eete manuelle ou auto[\/vc_column_text][nectar_btn size=\u00a0\u00bbsmall\u00a0\u00bb open_new_tab=\u00a0\u00bbtrue\u00a0\u00bb button_style=\u00a0\u00bbregular\u00a0\u00bb button_color_2=\u00a0\u00bbAccent-Color\u00a0\u00bb icon_family=\u00a0\u00bbdefault_arrow\u00a0\u00bb text=\u00a0\u00bbS\u00e9lectionner\u00a0\u00bb][\/vc_column_inner][vc_column_inner column_padding=\u00a0\u00bbpadding-2-percent\u00a0\u00bb column_padding_position=\u00a0\u00bball\u00a0\u00bb centered_text=\u00a0\u00bbtrue\u00a0\u00bb background_color=\u00a0\u00bb#ffffff\u00a0\u00bb background_color_opacity=\u00a0\u00bb1&Prime; background_hover_color_opacity=\u00a0\u00bb1&Prime; font_color=\u00a0\u00bb#333333&Prime; column_shadow=\u00a0\u00bbsmall_depth\u00a0\u00bb column_border_radius=\u00a0\u00bbnone\u00a0\u00bb column_link_target=\u00a0\u00bb_self\u00a0\u00bb width=\u00a0\u00bb1\/4&Prime; tablet_width_inherit=\u00a0\u00bbdefault\u00a0\u00bb overlay_strength=\u00a0\u00bb0.3&Prime; column_border_width=\u00a0\u00bbnone\u00a0\u00bb column_border_style=\u00a0\u00bbsolid\u00a0\u00bb bg_image_animation=\u00a0\u00bbnone\u00a0\u00bb][vc_column_text css=\u00a0\u00bb.vc_custom_1740593144458{padding-bottom: 12px !important;}\u00a0\u00bb]<strong>Forfait 20h + examen<\/strong><br \/>\nBo\u00eete manuelle ou auto[\/vc_column_text][nectar_btn size=\u00a0\u00bbsmall\u00a0\u00bb open_new_tab=\u00a0\u00bbtrue\u00a0\u00bb button_style=\u00a0\u00bbregular\u00a0\u00bb button_color_2=\u00a0\u00bbAccent-Color\u00a0\u00bb icon_family=\u00a0\u00bbdefault_arrow\u00a0\u00bb text=\u00a0\u00bbS\u00e9lectionner\u00a0\u00bb][\/vc_column_inner][vc_column_inner column_padding=\u00a0\u00bbpadding-2-percent\u00a0\u00bb column_padding_position=\u00a0\u00bball\u00a0\u00bb centered_text=\u00a0\u00bbtrue\u00a0\u00bb background_color=\u00a0\u00bb#ffffff\u00a0\u00bb background_color_opacity=\u00a0\u00bb1&Prime; background_hover_color_opacity=\u00a0\u00bb1&Prime; font_color=\u00a0\u00bb#333333&Prime; column_shadow=\u00a0\u00bbsmall_depth\u00a0\u00bb column_border_radius=\u00a0\u00bbnone\u00a0\u00bb column_link_target=\u00a0\u00bb_self\u00a0\u00bb width=\u00a0\u00bb1\/4&Prime; tablet_width_inherit=\u00a0\u00bbdefault\u00a0\u00bb overlay_strength=\u00a0\u00bb0.3&Prime; column_border_width=\u00a0\u00bbnone\u00a0\u00bb column_border_style=\u00a0\u00bbsolid\u00a0\u00bb bg_image_animation=\u00a0\u00bbnone\u00a0\u00bb][vc_column_text css=\u00a0\u00bb.vc_custom_1740593163882{padding-bottom: 12px !important;}\u00a0\u00bb]<strong>Forfait 30h + examen<\/strong><br \/>\nBo\u00eete manuelle ou auto[\/vc_column_text][nectar_btn size=\u00a0\u00bbsmall\u00a0\u00bb open_new_tab=\u00a0\u00bbtrue\u00a0\u00bb button_style=\u00a0\u00bbregular\u00a0\u00bb button_color_2=\u00a0\u00bbAccent-Color\u00a0\u00bb icon_family=\u00a0\u00bbdefault_arrow\u00a0\u00bb text=\u00a0\u00bbS\u00e9lectionner\u00a0\u00bb][\/vc_column_inner][vc_column_inner column_padding=\u00a0\u00bbpadding-2-percent\u00a0\u00bb column_padding_position=\u00a0\u00bball\u00a0\u00bb background_color_opacity=\u00a0\u00bb1&Prime; background_hover_color_opacity=\u00a0\u00bb1&Prime; font_color=\u00a0\u00bb#000000&Prime; column_shadow=\u00a0\u00bbnone\u00a0\u00bb column_border_radius=\u00a0\u00bbnone\u00a0\u00bb column_link_target=\u00a0\u00bb_self\u00a0\u00bb width=\u00a0\u00bb1\/4&Prime; tablet_width_inherit=\u00a0\u00bbdefault\u00a0\u00bb overlay_strength=\u00a0\u00bb0.3&Prime; column_border_width=\u00a0\u00bbnone\u00a0\u00bb column_border_style=\u00a0\u00bbsolid\u00a0\u00bb bg_image_animation=\u00a0\u00bbnone\u00a0\u00bb offset=\u00a0\u00bbvc_hidden-sm vc_hidden-xs\u00a0\u00bb][\/vc_column_inner][\/vc_row_inner][divider line_type=\u00a0\u00bbNo Line\u00a0\u00bb][vc_column_text]\n<p style=\"text-align: center;\">Retrouvez l&rsquo;ensemble de nos formations sur <u><a style=\"color: #bdd5ea!important;\" href=\"https:\/\/www.moncompteformation.gouv.fr\/espace-prive\/\">Mon Compte Formation<\/a><\/u><\/p>\n[\/vc_column_text][\/vc_column][\/vc_row][vc_row type=\u00a0\u00bbfull_width_background\u00a0\u00bb full_screen_row_position=\u00a0\u00bbmiddle\u00a0\u00bb column_margin=\u00a0\u00bbdefault\u00a0\u00bb bg_color=\u00a0\u00bb#f7f7f7&Prime; scene_position=\u00a0\u00bbcenter\u00a0\u00bb text_color=\u00a0\u00bbdark\u00a0\u00bb text_align=\u00a0\u00bbleft\u00a0\u00bb top_padding=\u00a0\u00bb20&Prime; bottom_padding=\u00a0\u00bb20&Prime; overlay_strength=\u00a0\u00bb0.3&Prime; shape_divider_position=\u00a0\u00bbbottom\u00a0\u00bb bg_image_animation=\u00a0\u00bbnone\u00a0\u00bb shape_type=\u00a0\u00bb\u00a0\u00bb][vc_column column_padding=\u00a0\u00bbpadding-2-percent\u00a0\u00bb column_padding_position=\u00a0\u00bball\u00a0\u00bb background_color_opacity=\u00a0\u00bb1&Prime; background_hover_color_opacity=\u00a0\u00bb1&Prime; column_link_target=\u00a0\u00bb_self\u00a0\u00bb column_shadow=\u00a0\u00bbnone\u00a0\u00bb column_border_radius=\u00a0\u00bbnone\u00a0\u00bb width=\u00a0\u00bb1\/1&Prime; tablet_width_inherit=\u00a0\u00bbdefault\u00a0\u00bb tablet_text_alignment=\u00a0\u00bbdefault\u00a0\u00bb phone_text_alignment=\u00a0\u00bbdefault\u00a0\u00bb overlay_strength=\u00a0\u00bb0.3&Prime; column_border_width=\u00a0\u00bbnone\u00a0\u00bb column_border_style=\u00a0\u00bbsolid\u00a0\u00bb bg_image_animation=\u00a0\u00bbnone\u00a0\u00bb][vc_column_text css=\u00a0\u00bb.vc_custom_1701850316143{padding-bottom: 12px !important;}\u00a0\u00bb]\n<h2>Vous avez une question sur le financement CPF?<\/h2>\n<p>Vous avez une question sur le contenu de nos formations, sur nos tarifs ou sur nos horaires ? Vous voulez des conseils personnalis\u00e9s en fonction de votre situation ? Vous avez des contraintes d&rsquo;agenda ou souhaitez passer le permis rapidement?[\/vc_column_text][nectar_btn size=\u00a0\u00bblarge\u00a0\u00bb button_style=\u00a0\u00bbregular\u00a0\u00bb button_color_2=\u00a0\u00bbExtra-Color-3&Prime; color_override=\u00a0\u00bb#003156&Prime; solid_text_color_override=\u00a0\u00bb#ffffff\u00a0\u00bb icon_family=\u00a0\u00bbfontawesome\u00a0\u00bb url=\u00a0\u00bbhttps:\/\/de-vv.com\/franklin\/contact\/\u00a0\u00bb text=\u00a0\u00bbContactez nous\u00a0\u00bb margin_top=\u00a0\u00bb5&Prime; margin_right=\u00a0\u00bb10&Prime; margin_bottom=\u00a0\u00bb5&Prime; icon_fontawesome=\u00a0\u00bbfa fa-envelope-open-o\u00a0\u00bb][nectar_btn size=\u00a0\u00bblarge\u00a0\u00bb button_style=\u00a0\u00bbregular\u00a0\u00bb button_color_2=\u00a0\u00bbAccent-Color\u00a0\u00bb solid_text_color_override=\u00a0\u00bb#ffffff\u00a0\u00bb icon_family=\u00a0\u00bbfontawesome\u00a0\u00bb url=\u00a0\u00bbtel:01.79.63.42.68&Prime; text=\u00a0\u00bb01 79 63 42 68&Prime; margin_top=\u00a0\u00bb5&Prime; margin_right=\u00a0\u00bb5&Prime; margin_bottom=\u00a0\u00bb5&Prime; icon_fontawesome=\u00a0\u00bbfa fa-mobile\u00a0\u00bb][\/vc_column][\/vc_row][vc_row type=\u00a0\u00bbin_container\u00a0\u00bb full_screen_row_position=\u00a0\u00bbmiddle\u00a0\u00bb equal_height=\u00a0\u00bbyes\u00a0\u00bb content_placement=\u00a0\u00bbmiddle\u00a0\u00bb column_margin=\u00a0\u00bbdefault\u00a0\u00bb scene_position=\u00a0\u00bbcenter\u00a0\u00bb text_color=\u00a0\u00bbdark\u00a0\u00bb text_align=\u00a0\u00bbleft\u00a0\u00bb overlay_strength=\u00a0\u00bb0.3&Prime; shape_divider_position=\u00a0\u00bbbottom\u00a0\u00bb bg_image_animation=\u00a0\u00bbnone\u00a0\u00bb shape_type=\u00a0\u00bb\u00a0\u00bb][vc_column centered_text=\u00a0\u00bbtrue\u00a0\u00bb column_padding=\u00a0\u00bbpadding-2-percent\u00a0\u00bb column_padding_position=\u00a0\u00bball\u00a0\u00bb background_color_opacity=\u00a0\u00bb1&Prime; background_hover_color_opacity=\u00a0\u00bb1&Prime; column_link_target=\u00a0\u00bb_self\u00a0\u00bb column_shadow=\u00a0\u00bbnone\u00a0\u00bb column_border_radius=\u00a0\u00bbnone\u00a0\u00bb width=\u00a0\u00bb1\/3&Prime; tablet_width_inherit=\u00a0\u00bbdefault\u00a0\u00bb tablet_text_alignment=\u00a0\u00bbdefault\u00a0\u00bb phone_text_alignment=\u00a0\u00bbdefault\u00a0\u00bb overlay_strength=\u00a0\u00bb0.3&Prime; column_border_width=\u00a0\u00bbnone\u00a0\u00bb column_border_style=\u00a0\u00bbsolid\u00a0\u00bb bg_image_animation=\u00a0\u00bbnone\u00a0\u00bb][image_with_animation image_url=\u00a0\u00bb103&Prime; alignment=\u00a0\u00bbcenter\u00a0\u00bb animation=\u00a0\u00bbFade In\u00a0\u00bb hover_animation=\u00a0\u00bbnone\u00a0\u00bb border_radius=\u00a0\u00bbnone\u00a0\u00bb box_shadow=\u00a0\u00bbnone\u00a0\u00bb image_loading=\u00a0\u00bbdefault\u00a0\u00bb max_width=\u00a0\u00bb75%\u00a0\u00bb max_width_mobile=\u00a0\u00bbdefault\u00a0\u00bb][\/vc_column][vc_column column_padding=\u00a0\u00bbpadding-2-percent\u00a0\u00bb column_padding_position=\u00a0\u00bball\u00a0\u00bb background_color_opacity=\u00a0\u00bb1&Prime; background_hover_color_opacity=\u00a0\u00bb1&Prime; column_link_target=\u00a0\u00bb_self\u00a0\u00bb column_shadow=\u00a0\u00bbnone\u00a0\u00bb column_border_radius=\u00a0\u00bbnone\u00a0\u00bb width=\u00a0\u00bb2\/3&Prime; tablet_width_inherit=\u00a0\u00bbdefault\u00a0\u00bb tablet_text_alignment=\u00a0\u00bbdefault\u00a0\u00bb phone_text_alignment=\u00a0\u00bbdefault\u00a0\u00bb overlay_strength=\u00a0\u00bb0.3&Prime; column_border_width=\u00a0\u00bbnone\u00a0\u00bb column_border_style=\u00a0\u00bbsolid\u00a0\u00bb bg_image_animation=\u00a0\u00bbnone\u00a0\u00bb][vc_column_text]\n<h3>L&rsquo;Auto-\u00e9cole Franklin est certifi\u00e9e Qualiopi<\/h3>\n<p>L&rsquo;Auto-\u00e9cole Franklin est un organisme de formation et dispose de la certification Qualiopi au titre de la cat\u00e9gorie Actions de formation (voir notre certificat). En savoir plus sur la <a href=\"https:\/\/travail-emploi.gouv.fr\/formation-professionnelle\/acteurs-cadre-et-qualite-de-la-formation-professionnelle\/article\/qualiopi-marque-de-certification-qualite-des-prestataires-de-formation\" target=\"_blank\" rel=\"noopener\">certification Qualiopi<\/a>.[\/vc_column_text][\/vc_column][\/vc_row]\n","protected":false},"excerpt":{"rendered":"<p>[vc_row type=\u00a0\u00bbfull_width_background\u00a0\u00bb full_screen_row_position=\u00a0\u00bbmiddle\u00a0\u00bb equal_height=\u00a0\u00bbyes\u00a0\u00bb content_placement=\u00a0\u00bbmiddle\u00a0\u00bb column_margin=\u00a0\u00bbdefault\u00a0\u00bb scene_position=\u00a0\u00bbcenter\u00a0\u00bb text_color=\u00a0\u00bbdark\u00a0\u00bb text_align=\u00a0\u00bbleft\u00a0\u00bb bottom_padding=\u00a0\u00bb40&Prime; overlay_strength=\u00a0\u00bb0.3&Prime; shape_divider_position=\u00a0\u00bbbottom\u00a0\u00bb bg_image_animation=\u00a0\u00bbnone\u00a0\u00bb shape_type=\u00a0\u00bb\u00a0\u00bb][vc_column column_padding=\u00a0\u00bbpadding-2-percent\u00a0\u00bb column_padding_position=\u00a0\u00bball\u00a0\u00bb background_color_opacity=\u00a0\u00bb1&Prime; background_hover_color_opacity=\u00a0\u00bb1&Prime; column_link_target=\u00a0\u00bb_self\u00a0\u00bb column_shadow=\u00a0\u00bbnone\u00a0\u00bb column_border_radius=\u00a0\u00bbnone\u00a0\u00bb width=\u00a0\u00bb2\/3&Prime; tablet_width_inherit=\u00a0\u00bbdefault\u00a0\u00bb tablet_text_alignment=\u00a0\u00bbdefault\u00a0\u00bb phone_text_alignment=\u00a0\u00bbdefault\u00a0\u00bb overlay_strength=\u00a0\u00bb0.3&Prime; column_border_width=\u00a0\u00bbnone\u00a0\u00bb column_border_style=\u00a0\u00bbsolid\u00a0\u00bb bg_image_animation=\u00a0\u00bbnone\u00a0\u00bb][vc_column_text] Financer&#8230;<\/p>\n","protected":false},"author":1,"featured_media":104,"parent":0,"menu_order":0,"comment_status":"closed","ping_status":"closed","template":"","meta":{"footnotes":""},"class_list":["post-35","page","type-page","status-publish","has-post-thumbnail"],"yoast_head":"<!-- This site is optimized with the Yoast SEO plugin v26.8 - https:\/\/yoast.com\/product\/yoast-seo-wordpress\/ -->\n<title>Financer son permis gr\u00e2ce au CPF \u00e0 Montreuil - Auto-\u00e9cole Franklin<\/title>\n<meta name=\"description\" content=\"Vous souhaitez financer votre permis de conduire gr\u00e2ce au CPF avec l&#039;Auto-\u00e9cole Franklin \u00e0 Montreuil. Retrouvez nos offres de formation CPF.\" \/>\n<meta name=\"robots\" content=\"noindex, follow, max-snippet:-1, max-image-preview:large, max-video-preview:-1\" \/>\n<meta property=\"og:locale\" content=\"fr_FR\" \/>\n<meta property=\"og:type\" content=\"article\" \/>\n<meta property=\"og:title\" content=\"Financer son permis gr\u00e2ce au CPF \u00e0 Montreuil - Auto-\u00e9cole Franklin\" \/>\n<meta property=\"og:description\" content=\"Vous souhaitez financer votre permis de conduire gr\u00e2ce au CPF avec l&#039;Auto-\u00e9cole Franklin \u00e0 Montreuil. Retrouvez nos offres de formation CPF.\" \/>\n<meta property=\"og:url\" content=\"https:\/\/de-vv.com\/franklin\/financement-cpf\/\" \/>\n<meta property=\"og:site_name\" content=\"Auto-\u00e9cole Franklin\" \/>\n<meta property=\"article:modified_time\" content=\"2025-02-26T18:07:52+00:00\" \/>\n<meta property=\"og:image\" content=\"https:\/\/de-vv.com\/franklin\/wp-content\/uploads\/2025\/02\/Financement-CPF-Permis-de-conduire-Montreuil.png\" \/>\n\t<meta property=\"og:image:width\" content=\"768\" \/>\n\t<meta property=\"og:image:height\" content=\"480\" \/>\n\t<meta property=\"og:image:type\" content=\"image\/png\" \/>\n<meta name=\"twitter:card\" content=\"summary_large_image\" \/>\n<meta name=\"twitter:label1\" content=\"Dur\u00e9e de lecture estim\u00e9e\" \/>\n\t<meta name=\"twitter:data1\" content=\"4 minutes\" \/>\n<script type=\"application\/ld+json\" class=\"yoast-schema-graph\">{\"@context\":\"https:\/\/schema.org\",\"@graph\":[{\"@type\":\"WebPage\",\"@id\":\"https:\/\/de-vv.com\/franklin\/financement-cpf\/\",\"url\":\"https:\/\/de-vv.com\/franklin\/financement-cpf\/\",\"name\":\"Financer son permis gr\u00e2ce au CPF \u00e0 Montreuil - Auto-\u00e9cole Franklin\",\"isPartOf\":{\"@id\":\"https:\/\/de-vv.com\/franklin\/#website\"},\"primaryImageOfPage\":{\"@id\":\"https:\/\/de-vv.com\/franklin\/financement-cpf\/#primaryimage\"},\"image\":{\"@id\":\"https:\/\/de-vv.com\/franklin\/financement-cpf\/#primaryimage\"},\"thumbnailUrl\":\"https:\/\/de-vv.com\/franklin\/wp-content\/uploads\/2025\/02\/Financement-CPF-Permis-de-conduire-Montreuil.png\",\"datePublished\":\"2025-02-15T19:25:40+00:00\",\"dateModified\":\"2025-02-26T18:07:52+00:00\",\"description\":\"Vous souhaitez financer votre permis de conduire gr\u00e2ce au CPF avec l'Auto-\u00e9cole Franklin \u00e0 Montreuil. Retrouvez nos offres de formation CPF.\",\"breadcrumb\":{\"@id\":\"https:\/\/de-vv.com\/franklin\/financement-cpf\/#breadcrumb\"},\"inLanguage\":\"fr-FR\",\"potentialAction\":[{\"@type\":\"ReadAction\",\"target\":[\"https:\/\/de-vv.com\/franklin\/financement-cpf\/\"]}]},{\"@type\":\"ImageObject\",\"inLanguage\":\"fr-FR\",\"@id\":\"https:\/\/de-vv.com\/franklin\/financement-cpf\/#primaryimage\",\"url\":\"https:\/\/de-vv.com\/franklin\/wp-content\/uploads\/2025\/02\/Financement-CPF-Permis-de-conduire-Montreuil.png\",\"contentUrl\":\"https:\/\/de-vv.com\/franklin\/wp-content\/uploads\/2025\/02\/Financement-CPF-Permis-de-conduire-Montreuil.png\",\"width\":768,\"height\":480,\"caption\":\"Financement CPF - Permis de conduire - Montreuil\"},{\"@type\":\"BreadcrumbList\",\"@id\":\"https:\/\/de-vv.com\/franklin\/financement-cpf\/#breadcrumb\",\"itemListElement\":[{\"@type\":\"ListItem\",\"position\":1,\"name\":\"Accueil\",\"item\":\"https:\/\/de-vv.com\/franklin\/\"},{\"@type\":\"ListItem\",\"position\":2,\"name\":\"Financement CPF\"}]},{\"@type\":\"WebSite\",\"@id\":\"https:\/\/de-vv.com\/franklin\/#website\",\"url\":\"https:\/\/de-vv.com\/franklin\/\",\"name\":\"Auto-\u00e9cole Franklin\",\"description\":\"votre auto-\u00e9cole \u00e0 la Mairie de Montreuil\",\"potentialAction\":[{\"@type\":\"SearchAction\",\"target\":{\"@type\":\"EntryPoint\",\"urlTemplate\":\"https:\/\/de-vv.com\/franklin\/?s={search_term_string}\"},\"query-input\":{\"@type\":\"PropertyValueSpecification\",\"valueRequired\":true,\"valueName\":\"search_term_string\"}}],\"inLanguage\":\"fr-FR\"}]}<\/script>\n<!-- \/ Yoast SEO plugin. -->","yoast_head_json":{"title":"Financer son permis gr\u00e2ce au CPF \u00e0 Montreuil - Auto-\u00e9cole Franklin","description":"Vous souhaitez financer votre permis de conduire gr\u00e2ce au CPF avec l'Auto-\u00e9cole Franklin \u00e0 Montreuil. Retrouvez nos offres de formation CPF.","robots":{"index":"noindex","follow":"follow","max-snippet":"max-snippet:-1","max-image-preview":"max-image-preview:large","max-video-preview":"max-video-preview:-1"},"og_locale":"fr_FR","og_type":"article","og_title":"Financer son permis gr\u00e2ce au CPF \u00e0 Montreuil - Auto-\u00e9cole Franklin","og_description":"Vous souhaitez financer votre permis de conduire gr\u00e2ce au CPF avec l'Auto-\u00e9cole Franklin \u00e0 Montreuil. Retrouvez nos offres de formation CPF.","og_url":"https:\/\/de-vv.com\/franklin\/financement-cpf\/","og_site_name":"Auto-\u00e9cole Franklin","article_modified_time":"2025-02-26T18:07:52+00:00","og_image":[{"width":768,"height":480,"url":"https:\/\/de-vv.com\/franklin\/wp-content\/uploads\/2025\/02\/Financement-CPF-Permis-de-conduire-Montreuil.png","type":"image\/png"}],"twitter_card":"summary_large_image","twitter_misc":{"Dur\u00e9e de lecture estim\u00e9e":"4 minutes"},"schema":{"@context":"https:\/\/schema.org","@graph":[{"@type":"WebPage","@id":"https:\/\/de-vv.com\/franklin\/financement-cpf\/","url":"https:\/\/de-vv.com\/franklin\/financement-cpf\/","name":"Financer son permis gr\u00e2ce au CPF \u00e0 Montreuil - Auto-\u00e9cole Franklin","isPartOf":{"@id":"https:\/\/de-vv.com\/franklin\/#website"},"primaryImageOfPage":{"@id":"https:\/\/de-vv.com\/franklin\/financement-cpf\/#primaryimage"},"image":{"@id":"https:\/\/de-vv.com\/franklin\/financement-cpf\/#primaryimage"},"thumbnailUrl":"https:\/\/de-vv.com\/franklin\/wp-content\/uploads\/2025\/02\/Financement-CPF-Permis-de-conduire-Montreuil.png","datePublished":"2025-02-15T19:25:40+00:00","dateModified":"2025-02-26T18:07:52+00:00","description":"Vous souhaitez financer votre permis de conduire gr\u00e2ce au CPF avec l'Auto-\u00e9cole Franklin \u00e0 Montreuil. Retrouvez nos offres de formation CPF.","breadcrumb":{"@id":"https:\/\/de-vv.com\/franklin\/financement-cpf\/#breadcrumb"},"inLanguage":"fr-FR","potentialAction":[{"@type":"ReadAction","target":["https:\/\/de-vv.com\/franklin\/financement-cpf\/"]}]},{"@type":"ImageObject","inLanguage":"fr-FR","@id":"https:\/\/de-vv.com\/franklin\/financement-cpf\/#primaryimage","url":"https:\/\/de-vv.com\/franklin\/wp-content\/uploads\/2025\/02\/Financement-CPF-Permis-de-conduire-Montreuil.png","contentUrl":"https:\/\/de-vv.com\/franklin\/wp-content\/uploads\/2025\/02\/Financement-CPF-Permis-de-conduire-Montreuil.png","width":768,"height":480,"caption":"Financement CPF - Permis de conduire - Montreuil"},{"@type":"BreadcrumbList","@id":"https:\/\/de-vv.com\/franklin\/financement-cpf\/#breadcrumb","itemListElement":[{"@type":"ListItem","position":1,"name":"Accueil","item":"https:\/\/de-vv.com\/franklin\/"},{"@type":"ListItem","position":2,"name":"Financement CPF"}]},{"@type":"WebSite","@id":"https:\/\/de-vv.com\/franklin\/#website","url":"https:\/\/de-vv.com\/franklin\/","name":"Auto-\u00e9cole Franklin","description":"votre auto-\u00e9cole \u00e0 la Mairie de Montreuil","potentialAction":[{"@type":"SearchAction","target":{"@type":"EntryPoint","urlTemplate":"https:\/\/de-vv.com\/franklin\/?s={search_term_string}"},"query-input":{"@type":"PropertyValueSpecification","valueRequired":true,"valueName":"search_term_string"}}],"inLanguage":"fr-FR"}]}},"_links":{"self":[{"href":"https:\/\/de-vv.com\/franklin\/wp-json\/wp\/v2\/pages\/35","targetHints":{"allow":["GET"]}}],"collection":[{"href":"https:\/\/de-vv.com\/franklin\/wp-json\/wp\/v2\/pages"}],"about":[{"href":"https:\/\/de-vv.com\/franklin\/wp-json\/wp\/v2\/types\/page"}],"author":[{"embeddable":true,"href":"https:\/\/de-vv.com\/franklin\/wp-json\/wp\/v2\/users\/1"}],"replies":[{"embeddable":true,"href":"https:\/\/de-vv.com\/franklin\/wp-json\/wp\/v2\/comments?post=35"}],"version-history":[{"count":6,"href":"https:\/\/de-vv.com\/franklin\/wp-json\/wp\/v2\/pages\/35\/revisions"}],"predecessor-version":[{"id":233,"href":"https:\/\/de-vv.com\/franklin\/wp-json\/wp\/v2\/pages\/35\/revisions\/233"}],"wp:featuredmedia":[{"embeddable":true,"href":"https:\/\/de-vv.com\/franklin\/wp-json\/wp\/v2\/media\/104"}],"wp:attachment":[{"href":"https:\/\/de-vv.com\/franklin\/wp-json\/wp\/v2\/media?parent=35"}],"curies":[{"name":"wp","href":"https:\/\/api.w.org\/{rel}","templated":true}]}}