{"id":39,"date":"2025-02-15T20:38:24","date_gmt":"2025-02-15T19:38:24","guid":{"rendered":"https:\/\/de-vv.com\/franklin\/?page_id=39"},"modified":"2025-02-26T18:58:37","modified_gmt":"2025-02-26T17:58:37","slug":"tarifs-a-lunite","status":"publish","type":"page","link":"https:\/\/de-vv.com\/franklin\/tarifs-a-lunite\/","title":{"rendered":"Tarifs \u00e0 l&rsquo;unit\u00e9"},"content":{"rendered":"[vc_row type=\u00a0\u00bbfull_width_content\u00a0\u00bb full_screen_row_position=\u00a0\u00bbmiddle\u00a0\u00bb equal_height=\u00a0\u00bbyes\u00a0\u00bb column_margin=\u00a0\u00bbnone\u00a0\u00bb bg_color=\u00a0\u00bb#ffffff\u00a0\u00bb scene_position=\u00a0\u00bbcenter\u00a0\u00bb text_color=\u00a0\u00bbdark\u00a0\u00bb text_align=\u00a0\u00bbleft\u00a0\u00bb class=\u00a0\u00bbmargin-form\u00a0\u00bb overlay_strength=\u00a0\u00bb1&Prime; shape_divider_position=\u00a0\u00bbbottom\u00a0\u00bb bg_image_animation=\u00a0\u00bbnone\u00a0\u00bb shape_type=\u00a0\u00bb\u00a0\u00bb][vc_column column_padding=\u00a0\u00bbpadding-4-percent\u00a0\u00bb column_padding_position=\u00a0\u00bball\u00a0\u00bb background_color=\u00a0\u00bb#ffffff\u00a0\u00bb background_color_opacity=\u00a0\u00bb1&Prime; background_hover_color_opacity=\u00a0\u00bb1&Prime; font_color=\u00a0\u00bb#040404&Prime; column_link_target=\u00a0\u00bb_self\u00a0\u00bb column_shadow=\u00a0\u00bbnone\u00a0\u00bb column_border_radius=\u00a0\u00bbnone\u00a0\u00bb width=\u00a0\u00bb2\/3&Prime; tablet_width_inherit=\u00a0\u00bbdefault\u00a0\u00bb tablet_text_alignment=\u00a0\u00bbdefault\u00a0\u00bb phone_text_alignment=\u00a0\u00bbdefault\u00a0\u00bb overlay_strength=\u00a0\u00bb0.3&Prime; column_border_width=\u00a0\u00bbnone\u00a0\u00bb column_border_style=\u00a0\u00bbsolid\u00a0\u00bb bg_image_animation=\u00a0\u00bbnone\u00a0\u00bb][vc_column_text css=\u00a0\u00bb.vc_custom_1739694601235{border-left-width: 2% !important;padding-right: 2% !important;}\u00a0\u00bb]\n<h1>Tarifs \u00e0 l&rsquo;unit\u00e9<\/h1>\n[\/vc_column_text][divider line_type=\u00a0\u00bbSmall Line\u00a0\u00bb line_alignment=\u00a0\u00bbdefault\u00a0\u00bb line_thickness=\u00a0\u00bb2&Prime; divider_color=\u00a0\u00bbaccent-color\u00a0\u00bb animate=\u00a0\u00bbyes\u00a0\u00bb custom_height=\u00a0\u00bb20&Prime;][divider line_type=\u00a0\u00bbNo Line\u00a0\u00bb custom_height=\u00a0\u00bb20&Prime;][vc_column_text css=\u00a0\u00bb.vc_custom_1739694614117{border-left-width: 2% !important;padding-right: 2% !important;}\u00a0\u00bb]Besoin d\u2019un peu plus? Consultez nos tarifs \u00e0 l\u2019unit\u00e9. Tarifs exprim\u00e9s en \u20ac, toutes taxes comprises (TTC), valables jusqu\u2019au 31 d\u00e9cembre 2025.[\/vc_column_text][nectar_food_menu_item style=\u00a0\u00bbline_between\u00a0\u00bb item_name_heading_tag=\u00a0\u00bbh4&Prime; item_name=\u00a0\u00bb\u00c9valuation de d\u00e9part\u00a0\u00bb item_price=\u00a0\u00bb63\u20ac\u00a0\u00bb][nectar_food_menu_item style=\u00a0\u00bbline_between\u00a0\u00bb item_name_heading_tag=\u00a0\u00bbh4&Prime; item_name=\u00a0\u00bbFrais d\u2019inscription et gestion administratives\u00a0\u00bb item_price=\u00a0\u00bb150\u20ac\u00a0\u00bb][nectar_food_menu_item style=\u00a0\u00bbline_between\u00a0\u00bb item_name_heading_tag=\u00a0\u00bbh4&Prime; item_name=\u00a0\u00bbDemande du permis de conduire sur le site ANTS\u00a0\u00bb item_price=\u00a0\u00bb35\u20ac\u00a0\u00bb][nectar_food_menu_item style=\u00a0\u00bbline_between\u00a0\u00bb item_name_heading_tag=\u00a0\u00bbh4&Prime; item_name=\u00a0\u00bbSuivi Drive\u00a0\u00bb item_price=\u00a0\u00bb40\u20ac\u00a0\u00bb][nectar_food_menu_item style=\u00a0\u00bbline_between\u00a0\u00bb item_name_heading_tag=\u00a0\u00bbh4&Prime; item_name=\u00a0\u00bbLivret Drive\u00a0\u00bb item_price=\u00a0\u00bb40\u20ac\u00a0\u00bb][nectar_food_menu_item style=\u00a0\u00bbline_between\u00a0\u00bb item_name_heading_tag=\u00a0\u00bbh4&Prime; item_name=\u00a0\u00bbLivret Drive\u00a0\u00bb item_price=\u00a0\u00bb40\u20ac\u00a0\u00bb][nectar_food_menu_item style=\u00a0\u00bbline_between\u00a0\u00bb item_name_heading_tag=\u00a0\u00bbh4&Prime; item_name=\u00a0\u00bbFrais d\u2019accompagnement examen de conduite (permis B)\u00a0\u00bb item_price=\u00a0\u00bb63\u20ac\u00a0\u00bb][nectar_food_menu_item style=\u00a0\u00bbline_between\u00a0\u00bb item_name_heading_tag=\u00a0\u00bbh4&Prime; item_name=\u00a0\u00bbForfait code en salle (1 mois)\u00a0\u00bb item_price=\u00a0\u00bb50\u20ac\u00a0\u00bb][nectar_food_menu_item style=\u00a0\u00bbline_between\u00a0\u00bb item_name_heading_tag=\u00a0\u00bbh4&Prime; item_name=\u00a0\u00bbCode en ligne ETG ou ETM\u00a0\u00bb item_price=\u00a0\u00bb40\u20ac\u00a0\u00bb][nectar_food_menu_item style=\u00a0\u00bbline_between\u00a0\u00bb item_name_heading_tag=\u00a0\u00bbh4&Prime; item_name=\u00a0\u00bb1 le\u00e7on de conduite boite manuelle (50 minutes)\u00a0\u00bb item_price=\u00a0\u00bb63\u20ac\u00a0\u00bb][nectar_food_menu_item style=\u00a0\u00bbline_between\u00a0\u00bb item_name_heading_tag=\u00a0\u00bbh4&Prime; item_name=\u00a0\u00bb1 le\u00e7on de conduite boite automatique (50 minutes)\u00a0\u00bb item_price=\u00a0\u00bb63\u20ac\u00a0\u00bb][nectar_food_menu_item style=\u00a0\u00bbline_between\u00a0\u00bb item_name_heading_tag=\u00a0\u00bbh4&Prime; item_name=\u00a0\u00bbForfait 10 le\u00e7ons de conduite suppl\u00e9mentaires boite manuelle\u00a0\u00bb item_price=\u00a0\u00bb630\u20ac\u00a0\u00bb][nectar_food_menu_item style=\u00a0\u00bbline_between\u00a0\u00bb item_name_heading_tag=\u00a0\u00bbh4&Prime; item_name=\u00a0\u00bbForfait 10 le\u00e7ons de conduite suppl\u00e9mentaires boite automatique\u00a0\u00bb item_price=\u00a0\u00bb630\u20ac\u00a0\u00bb][nectar_food_menu_item style=\u00a0\u00bbline_between\u00a0\u00bb item_name_heading_tag=\u00a0\u00bbh4&Prime; item_name=\u00a0\u00bbForfait 8h de conduite en acc\u00e9l\u00e9r\u00e9 avec accompagnement \u00e0 l\u2019examen\u00a0\u00bb item_price=\u00a0\u00bb630\u20ac\u00a0\u00bb][nectar_food_menu_item style=\u00a0\u00bbline_between\u00a0\u00bb item_name_heading_tag=\u00a0\u00bbh4&Prime; item_name=\u00a0\u00bbRenouvellement de contrat pour 3 mois\u00a0\u00bb item_price=\u00a0\u00bb250\u20ac\u00a0\u00bb][nectar_food_menu_item style=\u00a0\u00bbline_between\u00a0\u00bb item_name_heading_tag=\u00a0\u00bbh4&Prime; item_name=\u00a0\u00bbFrais de r\u00e9siliation avant le d\u00e9but de la formation pratique\u00a0\u00bb item_price=\u00a0\u00bb150\u20ac\u00a0\u00bb][nectar_food_menu_item style=\u00a0\u00bbline_between\u00a0\u00bb item_name_heading_tag=\u00a0\u00bbh4&Prime; item_name=\u00a0\u00bbRendez-vous pr\u00e9alable avant supervis\u00e9\u00a0\u00bb item_price=\u00a0\u00bb126\u20ac\u00a0\u00bb][nectar_food_menu_item style=\u00a0\u00bbline_between\u00a0\u00bb item_name_heading_tag=\u00a0\u00bbh4&Prime; item_name=\u00a0\u00bbMajoration pour formation acc\u00e9l\u00e9r\u00e9e\u00a0\u00bb item_price=\u00a0\u00bb63\u20ac\u00a0\u00bb][\/vc_column][vc_column column_padding=\u00a0\u00bbpadding-4-percent\u00a0\u00bb column_padding_position=\u00a0\u00bball\u00a0\u00bb background_color_opacity=\u00a0\u00bb1&Prime; background_hover_color_opacity=\u00a0\u00bb1&Prime; background_image=\u00a0\u00bb57&Prime; enable_bg_scale=\u00a0\u00bbtrue\u00a0\u00bb column_link_target=\u00a0\u00bb_self\u00a0\u00bb column_shadow=\u00a0\u00bbnone\u00a0\u00bb column_border_radius=\u00a0\u00bbnone\u00a0\u00bb width=\u00a0\u00bb1\/3&Prime; tablet_width_inherit=\u00a0\u00bbdefault\u00a0\u00bb tablet_text_alignment=\u00a0\u00bbdefault\u00a0\u00bb phone_text_alignment=\u00a0\u00bbdefault\u00a0\u00bb color_overlay=\u00a0\u00bb#000000&Prime; overlay_strength=\u00a0\u00bb0.5&Prime; column_border_width=\u00a0\u00bbnone\u00a0\u00bb column_border_style=\u00a0\u00bbsolid\u00a0\u00bb bg_image_animation=\u00a0\u00bbnone\u00a0\u00bb][vc_row_inner column_margin=\u00a0\u00bbdefault\u00a0\u00bb bottom_padding=\u00a0\u00bb30&Prime; text_align=\u00a0\u00bbleft\u00a0\u00bb][vc_column_inner column_padding=\u00a0\u00bbno-extra-padding\u00a0\u00bb column_padding_position=\u00a0\u00bball\u00a0\u00bb background_color_opacity=\u00a0\u00bb1&Prime; background_hover_color_opacity=\u00a0\u00bb1&Prime; font_color=\u00a0\u00bb#ffffff\u00a0\u00bb column_shadow=\u00a0\u00bbnone\u00a0\u00bb column_border_radius=\u00a0\u00bbnone\u00a0\u00bb column_link_target=\u00a0\u00bb_self\u00a0\u00bb width=\u00a0\u00bb1\/1&Prime; tablet_width_inherit=\u00a0\u00bbdefault\u00a0\u00bb overlay_strength=\u00a0\u00bb0.3&Prime; column_border_width=\u00a0\u00bbnone\u00a0\u00bb column_border_style=\u00a0\u00bbsolid\u00a0\u00bb bg_image_animation=\u00a0\u00bbnone\u00a0\u00bb][vc_column_text]\n<h4><i class=\"fa fa-map-signs\" style=\"color: #bdd5ea;\"><\/i> O\u00f9 sommes-nous ?<\/h4>\n<p>Venez nous rencontrer dans notre agence de Montreuil :<br \/>\n10 avenue Walwein<br \/>\n93100 Montreuil[\/vc_column_text][image_with_animation image_url=\u00a0\u00bb226&Prime; alignment=\u00a0\u00bbcenter\u00a0\u00bb animation=\u00a0\u00bbNone\u00a0\u00bb img_link_target=\u00a0\u00bb_blank\u00a0\u00bb hover_animation=\u00a0\u00bbzoom\u00a0\u00bb border_radius=\u00a0\u00bb5px\u00a0\u00bb box_shadow=\u00a0\u00bbsmall_depth\u00a0\u00bb image_loading=\u00a0\u00bblazy-load\u00a0\u00bb max_width=\u00a0\u00bb100%\u00a0\u00bb max_width_mobile=\u00a0\u00bbdefault\u00a0\u00bb img_link=\u00a0\u00bbhttps:\/\/www.google.com\/maps\/dir\/\/Auto-\u00c9cole+Montreuil+Franklin+-+Organisme+de+Formation+CPF,+Avenue+Walwein,+Montreuil\/@48.8622862,2.4411097,1001m\/data=!3m1!1e3!4m9!4m8!1m0!1m5!1m1!1s0x47e66d5afaf12609:0x3adf8efbf39bc66!2m2!1d2.4440215!2d48.8622172!3e2?entry=ttu&amp;g_ep=EgoyMDI1MDIxMi4wIKXMDSoJLDEwMjExNDU1SAFQAw%3D%3D\u00a0\u00bb][\/vc_column_inner][\/vc_row_inner][vc_row_inner column_margin=\u00a0\u00bbdefault\u00a0\u00bb bottom_padding=\u00a0\u00bb30&Prime; text_align=\u00a0\u00bbleft\u00a0\u00bb][vc_column_inner column_padding=\u00a0\u00bbno-extra-padding\u00a0\u00bb column_padding_position=\u00a0\u00bball\u00a0\u00bb background_color_opacity=\u00a0\u00bb1&Prime; background_hover_color_opacity=\u00a0\u00bb1&Prime; font_color=\u00a0\u00bb#ffffff\u00a0\u00bb column_shadow=\u00a0\u00bbnone\u00a0\u00bb column_border_radius=\u00a0\u00bbnone\u00a0\u00bb bottom_margin=\u00a0\u00bb30&Prime; column_link_target=\u00a0\u00bb_self\u00a0\u00bb width=\u00a0\u00bb1\/1&Prime; tablet_width_inherit=\u00a0\u00bbdefault\u00a0\u00bb overlay_strength=\u00a0\u00bb0.3&Prime; column_border_width=\u00a0\u00bbnone\u00a0\u00bb column_border_style=\u00a0\u00bbsolid\u00a0\u00bb bg_image_animation=\u00a0\u00bbnone\u00a0\u00bb][vc_column_text]\n<h4><i class=\"fa fa-comments\" style=\"color: #bdd5ea;\"><\/i> Nos coordonn\u00e9es<\/h4>\n<p><a class=\"phone\" href=\"tel:01.79.63.42.68\">01 79 63 42 68<\/a><br \/>\n<a class=\"phone\" href=\"mailto:autoecole.franklin@hotmail.fr\">Envoyer un mail<\/a>[\/vc_column_text][\/vc_column_inner][\/vc_row_inner][vc_row_inner column_margin=\u00a0\u00bbdefault\u00a0\u00bb bottom_padding=\u00a0\u00bb30&Prime; text_align=\u00a0\u00bbleft\u00a0\u00bb][vc_column_inner column_padding=\u00a0\u00bbno-extra-padding\u00a0\u00bb column_padding_position=\u00a0\u00bball\u00a0\u00bb background_color_opacity=\u00a0\u00bb1&Prime; background_hover_color_opacity=\u00a0\u00bb1&Prime; font_color=\u00a0\u00bb#ffffff\u00a0\u00bb column_shadow=\u00a0\u00bbnone\u00a0\u00bb column_border_radius=\u00a0\u00bbnone\u00a0\u00bb column_link_target=\u00a0\u00bb_self\u00a0\u00bb width=\u00a0\u00bb1\/1&Prime; tablet_width_inherit=\u00a0\u00bbdefault\u00a0\u00bb overlay_strength=\u00a0\u00bb0.3&Prime; column_border_width=\u00a0\u00bbnone\u00a0\u00bb column_border_style=\u00a0\u00bbsolid\u00a0\u00bb bg_image_animation=\u00a0\u00bbnone\u00a0\u00bb][vc_column_text]\n<h4><i class=\"fa fa-clock\" style=\"color: #bdd5ea;\"><\/i> Nos horaires<\/h4>\n<p>Notre agence est ouverte :<\/p>\n<ul>\n<li>lundi-vendredi : 09h-13h &amp; 14-19h<\/li>\n<li>samedi : 09h-14h<\/li>\n<\/ul>\n[\/vc_column_text][\/vc_column_inner][\/vc_row_inner][\/vc_column][\/vc_row]\n","protected":false},"excerpt":{"rendered":"<p>[vc_row type=\u00a0\u00bbfull_width_content\u00a0\u00bb full_screen_row_position=\u00a0\u00bbmiddle\u00a0\u00bb equal_height=\u00a0\u00bbyes\u00a0\u00bb column_margin=\u00a0\u00bbnone\u00a0\u00bb bg_color=\u00a0\u00bb#ffffff\u00a0\u00bb scene_position=\u00a0\u00bbcenter\u00a0\u00bb text_color=\u00a0\u00bbdark\u00a0\u00bb text_align=\u00a0\u00bbleft\u00a0\u00bb class=\u00a0\u00bbmargin-form\u00a0\u00bb overlay_strength=\u00a0\u00bb1&Prime; shape_divider_position=\u00a0\u00bbbottom\u00a0\u00bb bg_image_animation=\u00a0\u00bbnone\u00a0\u00bb shape_type=\u00a0\u00bb\u00a0\u00bb][vc_column column_padding=\u00a0\u00bbpadding-4-percent\u00a0\u00bb column_padding_position=\u00a0\u00bball\u00a0\u00bb background_color=\u00a0\u00bb#ffffff\u00a0\u00bb background_color_opacity=\u00a0\u00bb1&Prime; background_hover_color_opacity=\u00a0\u00bb1&Prime; font_color=\u00a0\u00bb#040404&Prime; column_link_target=\u00a0\u00bb_self\u00a0\u00bb column_shadow=\u00a0\u00bbnone\u00a0\u00bb column_border_radius=\u00a0\u00bbnone\u00a0\u00bb width=\u00a0\u00bb2\/3&Prime; tablet_width_inherit=\u00a0\u00bbdefault\u00a0\u00bb tablet_text_alignment=\u00a0\u00bbdefault\u00a0\u00bb phone_text_alignment=\u00a0\u00bbdefault\u00a0\u00bb overlay_strength=\u00a0\u00bb0.3&Prime; column_border_width=\u00a0\u00bbnone\u00a0\u00bb column_border_style=\u00a0\u00bbsolid\u00a0\u00bb&#8230;<\/p>\n","protected":false},"author":1,"featured_media":152,"parent":0,"menu_order":0,"comment_status":"closed","ping_status":"closed","template":"","meta":{"footnotes":""},"class_list":["post-39","page","type-page","status-publish","has-post-thumbnail"],"yoast_head":"<!-- This site is optimized with the Yoast SEO plugin v26.8 - https:\/\/yoast.com\/product\/yoast-seo-wordpress\/ -->\n<title>Tarifs \u00e0 l&#039;unit\u00e9 - Permis de conduire - Auto-\u00e9cole Franklin \u00e0 Montreuil<\/title>\n<meta name=\"description\" content=\"Consultez les tarifs \u00e0 l&#039;unit\u00e9 des prestations de l&#039;Auto-\u00e9cole Franklin \u00e0 Montreuil (permis auto, moto). En compl\u00e9ment d&#039;une financement CPF.\" \/>\n<meta name=\"robots\" content=\"noindex, follow, max-snippet:-1, max-image-preview:large, max-video-preview:-1\" \/>\n<meta property=\"og:locale\" content=\"fr_FR\" \/>\n<meta property=\"og:type\" content=\"article\" \/>\n<meta property=\"og:title\" content=\"Tarifs \u00e0 l&#039;unit\u00e9 - Permis de conduire - Auto-\u00e9cole Franklin \u00e0 Montreuil\" \/>\n<meta property=\"og:description\" content=\"Consultez les tarifs \u00e0 l&#039;unit\u00e9 des prestations de l&#039;Auto-\u00e9cole Franklin \u00e0 Montreuil (permis auto, moto). En compl\u00e9ment d&#039;une financement CPF.\" \/>\n<meta property=\"og:url\" content=\"https:\/\/de-vv.com\/franklin\/tarifs-a-lunite\/\" \/>\n<meta property=\"og:site_name\" content=\"Auto-\u00e9cole Franklin\" \/>\n<meta property=\"article:modified_time\" content=\"2025-02-26T17:58:37+00:00\" \/>\n<meta property=\"og:image\" content=\"https:\/\/de-vv.com\/franklin\/wp-content\/uploads\/2025\/02\/Auto-ecole-Franklin-logo.png\" \/>\n\t<meta property=\"og:image:width\" content=\"500\" \/>\n\t<meta property=\"og:image:height\" content=\"230\" \/>\n\t<meta property=\"og:image:type\" content=\"image\/png\" \/>\n<meta name=\"twitter:card\" content=\"summary_large_image\" \/>\n<meta name=\"twitter:label1\" content=\"Dur\u00e9e de lecture estim\u00e9e\" \/>\n\t<meta name=\"twitter:data1\" content=\"3 minutes\" \/>\n<script type=\"application\/ld+json\" class=\"yoast-schema-graph\">{\"@context\":\"https:\/\/schema.org\",\"@graph\":[{\"@type\":\"WebPage\",\"@id\":\"https:\/\/de-vv.com\/franklin\/tarifs-a-lunite\/\",\"url\":\"https:\/\/de-vv.com\/franklin\/tarifs-a-lunite\/\",\"name\":\"Tarifs \u00e0 l'unit\u00e9 - Permis de conduire - Auto-\u00e9cole Franklin \u00e0 Montreuil\",\"isPartOf\":{\"@id\":\"https:\/\/de-vv.com\/franklin\/#website\"},\"primaryImageOfPage\":{\"@id\":\"https:\/\/de-vv.com\/franklin\/tarifs-a-lunite\/#primaryimage\"},\"image\":{\"@id\":\"https:\/\/de-vv.com\/franklin\/tarifs-a-lunite\/#primaryimage\"},\"thumbnailUrl\":\"https:\/\/de-vv.com\/franklin\/wp-content\/uploads\/2025\/02\/Auto-ecole-Franklin-logo.png\",\"datePublished\":\"2025-02-15T19:38:24+00:00\",\"dateModified\":\"2025-02-26T17:58:37+00:00\",\"description\":\"Consultez les tarifs \u00e0 l'unit\u00e9 des prestations de l'Auto-\u00e9cole Franklin \u00e0 Montreuil (permis auto, moto). En compl\u00e9ment d'une financement CPF.\",\"breadcrumb\":{\"@id\":\"https:\/\/de-vv.com\/franklin\/tarifs-a-lunite\/#breadcrumb\"},\"inLanguage\":\"fr-FR\",\"potentialAction\":[{\"@type\":\"ReadAction\",\"target\":[\"https:\/\/de-vv.com\/franklin\/tarifs-a-lunite\/\"]}]},{\"@type\":\"ImageObject\",\"inLanguage\":\"fr-FR\",\"@id\":\"https:\/\/de-vv.com\/franklin\/tarifs-a-lunite\/#primaryimage\",\"url\":\"https:\/\/de-vv.com\/franklin\/wp-content\/uploads\/2025\/02\/Auto-ecole-Franklin-logo.png\",\"contentUrl\":\"https:\/\/de-vv.com\/franklin\/wp-content\/uploads\/2025\/02\/Auto-ecole-Franklin-logo.png\",\"width\":500,\"height\":230,\"caption\":\"Auto-\u00e9cole Franklin - logo\"},{\"@type\":\"BreadcrumbList\",\"@id\":\"https:\/\/de-vv.com\/franklin\/tarifs-a-lunite\/#breadcrumb\",\"itemListElement\":[{\"@type\":\"ListItem\",\"position\":1,\"name\":\"Accueil\",\"item\":\"https:\/\/de-vv.com\/franklin\/\"},{\"@type\":\"ListItem\",\"position\":2,\"name\":\"Tarifs \u00e0 l&rsquo;unit\u00e9\"}]},{\"@type\":\"WebSite\",\"@id\":\"https:\/\/de-vv.com\/franklin\/#website\",\"url\":\"https:\/\/de-vv.com\/franklin\/\",\"name\":\"Auto-\u00e9cole Franklin\",\"description\":\"votre auto-\u00e9cole \u00e0 la Mairie de Montreuil\",\"potentialAction\":[{\"@type\":\"SearchAction\",\"target\":{\"@type\":\"EntryPoint\",\"urlTemplate\":\"https:\/\/de-vv.com\/franklin\/?s={search_term_string}\"},\"query-input\":{\"@type\":\"PropertyValueSpecification\",\"valueRequired\":true,\"valueName\":\"search_term_string\"}}],\"inLanguage\":\"fr-FR\"}]}<\/script>\n<!-- \/ Yoast SEO plugin. -->","yoast_head_json":{"title":"Tarifs \u00e0 l'unit\u00e9 - Permis de conduire - Auto-\u00e9cole Franklin \u00e0 Montreuil","description":"Consultez les tarifs \u00e0 l'unit\u00e9 des prestations de l'Auto-\u00e9cole Franklin \u00e0 Montreuil (permis auto, moto). En compl\u00e9ment d'une financement CPF.","robots":{"index":"noindex","follow":"follow","max-snippet":"max-snippet:-1","max-image-preview":"max-image-preview:large","max-video-preview":"max-video-preview:-1"},"og_locale":"fr_FR","og_type":"article","og_title":"Tarifs \u00e0 l'unit\u00e9 - Permis de conduire - Auto-\u00e9cole Franklin \u00e0 Montreuil","og_description":"Consultez les tarifs \u00e0 l'unit\u00e9 des prestations de l'Auto-\u00e9cole Franklin \u00e0 Montreuil (permis auto, moto). En compl\u00e9ment d'une financement CPF.","og_url":"https:\/\/de-vv.com\/franklin\/tarifs-a-lunite\/","og_site_name":"Auto-\u00e9cole Franklin","article_modified_time":"2025-02-26T17:58:37+00:00","og_image":[{"width":500,"height":230,"url":"https:\/\/de-vv.com\/franklin\/wp-content\/uploads\/2025\/02\/Auto-ecole-Franklin-logo.png","type":"image\/png"}],"twitter_card":"summary_large_image","twitter_misc":{"Dur\u00e9e de lecture estim\u00e9e":"3 minutes"},"schema":{"@context":"https:\/\/schema.org","@graph":[{"@type":"WebPage","@id":"https:\/\/de-vv.com\/franklin\/tarifs-a-lunite\/","url":"https:\/\/de-vv.com\/franklin\/tarifs-a-lunite\/","name":"Tarifs \u00e0 l'unit\u00e9 - Permis de conduire - Auto-\u00e9cole Franklin \u00e0 Montreuil","isPartOf":{"@id":"https:\/\/de-vv.com\/franklin\/#website"},"primaryImageOfPage":{"@id":"https:\/\/de-vv.com\/franklin\/tarifs-a-lunite\/#primaryimage"},"image":{"@id":"https:\/\/de-vv.com\/franklin\/tarifs-a-lunite\/#primaryimage"},"thumbnailUrl":"https:\/\/de-vv.com\/franklin\/wp-content\/uploads\/2025\/02\/Auto-ecole-Franklin-logo.png","datePublished":"2025-02-15T19:38:24+00:00","dateModified":"2025-02-26T17:58:37+00:00","description":"Consultez les tarifs \u00e0 l'unit\u00e9 des prestations de l'Auto-\u00e9cole Franklin \u00e0 Montreuil (permis auto, moto). En compl\u00e9ment d'une financement CPF.","breadcrumb":{"@id":"https:\/\/de-vv.com\/franklin\/tarifs-a-lunite\/#breadcrumb"},"inLanguage":"fr-FR","potentialAction":[{"@type":"ReadAction","target":["https:\/\/de-vv.com\/franklin\/tarifs-a-lunite\/"]}]},{"@type":"ImageObject","inLanguage":"fr-FR","@id":"https:\/\/de-vv.com\/franklin\/tarifs-a-lunite\/#primaryimage","url":"https:\/\/de-vv.com\/franklin\/wp-content\/uploads\/2025\/02\/Auto-ecole-Franklin-logo.png","contentUrl":"https:\/\/de-vv.com\/franklin\/wp-content\/uploads\/2025\/02\/Auto-ecole-Franklin-logo.png","width":500,"height":230,"caption":"Auto-\u00e9cole Franklin - logo"},{"@type":"BreadcrumbList","@id":"https:\/\/de-vv.com\/franklin\/tarifs-a-lunite\/#breadcrumb","itemListElement":[{"@type":"ListItem","position":1,"name":"Accueil","item":"https:\/\/de-vv.com\/franklin\/"},{"@type":"ListItem","position":2,"name":"Tarifs \u00e0 l&rsquo;unit\u00e9"}]},{"@type":"WebSite","@id":"https:\/\/de-vv.com\/franklin\/#website","url":"https:\/\/de-vv.com\/franklin\/","name":"Auto-\u00e9cole Franklin","description":"votre auto-\u00e9cole \u00e0 la Mairie de Montreuil","potentialAction":[{"@type":"SearchAction","target":{"@type":"EntryPoint","urlTemplate":"https:\/\/de-vv.com\/franklin\/?s={search_term_string}"},"query-input":{"@type":"PropertyValueSpecification","valueRequired":true,"valueName":"search_term_string"}}],"inLanguage":"fr-FR"}]}},"_links":{"self":[{"href":"https:\/\/de-vv.com\/franklin\/wp-json\/wp\/v2\/pages\/39","targetHints":{"allow":["GET"]}}],"collection":[{"href":"https:\/\/de-vv.com\/franklin\/wp-json\/wp\/v2\/pages"}],"about":[{"href":"https:\/\/de-vv.com\/franklin\/wp-json\/wp\/v2\/types\/page"}],"author":[{"embeddable":true,"href":"https:\/\/de-vv.com\/franklin\/wp-json\/wp\/v2\/users\/1"}],"replies":[{"embeddable":true,"href":"https:\/\/de-vv.com\/franklin\/wp-json\/wp\/v2\/comments?post=39"}],"version-history":[{"count":6,"href":"https:\/\/de-vv.com\/franklin\/wp-json\/wp\/v2\/pages\/39\/revisions"}],"predecessor-version":[{"id":229,"href":"https:\/\/de-vv.com\/franklin\/wp-json\/wp\/v2\/pages\/39\/revisions\/229"}],"wp:featuredmedia":[{"embeddable":true,"href":"https:\/\/de-vv.com\/franklin\/wp-json\/wp\/v2\/media\/152"}],"wp:attachment":[{"href":"https:\/\/de-vv.com\/franklin\/wp-json\/wp\/v2\/media?parent=39"}],"curies":[{"name":"wp","href":"https:\/\/api.w.org\/{rel}","templated":true}]}}