{"id":54,"date":"2025-02-15T20:47:50","date_gmt":"2025-02-15T19:47:50","guid":{"rendered":"https:\/\/de-vv.com\/franklin\/?page_id=54"},"modified":"2025-02-16T12:02:33","modified_gmt":"2025-02-16T11:02:33","slug":"mediateur","status":"publish","type":"page","link":"https:\/\/de-vv.com\/franklin\/mediateur\/","title":{"rendered":"M\u00e9diateur"},"content":{"rendered":"[vc_row type=\u00a0\u00bbin_container\u00a0\u00bb full_screen_row_position=\u00a0\u00bbmiddle\u00a0\u00bb column_margin=\u00a0\u00bbdefault\u00a0\u00bb scene_position=\u00a0\u00bbcenter\u00a0\u00bb text_color=\u00a0\u00bbdark\u00a0\u00bb text_align=\u00a0\u00bbleft\u00a0\u00bb overlay_strength=\u00a0\u00bb0.3&Prime; shape_divider_position=\u00a0\u00bbbottom\u00a0\u00bb bg_image_animation=\u00a0\u00bbnone\u00a0\u00bb][vc_column column_padding=\u00a0\u00bbno-extra-padding\u00a0\u00bb column_padding_position=\u00a0\u00bball\u00a0\u00bb background_color_opacity=\u00a0\u00bb1&Prime; background_hover_color_opacity=\u00a0\u00bb1&Prime; column_link_target=\u00a0\u00bb_self\u00a0\u00bb column_shadow=\u00a0\u00bbnone\u00a0\u00bb column_border_radius=\u00a0\u00bbnone\u00a0\u00bb width=\u00a0\u00bb1\/6&Prime; tablet_width_inherit=\u00a0\u00bbdefault\u00a0\u00bb tablet_text_alignment=\u00a0\u00bbdefault\u00a0\u00bb phone_text_alignment=\u00a0\u00bbdefault\u00a0\u00bb overlay_strength=\u00a0\u00bb0.3&Prime; column_border_width=\u00a0\u00bbnone\u00a0\u00bb column_border_style=\u00a0\u00bbsolid\u00a0\u00bb bg_image_animation=\u00a0\u00bbnone\u00a0\u00bb][\/vc_column][vc_column column_padding=\u00a0\u00bbpadding-3-percent\u00a0\u00bb column_padding_position=\u00a0\u00bball\u00a0\u00bb background_color_opacity=\u00a0\u00bb1&Prime; background_hover_color_opacity=\u00a0\u00bb1&Prime; column_link_target=\u00a0\u00bb_self\u00a0\u00bb column_shadow=\u00a0\u00bbnone\u00a0\u00bb column_border_radius=\u00a0\u00bbnone\u00a0\u00bb width=\u00a0\u00bb2\/3&Prime; tablet_width_inherit=\u00a0\u00bbdefault\u00a0\u00bb tablet_text_alignment=\u00a0\u00bbdefault\u00a0\u00bb phone_text_alignment=\u00a0\u00bbdefault\u00a0\u00bb overlay_strength=\u00a0\u00bb0.3&Prime; column_border_width=\u00a0\u00bbnone\u00a0\u00bb column_border_style=\u00a0\u00bbsolid\u00a0\u00bb bg_image_animation=\u00a0\u00bbnone\u00a0\u00bb][vc_column_text css=\u00a0\u00bb.vc_custom_1733650410610{padding-top: 20px !important;padding-bottom: 30px !important;}\u00a0\u00bb]\n<h2>M\u00e9diateur<\/h2>\n[\/vc_column_text][vc_column_text css=\u00a0\u00bb.vc_custom_1739615264874{padding-bottom: 20px !important;}\u00a0\u00bb]\n<p style=\"text-align: left;\" align=\"center\">Conform\u00e9ment aux articles\u00a0<a href=\"http:\/\/26mj.mj.am\/lnk\/CAAABqZb8qcAAAAAAAAAAgV5ncwAAYCrZSMAAAAAAAMiWQBnrdqbt-xj_J7WQg6nbRRiQKkEFgAAVkI\/2\/D_5DLLODxJ7c1YzNXw9yUw\/aHR0cHM6Ly93d3cubGVnaWZyYW5jZS5nb3V2LmZyL2FmZmljaENvZGVBcnRpY2xlLmRvP2NpZFRleHRlPUxFR0lURVhUMDAwMDA2MDY5NTY1JmlkQXJ0aWNsZT1MRUdJQVJUSTAwMDAzMjIyNDc2Mg\" target=\"_blank\" rel=\"noopener\" data-saferedirecturl=\"https:\/\/www.google.com\/url?q=http:\/\/26mj.mj.am\/lnk\/CAAABqZb8qcAAAAAAAAAAgV5ncwAAYCrZSMAAAAAAAMiWQBnrdqbt-xj_J7WQg6nbRRiQKkEFgAAVkI\/2\/D_5DLLODxJ7c1YzNXw9yUw\/aHR0cHM6Ly93d3cubGVnaWZyYW5jZS5nb3V2LmZyL2FmZmljaENvZGVBcnRpY2xlLmRvP2NpZFRleHRlPUxFR0lURVhUMDAwMDA2MDY5NTY1JmlkQXJ0aWNsZT1MRUdJQVJUSTAwMDAzMjIyNDc2Mg&amp;source=gmail&amp;ust=1739539435050000&amp;usg=AOvVaw1-cDB6kE1S65W8qjIHi_nI\">L.616-1<\/a>\u00a0et\u00a0<a href=\"http:\/\/26mj.mj.am\/lnk\/CAAABqZb8qcAAAAAAAAAAgV5ncwAAYCrZSMAAAAAAAMiWQBnrdqbt-xj_J7WQg6nbRRiQKkEFgAAVkI\/3\/gf8wn85rhE6oJzsc2ELT2Q\/aHR0cHM6Ly93d3cubGVnaWZyYW5jZS5nb3V2LmZyL2FmZmljaENvZGVBcnRpY2xlLmRvP2NpZFRleHRlPUxFR0lURVhUMDAwMDA2MDY5NTY1JmlkQXJ0aWNsZT1MRUdJQVJUSTAwMDAzMjgwODM3OA\" target=\"_blank\" rel=\"noopener\" data-saferedirecturl=\"https:\/\/www.google.com\/url?q=http:\/\/26mj.mj.am\/lnk\/CAAABqZb8qcAAAAAAAAAAgV5ncwAAYCrZSMAAAAAAAMiWQBnrdqbt-xj_J7WQg6nbRRiQKkEFgAAVkI\/3\/gf8wn85rhE6oJzsc2ELT2Q\/aHR0cHM6Ly93d3cubGVnaWZyYW5jZS5nb3V2LmZyL2FmZmljaENvZGVBcnRpY2xlLmRvP2NpZFRleHRlPUxFR0lURVhUMDAwMDA2MDY5NTY1JmlkQXJ0aWNsZT1MRUdJQVJUSTAwMDAzMjgwODM3OA&amp;source=gmail&amp;ust=1739539435050000&amp;usg=AOvVaw21-UUbvhbhkkGcV2WM_z5U\">R.616-1<\/a> du code de la consommation, notre soci\u00e9t\u00e9 a mis en place un dispositif de m\u00e9diation de la consommation. L&rsquo;entit\u00e9 de m\u00e9diation retenue est le\u00a0<strong>M\u00e9diateur de Mobilians<\/strong>.<\/p>\n<p style=\"text-align: left;\" align=\"center\">En cas de litige, tout consommateur pourra d\u00e9poser sa r\u00e9clamation sur le site :<\/p>\n<ul>\n<li>par courrier, au moyen d\u2019un formulaire de saisine t\u00e9l\u00e9chargeable sur le site du m\u00e9diateur, \u00e0 l\u2019adresse : M\u00e9diateur dde Mobilians \u2013 43 BIS ROUTE DE VAUGIRARD \u2013 CS 80016 \u2013 92197 MEUDON CEDEX<\/li>\n<li>sur son site internet\u00a0<a href=\"https:\/\/www.mediateur-mobilians.fr\/\">www.mediateur-mobilians.fr<\/a>.<\/li>\n<\/ul>\n[\/vc_column_text][\/vc_column][vc_column column_padding=\u00a0\u00bbno-extra-padding\u00a0\u00bb column_padding_position=\u00a0\u00bball\u00a0\u00bb background_color_opacity=\u00a0\u00bb1&Prime; background_hover_color_opacity=\u00a0\u00bb1&Prime; column_link_target=\u00a0\u00bb_self\u00a0\u00bb column_shadow=\u00a0\u00bbnone\u00a0\u00bb column_border_radius=\u00a0\u00bbnone\u00a0\u00bb width=\u00a0\u00bb1\/6&Prime; tablet_width_inherit=\u00a0\u00bbdefault\u00a0\u00bb tablet_text_alignment=\u00a0\u00bbdefault\u00a0\u00bb phone_text_alignment=\u00a0\u00bbdefault\u00a0\u00bb overlay_strength=\u00a0\u00bb0.3&Prime; column_border_width=\u00a0\u00bbnone\u00a0\u00bb column_border_style=\u00a0\u00bbsolid\u00a0\u00bb bg_image_animation=\u00a0\u00bbnone\u00a0\u00bb][\/vc_column][\/vc_row]\n","protected":false},"excerpt":{"rendered":"<p>[vc_row type=\u00a0\u00bbin_container\u00a0\u00bb full_screen_row_position=\u00a0\u00bbmiddle\u00a0\u00bb column_margin=\u00a0\u00bbdefault\u00a0\u00bb scene_position=\u00a0\u00bbcenter\u00a0\u00bb text_color=\u00a0\u00bbdark\u00a0\u00bb text_align=\u00a0\u00bbleft\u00a0\u00bb overlay_strength=\u00a0\u00bb0.3&Prime; shape_divider_position=\u00a0\u00bbbottom\u00a0\u00bb bg_image_animation=\u00a0\u00bbnone\u00a0\u00bb][vc_column column_padding=\u00a0\u00bbno-extra-padding\u00a0\u00bb column_padding_position=\u00a0\u00bball\u00a0\u00bb background_color_opacity=\u00a0\u00bb1&Prime; background_hover_color_opacity=\u00a0\u00bb1&Prime; column_link_target=\u00a0\u00bb_self\u00a0\u00bb column_shadow=\u00a0\u00bbnone\u00a0\u00bb column_border_radius=\u00a0\u00bbnone\u00a0\u00bb width=\u00a0\u00bb1\/6&Prime; tablet_width_inherit=\u00a0\u00bbdefault\u00a0\u00bb tablet_text_alignment=\u00a0\u00bbdefault\u00a0\u00bb phone_text_alignment=\u00a0\u00bbdefault\u00a0\u00bb overlay_strength=\u00a0\u00bb0.3&Prime; column_border_width=\u00a0\u00bbnone\u00a0\u00bb column_border_style=\u00a0\u00bbsolid\u00a0\u00bb bg_image_animation=\u00a0\u00bbnone\u00a0\u00bb][\/vc_column][vc_column column_padding=\u00a0\u00bbpadding-3-percent\u00a0\u00bb column_padding_position=\u00a0\u00bball\u00a0\u00bb background_color_opacity=\u00a0\u00bb1&Prime; background_hover_color_opacity=\u00a0\u00bb1&Prime; column_link_target=\u00a0\u00bb_self\u00a0\u00bb&#8230;<\/p>\n","protected":false},"author":1,"featured_media":0,"parent":0,"menu_order":0,"comment_status":"closed","ping_status":"closed","template":"","meta":{"footnotes":""},"class_list":["post-54","page","type-page","status-publish"],"yoast_head":"<!-- This site is optimized with the Yoast SEO plugin v26.8 - https:\/\/yoast.com\/product\/yoast-seo-wordpress\/ -->\n<title>M\u00e9diateur de la consommation - Auto-\u00e9cole Franklin \u00e0 Montreuil<\/title>\n<meta name=\"description\" content=\"En cas de litige, vous pouvez saisir le m\u00e9diateur de la consommation de l&#039;Auto-\u00e9cole Franklin \u00e0 Montreuil (93). Retrouvez ses coordonn\u00e9es.\" \/>\n<meta name=\"robots\" content=\"noindex, follow, max-snippet:-1, max-image-preview:large, max-video-preview:-1\" \/>\n<meta property=\"og:locale\" content=\"fr_FR\" \/>\n<meta property=\"og:type\" content=\"article\" \/>\n<meta property=\"og:title\" content=\"M\u00e9diateur de la consommation - Auto-\u00e9cole Franklin \u00e0 Montreuil\" \/>\n<meta property=\"og:description\" content=\"En cas de litige, vous pouvez saisir le m\u00e9diateur de la consommation de l&#039;Auto-\u00e9cole Franklin \u00e0 Montreuil (93). Retrouvez ses coordonn\u00e9es.\" \/>\n<meta property=\"og:url\" content=\"https:\/\/de-vv.com\/franklin\/mediateur\/\" \/>\n<meta property=\"og:site_name\" content=\"Auto-\u00e9cole Franklin\" \/>\n<meta property=\"article:modified_time\" content=\"2025-02-16T11:02:33+00:00\" \/>\n<meta name=\"twitter:card\" content=\"summary_large_image\" \/>\n<meta name=\"twitter:label1\" content=\"Dur\u00e9e de lecture estim\u00e9e\" \/>\n\t<meta name=\"twitter:data1\" content=\"1 minute\" \/>\n<script type=\"application\/ld+json\" class=\"yoast-schema-graph\">{\"@context\":\"https:\/\/schema.org\",\"@graph\":[{\"@type\":\"WebPage\",\"@id\":\"https:\/\/de-vv.com\/franklin\/mediateur\/\",\"url\":\"https:\/\/de-vv.com\/franklin\/mediateur\/\",\"name\":\"M\u00e9diateur de la consommation - Auto-\u00e9cole Franklin \u00e0 Montreuil\",\"isPartOf\":{\"@id\":\"https:\/\/de-vv.com\/franklin\/#website\"},\"datePublished\":\"2025-02-15T19:47:50+00:00\",\"dateModified\":\"2025-02-16T11:02:33+00:00\",\"description\":\"En cas de litige, vous pouvez saisir le m\u00e9diateur de la consommation de l'Auto-\u00e9cole Franklin \u00e0 Montreuil (93). Retrouvez ses coordonn\u00e9es.\",\"breadcrumb\":{\"@id\":\"https:\/\/de-vv.com\/franklin\/mediateur\/#breadcrumb\"},\"inLanguage\":\"fr-FR\",\"potentialAction\":[{\"@type\":\"ReadAction\",\"target\":[\"https:\/\/de-vv.com\/franklin\/mediateur\/\"]}]},{\"@type\":\"BreadcrumbList\",\"@id\":\"https:\/\/de-vv.com\/franklin\/mediateur\/#breadcrumb\",\"itemListElement\":[{\"@type\":\"ListItem\",\"position\":1,\"name\":\"Accueil\",\"item\":\"https:\/\/de-vv.com\/franklin\/\"},{\"@type\":\"ListItem\",\"position\":2,\"name\":\"M\u00e9diateur\"}]},{\"@type\":\"WebSite\",\"@id\":\"https:\/\/de-vv.com\/franklin\/#website\",\"url\":\"https:\/\/de-vv.com\/franklin\/\",\"name\":\"Auto-\u00e9cole Franklin\",\"description\":\"votre auto-\u00e9cole \u00e0 la Mairie de Montreuil\",\"potentialAction\":[{\"@type\":\"SearchAction\",\"target\":{\"@type\":\"EntryPoint\",\"urlTemplate\":\"https:\/\/de-vv.com\/franklin\/?s={search_term_string}\"},\"query-input\":{\"@type\":\"PropertyValueSpecification\",\"valueRequired\":true,\"valueName\":\"search_term_string\"}}],\"inLanguage\":\"fr-FR\"}]}<\/script>\n<!-- \/ Yoast SEO plugin. -->","yoast_head_json":{"title":"M\u00e9diateur de la consommation - Auto-\u00e9cole Franklin \u00e0 Montreuil","description":"En cas de litige, vous pouvez saisir le m\u00e9diateur de la consommation de l'Auto-\u00e9cole Franklin \u00e0 Montreuil (93). Retrouvez ses coordonn\u00e9es.","robots":{"index":"noindex","follow":"follow","max-snippet":"max-snippet:-1","max-image-preview":"max-image-preview:large","max-video-preview":"max-video-preview:-1"},"og_locale":"fr_FR","og_type":"article","og_title":"M\u00e9diateur de la consommation - Auto-\u00e9cole Franklin \u00e0 Montreuil","og_description":"En cas de litige, vous pouvez saisir le m\u00e9diateur de la consommation de l'Auto-\u00e9cole Franklin \u00e0 Montreuil (93). Retrouvez ses coordonn\u00e9es.","og_url":"https:\/\/de-vv.com\/franklin\/mediateur\/","og_site_name":"Auto-\u00e9cole Franklin","article_modified_time":"2025-02-16T11:02:33+00:00","twitter_card":"summary_large_image","twitter_misc":{"Dur\u00e9e de lecture estim\u00e9e":"1 minute"},"schema":{"@context":"https:\/\/schema.org","@graph":[{"@type":"WebPage","@id":"https:\/\/de-vv.com\/franklin\/mediateur\/","url":"https:\/\/de-vv.com\/franklin\/mediateur\/","name":"M\u00e9diateur de la consommation - Auto-\u00e9cole Franklin \u00e0 Montreuil","isPartOf":{"@id":"https:\/\/de-vv.com\/franklin\/#website"},"datePublished":"2025-02-15T19:47:50+00:00","dateModified":"2025-02-16T11:02:33+00:00","description":"En cas de litige, vous pouvez saisir le m\u00e9diateur de la consommation de l'Auto-\u00e9cole Franklin \u00e0 Montreuil (93). Retrouvez ses coordonn\u00e9es.","breadcrumb":{"@id":"https:\/\/de-vv.com\/franklin\/mediateur\/#breadcrumb"},"inLanguage":"fr-FR","potentialAction":[{"@type":"ReadAction","target":["https:\/\/de-vv.com\/franklin\/mediateur\/"]}]},{"@type":"BreadcrumbList","@id":"https:\/\/de-vv.com\/franklin\/mediateur\/#breadcrumb","itemListElement":[{"@type":"ListItem","position":1,"name":"Accueil","item":"https:\/\/de-vv.com\/franklin\/"},{"@type":"ListItem","position":2,"name":"M\u00e9diateur"}]},{"@type":"WebSite","@id":"https:\/\/de-vv.com\/franklin\/#website","url":"https:\/\/de-vv.com\/franklin\/","name":"Auto-\u00e9cole Franklin","description":"votre auto-\u00e9cole \u00e0 la Mairie de Montreuil","potentialAction":[{"@type":"SearchAction","target":{"@type":"EntryPoint","urlTemplate":"https:\/\/de-vv.com\/franklin\/?s={search_term_string}"},"query-input":{"@type":"PropertyValueSpecification","valueRequired":true,"valueName":"search_term_string"}}],"inLanguage":"fr-FR"}]}},"_links":{"self":[{"href":"https:\/\/de-vv.com\/franklin\/wp-json\/wp\/v2\/pages\/54","targetHints":{"allow":["GET"]}}],"collection":[{"href":"https:\/\/de-vv.com\/franklin\/wp-json\/wp\/v2\/pages"}],"about":[{"href":"https:\/\/de-vv.com\/franklin\/wp-json\/wp\/v2\/types\/page"}],"author":[{"embeddable":true,"href":"https:\/\/de-vv.com\/franklin\/wp-json\/wp\/v2\/users\/1"}],"replies":[{"embeddable":true,"href":"https:\/\/de-vv.com\/franklin\/wp-json\/wp\/v2\/comments?post=54"}],"version-history":[{"count":3,"href":"https:\/\/de-vv.com\/franklin\/wp-json\/wp\/v2\/pages\/54\/revisions"}],"predecessor-version":[{"id":118,"href":"https:\/\/de-vv.com\/franklin\/wp-json\/wp\/v2\/pages\/54\/revisions\/118"}],"wp:attachment":[{"href":"https:\/\/de-vv.com\/franklin\/wp-json\/wp\/v2\/media?parent=54"}],"curies":[{"name":"wp","href":"https:\/\/api.w.org\/{rel}","templated":true}]}}