{"id":32,"date":"2025-02-07T16:53:42","date_gmt":"2025-02-07T15:53:42","guid":{"rendered":"https:\/\/de-vv.com\/kerf\/?page_id=32"},"modified":"2025-02-08T13:12:40","modified_gmt":"2025-02-08T12:12:40","slug":"documents-a-fournir","status":"publish","type":"page","link":"https:\/\/de-vv.com\/kerf\/documents-a-fournir\/","title":{"rendered":"Documents \u00e0 fournir"},"content":{"rendered":"[vc_row type=\u00a0\u00bbfull_width_content\u00a0\u00bb full_screen_row_position=\u00a0\u00bbmiddle\u00a0\u00bb equal_height=\u00a0\u00bbyes\u00a0\u00bb column_margin=\u00a0\u00bbnone\u00a0\u00bb bg_color=\u00a0\u00bb#ffffff\u00a0\u00bb scene_position=\u00a0\u00bbcenter\u00a0\u00bb text_color=\u00a0\u00bbdark\u00a0\u00bb text_align=\u00a0\u00bbleft\u00a0\u00bb class=\u00a0\u00bbmargin-form\u00a0\u00bb overlay_strength=\u00a0\u00bb1&Prime; shape_divider_position=\u00a0\u00bbbottom\u00a0\u00bb bg_image_animation=\u00a0\u00bbnone\u00a0\u00bb shape_type=\u00a0\u00bb\u00a0\u00bb][vc_column column_padding=\u00a0\u00bbpadding-4-percent\u00a0\u00bb column_padding_position=\u00a0\u00bball\u00a0\u00bb background_color=\u00a0\u00bb#ffffff\u00a0\u00bb background_color_opacity=\u00a0\u00bb1&Prime; background_hover_color_opacity=\u00a0\u00bb1&Prime; font_color=\u00a0\u00bb#040404&Prime; column_link_target=\u00a0\u00bb_self\u00a0\u00bb column_shadow=\u00a0\u00bbnone\u00a0\u00bb column_border_radius=\u00a0\u00bbnone\u00a0\u00bb width=\u00a0\u00bb2\/3&Prime; tablet_width_inherit=\u00a0\u00bbdefault\u00a0\u00bb tablet_text_alignment=\u00a0\u00bbdefault\u00a0\u00bb phone_text_alignment=\u00a0\u00bbdefault\u00a0\u00bb overlay_strength=\u00a0\u00bb0.3&Prime; column_border_width=\u00a0\u00bbnone\u00a0\u00bb column_border_style=\u00a0\u00bbsolid\u00a0\u00bb bg_image_animation=\u00a0\u00bbnone\u00a0\u00bb][vc_column_text css=\u00a0\u00bb.vc_custom_1738944808970{padding-bottom: 20px !important;}\u00a0\u00bb]\n<h1>Documents \u00e0 fournir<\/h1>\n[\/vc_column_text][divider line_type=\u00a0\u00bbSmall Line\u00a0\u00bb line_alignment=\u00a0\u00bbdefault\u00a0\u00bb line_thickness=\u00a0\u00bb2&Prime; divider_color=\u00a0\u00bbaccent-color\u00a0\u00bb animate=\u00a0\u00bbyes\u00a0\u00bb custom_height=\u00a0\u00bb20&Prime;][divider line_type=\u00a0\u00bbNo Line\u00a0\u00bb custom_height=\u00a0\u00bb20&Prime;][vc_column_text css=\u00a0\u00bb.vc_custom_1738944802245{padding-bottom: 20px !important;}\u00a0\u00bb]Retrouvez ci-dessous la liste des documents \u00e0 nous fournir \u00e0 l\u2019inscription. Ces documents sont n\u00e9cessaires pour la constitution de votre dossier et son\u00a0<a href=\"https:\/\/permisdeconduire.ants.gouv.fr\/\" target=\"_blank\" rel=\"noopener\">enregistrement aupr\u00e8s de France Titres<\/a>.[\/vc_column_text][nectar_food_menu_item style=\u00a0\u00bbdefault\u00a0\u00bb item_name_heading_tag=\u00a0\u00bbh4&Prime; item_name=\u00a0\u00bbPi\u00e8ce d&rsquo;identit\u00e9 \/ carte de s\u00e9jour en cours de validit\u00e9\u00a0\u00bb item_description=\u00a0\u00bb+ photocopie de la pi\u00e8ce d&rsquo;identit\u00e9 d&rsquo;un repr\u00e9sentant l\u00e9gal si l&rsquo;\u00e9l\u00e8ve est mineur.\u00a0\u00bb][nectar_food_menu_item style=\u00a0\u00bbdefault\u00a0\u00bb item_name_heading_tag=\u00a0\u00bbh4&Prime; item_name=\u00a0\u00bbE-photo d&rsquo;identit\u00e9 agr\u00e9es ANTS\u00a0\u00bb][nectar_food_menu_item style=\u00a0\u00bbdefault\u00a0\u00bb item_name_heading_tag=\u00a0\u00bbh4&Prime; item_name=\u00a0\u00bbJustificatif de domicile\u00a0\u00bb item_description=\u00a0\u00bb- Facture datant de moins de 6 mois d&rsquo;eau, d&rsquo;\u00e9lectricit\u00e9, de gaz, ou de t\u00e9l\u00e9phone fixe ou mobile. La photocopie d&rsquo;une facture \u00e9lectronique est accept\u00e9e.<br \/>\n&#8211; Avis d&rsquo;imposition ou de non imposition<br \/>\n&#8211; Quittance de loyer. Une quittance de loyer est accept\u00e9e si elle est non manuscrite et n\u2019\u00e9mane pas d\u2019un particulier.<\/p>\n<p>Si l\u2019\u00e9l\u00e8ve ne poss\u00e8de pas de justificatif de domicile nominatif :<br \/>\n&#8211; Attestation d&rsquo;h\u00e9bergement sur l&rsquo;honneur de l&rsquo;un des parents, dat\u00e9e et sign\u00e9e ;<br \/>\n&#8211; Copie de la pi\u00e8ce d&rsquo;identit\u00e9 du parent qui a sign\u00e9 l&rsquo;attestation ;<br \/>\n&#8211; Justificatif de domicile de ce m\u00eame parent.\u00a0\u00bb][nectar_food_menu_item style=\u00a0\u00bbdefault\u00a0\u00bb item_name_heading_tag=\u00a0\u00bbh4&Prime; item_name=\u00a0\u00bbAttestation de participation \u00e0 la Journ\u00e9e D\u00e9fense et Citoyennet\u00e9 (JDC)\u00a0\u00bb item_description=\u00a0\u00bbPour les \u00e9l\u00e8ves \u00e2g\u00e9s de 17 \u00e0 25 ans.\u00a0\u00bb][\/vc_column][vc_column column_padding=\u00a0\u00bbpadding-4-percent\u00a0\u00bb column_padding_position=\u00a0\u00bball\u00a0\u00bb background_color=\u00a0\u00bb#7fcef0&Prime; background_color_opacity=\u00a0\u00bb1&Prime; background_hover_color_opacity=\u00a0\u00bb1&Prime; column_link_target=\u00a0\u00bb_self\u00a0\u00bb column_shadow=\u00a0\u00bbnone\u00a0\u00bb column_border_radius=\u00a0\u00bbnone\u00a0\u00bb width=\u00a0\u00bb1\/3&Prime; tablet_width_inherit=\u00a0\u00bbdefault\u00a0\u00bb tablet_text_alignment=\u00a0\u00bbdefault\u00a0\u00bb phone_text_alignment=\u00a0\u00bbdefault\u00a0\u00bb overlay_strength=\u00a0\u00bb0.3&Prime; column_border_width=\u00a0\u00bbnone\u00a0\u00bb column_border_style=\u00a0\u00bbsolid\u00a0\u00bb bg_image_animation=\u00a0\u00bbnone\u00a0\u00bb][vc_row_inner column_margin=\u00a0\u00bbdefault\u00a0\u00bb bottom_padding=\u00a0\u00bb30&Prime; text_align=\u00a0\u00bbleft\u00a0\u00bb][vc_column_inner column_padding=\u00a0\u00bbno-extra-padding\u00a0\u00bb column_padding_position=\u00a0\u00bball\u00a0\u00bb background_color_opacity=\u00a0\u00bb1&Prime; background_hover_color_opacity=\u00a0\u00bb1&Prime; font_color=\u00a0\u00bb#ffffff\u00a0\u00bb column_shadow=\u00a0\u00bbnone\u00a0\u00bb column_border_radius=\u00a0\u00bbnone\u00a0\u00bb column_link_target=\u00a0\u00bb_self\u00a0\u00bb width=\u00a0\u00bb1\/1&Prime; tablet_width_inherit=\u00a0\u00bbdefault\u00a0\u00bb overlay_strength=\u00a0\u00bb0.3&Prime; column_border_width=\u00a0\u00bbnone\u00a0\u00bb column_border_style=\u00a0\u00bbsolid\u00a0\u00bb bg_image_animation=\u00a0\u00bbnone\u00a0\u00bb][vc_column_text]\n<h4 style=\"color: #1d1d1b;\"><i class=\"fa fa-map-signs\" style=\"color: #fff;\"><\/i> O\u00f9 sommes-nous ?<\/h4>\n<p>Venez nous rencontrer dans notre agence de Quimper :<br \/>\n7 Rue de Kerfeunteun<br \/>\n29000 Quimper<br \/>\n<a style=\"color: #1d1d1b;\" href=\"https:\/\/www.google.com\/maps\/dir\/\/Auto+\u00e9cole+de+Kerf',+7+Rue+de+Kerfeunteun,+29000+Quimper\/@47.9993128,-4.1022573,89m\/data=!3m1!1e3!4m17!1m7!3m6!1s0x4810d500510b4b9d:0x999a1bb840ee5523!2sAuto+\u00e9cole+de+Kerf'!8m2!3d47.9992484!4d-4.1017938!16s%2Fg%2F11lzrgfkr3!4m8!1m0!1m5!1m1!1s0x4810d500510b4b9d:0x999a1bb840ee5523!2m2!1d-4.1017938!2d47.9992484!3e2?entry=ttu&amp;g_ep=EgoyMDI1MDIwNC4wIKXMDSoASAFQAw%3D%3D\" target=\"_blank\" rel=\"noopener\">Plan d&rsquo;acc\u00e8s<\/a>[\/vc_column_text][\/vc_column_inner][\/vc_row_inner][vc_row_inner column_margin=\u00a0\u00bbdefault\u00a0\u00bb bottom_padding=\u00a0\u00bb30&Prime; text_align=\u00a0\u00bbleft\u00a0\u00bb][vc_column_inner column_padding=\u00a0\u00bbno-extra-padding\u00a0\u00bb column_padding_position=\u00a0\u00bball\u00a0\u00bb background_color_opacity=\u00a0\u00bb1&Prime; background_hover_color_opacity=\u00a0\u00bb1&Prime; font_color=\u00a0\u00bb#ffffff\u00a0\u00bb column_shadow=\u00a0\u00bbnone\u00a0\u00bb column_border_radius=\u00a0\u00bbnone\u00a0\u00bb bottom_margin=\u00a0\u00bb30&Prime; column_link_target=\u00a0\u00bb_self\u00a0\u00bb width=\u00a0\u00bb1\/1&Prime; tablet_width_inherit=\u00a0\u00bbdefault\u00a0\u00bb overlay_strength=\u00a0\u00bb0.3&Prime; column_border_width=\u00a0\u00bbnone\u00a0\u00bb column_border_style=\u00a0\u00bbsolid\u00a0\u00bb bg_image_animation=\u00a0\u00bbnone\u00a0\u00bb][vc_column_text]\n<h4 style=\"color: #1d1d1b;\"><i class=\"fa fa-comments\" style=\"color: #fff;\"><\/i> Nos coordonn\u00e9es<\/h4>\n<p><a class=\"phone\" href=\"tel:06.63.36.18.93\">06 63 36 18 93<\/a><br \/>\n<a class=\"phone\" href=\"mailto:autoecole.dekerf@gmail.com\">Envoyer un mail<\/a>[\/vc_column_text][\/vc_column_inner][\/vc_row_inner][vc_row_inner column_margin=\u00a0\u00bbdefault\u00a0\u00bb bottom_padding=\u00a0\u00bb30&Prime; text_align=\u00a0\u00bbleft\u00a0\u00bb][vc_column_inner column_padding=\u00a0\u00bbno-extra-padding\u00a0\u00bb column_padding_position=\u00a0\u00bball\u00a0\u00bb background_color_opacity=\u00a0\u00bb1&Prime; background_hover_color_opacity=\u00a0\u00bb1&Prime; font_color=\u00a0\u00bb#ffffff\u00a0\u00bb column_shadow=\u00a0\u00bbnone\u00a0\u00bb column_border_radius=\u00a0\u00bbnone\u00a0\u00bb column_link_target=\u00a0\u00bb_self\u00a0\u00bb width=\u00a0\u00bb1\/1&Prime; tablet_width_inherit=\u00a0\u00bbdefault\u00a0\u00bb overlay_strength=\u00a0\u00bb0.3&Prime; column_border_width=\u00a0\u00bbnone\u00a0\u00bb column_border_style=\u00a0\u00bbsolid\u00a0\u00bb bg_image_animation=\u00a0\u00bbnone\u00a0\u00bb][vc_column_text]\n<h4 style=\"color: #1d1d1b;\"><i class=\"fa fa-clock\" style=\"color: #fff;\"><\/i> Nos horaires<\/h4>\n<p>Notre agence est ouverte :<\/p>\n<ul>\n<li>du mardi au vendredi de 17h45 \u00e0 19h.<\/li>\n<li>le samedi de 11h \u00e0 12h.<\/li>\n<\/ul>\n[\/vc_column_text][\/vc_column_inner][\/vc_row_inner][\/vc_column][\/vc_row]\n","protected":false},"excerpt":{"rendered":"<p>[vc_row type=\u00a0\u00bbfull_width_content\u00a0\u00bb full_screen_row_position=\u00a0\u00bbmiddle\u00a0\u00bb equal_height=\u00a0\u00bbyes\u00a0\u00bb column_margin=\u00a0\u00bbnone\u00a0\u00bb bg_color=\u00a0\u00bb#ffffff\u00a0\u00bb scene_position=\u00a0\u00bbcenter\u00a0\u00bb text_color=\u00a0\u00bbdark\u00a0\u00bb text_align=\u00a0\u00bbleft\u00a0\u00bb class=\u00a0\u00bbmargin-form\u00a0\u00bb overlay_strength=\u00a0\u00bb1&Prime; shape_divider_position=\u00a0\u00bbbottom\u00a0\u00bb bg_image_animation=\u00a0\u00bbnone\u00a0\u00bb shape_type=\u00a0\u00bb\u00a0\u00bb][vc_column column_padding=\u00a0\u00bbpadding-4-percent\u00a0\u00bb column_padding_position=\u00a0\u00bball\u00a0\u00bb background_color=\u00a0\u00bb#ffffff\u00a0\u00bb background_color_opacity=\u00a0\u00bb1&Prime; background_hover_color_opacity=\u00a0\u00bb1&Prime; font_color=\u00a0\u00bb#040404&Prime; column_link_target=\u00a0\u00bb_self\u00a0\u00bb column_shadow=\u00a0\u00bbnone\u00a0\u00bb column_border_radius=\u00a0\u00bbnone\u00a0\u00bb width=\u00a0\u00bb2\/3&Prime; tablet_width_inherit=\u00a0\u00bbdefault\u00a0\u00bb tablet_text_alignment=\u00a0\u00bbdefault\u00a0\u00bb phone_text_alignment=\u00a0\u00bbdefault\u00a0\u00bb overlay_strength=\u00a0\u00bb0.3&Prime; column_border_width=\u00a0\u00bbnone\u00a0\u00bb column_border_style=\u00a0\u00bbsolid\u00a0\u00bb&#8230;<\/p>\n","protected":false},"author":1,"featured_media":67,"parent":0,"menu_order":0,"comment_status":"closed","ping_status":"closed","template":"","meta":{"footnotes":""},"class_list":["post-32","page","type-page","status-publish","has-post-thumbnail"],"yoast_head":"<!-- This site is optimized with the Yoast SEO plugin v24.4 - https:\/\/yoast.com\/wordpress\/plugins\/seo\/ -->\n<title>Documents \u00e0 fournir pour l&#039;inscription au permis - Auto-\u00e9cole de Kerf&#039; \u00e0 Quimper<\/title>\n<meta name=\"description\" content=\"Retrouvez la liste des documents \u00e0 fournir pour l&#039;inscription au permis de conduire avec l&#039;Auto-\u00e9cole de Kerf&#039; \u00e0 Quimper (29).\" \/>\n<meta name=\"robots\" content=\"noindex, follow, max-snippet:-1, max-image-preview:large, max-video-preview:-1\" \/>\n<meta property=\"og:locale\" content=\"fr_FR\" \/>\n<meta property=\"og:type\" content=\"article\" \/>\n<meta property=\"og:title\" content=\"Documents \u00e0 fournir pour l&#039;inscription au permis - Auto-\u00e9cole de Kerf&#039; \u00e0 Quimper\" \/>\n<meta property=\"og:description\" content=\"Retrouvez la liste des documents \u00e0 fournir pour l&#039;inscription au permis de conduire avec l&#039;Auto-\u00e9cole de Kerf&#039; \u00e0 Quimper (29).\" \/>\n<meta property=\"og:url\" content=\"https:\/\/de-vv.com\/kerf\/documents-a-fournir\/\" \/>\n<meta property=\"og:site_name\" content=\"Auto-\u00e9cole de Kerf\" \/>\n<meta property=\"article:modified_time\" content=\"2025-02-08T12:12:40+00:00\" \/>\n<meta property=\"og:image\" content=\"https:\/\/de-vv.com\/kerf\/wp-content\/uploads\/2025\/02\/Auto-ecole-de-Kerf-voiture.png\" \/>\n\t<meta property=\"og:image:width\" content=\"500\" \/>\n\t<meta property=\"og:image:height\" content=\"350\" \/>\n\t<meta property=\"og:image:type\" content=\"image\/png\" \/>\n<meta name=\"twitter:card\" content=\"summary_large_image\" \/>\n<meta name=\"twitter:label1\" content=\"Dur\u00e9e de lecture estim\u00e9e\" \/>\n\t<meta name=\"twitter:data1\" content=\"2 minutes\" \/>\n<script type=\"application\/ld+json\" class=\"yoast-schema-graph\">{\"@context\":\"https:\/\/schema.org\",\"@graph\":[{\"@type\":\"WebPage\",\"@id\":\"https:\/\/de-vv.com\/kerf\/documents-a-fournir\/\",\"url\":\"https:\/\/de-vv.com\/kerf\/documents-a-fournir\/\",\"name\":\"Documents \u00e0 fournir pour l'inscription au permis - Auto-\u00e9cole de Kerf' \u00e0 Quimper\",\"isPartOf\":{\"@id\":\"https:\/\/de-vv.com\/kerf\/#website\"},\"primaryImageOfPage\":{\"@id\":\"https:\/\/de-vv.com\/kerf\/documents-a-fournir\/#primaryimage\"},\"image\":{\"@id\":\"https:\/\/de-vv.com\/kerf\/documents-a-fournir\/#primaryimage\"},\"thumbnailUrl\":\"https:\/\/de-vv.com\/kerf\/wp-content\/uploads\/2025\/02\/Auto-ecole-de-Kerf-voiture.png\",\"datePublished\":\"2025-02-07T15:53:42+00:00\",\"dateModified\":\"2025-02-08T12:12:40+00:00\",\"description\":\"Retrouvez la liste des documents \u00e0 fournir pour l'inscription au permis de conduire avec l'Auto-\u00e9cole de Kerf' \u00e0 Quimper (29).\",\"breadcrumb\":{\"@id\":\"https:\/\/de-vv.com\/kerf\/documents-a-fournir\/#breadcrumb\"},\"inLanguage\":\"fr-FR\",\"potentialAction\":[{\"@type\":\"ReadAction\",\"target\":[\"https:\/\/de-vv.com\/kerf\/documents-a-fournir\/\"]}]},{\"@type\":\"ImageObject\",\"inLanguage\":\"fr-FR\",\"@id\":\"https:\/\/de-vv.com\/kerf\/documents-a-fournir\/#primaryimage\",\"url\":\"https:\/\/de-vv.com\/kerf\/wp-content\/uploads\/2025\/02\/Auto-ecole-de-Kerf-voiture.png\",\"contentUrl\":\"https:\/\/de-vv.com\/kerf\/wp-content\/uploads\/2025\/02\/Auto-ecole-de-Kerf-voiture.png\",\"width\":500,\"height\":350,\"caption\":\"Auto-\u00e9cole de Kerf' Quimper (29)\"},{\"@type\":\"BreadcrumbList\",\"@id\":\"https:\/\/de-vv.com\/kerf\/documents-a-fournir\/#breadcrumb\",\"itemListElement\":[{\"@type\":\"ListItem\",\"position\":1,\"name\":\"Accueil\",\"item\":\"https:\/\/de-vv.com\/kerf\/\"},{\"@type\":\"ListItem\",\"position\":2,\"name\":\"Documents \u00e0 fournir\"}]},{\"@type\":\"WebSite\",\"@id\":\"https:\/\/de-vv.com\/kerf\/#website\",\"url\":\"https:\/\/de-vv.com\/kerf\/\",\"name\":\"Auto-\u00e9cole de Kerf\",\"description\":\"Ton auto-\u00e9cole \u00e0 Quimper (29)\",\"potentialAction\":[{\"@type\":\"SearchAction\",\"target\":{\"@type\":\"EntryPoint\",\"urlTemplate\":\"https:\/\/de-vv.com\/kerf\/?s={search_term_string}\"},\"query-input\":{\"@type\":\"PropertyValueSpecification\",\"valueRequired\":true,\"valueName\":\"search_term_string\"}}],\"inLanguage\":\"fr-FR\"}]}<\/script>\n<!-- \/ Yoast SEO plugin. -->","yoast_head_json":{"title":"Documents \u00e0 fournir pour l'inscription au permis - Auto-\u00e9cole de Kerf' \u00e0 Quimper","description":"Retrouvez la liste des documents \u00e0 fournir pour l'inscription au permis de conduire avec l'Auto-\u00e9cole de Kerf' \u00e0 Quimper (29).","robots":{"index":"noindex","follow":"follow","max-snippet":"max-snippet:-1","max-image-preview":"max-image-preview:large","max-video-preview":"max-video-preview:-1"},"og_locale":"fr_FR","og_type":"article","og_title":"Documents \u00e0 fournir pour l'inscription au permis - Auto-\u00e9cole de Kerf' \u00e0 Quimper","og_description":"Retrouvez la liste des documents \u00e0 fournir pour l'inscription au permis de conduire avec l'Auto-\u00e9cole de Kerf' \u00e0 Quimper (29).","og_url":"https:\/\/de-vv.com\/kerf\/documents-a-fournir\/","og_site_name":"Auto-\u00e9cole de Kerf","article_modified_time":"2025-02-08T12:12:40+00:00","og_image":[{"width":500,"height":350,"url":"https:\/\/de-vv.com\/kerf\/wp-content\/uploads\/2025\/02\/Auto-ecole-de-Kerf-voiture.png","type":"image\/png"}],"twitter_card":"summary_large_image","twitter_misc":{"Dur\u00e9e de lecture estim\u00e9e":"2 minutes"},"schema":{"@context":"https:\/\/schema.org","@graph":[{"@type":"WebPage","@id":"https:\/\/de-vv.com\/kerf\/documents-a-fournir\/","url":"https:\/\/de-vv.com\/kerf\/documents-a-fournir\/","name":"Documents \u00e0 fournir pour l'inscription au permis - Auto-\u00e9cole de Kerf' \u00e0 Quimper","isPartOf":{"@id":"https:\/\/de-vv.com\/kerf\/#website"},"primaryImageOfPage":{"@id":"https:\/\/de-vv.com\/kerf\/documents-a-fournir\/#primaryimage"},"image":{"@id":"https:\/\/de-vv.com\/kerf\/documents-a-fournir\/#primaryimage"},"thumbnailUrl":"https:\/\/de-vv.com\/kerf\/wp-content\/uploads\/2025\/02\/Auto-ecole-de-Kerf-voiture.png","datePublished":"2025-02-07T15:53:42+00:00","dateModified":"2025-02-08T12:12:40+00:00","description":"Retrouvez la liste des documents \u00e0 fournir pour l'inscription au permis de conduire avec l'Auto-\u00e9cole de Kerf' \u00e0 Quimper (29).","breadcrumb":{"@id":"https:\/\/de-vv.com\/kerf\/documents-a-fournir\/#breadcrumb"},"inLanguage":"fr-FR","potentialAction":[{"@type":"ReadAction","target":["https:\/\/de-vv.com\/kerf\/documents-a-fournir\/"]}]},{"@type":"ImageObject","inLanguage":"fr-FR","@id":"https:\/\/de-vv.com\/kerf\/documents-a-fournir\/#primaryimage","url":"https:\/\/de-vv.com\/kerf\/wp-content\/uploads\/2025\/02\/Auto-ecole-de-Kerf-voiture.png","contentUrl":"https:\/\/de-vv.com\/kerf\/wp-content\/uploads\/2025\/02\/Auto-ecole-de-Kerf-voiture.png","width":500,"height":350,"caption":"Auto-\u00e9cole de Kerf' Quimper (29)"},{"@type":"BreadcrumbList","@id":"https:\/\/de-vv.com\/kerf\/documents-a-fournir\/#breadcrumb","itemListElement":[{"@type":"ListItem","position":1,"name":"Accueil","item":"https:\/\/de-vv.com\/kerf\/"},{"@type":"ListItem","position":2,"name":"Documents \u00e0 fournir"}]},{"@type":"WebSite","@id":"https:\/\/de-vv.com\/kerf\/#website","url":"https:\/\/de-vv.com\/kerf\/","name":"Auto-\u00e9cole de Kerf","description":"Ton auto-\u00e9cole \u00e0 Quimper (29)","potentialAction":[{"@type":"SearchAction","target":{"@type":"EntryPoint","urlTemplate":"https:\/\/de-vv.com\/kerf\/?s={search_term_string}"},"query-input":{"@type":"PropertyValueSpecification","valueRequired":true,"valueName":"search_term_string"}}],"inLanguage":"fr-FR"}]}},"_links":{"self":[{"href":"https:\/\/de-vv.com\/kerf\/wp-json\/wp\/v2\/pages\/32","targetHints":{"allow":["GET"]}}],"collection":[{"href":"https:\/\/de-vv.com\/kerf\/wp-json\/wp\/v2\/pages"}],"about":[{"href":"https:\/\/de-vv.com\/kerf\/wp-json\/wp\/v2\/types\/page"}],"author":[{"embeddable":true,"href":"https:\/\/de-vv.com\/kerf\/wp-json\/wp\/v2\/users\/1"}],"replies":[{"embeddable":true,"href":"https:\/\/de-vv.com\/kerf\/wp-json\/wp\/v2\/comments?post=32"}],"version-history":[{"count":8,"href":"https:\/\/de-vv.com\/kerf\/wp-json\/wp\/v2\/pages\/32\/revisions"}],"predecessor-version":[{"id":108,"href":"https:\/\/de-vv.com\/kerf\/wp-json\/wp\/v2\/pages\/32\/revisions\/108"}],"wp:featuredmedia":[{"embeddable":true,"href":"https:\/\/de-vv.com\/kerf\/wp-json\/wp\/v2\/media\/67"}],"wp:attachment":[{"href":"https:\/\/de-vv.com\/kerf\/wp-json\/wp\/v2\/media?parent=32"}],"curies":[{"name":"wp","href":"https:\/\/api.w.org\/{rel}","templated":true}]}}