{"id":82,"date":"2025-02-08T10:34:38","date_gmt":"2025-02-08T09:34:38","guid":{"rendered":"https:\/\/de-vv.com\/kerf\/?page_id=82"},"modified":"2025-02-08T13:15:04","modified_gmt":"2025-02-08T12:15:04","slug":"informations-utiles","status":"publish","type":"page","link":"https:\/\/de-vv.com\/kerf\/informations-utiles\/","title":{"rendered":"Informations utiles"},"content":{"rendered":"","protected":false},"excerpt":{"rendered":"","protected":false},"author":1,"featured_media":67,"parent":0,"menu_order":0,"comment_status":"closed","ping_status":"closed","template":"","meta":{"footnotes":""},"class_list":["post-82","page","type-page","status-publish","has-post-thumbnail"],"yoast_head":"<!-- This site is optimized with the Yoast SEO plugin v24.4 - https:\/\/yoast.com\/wordpress\/plugins\/seo\/ -->\n<title>Informations utiles - Auto-\u00e9cole de Kerf&#039; \u00e0 Quimper (29)<\/title>\n<meta name=\"description\" content=\"Retrouver une liste d&#039;informations utiles pour votre formation au sein de l&#039;Auto-\u00e9cole de Kerf&#039; \u00e0 Quimper (29).\" \/>\n<meta name=\"robots\" content=\"noindex, follow, max-snippet:-1, max-image-preview:large, max-video-preview:-1\" \/>\n<meta property=\"og:locale\" content=\"fr_FR\" \/>\n<meta property=\"og:type\" content=\"article\" \/>\n<meta property=\"og:title\" content=\"Informations utiles - Auto-\u00e9cole de Kerf&#039; \u00e0 Quimper (29)\" \/>\n<meta property=\"og:description\" content=\"Retrouver une liste d&#039;informations utiles pour votre formation au sein de l&#039;Auto-\u00e9cole de Kerf&#039; \u00e0 Quimper (29).\" \/>\n<meta property=\"og:url\" content=\"https:\/\/de-vv.com\/kerf\/informations-utiles\/\" \/>\n<meta property=\"og:site_name\" content=\"Auto-\u00e9cole de Kerf\" \/>\n<meta property=\"article:modified_time\" content=\"2025-02-08T12:15:04+00:00\" \/>\n<meta property=\"og:image\" content=\"https:\/\/de-vv.com\/kerf\/wp-content\/uploads\/2025\/02\/Auto-ecole-de-Kerf-voiture.png\" \/>\n\t<meta property=\"og:image:width\" content=\"500\" \/>\n\t<meta property=\"og:image:height\" content=\"350\" \/>\n\t<meta property=\"og:image:type\" content=\"image\/png\" \/>\n<meta name=\"twitter:card\" content=\"summary_large_image\" \/>\n<meta name=\"twitter:label1\" content=\"Dur\u00e9e de lecture estim\u00e9e\" \/>\n\t<meta name=\"twitter:data1\" content=\"1 minute\" \/>\n<script type=\"application\/ld+json\" class=\"yoast-schema-graph\">{\"@context\":\"https:\/\/schema.org\",\"@graph\":[{\"@type\":\"WebPage\",\"@id\":\"https:\/\/de-vv.com\/kerf\/informations-utiles\/\",\"url\":\"https:\/\/de-vv.com\/kerf\/informations-utiles\/\",\"name\":\"Informations utiles - Auto-\u00e9cole de Kerf' \u00e0 Quimper (29)\",\"isPartOf\":{\"@id\":\"https:\/\/de-vv.com\/kerf\/#website\"},\"primaryImageOfPage\":{\"@id\":\"https:\/\/de-vv.com\/kerf\/informations-utiles\/#primaryimage\"},\"image\":{\"@id\":\"https:\/\/de-vv.com\/kerf\/informations-utiles\/#primaryimage\"},\"thumbnailUrl\":\"https:\/\/de-vv.com\/kerf\/wp-content\/uploads\/2025\/02\/Auto-ecole-de-Kerf-voiture.png\",\"datePublished\":\"2025-02-08T09:34:38+00:00\",\"dateModified\":\"2025-02-08T12:15:04+00:00\",\"description\":\"Retrouver une liste d'informations utiles pour votre formation au sein de l'Auto-\u00e9cole de Kerf' \u00e0 Quimper (29).\",\"breadcrumb\":{\"@id\":\"https:\/\/de-vv.com\/kerf\/informations-utiles\/#breadcrumb\"},\"inLanguage\":\"fr-FR\",\"potentialAction\":[{\"@type\":\"ReadAction\",\"target\":[\"https:\/\/de-vv.com\/kerf\/informations-utiles\/\"]}]},{\"@type\":\"ImageObject\",\"inLanguage\":\"fr-FR\",\"@id\":\"https:\/\/de-vv.com\/kerf\/informations-utiles\/#primaryimage\",\"url\":\"https:\/\/de-vv.com\/kerf\/wp-content\/uploads\/2025\/02\/Auto-ecole-de-Kerf-voiture.png\",\"contentUrl\":\"https:\/\/de-vv.com\/kerf\/wp-content\/uploads\/2025\/02\/Auto-ecole-de-Kerf-voiture.png\",\"width\":500,\"height\":350,\"caption\":\"Auto-\u00e9cole de Kerf' Quimper (29)\"},{\"@type\":\"BreadcrumbList\",\"@id\":\"https:\/\/de-vv.com\/kerf\/informations-utiles\/#breadcrumb\",\"itemListElement\":[{\"@type\":\"ListItem\",\"position\":1,\"name\":\"Accueil\",\"item\":\"https:\/\/de-vv.com\/kerf\/\"},{\"@type\":\"ListItem\",\"position\":2,\"name\":\"Informations utiles\"}]},{\"@type\":\"WebSite\",\"@id\":\"https:\/\/de-vv.com\/kerf\/#website\",\"url\":\"https:\/\/de-vv.com\/kerf\/\",\"name\":\"Auto-\u00e9cole de Kerf\",\"description\":\"Ton auto-\u00e9cole \u00e0 Quimper (29)\",\"potentialAction\":[{\"@type\":\"SearchAction\",\"target\":{\"@type\":\"EntryPoint\",\"urlTemplate\":\"https:\/\/de-vv.com\/kerf\/?s={search_term_string}\"},\"query-input\":{\"@type\":\"PropertyValueSpecification\",\"valueRequired\":true,\"valueName\":\"search_term_string\"}}],\"inLanguage\":\"fr-FR\"}]}<\/script>\n<!-- \/ Yoast SEO plugin. -->","yoast_head_json":{"title":"Informations utiles - Auto-\u00e9cole de Kerf' \u00e0 Quimper (29)","description":"Retrouver une liste d'informations utiles pour votre formation au sein de l'Auto-\u00e9cole de Kerf' \u00e0 Quimper (29).","robots":{"index":"noindex","follow":"follow","max-snippet":"max-snippet:-1","max-image-preview":"max-image-preview:large","max-video-preview":"max-video-preview:-1"},"og_locale":"fr_FR","og_type":"article","og_title":"Informations utiles - Auto-\u00e9cole de Kerf' \u00e0 Quimper (29)","og_description":"Retrouver une liste d'informations utiles pour votre formation au sein de l'Auto-\u00e9cole de Kerf' \u00e0 Quimper (29).","og_url":"https:\/\/de-vv.com\/kerf\/informations-utiles\/","og_site_name":"Auto-\u00e9cole de Kerf","article_modified_time":"2025-02-08T12:15:04+00:00","og_image":[{"width":500,"height":350,"url":"https:\/\/de-vv.com\/kerf\/wp-content\/uploads\/2025\/02\/Auto-ecole-de-Kerf-voiture.png","type":"image\/png"}],"twitter_card":"summary_large_image","twitter_misc":{"Dur\u00e9e de lecture estim\u00e9e":"1 minute"},"schema":{"@context":"https:\/\/schema.org","@graph":[{"@type":"WebPage","@id":"https:\/\/de-vv.com\/kerf\/informations-utiles\/","url":"https:\/\/de-vv.com\/kerf\/informations-utiles\/","name":"Informations utiles - Auto-\u00e9cole de Kerf' \u00e0 Quimper (29)","isPartOf":{"@id":"https:\/\/de-vv.com\/kerf\/#website"},"primaryImageOfPage":{"@id":"https:\/\/de-vv.com\/kerf\/informations-utiles\/#primaryimage"},"image":{"@id":"https:\/\/de-vv.com\/kerf\/informations-utiles\/#primaryimage"},"thumbnailUrl":"https:\/\/de-vv.com\/kerf\/wp-content\/uploads\/2025\/02\/Auto-ecole-de-Kerf-voiture.png","datePublished":"2025-02-08T09:34:38+00:00","dateModified":"2025-02-08T12:15:04+00:00","description":"Retrouver une liste d'informations utiles pour votre formation au sein de l'Auto-\u00e9cole de Kerf' \u00e0 Quimper (29).","breadcrumb":{"@id":"https:\/\/de-vv.com\/kerf\/informations-utiles\/#breadcrumb"},"inLanguage":"fr-FR","potentialAction":[{"@type":"ReadAction","target":["https:\/\/de-vv.com\/kerf\/informations-utiles\/"]}]},{"@type":"ImageObject","inLanguage":"fr-FR","@id":"https:\/\/de-vv.com\/kerf\/informations-utiles\/#primaryimage","url":"https:\/\/de-vv.com\/kerf\/wp-content\/uploads\/2025\/02\/Auto-ecole-de-Kerf-voiture.png","contentUrl":"https:\/\/de-vv.com\/kerf\/wp-content\/uploads\/2025\/02\/Auto-ecole-de-Kerf-voiture.png","width":500,"height":350,"caption":"Auto-\u00e9cole de Kerf' Quimper (29)"},{"@type":"BreadcrumbList","@id":"https:\/\/de-vv.com\/kerf\/informations-utiles\/#breadcrumb","itemListElement":[{"@type":"ListItem","position":1,"name":"Accueil","item":"https:\/\/de-vv.com\/kerf\/"},{"@type":"ListItem","position":2,"name":"Informations utiles"}]},{"@type":"WebSite","@id":"https:\/\/de-vv.com\/kerf\/#website","url":"https:\/\/de-vv.com\/kerf\/","name":"Auto-\u00e9cole de Kerf","description":"Ton auto-\u00e9cole \u00e0 Quimper (29)","potentialAction":[{"@type":"SearchAction","target":{"@type":"EntryPoint","urlTemplate":"https:\/\/de-vv.com\/kerf\/?s={search_term_string}"},"query-input":{"@type":"PropertyValueSpecification","valueRequired":true,"valueName":"search_term_string"}}],"inLanguage":"fr-FR"}]}},"_links":{"self":[{"href":"https:\/\/de-vv.com\/kerf\/wp-json\/wp\/v2\/pages\/82","targetHints":{"allow":["GET"]}}],"collection":[{"href":"https:\/\/de-vv.com\/kerf\/wp-json\/wp\/v2\/pages"}],"about":[{"href":"https:\/\/de-vv.com\/kerf\/wp-json\/wp\/v2\/types\/page"}],"author":[{"embeddable":true,"href":"https:\/\/de-vv.com\/kerf\/wp-json\/wp\/v2\/users\/1"}],"replies":[{"embeddable":true,"href":"https:\/\/de-vv.com\/kerf\/wp-json\/wp\/v2\/comments?post=82"}],"version-history":[{"count":1,"href":"https:\/\/de-vv.com\/kerf\/wp-json\/wp\/v2\/pages\/82\/revisions"}],"predecessor-version":[{"id":83,"href":"https:\/\/de-vv.com\/kerf\/wp-json\/wp\/v2\/pages\/82\/revisions\/83"}],"wp:featuredmedia":[{"embeddable":true,"href":"https:\/\/de-vv.com\/kerf\/wp-json\/wp\/v2\/media\/67"}],"wp:attachment":[{"href":"https:\/\/de-vv.com\/kerf\/wp-json\/wp\/v2\/media?parent=82"}],"curies":[{"name":"wp","href":"https:\/\/api.w.org\/{rel}","templated":true}]}}