{"id":71,"date":"2025-05-29T11:43:31","date_gmt":"2025-05-29T09:43:31","guid":{"rendered":"https:\/\/de-vv.com\/rer\/?page_id=71"},"modified":"2025-06-08T15:15:52","modified_gmt":"2025-06-08T13:15:52","slug":"mentions-legales","status":"publish","type":"page","link":"https:\/\/de-vv.com\/rer\/mentions-legales\/","title":{"rendered":"Mentions l\u00e9gales"},"content":{"rendered":"[vc_row type=\u00a0\u00bbfull_width_background\u00a0\u00bb full_screen_row_position=\u00a0\u00bbmiddle\u00a0\u00bb column_margin=\u00a0\u00bbdefault\u00a0\u00bb column_direction=\u00a0\u00bbdefault\u00a0\u00bb column_direction_tablet=\u00a0\u00bbdefault\u00a0\u00bb column_direction_phone=\u00a0\u00bbdefault\u00a0\u00bb scene_position=\u00a0\u00bbcenter\u00a0\u00bb text_color=\u00a0\u00bbdark\u00a0\u00bb text_align=\u00a0\u00bbleft\u00a0\u00bb row_border_radius=\u00a0\u00bbnone\u00a0\u00bb row_border_radius_applies=\u00a0\u00bbbg\u00a0\u00bb overflow=\u00a0\u00bbvisible\u00a0\u00bb overlay_strength=\u00a0\u00bb0.3&Prime; gradient_direction=\u00a0\u00bbleft_to_right\u00a0\u00bb shape_divider_position=\u00a0\u00bbbottom\u00a0\u00bb bg_image_animation=\u00a0\u00bbnone\u00a0\u00bb shape_type=\u00a0\u00bb\u00a0\u00bb gradient_type=\u00a0\u00bbdefault\u00a0\u00bb][vc_column column_padding=\u00a0\u00bbpadding-2-percent\u00a0\u00bb column_padding_tablet=\u00a0\u00bbinherit\u00a0\u00bb column_padding_phone=\u00a0\u00bbinherit\u00a0\u00bb column_padding_position=\u00a0\u00bball\u00a0\u00bb column_element_direction_desktop=\u00a0\u00bbdefault\u00a0\u00bb column_element_spacing=\u00a0\u00bbdefault\u00a0\u00bb centered_text=\u00a0\u00bbtrue\u00a0\u00bb desktop_text_alignment=\u00a0\u00bbdefault\u00a0\u00bb tablet_text_alignment=\u00a0\u00bbdefault\u00a0\u00bb phone_text_alignment=\u00a0\u00bbdefault\u00a0\u00bb background_color_opacity=\u00a0\u00bb1&Prime; background_hover_color_opacity=\u00a0\u00bb1&Prime; column_backdrop_filter=\u00a0\u00bbnone\u00a0\u00bb column_shadow=\u00a0\u00bbnone\u00a0\u00bb column_border_radius=\u00a0\u00bbnone\u00a0\u00bb column_link_target=\u00a0\u00bb_self\u00a0\u00bb column_position=\u00a0\u00bbdefault\u00a0\u00bb gradient_direction=\u00a0\u00bbleft_to_right\u00a0\u00bb overlay_strength=\u00a0\u00bb0.3&Prime; width=\u00a0\u00bb1\/1&Prime; tablet_width_inherit=\u00a0\u00bbdefault\u00a0\u00bb animation_type=\u00a0\u00bbdefault\u00a0\u00bb bg_image_animation=\u00a0\u00bbnone\u00a0\u00bb border_type=\u00a0\u00bbsimple\u00a0\u00bb column_border_width=\u00a0\u00bbnone\u00a0\u00bb column_border_style=\u00a0\u00bbsolid\u00a0\u00bb column_padding_type=\u00a0\u00bbdefault\u00a0\u00bb gradient_type=\u00a0\u00bbdefault\u00a0\u00bb][vc_column_text css=\u00a0\u00bb\u00a0\u00bb text_direction=\u00a0\u00bbdefault\u00a0\u00bb]\n<h1 style=\"text-align: center; color: #e81e74;\">Mentions l\u00e9gales<\/h1>\n[\/vc_column_text][vc_column_text css=\u00a0\u00bb\u00a0\u00bb text_direction=\u00a0\u00bbdefault\u00a0\u00bb]\n<p style=\"text-align: center;\">Retrouvez ci-dessous les mentions l\u00e9gales du <a href=\"https:\/\/de-vv.com\/rer\/\" target=\"_blank\" rel=\"noopener\">Centre de conduite du RER<\/a> \u00e0 Bagneux (92) depuis 40 ans.<\/p>\n[\/vc_column_text][\/vc_column][\/vc_row][vc_row type=\u00a0\u00bbin_container\u00a0\u00bb full_screen_row_position=\u00a0\u00bbmiddle\u00a0\u00bb column_margin=\u00a0\u00bbdefault\u00a0\u00bb column_direction=\u00a0\u00bbdefault\u00a0\u00bb column_direction_tablet=\u00a0\u00bbdefault\u00a0\u00bb column_direction_phone=\u00a0\u00bbdefault\u00a0\u00bb scene_position=\u00a0\u00bbcenter\u00a0\u00bb text_color=\u00a0\u00bbdark\u00a0\u00bb text_align=\u00a0\u00bbleft\u00a0\u00bb row_border_radius=\u00a0\u00bbnone\u00a0\u00bb row_border_radius_applies=\u00a0\u00bbbg\u00a0\u00bb overflow=\u00a0\u00bbvisible\u00a0\u00bb overlay_strength=\u00a0\u00bb0.3&Prime; gradient_direction=\u00a0\u00bbleft_to_right\u00a0\u00bb shape_divider_position=\u00a0\u00bbbottom\u00a0\u00bb bg_image_animation=\u00a0\u00bbnone\u00a0\u00bb][vc_column column_padding=\u00a0\u00bbno-extra-padding\u00a0\u00bb column_padding_tablet=\u00a0\u00bbinherit\u00a0\u00bb column_padding_phone=\u00a0\u00bbinherit\u00a0\u00bb column_padding_position=\u00a0\u00bball\u00a0\u00bb column_element_direction_desktop=\u00a0\u00bbdefault\u00a0\u00bb column_element_spacing=\u00a0\u00bbdefault\u00a0\u00bb desktop_text_alignment=\u00a0\u00bbdefault\u00a0\u00bb tablet_text_alignment=\u00a0\u00bbdefault\u00a0\u00bb phone_text_alignment=\u00a0\u00bbdefault\u00a0\u00bb background_color_opacity=\u00a0\u00bb1&Prime; background_hover_color_opacity=\u00a0\u00bb1&Prime; column_backdrop_filter=\u00a0\u00bbnone\u00a0\u00bb column_shadow=\u00a0\u00bbnone\u00a0\u00bb column_border_radius=\u00a0\u00bbnone\u00a0\u00bb column_link_target=\u00a0\u00bb_self\u00a0\u00bb column_position=\u00a0\u00bbdefault\u00a0\u00bb gradient_direction=\u00a0\u00bbleft_to_right\u00a0\u00bb overlay_strength=\u00a0\u00bb0.3&Prime; width=\u00a0\u00bb1\/4&Prime; tablet_width_inherit=\u00a0\u00bbdefault\u00a0\u00bb animation_type=\u00a0\u00bbdefault\u00a0\u00bb bg_image_animation=\u00a0\u00bbnone\u00a0\u00bb border_type=\u00a0\u00bbsimple\u00a0\u00bb column_border_width=\u00a0\u00bbnone\u00a0\u00bb column_border_style=\u00a0\u00bbsolid\u00a0\u00bb offset=\u00a0\u00bbvc_hidden-sm vc_hidden-xs\u00a0\u00bb][\/vc_column][vc_column column_padding=\u00a0\u00bbpadding-2-percent\u00a0\u00bb column_padding_tablet=\u00a0\u00bbinherit\u00a0\u00bb column_padding_phone=\u00a0\u00bbinherit\u00a0\u00bb column_padding_position=\u00a0\u00bball\u00a0\u00bb column_element_direction_desktop=\u00a0\u00bbdefault\u00a0\u00bb column_element_spacing=\u00a0\u00bbdefault\u00a0\u00bb desktop_text_alignment=\u00a0\u00bbdefault\u00a0\u00bb tablet_text_alignment=\u00a0\u00bbdefault\u00a0\u00bb phone_text_alignment=\u00a0\u00bbdefault\u00a0\u00bb background_color_opacity=\u00a0\u00bb1&Prime; background_hover_color_opacity=\u00a0\u00bb1&Prime; column_backdrop_filter=\u00a0\u00bbnone\u00a0\u00bb column_shadow=\u00a0\u00bbnone\u00a0\u00bb column_border_radius=\u00a0\u00bbnone\u00a0\u00bb column_link_target=\u00a0\u00bb_self\u00a0\u00bb column_position=\u00a0\u00bbdefault\u00a0\u00bb gradient_direction=\u00a0\u00bbleft_to_right\u00a0\u00bb overlay_strength=\u00a0\u00bb0.3&Prime; width=\u00a0\u00bb1\/2&Prime; tablet_width_inherit=\u00a0\u00bbdefault\u00a0\u00bb animation_type=\u00a0\u00bbdefault\u00a0\u00bb bg_image_animation=\u00a0\u00bbnone\u00a0\u00bb border_type=\u00a0\u00bbsimple\u00a0\u00bb column_border_width=\u00a0\u00bbnone\u00a0\u00bb column_border_style=\u00a0\u00bbsolid\u00a0\u00bb][vc_column_text css=\u00a0\u00bb\u00a0\u00bb text_direction=\u00a0\u00bbdefault\u00a0\u00bb]\n<h4>CENTRE DE CONDUITE DU RER<\/h4>\n<p>SAS au capital social de 270 000\u20ac, immatricul\u00e9e au RCS de Nanterre le 01\/07\/2017, sous le num\u00e9ro SIREN : 832 127 286 00017.<br \/>\n<strong>Si\u00e8ge social :<\/strong> 218 avenue Aristide Briand 92220 Bagneux<\/p>\n<p><strong>T\u00e9l\u00e9phone :<\/strong> <a href=\"tel:01.45.46.44.66\">01 45 46 44 66<\/a><\/p>\n<p><strong>Adresse \u00e9lectronique :<\/strong> rerbagneux92@gmail.com<\/p>\n<p><strong>TVA intracommunautaire :<\/strong> FR55832127286<\/p>\n<p><strong>Agr\u00e9ment :<\/strong> E0209253950, d\u00e9livr\u00e9 par la pr\u00e9fecture des Hauts-de-Seine, 167-177 Avenue Fr\u00e9d\u00e9ric et Ir\u00e8ne Joliot Curie, 92000 Nanterre<\/p>\n<p><strong>NDA :<\/strong> 11921950592<\/p>\n<p><strong>Directeur de la publication :<\/strong> Manuel Castro Estevez[\/vc_column_text][\/vc_column][vc_column column_padding=\u00a0\u00bbno-extra-padding\u00a0\u00bb column_padding_tablet=\u00a0\u00bbinherit\u00a0\u00bb column_padding_phone=\u00a0\u00bbinherit\u00a0\u00bb column_padding_position=\u00a0\u00bball\u00a0\u00bb column_element_direction_desktop=\u00a0\u00bbdefault\u00a0\u00bb column_element_spacing=\u00a0\u00bbdefault\u00a0\u00bb desktop_text_alignment=\u00a0\u00bbdefault\u00a0\u00bb tablet_text_alignment=\u00a0\u00bbdefault\u00a0\u00bb phone_text_alignment=\u00a0\u00bbdefault\u00a0\u00bb background_color_opacity=\u00a0\u00bb1&Prime; background_hover_color_opacity=\u00a0\u00bb1&Prime; column_backdrop_filter=\u00a0\u00bbnone\u00a0\u00bb column_shadow=\u00a0\u00bbnone\u00a0\u00bb column_border_radius=\u00a0\u00bbnone\u00a0\u00bb column_link_target=\u00a0\u00bb_self\u00a0\u00bb column_position=\u00a0\u00bbdefault\u00a0\u00bb gradient_direction=\u00a0\u00bbleft_to_right\u00a0\u00bb overlay_strength=\u00a0\u00bb0.3&Prime; width=\u00a0\u00bb1\/4&Prime; tablet_width_inherit=\u00a0\u00bbdefault\u00a0\u00bb animation_type=\u00a0\u00bbdefault\u00a0\u00bb bg_image_animation=\u00a0\u00bbnone\u00a0\u00bb border_type=\u00a0\u00bbsimple\u00a0\u00bb column_border_width=\u00a0\u00bbnone\u00a0\u00bb column_border_style=\u00a0\u00bbsolid\u00a0\u00bb offset=\u00a0\u00bbvc_hidden-sm vc_hidden-xs\u00a0\u00bb][\/vc_column][\/vc_row][vc_row type=\u00a0\u00bbfull_width_background\u00a0\u00bb full_screen_row_position=\u00a0\u00bbmiddle\u00a0\u00bb column_margin=\u00a0\u00bbdefault\u00a0\u00bb column_direction=\u00a0\u00bbdefault\u00a0\u00bb column_direction_tablet=\u00a0\u00bbdefault\u00a0\u00bb column_direction_phone=\u00a0\u00bbdefault\u00a0\u00bb bg_color=\u00a0\u00bb#f7f7f7&Prime; scene_position=\u00a0\u00bbcenter\u00a0\u00bb text_color=\u00a0\u00bbdark\u00a0\u00bb text_align=\u00a0\u00bbleft\u00a0\u00bb row_border_radius=\u00a0\u00bbnone\u00a0\u00bb row_border_radius_applies=\u00a0\u00bbbg\u00a0\u00bb overflow=\u00a0\u00bbvisible\u00a0\u00bb overlay_strength=\u00a0\u00bb0.3&Prime; gradient_direction=\u00a0\u00bbleft_to_right\u00a0\u00bb shape_divider_position=\u00a0\u00bbbottom\u00a0\u00bb bg_image_animation=\u00a0\u00bbnone\u00a0\u00bb shape_type=\u00a0\u00bb\u00a0\u00bb gradient_type=\u00a0\u00bbdefault\u00a0\u00bb][vc_column column_padding=\u00a0\u00bbpadding-1-percent\u00a0\u00bb column_padding_tablet=\u00a0\u00bbinherit\u00a0\u00bb column_padding_phone=\u00a0\u00bbinherit\u00a0\u00bb column_padding_position=\u00a0\u00bball\u00a0\u00bb column_element_direction_desktop=\u00a0\u00bbdefault\u00a0\u00bb column_element_spacing=\u00a0\u00bbdefault\u00a0\u00bb centered_text=\u00a0\u00bbtrue\u00a0\u00bb desktop_text_alignment=\u00a0\u00bbdefault\u00a0\u00bb tablet_text_alignment=\u00a0\u00bbdefault\u00a0\u00bb phone_text_alignment=\u00a0\u00bbdefault\u00a0\u00bb background_color_opacity=\u00a0\u00bb1&Prime; background_hover_color_opacity=\u00a0\u00bb1&Prime; column_backdrop_filter=\u00a0\u00bbnone\u00a0\u00bb column_shadow=\u00a0\u00bbnone\u00a0\u00bb column_border_radius=\u00a0\u00bbnone\u00a0\u00bb column_link_target=\u00a0\u00bb_self\u00a0\u00bb column_position=\u00a0\u00bbdefault\u00a0\u00bb gradient_direction=\u00a0\u00bbleft_to_right\u00a0\u00bb overlay_strength=\u00a0\u00bb0.3&Prime; width=\u00a0\u00bb1\/1&Prime; tablet_width_inherit=\u00a0\u00bbdefault\u00a0\u00bb animation_type=\u00a0\u00bbdefault\u00a0\u00bb bg_image_animation=\u00a0\u00bbnone\u00a0\u00bb border_type=\u00a0\u00bbsimple\u00a0\u00bb column_border_width=\u00a0\u00bbnone\u00a0\u00bb column_border_style=\u00a0\u00bbsolid\u00a0\u00bb][vc_column_text css=\u00a0\u00bb\u00a0\u00bb text_direction=\u00a0\u00bbdefault\u00a0\u00bb]\n<p style=\"text-align: center;\">Vous pouvez \u00e9galement consulter notre <a href=\"https:\/\/de-vv.com\/rer\/donnees-personnelles\/\" target=\"_blank\" rel=\"noopener\">Politique relative aux donn\u00e9es personnelles<\/a> ou les coordonn\u00e9es de notre <a href=\"https:\/\/de-vv.com\/rer\/mediateur\/\">m\u00e9diateur<\/a>.<\/p>\n[\/vc_column_text][\/vc_column][\/vc_row]\n","protected":false},"excerpt":{"rendered":"<p>[vc_row type=\u00a0\u00bbfull_width_background\u00a0\u00bb full_screen_row_position=\u00a0\u00bbmiddle\u00a0\u00bb column_margin=\u00a0\u00bbdefault\u00a0\u00bb column_direction=\u00a0\u00bbdefault\u00a0\u00bb column_direction_tablet=\u00a0\u00bbdefault\u00a0\u00bb column_direction_phone=\u00a0\u00bbdefault\u00a0\u00bb scene_position=\u00a0\u00bbcenter\u00a0\u00bb text_color=\u00a0\u00bbdark\u00a0\u00bb text_align=\u00a0\u00bbleft\u00a0\u00bb row_border_radius=\u00a0\u00bbnone\u00a0\u00bb row_border_radius_applies=\u00a0\u00bbbg\u00a0\u00bb overflow=\u00a0\u00bbvisible\u00a0\u00bb overlay_strength=\u00a0\u00bb0.3&Prime; gradient_direction=\u00a0\u00bbleft_to_right\u00a0\u00bb shape_divider_position=\u00a0\u00bbbottom\u00a0\u00bb bg_image_animation=\u00a0\u00bbnone\u00a0\u00bb shape_type=\u00a0\u00bb\u00a0\u00bb gradient_type=\u00a0\u00bbdefault\u00a0\u00bb][vc_column column_padding=\u00a0\u00bbpadding-2-percent\u00a0\u00bb column_padding_tablet=\u00a0\u00bbinherit\u00a0\u00bb column_padding_phone=\u00a0\u00bbinherit\u00a0\u00bb column_padding_position=\u00a0\u00bball\u00a0\u00bb column_element_direction_desktop=\u00a0\u00bbdefault\u00a0\u00bb column_element_spacing=\u00a0\u00bbdefault\u00a0\u00bb centered_text=\u00a0\u00bbtrue\u00a0\u00bb desktop_text_alignment=\u00a0\u00bbdefault\u00a0\u00bb tablet_text_alignment=\u00a0\u00bbdefault\u00a0\u00bb phone_text_alignment=\u00a0\u00bbdefault\u00a0\u00bb background_color_opacity=\u00a0\u00bb1&Prime;&#8230;<\/p>\n","protected":false},"author":1,"featured_media":40,"parent":0,"menu_order":0,"comment_status":"closed","ping_status":"closed","template":"","meta":{"footnotes":""},"class_list":["post-71","page","type-page","status-publish","has-post-thumbnail"],"yoast_head":"<!-- This site is optimized with the Yoast SEO plugin v27.5 - https:\/\/yoast.com\/product\/yoast-seo-wordpress\/ -->\n<title>Mentions l\u00e9gales - Centre de conduite du RER \u00e0 Bagneux (92)<\/title>\n<meta name=\"description\" content=\"Consultez les mentions l\u00e9gales du Centre de conduite du RER, votre auto-moto-\u00e9cole \u00e0 Bagneux (92) depuis 40 ans.\" \/>\n<meta name=\"robots\" content=\"noindex, follow, max-snippet:-1, max-image-preview:large, max-video-preview:-1\" \/>\n<meta property=\"og:locale\" content=\"fr_FR\" \/>\n<meta property=\"og:type\" content=\"article\" \/>\n<meta property=\"og:title\" content=\"Mentions l\u00e9gales - Centre de conduite du RER \u00e0 Bagneux (92)\" \/>\n<meta property=\"og:description\" content=\"Consultez les mentions l\u00e9gales du Centre de conduite du RER, votre auto-moto-\u00e9cole \u00e0 Bagneux (92) depuis 40 ans.\" \/>\n<meta property=\"og:url\" content=\"https:\/\/de-vv.com\/rer\/mentions-legales\/\" \/>\n<meta property=\"og:site_name\" content=\"Centre de conduite du RER\" \/>\n<meta property=\"article:modified_time\" content=\"2025-06-08T13:15:52+00:00\" \/>\n<meta name=\"twitter:card\" content=\"summary_large_image\" \/>\n<meta name=\"twitter:label1\" content=\"Dur\u00e9e de lecture estim\u00e9e\" \/>\n\t<meta name=\"twitter:data1\" content=\"1 minute\" \/>\n<script type=\"application\/ld+json\" class=\"yoast-schema-graph\">{\"@context\":\"https:\\\/\\\/schema.org\",\"@graph\":[{\"@type\":\"WebPage\",\"@id\":\"https:\\\/\\\/de-vv.com\\\/rer\\\/mentions-legales\\\/\",\"url\":\"https:\\\/\\\/de-vv.com\\\/rer\\\/mentions-legales\\\/\",\"name\":\"Mentions l\u00e9gales - Centre de conduite du RER \u00e0 Bagneux (92)\",\"isPartOf\":{\"@id\":\"https:\\\/\\\/de-vv.com\\\/rer\\\/#website\"},\"primaryImageOfPage\":{\"@id\":\"https:\\\/\\\/de-vv.com\\\/rer\\\/mentions-legales\\\/#primaryimage\"},\"image\":{\"@id\":\"https:\\\/\\\/de-vv.com\\\/rer\\\/mentions-legales\\\/#primaryimage\"},\"thumbnailUrl\":\"https:\\\/\\\/de-vv.com\\\/rer\\\/wp-content\\\/uploads\\\/2025\\\/05\\\/Logo-Centre-de-conduite-du-RER-Bagneux.avif\",\"datePublished\":\"2025-05-29T09:43:31+00:00\",\"dateModified\":\"2025-06-08T13:15:52+00:00\",\"description\":\"Consultez les mentions l\u00e9gales du Centre de conduite du RER, votre auto-moto-\u00e9cole \u00e0 Bagneux (92) depuis 40 ans.\",\"breadcrumb\":{\"@id\":\"https:\\\/\\\/de-vv.com\\\/rer\\\/mentions-legales\\\/#breadcrumb\"},\"inLanguage\":\"fr-FR\",\"potentialAction\":[{\"@type\":\"ReadAction\",\"target\":[\"https:\\\/\\\/de-vv.com\\\/rer\\\/mentions-legales\\\/\"]}]},{\"@type\":\"ImageObject\",\"inLanguage\":\"fr-FR\",\"@id\":\"https:\\\/\\\/de-vv.com\\\/rer\\\/mentions-legales\\\/#primaryimage\",\"url\":\"https:\\\/\\\/de-vv.com\\\/rer\\\/wp-content\\\/uploads\\\/2025\\\/05\\\/Logo-Centre-de-conduite-du-RER-Bagneux.avif\",\"contentUrl\":\"https:\\\/\\\/de-vv.com\\\/rer\\\/wp-content\\\/uploads\\\/2025\\\/05\\\/Logo-Centre-de-conduite-du-RER-Bagneux.avif\",\"width\":480,\"height\":460,\"caption\":\"Logo Centre de conduite du RER Bagneux\"},{\"@type\":\"BreadcrumbList\",\"@id\":\"https:\\\/\\\/de-vv.com\\\/rer\\\/mentions-legales\\\/#breadcrumb\",\"itemListElement\":[{\"@type\":\"ListItem\",\"position\":1,\"name\":\"Accueil\",\"item\":\"https:\\\/\\\/de-vv.com\\\/rer\\\/\"},{\"@type\":\"ListItem\",\"position\":2,\"name\":\"Mentions l\u00e9gales\"}]},{\"@type\":\"WebSite\",\"@id\":\"https:\\\/\\\/de-vv.com\\\/rer\\\/#website\",\"url\":\"https:\\\/\\\/de-vv.com\\\/rer\\\/\",\"name\":\"Centre de conduite du RER\",\"description\":\"Votre auto-\u00e9cole \u00e0 Bagneux (92)\",\"potentialAction\":[{\"@type\":\"SearchAction\",\"target\":{\"@type\":\"EntryPoint\",\"urlTemplate\":\"https:\\\/\\\/de-vv.com\\\/rer\\\/?s={search_term_string}\"},\"query-input\":{\"@type\":\"PropertyValueSpecification\",\"valueRequired\":true,\"valueName\":\"search_term_string\"}}],\"inLanguage\":\"fr-FR\"}]}<\/script>\n<!-- \/ Yoast SEO plugin. -->","yoast_head_json":{"title":"Mentions l\u00e9gales - Centre de conduite du RER \u00e0 Bagneux (92)","description":"Consultez les mentions l\u00e9gales du Centre de conduite du RER, votre auto-moto-\u00e9cole \u00e0 Bagneux (92) depuis 40 ans.","robots":{"index":"noindex","follow":"follow","max-snippet":"max-snippet:-1","max-image-preview":"max-image-preview:large","max-video-preview":"max-video-preview:-1"},"og_locale":"fr_FR","og_type":"article","og_title":"Mentions l\u00e9gales - Centre de conduite du RER \u00e0 Bagneux (92)","og_description":"Consultez les mentions l\u00e9gales du Centre de conduite du RER, votre auto-moto-\u00e9cole \u00e0 Bagneux (92) depuis 40 ans.","og_url":"https:\/\/de-vv.com\/rer\/mentions-legales\/","og_site_name":"Centre de conduite du RER","article_modified_time":"2025-06-08T13:15:52+00:00","twitter_card":"summary_large_image","twitter_misc":{"Dur\u00e9e de lecture estim\u00e9e":"1 minute"},"schema":{"@context":"https:\/\/schema.org","@graph":[{"@type":"WebPage","@id":"https:\/\/de-vv.com\/rer\/mentions-legales\/","url":"https:\/\/de-vv.com\/rer\/mentions-legales\/","name":"Mentions l\u00e9gales - Centre de conduite du RER \u00e0 Bagneux (92)","isPartOf":{"@id":"https:\/\/de-vv.com\/rer\/#website"},"primaryImageOfPage":{"@id":"https:\/\/de-vv.com\/rer\/mentions-legales\/#primaryimage"},"image":{"@id":"https:\/\/de-vv.com\/rer\/mentions-legales\/#primaryimage"},"thumbnailUrl":"https:\/\/de-vv.com\/rer\/wp-content\/uploads\/2025\/05\/Logo-Centre-de-conduite-du-RER-Bagneux.avif","datePublished":"2025-05-29T09:43:31+00:00","dateModified":"2025-06-08T13:15:52+00:00","description":"Consultez les mentions l\u00e9gales du Centre de conduite du RER, votre auto-moto-\u00e9cole \u00e0 Bagneux (92) depuis 40 ans.","breadcrumb":{"@id":"https:\/\/de-vv.com\/rer\/mentions-legales\/#breadcrumb"},"inLanguage":"fr-FR","potentialAction":[{"@type":"ReadAction","target":["https:\/\/de-vv.com\/rer\/mentions-legales\/"]}]},{"@type":"ImageObject","inLanguage":"fr-FR","@id":"https:\/\/de-vv.com\/rer\/mentions-legales\/#primaryimage","url":"https:\/\/de-vv.com\/rer\/wp-content\/uploads\/2025\/05\/Logo-Centre-de-conduite-du-RER-Bagneux.avif","contentUrl":"https:\/\/de-vv.com\/rer\/wp-content\/uploads\/2025\/05\/Logo-Centre-de-conduite-du-RER-Bagneux.avif","width":480,"height":460,"caption":"Logo Centre de conduite du RER Bagneux"},{"@type":"BreadcrumbList","@id":"https:\/\/de-vv.com\/rer\/mentions-legales\/#breadcrumb","itemListElement":[{"@type":"ListItem","position":1,"name":"Accueil","item":"https:\/\/de-vv.com\/rer\/"},{"@type":"ListItem","position":2,"name":"Mentions l\u00e9gales"}]},{"@type":"WebSite","@id":"https:\/\/de-vv.com\/rer\/#website","url":"https:\/\/de-vv.com\/rer\/","name":"Centre de conduite du RER","description":"Votre auto-\u00e9cole \u00e0 Bagneux (92)","potentialAction":[{"@type":"SearchAction","target":{"@type":"EntryPoint","urlTemplate":"https:\/\/de-vv.com\/rer\/?s={search_term_string}"},"query-input":{"@type":"PropertyValueSpecification","valueRequired":true,"valueName":"search_term_string"}}],"inLanguage":"fr-FR"}]}},"_links":{"self":[{"href":"https:\/\/de-vv.com\/rer\/wp-json\/wp\/v2\/pages\/71","targetHints":{"allow":["GET"]}}],"collection":[{"href":"https:\/\/de-vv.com\/rer\/wp-json\/wp\/v2\/pages"}],"about":[{"href":"https:\/\/de-vv.com\/rer\/wp-json\/wp\/v2\/types\/page"}],"author":[{"embeddable":true,"href":"https:\/\/de-vv.com\/rer\/wp-json\/wp\/v2\/users\/1"}],"replies":[{"embeddable":true,"href":"https:\/\/de-vv.com\/rer\/wp-json\/wp\/v2\/comments?post=71"}],"version-history":[{"count":4,"href":"https:\/\/de-vv.com\/rer\/wp-json\/wp\/v2\/pages\/71\/revisions"}],"predecessor-version":[{"id":242,"href":"https:\/\/de-vv.com\/rer\/wp-json\/wp\/v2\/pages\/71\/revisions\/242"}],"wp:featuredmedia":[{"embeddable":true,"href":"https:\/\/de-vv.com\/rer\/wp-json\/wp\/v2\/media\/40"}],"wp:attachment":[{"href":"https:\/\/de-vv.com\/rer\/wp-json\/wp\/v2\/media?parent=71"}],"curies":[{"name":"wp","href":"https:\/\/api.w.org\/{rel}","templated":true}]}}