{"id":30,"date":"2022-06-08T14:46:48","date_gmt":"2022-06-08T12:46:48","guid":{"rendered":"https:\/\/de-vv.com\/touschemins\/?page_id=30"},"modified":"2022-08-16T16:59:06","modified_gmt":"2022-08-16T14:59:06","slug":"conduite-accompagnee","status":"publish","type":"page","link":"https:\/\/de-vv.com\/touschemins\/conduite-accompagnee\/","title":{"rendered":"Conduite accompagn\u00e9e"},"content":{"rendered":"[vc_row type=\u00a0\u00bbin_container\u00a0\u00bb full_screen_row_position=\u00a0\u00bbmiddle\u00a0\u00bb column_margin=\u00a0\u00bbdefault\u00a0\u00bb scene_position=\u00a0\u00bbcenter\u00a0\u00bb text_color=\u00a0\u00bbdark\u00a0\u00bb text_align=\u00a0\u00bbleft\u00a0\u00bb overlay_strength=\u00a0\u00bb0.3&Prime; shape_divider_position=\u00a0\u00bbbottom\u00a0\u00bb bg_image_animation=\u00a0\u00bbnone\u00a0\u00bb][vc_column column_padding=\u00a0\u00bbno-extra-padding\u00a0\u00bb column_padding_position=\u00a0\u00bball\u00a0\u00bb background_color_opacity=\u00a0\u00bb1&Prime; background_hover_color_opacity=\u00a0\u00bb1&Prime; column_link_target=\u00a0\u00bb_self\u00a0\u00bb column_shadow=\u00a0\u00bbnone\u00a0\u00bb column_border_radius=\u00a0\u00bbnone\u00a0\u00bb width=\u00a0\u00bb1\/1&Prime; tablet_width_inherit=\u00a0\u00bbdefault\u00a0\u00bb tablet_text_alignment=\u00a0\u00bbdefault\u00a0\u00bb phone_text_alignment=\u00a0\u00bbdefault\u00a0\u00bb overlay_strength=\u00a0\u00bb0.3&Prime; column_border_width=\u00a0\u00bbnone\u00a0\u00bb column_border_style=\u00a0\u00bbsolid\u00a0\u00bb bg_image_animation=\u00a0\u00bbnone\u00a0\u00bb][vc_column_text]\n<h1 style=\"text-align: center;\">La Conduite accompagn\u00e9e (AAC)<\/h1>\n<p style=\"text-align: center;\">Un futur conducteur peut choisir d\u2019apprendre \u00e0 conduire d\u00e8s l\u2019\u00e2ge de 15 ans avec la conduite accompagn\u00e9e<\/p>\n[\/vc_column_text][divider line_type=\u00a0\u00bbSmall Line\u00a0\u00bb line_alignment=\u00a0\u00bbcenter\u00a0\u00bb line_thickness=\u00a0\u00bb3&Prime; divider_color=\u00a0\u00bbaccent-color\u00a0\u00bb custom_height=\u00a0\u00bb40&Prime;][vc_column_text]<strong>La formation comprend plusieurs \u00e9tapes :<\/strong><\/p>\n<ul>\n<li>formation initiale dans une auto-\u00e9cole,<\/li>\n<li>conduite accompagn\u00e9e d&rsquo;un adulte, avec un suivi p\u00e9dagogique par l&rsquo;auto-\u00e9cole,<\/li>\n<li>pr\u00e9sentation au permis de conduire\u00a0\u00e0 partir de 17 ans.<\/li>\n<li>Cependant, apr\u00e8s l&rsquo;obtention du permis de conduire \u00e0 l&rsquo;\u00e2ge de 17 ans, la conduite accompagn\u00e9e n&rsquo;est pas interrompue, elle continue jusqu&rsquo;\u00e0 la majorit\u00e9 de la personne. Il est imp\u00e9ratif de d\u00e9clarer la fin de la conduite accompagn\u00e9e \u00e0 votre assureur d\u00e8s que la conduite se fait sans accompagnateur.<\/li>\n<li>En revanche, si vous \u00e9chouez au permis de conduire la conduite accompagn\u00e9e continue. Elle sera stopp\u00e9e \u00e0 partir du moment ou vous le d\u00e9clarerez \u00e0 votre assureur.<\/li>\n<\/ul>\n<table>\n<tbody>\n<tr>\n<th><\/th>\n<th>Examen du code<\/th>\n<th>Examen de la conduite<\/th>\n<\/tr>\n<tr>\n<th style=\"text-align: left;\">Permis B en conduite accompagn\u00e9e<\/th>\n<td>15\u00a0ans<\/td>\n<td>17\u00a0ans<\/td>\n<\/tr>\n<tr>\n<th style=\"text-align: left;\">Permis B classique<\/th>\n<td>17\u00a0ans<\/td>\n<td>18\u00a0ans<\/td>\n<\/tr>\n<\/tbody>\n<\/table>\n<p>Vous signez un contrat de formation apr\u00e8s avoir effectu\u00e9 une \u00e9valuation pr\u00e9alable de connaissances offert en cas inscription.[\/vc_column_text][image_with_animation image_url=\u00a0\u00bb127&Prime; alignment=\u00a0\u00bbcenter\u00a0\u00bb animation=\u00a0\u00bbFade In\u00a0\u00bb hover_animation=\u00a0\u00bbnone\u00a0\u00bb border_radius=\u00a0\u00bb5px\u00a0\u00bb box_shadow=\u00a0\u00bbsmall_depth\u00a0\u00bb image_loading=\u00a0\u00bblazy-load\u00a0\u00bb max_width=\u00a0\u00bb100%\u00a0\u00bb max_width_mobile=\u00a0\u00bbdefault\u00a0\u00bb][vc_column_text]Avant de d\u00e9buter la conduite accompagn\u00e9e, vous devez avoir r\u00e9ussi l&rsquo;\u00e9preuve th\u00e9orique g\u00e9n\u00e9rale du permis de conduire (<span class=\"expression\"><em>le code<\/em><\/span>).<\/p>\n<p>La formation initiale ne peut pas \u00eatre inf\u00e9rieure \u00e0 20 heures de cours de conduite avec un moniteur sauf si vous \u00eates\u00a0:<\/p>\n<ul>\n<li>\u00e9l\u00e8ve suivant une formation limit\u00e9e \u00e0 la conduite de v\u00e9hicules \u00e9quip\u00e9s d&rsquo;une bo\u00eete de vitesses automatique : un volume minimum de 13 heures est requis.<\/li>\n<\/ul>\n<p><strong>Au terme de cette formation :<\/strong><\/p>\n<ul>\n<li>Vous recevez l&rsquo;attestation de fin de formation initiale<\/li>\n<li>1 rendez-vous pr\u00e9alable de deux heurs<\/li>\n<\/ul>\n<p>La phase de conduite accompagn\u00e9e a une dur\u00e9e minimale d&rsquo;un an et vous devez conduire au moins 3\u00a0000 km en conduite accompagn\u00e9e.<\/p>\n<div class=\"table-responsive\">\n<table class=\"table\">\n<caption><strong>Limitations de vitesse<\/strong><\/caption>\n<thead>\n<tr>\n<th colspan=\"1\" rowspan=\"1\" scope=\"col\">Type de voie<\/th>\n<th colspan=\"1\" rowspan=\"1\" scope=\"col\">Vitesse maximum<\/th>\n<\/tr>\n<\/thead>\n<tbody>\n<tr>\n<td colspan=\"1\" rowspan=\"1\">Sections d&rsquo;autoroutes o\u00f9 la vitesse est limit\u00e9e \u00e0 130 km\/h<\/td>\n<td colspan=\"1\" rowspan=\"1\">110 km\/h<\/td>\n<\/tr>\n<tr>\n<td colspan=\"1\" rowspan=\"1\">Autres sections d&rsquo;autoroutes d\u00e9gagement (au tour des grandes agglom\u00e9rations)<\/td>\n<td colspan=\"1\" rowspan=\"1\">100 km\/h<\/td>\n<\/tr>\n<tr>\n<td colspan=\"1\" rowspan=\"1\">Routes \u00e0 2 chauss\u00e9es s\u00e9par\u00e9es par un terre-plein central<\/td>\n<td colspan=\"1\" rowspan=\"1\">100 km\/h<\/td>\n<\/tr>\n<tr>\n<td colspan=\"1\" rowspan=\"1\">Agglom\u00e9rations<\/td>\n<td colspan=\"1\" rowspan=\"1\">50 km\/h<\/td>\n<\/tr>\n<tr>\n<td colspan=\"1\" rowspan=\"1\">Autres routes<\/td>\n<td colspan=\"1\" rowspan=\"1\">80 km\/h<\/td>\n<\/tr>\n<\/tbody>\n<\/table>\n<\/div>\n<p><strong>La circulation est interdite \u00e0 l&rsquo;\u00e9tranger.<\/strong><\/p>\n<p>2\u00a0rendez-vous p\u00e9dagogiques d&rsquo;une dur\u00e9e de 3 heures chacun sont obligatoires. Ces rendez-vous comportent une partie pratique et une partie p\u00e9dagogique.<\/p>\n<p>La pr\u00e9sence d&rsquo;au moins un accompagnateur est obligatoire \u00e0 chacun de ces rendez-vous.<\/p>\n<p>Le 1er\u00a0rendez-vous est r\u00e9alis\u00e9 entre 4 et 6 mois apr\u00e8s la date de d\u00e9livrance de l&rsquo;attestation de fin de formation initiale et le 2e\u00a0doit avoir lieu lorsqu&rsquo;au moins 3 000 km ont \u00e9t\u00e9 parcourus en conduite accompagn\u00e9e.[\/vc_column_text][vc_row_inner column_margin=\u00a0\u00bbdefault\u00a0\u00bb text_align=\u00a0\u00bbleft\u00a0\u00bb][vc_column_inner column_padding=\u00a0\u00bbpadding-2-percent\u00a0\u00bb column_padding_position=\u00a0\u00bball\u00a0\u00bb background_color=\u00a0\u00bb#c3c5ee\u00a0\u00bb background_color_opacity=\u00a0\u00bb1&Prime; background_hover_color_opacity=\u00a0\u00bb1&Prime; column_shadow=\u00a0\u00bbsmall_depth\u00a0\u00bb column_border_radius=\u00a0\u00bb5px\u00a0\u00bb column_link_target=\u00a0\u00bb_self\u00a0\u00bb width=\u00a0\u00bb1\/1&Prime; tablet_width_inherit=\u00a0\u00bbdefault\u00a0\u00bb overlay_strength=\u00a0\u00bb0.3&Prime; column_border_width=\u00a0\u00bbnone\u00a0\u00bb column_border_style=\u00a0\u00bbsolid\u00a0\u00bb bg_image_animation=\u00a0\u00bbnone\u00a0\u00bb][vc_column_text]<span class=\"font_small\"><strong>Quels avantages ?<\/strong><\/span><\/p>\n<ul>\n<li><span class=\"font_small\">Acqu\u00e9rir une exp\u00e9rience de conduite. Gagner ainsi en confiance pour le passage pratique de l\u2019examen, mais aussi en tant que futur conducteur.<\/span><\/li>\n<li><span class=\"font_small\">Un taux de r\u00e9ussite plus important lors du passage de l\u2019\u00e9preuve du permis avec 69,5 % de r\u00e9ussite contre 51,9 %\u00a0 par la fili\u00e8re traditionnelle.<\/span><\/li>\n<li><span class=\"font_small\">Une p\u00e9riode de permis probatoire r\u00e9duite pour les candidats \u00ab AAC \u00bb : les nouveaux titulaires disposent d\u2019un capital initial de 6 points sur leur permis. Pour en obtenir 12, ils devront attendre 3 ans sans commettre d\u2019infraction s\u2019ils sont pass\u00e9s par la fili\u00e8re traditionnelle d\u2019apprentissage de la conduite, mais seulement 2 ans via l\u2019AAC.<\/span><\/li>\n<\/ul>\n[\/vc_column_text][\/vc_column_inner][\/vc_row_inner][\/vc_column][\/vc_row]\n","protected":false},"excerpt":{"rendered":"<p>[vc_row type=\u00a0\u00bbin_container\u00a0\u00bb full_screen_row_position=\u00a0\u00bbmiddle\u00a0\u00bb column_margin=\u00a0\u00bbdefault\u00a0\u00bb scene_position=\u00a0\u00bbcenter\u00a0\u00bb text_color=\u00a0\u00bbdark\u00a0\u00bb text_align=\u00a0\u00bbleft\u00a0\u00bb overlay_strength=\u00a0\u00bb0.3&Prime; shape_divider_position=\u00a0\u00bbbottom\u00a0\u00bb bg_image_animation=\u00a0\u00bbnone\u00a0\u00bb][vc_column column_padding=\u00a0\u00bbno-extra-padding\u00a0\u00bb column_padding_position=\u00a0\u00bball\u00a0\u00bb background_color_opacity=\u00a0\u00bb1&Prime; background_hover_color_opacity=\u00a0\u00bb1&Prime; column_link_target=\u00a0\u00bb_self\u00a0\u00bb column_shadow=\u00a0\u00bbnone\u00a0\u00bb column_border_radius=\u00a0\u00bbnone\u00a0\u00bb width=\u00a0\u00bb1\/1&Prime; tablet_width_inherit=\u00a0\u00bbdefault\u00a0\u00bb tablet_text_alignment=\u00a0\u00bbdefault\u00a0\u00bb phone_text_alignment=\u00a0\u00bbdefault\u00a0\u00bb overlay_strength=\u00a0\u00bb0.3&Prime; column_border_width=\u00a0\u00bbnone\u00a0\u00bb column_border_style=\u00a0\u00bbsolid\u00a0\u00bb bg_image_animation=\u00a0\u00bbnone\u00a0\u00bb][vc_column_text] La Conduite accompagn\u00e9e (AAC) Un&#8230;<\/p>\n","protected":false},"author":1,"featured_media":0,"parent":0,"menu_order":0,"comment_status":"closed","ping_status":"closed","template":"","meta":[],"yoast_head":"<!-- This site is optimized with the Yoast SEO plugin v19.5.1 - https:\/\/yoast.com\/wordpress\/plugins\/seo\/ -->\n<title>Conduite accompagn\u00e9e - Auto-\u00e9cole Tous Chemins<\/title>\n<meta name=\"robots\" content=\"noindex, follow, max-snippet:-1, max-image-preview:large, max-video-preview:-1\" \/>\n<meta property=\"og:locale\" content=\"fr_FR\" \/>\n<meta property=\"og:type\" content=\"article\" \/>\n<meta property=\"og:title\" content=\"Conduite accompagn\u00e9e - Auto-\u00e9cole Tous Chemins\" \/>\n<meta property=\"og:description\" content=\"[vc_row type=\u00a0\u00bbin_container\u00a0\u00bb full_screen_row_position=\u00a0\u00bbmiddle\u00a0\u00bb column_margin=\u00a0\u00bbdefault\u00a0\u00bb scene_position=\u00a0\u00bbcenter\u00a0\u00bb text_color=\u00a0\u00bbdark\u00a0\u00bb text_align=\u00a0\u00bbleft\u00a0\u00bb overlay_strength=\u00a0\u00bb0.3&Prime; shape_divider_position=\u00a0\u00bbbottom\u00a0\u00bb bg_image_animation=\u00a0\u00bbnone\u00a0\u00bb][vc_column column_padding=\u00a0\u00bbno-extra-padding\u00a0\u00bb column_padding_position=\u00a0\u00bball\u00a0\u00bb background_color_opacity=\u00a0\u00bb1&Prime; background_hover_color_opacity=\u00a0\u00bb1&Prime; column_link_target=\u00a0\u00bb_self\u00a0\u00bb column_shadow=\u00a0\u00bbnone\u00a0\u00bb column_border_radius=\u00a0\u00bbnone\u00a0\u00bb width=\u00a0\u00bb1\/1&Prime; tablet_width_inherit=\u00a0\u00bbdefault\u00a0\u00bb tablet_text_alignment=\u00a0\u00bbdefault\u00a0\u00bb phone_text_alignment=\u00a0\u00bbdefault\u00a0\u00bb overlay_strength=\u00a0\u00bb0.3&Prime; column_border_width=\u00a0\u00bbnone\u00a0\u00bb column_border_style=\u00a0\u00bbsolid\u00a0\u00bb bg_image_animation=\u00a0\u00bbnone\u00a0\u00bb][vc_column_text] La Conduite accompagn\u00e9e (AAC) Un...\" \/>\n<meta property=\"og:url\" content=\"https:\/\/de-vv.com\/touschemins\/conduite-accompagnee\/\" \/>\n<meta property=\"og:site_name\" content=\"Auto-\u00e9cole Tous Chemins\" \/>\n<meta property=\"article:modified_time\" content=\"2022-08-16T14:59:06+00:00\" \/>\n<meta name=\"twitter:card\" content=\"summary_large_image\" \/>\n<meta name=\"twitter:label1\" content=\"Dur\u00e9e de lecture estim\u00e9e\" \/>\n\t<meta name=\"twitter:data1\" content=\"3 minutes\" \/>\n<script type=\"application\/ld+json\" class=\"yoast-schema-graph\">{\"@context\":\"https:\/\/schema.org\",\"@graph\":[{\"@type\":\"WebPage\",\"@id\":\"https:\/\/de-vv.com\/touschemins\/conduite-accompagnee\/\",\"url\":\"https:\/\/de-vv.com\/touschemins\/conduite-accompagnee\/\",\"name\":\"Conduite accompagn\u00e9e - Auto-\u00e9cole Tous Chemins\",\"isPartOf\":{\"@id\":\"https:\/\/de-vv.com\/touschemins\/#website\"},\"datePublished\":\"2022-06-08T12:46:48+00:00\",\"dateModified\":\"2022-08-16T14:59:06+00:00\",\"breadcrumb\":{\"@id\":\"https:\/\/de-vv.com\/touschemins\/conduite-accompagnee\/#breadcrumb\"},\"inLanguage\":\"fr-FR\",\"potentialAction\":[{\"@type\":\"ReadAction\",\"target\":[\"https:\/\/de-vv.com\/touschemins\/conduite-accompagnee\/\"]}]},{\"@type\":\"BreadcrumbList\",\"@id\":\"https:\/\/de-vv.com\/touschemins\/conduite-accompagnee\/#breadcrumb\",\"itemListElement\":[{\"@type\":\"ListItem\",\"position\":1,\"name\":\"Accueil\",\"item\":\"https:\/\/de-vv.com\/touschemins\/\"},{\"@type\":\"ListItem\",\"position\":2,\"name\":\"Conduite accompagn\u00e9e\"}]},{\"@type\":\"WebSite\",\"@id\":\"https:\/\/de-vv.com\/touschemins\/#website\",\"url\":\"https:\/\/de-vv.com\/touschemins\/\",\"name\":\"Auto-\u00e9cole Tous Chemins\",\"description\":\"Votre auto-moto-\u00e9cole au Raincy\",\"potentialAction\":[{\"@type\":\"SearchAction\",\"target\":{\"@type\":\"EntryPoint\",\"urlTemplate\":\"https:\/\/de-vv.com\/touschemins\/?s={search_term_string}\"},\"query-input\":\"required name=search_term_string\"}],\"inLanguage\":\"fr-FR\"}]}<\/script>\n<!-- \/ Yoast SEO plugin. -->","yoast_head_json":{"title":"Conduite accompagn\u00e9e - Auto-\u00e9cole Tous Chemins","robots":{"index":"noindex","follow":"follow","max-snippet":"max-snippet:-1","max-image-preview":"max-image-preview:large","max-video-preview":"max-video-preview:-1"},"og_locale":"fr_FR","og_type":"article","og_title":"Conduite accompagn\u00e9e - Auto-\u00e9cole Tous Chemins","og_description":"[vc_row type=\u00a0\u00bbin_container\u00a0\u00bb full_screen_row_position=\u00a0\u00bbmiddle\u00a0\u00bb column_margin=\u00a0\u00bbdefault\u00a0\u00bb scene_position=\u00a0\u00bbcenter\u00a0\u00bb text_color=\u00a0\u00bbdark\u00a0\u00bb text_align=\u00a0\u00bbleft\u00a0\u00bb overlay_strength=\u00a0\u00bb0.3&Prime; shape_divider_position=\u00a0\u00bbbottom\u00a0\u00bb bg_image_animation=\u00a0\u00bbnone\u00a0\u00bb][vc_column column_padding=\u00a0\u00bbno-extra-padding\u00a0\u00bb column_padding_position=\u00a0\u00bball\u00a0\u00bb background_color_opacity=\u00a0\u00bb1&Prime; background_hover_color_opacity=\u00a0\u00bb1&Prime; column_link_target=\u00a0\u00bb_self\u00a0\u00bb column_shadow=\u00a0\u00bbnone\u00a0\u00bb column_border_radius=\u00a0\u00bbnone\u00a0\u00bb width=\u00a0\u00bb1\/1&Prime; tablet_width_inherit=\u00a0\u00bbdefault\u00a0\u00bb tablet_text_alignment=\u00a0\u00bbdefault\u00a0\u00bb phone_text_alignment=\u00a0\u00bbdefault\u00a0\u00bb overlay_strength=\u00a0\u00bb0.3&Prime; column_border_width=\u00a0\u00bbnone\u00a0\u00bb column_border_style=\u00a0\u00bbsolid\u00a0\u00bb bg_image_animation=\u00a0\u00bbnone\u00a0\u00bb][vc_column_text] La Conduite accompagn\u00e9e (AAC) Un...","og_url":"https:\/\/de-vv.com\/touschemins\/conduite-accompagnee\/","og_site_name":"Auto-\u00e9cole Tous Chemins","article_modified_time":"2022-08-16T14:59:06+00:00","twitter_card":"summary_large_image","twitter_misc":{"Dur\u00e9e de lecture estim\u00e9e":"3 minutes"},"schema":{"@context":"https:\/\/schema.org","@graph":[{"@type":"WebPage","@id":"https:\/\/de-vv.com\/touschemins\/conduite-accompagnee\/","url":"https:\/\/de-vv.com\/touschemins\/conduite-accompagnee\/","name":"Conduite accompagn\u00e9e - Auto-\u00e9cole Tous Chemins","isPartOf":{"@id":"https:\/\/de-vv.com\/touschemins\/#website"},"datePublished":"2022-06-08T12:46:48+00:00","dateModified":"2022-08-16T14:59:06+00:00","breadcrumb":{"@id":"https:\/\/de-vv.com\/touschemins\/conduite-accompagnee\/#breadcrumb"},"inLanguage":"fr-FR","potentialAction":[{"@type":"ReadAction","target":["https:\/\/de-vv.com\/touschemins\/conduite-accompagnee\/"]}]},{"@type":"BreadcrumbList","@id":"https:\/\/de-vv.com\/touschemins\/conduite-accompagnee\/#breadcrumb","itemListElement":[{"@type":"ListItem","position":1,"name":"Accueil","item":"https:\/\/de-vv.com\/touschemins\/"},{"@type":"ListItem","position":2,"name":"Conduite accompagn\u00e9e"}]},{"@type":"WebSite","@id":"https:\/\/de-vv.com\/touschemins\/#website","url":"https:\/\/de-vv.com\/touschemins\/","name":"Auto-\u00e9cole Tous Chemins","description":"Votre auto-moto-\u00e9cole au Raincy","potentialAction":[{"@type":"SearchAction","target":{"@type":"EntryPoint","urlTemplate":"https:\/\/de-vv.com\/touschemins\/?s={search_term_string}"},"query-input":"required name=search_term_string"}],"inLanguage":"fr-FR"}]}},"_links":{"self":[{"href":"https:\/\/de-vv.com\/touschemins\/wp-json\/wp\/v2\/pages\/30"}],"collection":[{"href":"https:\/\/de-vv.com\/touschemins\/wp-json\/wp\/v2\/pages"}],"about":[{"href":"https:\/\/de-vv.com\/touschemins\/wp-json\/wp\/v2\/types\/page"}],"author":[{"embeddable":true,"href":"https:\/\/de-vv.com\/touschemins\/wp-json\/wp\/v2\/users\/1"}],"replies":[{"embeddable":true,"href":"https:\/\/de-vv.com\/touschemins\/wp-json\/wp\/v2\/comments?post=30"}],"version-history":[{"count":8,"href":"https:\/\/de-vv.com\/touschemins\/wp-json\/wp\/v2\/pages\/30\/revisions"}],"predecessor-version":[{"id":200,"href":"https:\/\/de-vv.com\/touschemins\/wp-json\/wp\/v2\/pages\/30\/revisions\/200"}],"wp:attachment":[{"href":"https:\/\/de-vv.com\/touschemins\/wp-json\/wp\/v2\/media?parent=30"}],"curies":[{"name":"wp","href":"https:\/\/api.w.org\/{rel}","templated":true}]}}